                                                                                                                                                                                                                                                                                                                                                                                                                                                                                                    






{"id":15446,"date":"2022-02-20T11:33:30","date_gmt":"2022-02-20T14:33:30","guid":{"rendered":"https:\/\/cinemigrante.com\/ediciones-anteriores\/?page_id=15446"},"modified":"2022-04-09T13:54:48","modified_gmt":"2022-04-09T16:54:48","slug":"staff","status":"publish","type":"page","link":"https:\/\/cinemigrante.org\/muestras-itinerantes\/barcelona\/2-edicion\/staff\/","title":{"rendered":"Staff"},"content":{"rendered":"\t\t<div data-elementor-type=\"wp-page\" data-elementor-id=\"15446\" class=\"elementor elementor-15446\" data-elementor-settings=\"[]\">\n\t\t\t\t\t\t\t<div class=\"elementor-section-wrap\">\n\t\t\t\t\t\t\t<section class=\"elementor-section elementor-top-section elementor-element elementor-element-d64373b elementor-section-height-full elementor-section-boxed elementor-section-height-default elementor-section-items-middle\" data-id=\"d64373b\" data-element_type=\"section\" data-settings=\"{&quot;background_background&quot;:&quot;classic&quot;}\">\n\t\t\t\t\t\t\t<div class=\"elementor-background-overlay\"><\/div>\n\t\t\t\t\t\t\t<div class=\"elementor-container elementor-column-gap-default\">\n\t\t\t\t\t<div class=\"elementor-column elementor-col-100 elementor-top-column elementor-element elementor-element-6800cddb\" data-id=\"6800cddb\" data-element_type=\"column\" data-settings=\"{&quot;background_background&quot;:&quot;classic&quot;}\">\n\t\t\t<div class=\"elementor-widget-wrap elementor-element-populated\">\n\t\t\t\t\t\t\t\t<div class=\"elementor-element elementor-element-2a623b42 elementor-widget elementor-widget-heading\" data-id=\"2a623b42\" data-element_type=\"widget\" data-widget_type=\"heading.default\">\n\t\t\t\t<div class=\"elementor-widget-container\">\n\t\t\t<h2 class=\"elementor-heading-title elementor-size-default\">Staff<\/h2>\t\t<\/div>\n\t\t\t\t<\/div>\n\t\t\t\t<div class=\"elementor-element elementor-element-9543494 elementor-widget elementor-widget-heading\" data-id=\"9543494\" data-element_type=\"widget\" data-widget_type=\"heading.default\">\n\t\t\t\t<div class=\"elementor-widget-container\">\n\t\t\t<p class=\"elementor-heading-title elementor-size-default\"><b>Direcci\u00f3n<\/b>: Florencia Mazzadi<br><b>Coordinaci\u00f3n Art\u00edstica<\/b>: Lola Giancarelli<br><br><b>Programaci\u00f3n:<\/b><br><b>5\u00b0 Edici\u00f3n 2014:<\/b> Luc\u00eda Salas, Luis Martelli, Claudia Salcedo<br><b>6\u00b0 Edici\u00f3n 2015:<\/b> Cristina Voto, Christian Jankowski, Sof\u00eda Quiros<br><b>Editora: <\/b>Romina Migueles<br><b>Tr\u00e1nsito de copias:<\/b> Juan Pablo Alvarado<br><b>Dise\u00f1o gr\u00e1fico:<\/b> Mariano Midaglia, Constanza Vilar<br><b>Comunicaci\u00f3n y Prensa:<\/b> Cris Zurutuza<br><b>Asistencia legal y t\u00e9cnica:<\/b> Sebasti\u00e1n Juncal<br><br><b>Muestra Barcelona<br>Coordinaci\u00f3n:<\/b> Victoria Aguinagalde, Martina Bernabai<br><b>Producci\u00f3n: <\/b>Gabriela D\u2019Adda<br><b>Asistente de producci\u00f3n:<\/b> Kenia Castaldo, Xoan V\u00e1zquez Pi\u00f1eiro<br><b>Asistente de programaci\u00f3n:<\/b> Anna Bruffau<br><b>Comunicaci\u00f3n y prensa:<\/b> Aurea Mart\u00edn<br><b>Asistente en comunicaci\u00f3n:<\/b> Natalia Jes\u00fas<br><b>Colaboradores:<\/b> Fundaci\u00f3n Gun\u00e9; NOVACT<\/p>\t\t<\/div>\n\t\t\t\t<\/div>\n\t\t\t\t\t<\/div>\n\t\t<\/div>\n\t\t\t\t\t\t\t<\/div>\n\t\t<\/section>\n\t\t\t\t\t\t<\/div>\n\t\t\t\t\t<\/div>\n\t\t","protected":false},"excerpt":{"rendered":"<p>Staff Direcci\u00f3n: Florencia MazzadiCoordinaci\u00f3n Art\u00edstica: Lola Giancarelli Programaci\u00f3n:5\u00b0 Edici\u00f3n 2014: Luc\u00eda Salas, Luis Martelli, Claudia Salcedo6\u00b0 Edici\u00f3n 2015: Cristina Voto, Christian Jankowski, Sof\u00eda QuirosEditora: Romina MiguelesTr\u00e1nsito de copias: Juan Pablo &hellip; <\/p>\n<p class=\"link-more\"><a href=\"https:\/\/cinemigrante.org\/muestras-itinerantes\/barcelona\/2-edicion\/staff\/\" class=\"more-link\">Continue reading<span class=\"screen-reader-text\"> \u00abStaff\u00bb<\/span><\/a><\/p>\n","protected":false},"author":10,"featured_media":0,"parent":15443,"menu_order":0,"comment_status":"closed","ping_status":"closed","template":"elementor_header_footer","meta":[],"acf":[],"_links":{"self":[{"href":"https:\/\/cinemigrante.org\/muestras-itinerantes\/wp-json\/wp\/v2\/pages\/15446"}],"collection":[{"href":"https:\/\/cinemigrante.org\/muestras-itinerantes\/wp-json\/wp\/v2\/pages"}],"about":[{"href":"https:\/\/cinemigrante.org\/muestras-itinerantes\/wp-json\/wp\/v2\/types\/page"}],"author":[{"embeddable":true,"href":"https:\/\/cinemigrante.org\/muestras-itinerantes\/wp-json\/wp\/v2\/users\/10"}],"replies":[{"embeddable":true,"href":"https:\/\/cinemigrante.org\/muestras-itinerantes\/wp-json\/wp\/v2\/comments?post=15446"}],"version-history":[{"count":7,"href":"https:\/\/cinemigrante.org\/muestras-itinerantes\/wp-json\/wp\/v2\/pages\/15446\/revisions"}],"predecessor-version":[{"id":16850,"href":"https:\/\/cinemigrante.org\/muestras-itinerantes\/wp-json\/wp\/v2\/pages\/15446\/revisions\/16850"}],"up":[{"embeddable":true,"href":"https:\/\/cinemigrante.org\/muestras-itinerantes\/wp-json\/wp\/v2\/pages\/15443"}],"wp:attachment":[{"href":"https:\/\/cinemigrante.org\/muestras-itinerantes\/wp-json\/wp\/v2\/media?parent=15446"}],"curies":[{"name":"wp","href":"https:\/\/api.w.org\/{rel}","templated":true}]}}