                                                                                                                                                                                                                                                                                                                                                                                                                                                                                                    






{"id":15314,"date":"2022-02-19T15:17:56","date_gmt":"2022-02-19T18:17:56","guid":{"rendered":"https:\/\/cinemigrante.com\/ediciones-anteriores\/?page_id=15314"},"modified":"2022-04-09T13:25:45","modified_gmt":"2022-04-09T16:25:45","slug":"staff","status":"publish","type":"page","link":"https:\/\/cinemigrante.org\/muestras-itinerantes\/barcelona\/3-edicion\/staff\/","title":{"rendered":"Staff"},"content":{"rendered":"\t\t<div data-elementor-type=\"wp-page\" data-elementor-id=\"15314\" class=\"elementor elementor-15314\" data-elementor-settings=\"[]\">\n\t\t\t\t\t\t\t<div class=\"elementor-section-wrap\">\n\t\t\t\t\t\t\t<section class=\"elementor-section elementor-top-section elementor-element elementor-element-d64373b elementor-section-height-full elementor-section-boxed elementor-section-height-default elementor-section-items-middle\" data-id=\"d64373b\" data-element_type=\"section\" data-settings=\"{&quot;background_background&quot;:&quot;classic&quot;}\">\n\t\t\t\t\t\t\t<div class=\"elementor-background-overlay\"><\/div>\n\t\t\t\t\t\t\t<div class=\"elementor-container elementor-column-gap-default\">\n\t\t\t\t\t<div class=\"elementor-column elementor-col-100 elementor-top-column elementor-element elementor-element-6800cddb\" data-id=\"6800cddb\" data-element_type=\"column\" data-settings=\"{&quot;background_background&quot;:&quot;classic&quot;}\">\n\t\t\t<div class=\"elementor-widget-wrap elementor-element-populated\">\n\t\t\t\t\t\t\t\t<div class=\"elementor-element elementor-element-2a623b42 elementor-widget elementor-widget-heading\" data-id=\"2a623b42\" data-element_type=\"widget\" data-widget_type=\"heading.default\">\n\t\t\t\t<div class=\"elementor-widget-container\">\n\t\t\t<h2 class=\"elementor-heading-title elementor-size-default\">Staff<\/h2>\t\t<\/div>\n\t\t\t\t<\/div>\n\t\t\t\t<div class=\"elementor-element elementor-element-2fca204 elementor-widget elementor-widget-heading\" data-id=\"2fca204\" data-element_type=\"widget\" data-widget_type=\"heading.default\">\n\t\t\t\t<div class=\"elementor-widget-container\">\n\t\t\t<p class=\"elementor-heading-title elementor-size-default\"><b>Direcci\u00f3n<\/b>: Florencia Mazzadi<br><b>Coordinaci\u00f3n Art\u00edstica<\/b>: Lola Giancarelli<br><b>Coordinaci\u00f3n de contenidos<\/b>: Rosario Castelli<br><b>Producci\u00f3n<\/b>: Wanda Siri<br><b>Asistencia de Producci\u00f3n<\/b>: Daniela Zegarra Bori<br><b>Programaci\u00f3n<\/b>: Cristina Voto, Christian Jankowski, Sof\u00eda Quiros<br><b>Curadora Secci\u00f3n Tem\u00e1tica<\/b>: Mar\u00eda Ruido<br><b>Curador Secci\u00f3n Especial<\/b>: Christian Jankowski<br><b>Editora<\/b>: Romina Migueles<br><b>Coordinadora<\/b> Sede Colombia: Vanessa Vivas<br><b>Dise\u00f1o gr\u00e1fico<\/b>: Mariano Midaglia <br><b>Asistencia Legal y t\u00e9cnica<\/b>: Sebasti\u00e1n Juncal<br><b><br>Muestra Barcelona<\/b><br><b>Coordinaci\u00f3n General\/ Producci\u00f3n<\/b>: Victoria Aguinagalde, Martina Bernabai, Gabriela D\u2019Adda<br><b>Programaci\u00f3n<\/b>: Anna Brufau<br><b>Contenidos y Comunicaci\u00f3n<\/b>: Natali Jesus<br><b>Producci\u00f3n<\/b>: Anna Ali\u00e9 Zanini; Kenia Castaldo; Guendalina Simoncini; Brenda Biaani Le\u00f3n G\u00f3mez.<br><b>Comunicaci\u00f3n y Redes<\/b>: \u00c1urea Mart\u00edn<br><b>Responsable T\u00e9cnico<\/b>: Ezequiel Gallo<br><b>Colaboradores<\/b>: Fundaci\u00f3n Gun\u00e9; Observatori DESC<\/p>\t\t<\/div>\n\t\t\t\t<\/div>\n\t\t\t\t\t<\/div>\n\t\t<\/div>\n\t\t\t\t\t\t\t<\/div>\n\t\t<\/section>\n\t\t\t\t\t\t<\/div>\n\t\t\t\t\t<\/div>\n\t\t","protected":false},"excerpt":{"rendered":"<p>Staff Direcci\u00f3n: Florencia MazzadiCoordinaci\u00f3n Art\u00edstica: Lola GiancarelliCoordinaci\u00f3n de contenidos: Rosario CastelliProducci\u00f3n: Wanda SiriAsistencia de Producci\u00f3n: Daniela Zegarra BoriProgramaci\u00f3n: Cristina Voto, Christian Jankowski, Sof\u00eda QuirosCuradora Secci\u00f3n Tem\u00e1tica: Mar\u00eda RuidoCurador Secci\u00f3n Especial: &hellip; <\/p>\n<p class=\"link-more\"><a href=\"https:\/\/cinemigrante.org\/muestras-itinerantes\/barcelona\/3-edicion\/staff\/\" class=\"more-link\">Continue reading<span class=\"screen-reader-text\"> \u00abStaff\u00bb<\/span><\/a><\/p>\n","protected":false},"author":10,"featured_media":0,"parent":15306,"menu_order":0,"comment_status":"closed","ping_status":"closed","template":"elementor_header_footer","meta":[],"acf":[],"_links":{"self":[{"href":"https:\/\/cinemigrante.org\/muestras-itinerantes\/wp-json\/wp\/v2\/pages\/15314"}],"collection":[{"href":"https:\/\/cinemigrante.org\/muestras-itinerantes\/wp-json\/wp\/v2\/pages"}],"about":[{"href":"https:\/\/cinemigrante.org\/muestras-itinerantes\/wp-json\/wp\/v2\/types\/page"}],"author":[{"embeddable":true,"href":"https:\/\/cinemigrante.org\/muestras-itinerantes\/wp-json\/wp\/v2\/users\/10"}],"replies":[{"embeddable":true,"href":"https:\/\/cinemigrante.org\/muestras-itinerantes\/wp-json\/wp\/v2\/comments?post=15314"}],"version-history":[{"count":10,"href":"https:\/\/cinemigrante.org\/muestras-itinerantes\/wp-json\/wp\/v2\/pages\/15314\/revisions"}],"predecessor-version":[{"id":16831,"href":"https:\/\/cinemigrante.org\/muestras-itinerantes\/wp-json\/wp\/v2\/pages\/15314\/revisions\/16831"}],"up":[{"embeddable":true,"href":"https:\/\/cinemigrante.org\/muestras-itinerantes\/wp-json\/wp\/v2\/pages\/15306"}],"wp:attachment":[{"href":"https:\/\/cinemigrante.org\/muestras-itinerantes\/wp-json\/wp\/v2\/media?parent=15314"}],"curies":[{"name":"wp","href":"https:\/\/api.w.org\/{rel}","templated":true}]}}