






{"id":19236,"date":"2023-12-28T17:09:45","date_gmt":"2023-12-28T20:09:45","guid":{"rendered":"https:\/\/cinemigrante.org\/ediciones-anteriores\/?page_id=19236"},"modified":"2023-12-28T17:10:56","modified_gmt":"2023-12-28T20:10:56","slug":"invitades","status":"publish","type":"page","link":"https:\/\/cinemigrante.org\/ediciones-anteriores\/14-edicion\/invitades","title":{"rendered":"Invitades"},"content":{"rendered":"\t\t<div data-elementor-type=\"wp-page\" data-elementor-id=\"19236\" class=\"elementor elementor-19236\">\n\t\t\t\t\t\t<section class=\"elementor-section elementor-top-section elementor-element elementor-element-649c9920 elementor-section-boxed elementor-section-height-default elementor-section-height-default\" data-id=\"649c9920\" data-element_type=\"section\" data-settings=\"{&quot;background_background&quot;:&quot;classic&quot;}\">\n\t\t\t\t\t\t\t<div class=\"elementor-background-overlay\"><\/div>\n\t\t\t\t\t\t\t<div class=\"elementor-container elementor-column-gap-default\">\n\t\t\t\t\t<div class=\"elementor-column elementor-col-100 elementor-top-column elementor-element elementor-element-177ddfb2\" data-id=\"177ddfb2\" data-element_type=\"column\" data-settings=\"{&quot;background_background&quot;:&quot;classic&quot;}\">\n\t\t\t<div class=\"elementor-widget-wrap elementor-element-populated\">\n\t\t\t\t\t\t<div class=\"elementor-element elementor-element-31ab53c0 elementor-widget elementor-widget-heading\" data-id=\"31ab53c0\" data-element_type=\"widget\" data-widget_type=\"heading.default\">\n\t\t\t\t<div class=\"elementor-widget-container\">\n\t\t\t<style>\/*! elementor - v3.23.0 - 15-07-2024 *\/\n.elementor-heading-title{padding:0;margin:0;line-height:1}.elementor-widget-heading .elementor-heading-title[class*=elementor-size-]>a{color:inherit;font-size:inherit;line-height:inherit}.elementor-widget-heading .elementor-heading-title.elementor-size-small{font-size:15px}.elementor-widget-heading .elementor-heading-title.elementor-size-medium{font-size:19px}.elementor-widget-heading .elementor-heading-title.elementor-size-large{font-size:29px}.elementor-widget-heading .elementor-heading-title.elementor-size-xl{font-size:39px}.elementor-widget-heading .elementor-heading-title.elementor-size-xxl{font-size:59px}<\/style><h2 class=\"elementor-heading-title elementor-size-default\">Invitades internacionales<\/h2>\t\t<\/div>\n\t\t\t\t<\/div>\n\t\t\t\t<div class=\"elementor-element elementor-element-27ea63c eael-team-align-left historico-honor  elementor-widget elementor-widget-eael-team-member\" data-id=\"27ea63c\" data-element_type=\"widget\" data-widget_type=\"eael-team-member.default\">\n\t\t\t\t<div class=\"elementor-widget-container\">\n\t\t\t\n\n\t<div id=\"eael-team-member-27ea63c\" class=\"eael-team-item eael-team-members-simple \">\n\t\t<div class=\"eael-team-item-inner\">\n\t\t\t<div class=\"eael-team-image\">\n\t\t\t\t<figure>\n\t\t\t\t\t<img decoding=\"async\" src=\"https:\/\/cinemigrante.org\/ediciones-anteriores\/wp-content\/uploads\/2023\/12\/olivier-marbouef.webp\" alt=\"\">\n\t\t\t\t<\/figure>\n\t\t\t\t\n\t\t\t\t\n\t\t\t<\/div>\n\n\t\t\t<div class=\"eael-team-content\">\n\t\t\t\t<h2 class=\"eael-team-member-name\">Olivier Marboeuf<\/h2>\n\t\t\t\t<h3 class=\"eael-team-member-position\">Invitado internacional | Guadalupe<\/h3>\n\n\t\t\t\t\t\t\t\t\t\t\t\t\t\t<p class=\"eael-team-text\">Es un narrador, comisario y productor de cine de Guadalupe. Junto con Yvan Alagb\u00e9, fund\u00f3 en los a\u00f1os 90 Amok (ahora Fr\u00e9mok), una editorial de c\u00f3mics de investigaci\u00f3n, y despu\u00e9s Espacio Khiasma, un centro de arte visual y literatura viva (2004 a 2018). Actualmente reparte su trabajo entre la escritura especulativa, el dibujo y la producci\u00f3n cinematogr\u00e1fica en el seno de Spectre Productions. Recientemente ha publicado el ensayo \" Suites D\u00e9coloniales: s'enfuir de la plantation \" y el poemario \" Les Mati\u00e8res de la Nuit \", ambos publicados por \u00e9ditions de Commun.<\/p>\n\t\t\t\t\t\t\t<\/div>\n\t\t<\/div>\n\t<\/div>\n\t\t\t<\/div>\n\t\t\t\t<\/div>\n\t\t\t\t<div class=\"elementor-element elementor-element-87b4489 eael-team-align-left historico-honor  elementor-widget elementor-widget-eael-team-member\" data-id=\"87b4489\" data-element_type=\"widget\" data-widget_type=\"eael-team-member.default\">\n\t\t\t\t<div class=\"elementor-widget-container\">\n\t\t\t\n\n\t<div id=\"eael-team-member-87b4489\" class=\"eael-team-item eael-team-members-simple \">\n\t\t<div class=\"eael-team-item-inner\">\n\t\t\t<div class=\"eael-team-image\">\n\t\t\t\t<figure>\n\t\t\t\t\t<img decoding=\"async\" src=\"https:\/\/cinemigrante.org\/ediciones-anteriores\/wp-content\/uploads\/2023\/12\/adirley-queiros.webp\" alt=\"\">\n\t\t\t\t<\/figure>\n\t\t\t\t\n\t\t\t\t\n\t\t\t<\/div>\n\n\t\t\t<div class=\"eael-team-content\">\n\t\t\t\t<h2 class=\"eael-team-member-name\">Adirley Queir\u00f3s<\/h2>\n\t\t\t\t<h3 class=\"eael-team-member-position\">Invitado internacional | Brasil<\/h3>\n\n\t\t\t\t\t\t\t\t\t\t\t\t\t\t<p class=\"eael-team-text\">Es un cineasta brasile\u00f1o que vive y trabaja en Ceil\u00e2ndia. Ex jugador de f\u00fatbol profesional, Adirley ha dirigido cuatro cortometrajes y tres largometrajes documentales, y recibi\u00f3 m\u00e1s de 40 premios en\nfestivales de cine brasile\u00f1os e internacionales. Su pel\u00edcula anterior, Branco Sai, Preto Fica (2015), se estren\u00f3 en el Festival de Cine de Brasilia, y se proyect\u00f3 en Art of the Real, Viennale, DocLisboa, Ficunam, Rotterdam, Mar\ndel Plata, entre otros lugares, y fue distribuida comercialmente por Vitrine Filmes. Era uma Vez Bras\u00edlia (2017) es su tercera pel\u00edcula documental. Seg\u00fan Roger Koza \u201cEn el cine de Adirley Queir\u00f3s, el director brasile\u00f1o m\u00e1s\nimportante de su generaci\u00f3n, el espacio define la posici\u00f3n del cineasta y el concepto estructural de puesta en escena, pues es la periferia el principio po\u00e9tico y pol\u00edtico principal que atraviesa y ordena toda su obra.\n<\/p>\n\t\t\t\t\t\t\t<\/div>\n\t\t<\/div>\n\t<\/div>\n\t\t\t<\/div>\n\t\t\t\t<\/div>\n\t\t\t\t<div class=\"elementor-element elementor-element-a822ac1 eael-team-align-left historico-honor  elementor-widget elementor-widget-eael-team-member\" data-id=\"a822ac1\" data-element_type=\"widget\" data-widget_type=\"eael-team-member.default\">\n\t\t\t\t<div class=\"elementor-widget-container\">\n\t\t\t\n\n\t<div id=\"eael-team-member-a822ac1\" class=\"eael-team-item eael-team-members-simple \">\n\t\t<div class=\"eael-team-item-inner\">\n\t\t\t<div class=\"eael-team-image\">\n\t\t\t\t<figure>\n\t\t\t\t\t<img decoding=\"async\" src=\"https:\/\/cinemigrante.org\/ediciones-anteriores\/wp-content\/uploads\/2023\/12\/julieta-laso.webp\" alt=\"\">\n\t\t\t\t<\/figure>\n\t\t\t\t\n\t\t\t\t\n\t\t\t<\/div>\n\n\t\t\t<div class=\"eael-team-content\">\n\t\t\t\t<h2 class=\"eael-team-member-name\">Julieta Laso <\/h2>\n\t\t\t\t<h3 class=\"eael-team-member-position\">Invitada internacional | Argentina<\/h3>\n\n\t\t\t\t\t\t\t\t\t\t\t\t\t\t<p class=\"eael-team-text\">(Buenos Aires, 1982) es una cantante y actriz argentina con formaci\u00f3n teatral. En 2010 lanz\u00f3 su primer disco solista, Tango Rante, en el cual interpretaba cl\u00e1sicos del tango y la milonga junto con un tr\u00edo de guitarras. Entre 2013 y 2018 fue cantante de la Orquesta Fern\u00e1ndez Fierro, referente del nuevo tango argentino. Su segundo disco solista, Martingala (2018), le vali\u00f3 una nominaci\u00f3n a los Premios Gardel como Mejor Cantante Femenina de Tango y su tercer \u00e1lbum, La Caldera (2021), fue recibido con elogiosas cr\u00edticas. En 2021 present\u00f3 su cuarto \u00e1lbum solista, Cabeza Negra, un trabajo conceptual que por la complejidad de la interpretaci\u00f3n, el repertorio y la instrumentaci\u00f3n inaugura un nuevo g\u00e9nero musical en el que conviven mezcladas la cobla y el tango. Tambi\u00e9n en 2021, debut\u00f3 en la gran pantalla como protagonista de Terminal Norte, el \u00faltimo documental de la reconocida cineasta Lucrecia Martel.<\/p>\n\t\t\t\t\t\t\t<\/div>\n\t\t<\/div>\n\t<\/div>\n\t\t\t<\/div>\n\t\t\t\t<\/div>\n\t\t\t\t<div class=\"elementor-element elementor-element-6e986c8 eael-team-align-left historico-honor  elementor-widget elementor-widget-eael-team-member\" data-id=\"6e986c8\" data-element_type=\"widget\" data-widget_type=\"eael-team-member.default\">\n\t\t\t\t<div class=\"elementor-widget-container\">\n\t\t\t\n\n\t<div id=\"eael-team-member-6e986c8\" class=\"eael-team-item eael-team-members-simple \">\n\t\t<div class=\"eael-team-item-inner\">\n\t\t\t<div class=\"eael-team-image\">\n\t\t\t\t<figure>\n\t\t\t\t\t<img decoding=\"async\" src=\"https:\/\/cinemigrante.org\/ediciones-anteriores\/wp-content\/uploads\/2023\/12\/cesar-gonzales.webp\" alt=\"\">\n\t\t\t\t<\/figure>\n\t\t\t\t\n\t\t\t\t\n\t\t\t<\/div>\n\n\t\t\t<div class=\"eael-team-content\">\n\t\t\t\t<h2 class=\"eael-team-member-name\">C\u00e9sar Gonz\u00e1les<\/h2>\n\t\t\t\t<h3 class=\"eael-team-member-position\">Invitado internacional | Argentina<\/h3>\n\n\t\t\t\t\t\t\t\t\t\t\t\t\t\t<p class=\"eael-team-text\">Es poeta, cineasta y artista pl\u00e1stico, con estudios en Filosof\u00eda. Nacido en la Villa Carlos Gardel en las afueras de Buenos Aires, vivi\u00f3 una infancia y adolescencia marcadas por el delito, pas\u00f3 5 a\u00f1os en prisi\u00f3n, donde empez\u00f3 a escribir poes\u00eda y art\u00edculos de opini\u00f3n. Tiene 3 publicaciones de libros de poes\u00eda y fue creador de la revista Todo Piola (2009-2012) junto a Patricio Montesano. Ha realizado varios largometrajes  y cortometrajes de ficci\u00f3n y documental como Diagn\u00f3stico Esperanza (2013), \u00bfQu\u00e9 puede un cuerpo? (2014), Exomologesis (2016), Atenas (2019), Lluvia de Jaulas (2019), Corte Rancho (2014), Truco y Guachines. C\u00e9sar trabaja e investiga exhaustivamente las relaciones de poder, vigilancia, seguridad y dominio que marcan y arrancan las vidas de las personas que nacen y viven en las villas de Buenos Aires.<\/p>\n\t\t\t\t\t\t\t<\/div>\n\t\t<\/div>\n\t<\/div>\n\t\t\t<\/div>\n\t\t\t\t<\/div>\n\t\t\t\t<div class=\"elementor-element elementor-element-33ec53e eael-team-align-left historico-honor  elementor-widget elementor-widget-eael-team-member\" data-id=\"33ec53e\" data-element_type=\"widget\" data-widget_type=\"eael-team-member.default\">\n\t\t\t\t<div class=\"elementor-widget-container\">\n\t\t\t\n\n\t<div id=\"eael-team-member-33ec53e\" class=\"eael-team-item eael-team-members-simple \">\n\t\t<div class=\"eael-team-item-inner\">\n\t\t\t<div class=\"eael-team-image\">\n\t\t\t\t<figure>\n\t\t\t\t\t<img decoding=\"async\" src=\"https:\/\/cinemigrante.org\/ediciones-anteriores\/wp-content\/uploads\/2023\/12\/sasha-sathya.webp\" alt=\"\">\n\t\t\t\t<\/figure>\n\t\t\t\t\n\t\t\t\t\n\t\t\t<\/div>\n\n\t\t\t<div class=\"eael-team-content\">\n\t\t\t\t<h2 class=\"eael-team-member-name\">Sasha Sathya<\/h2>\n\t\t\t\t<h3 class=\"eael-team-member-position\">Invitada internacional | Argentina<\/h3>\n\n\t\t\t\t\t\t\t\t\t\t\t\t\t\t<p class=\"eael-team-text\">Sasha es autosuficiente, o autoexplotadora como prefiere llamarse. Due\u00f1a de sus beats, multiinstrumentista, compositora. Su primer disco Rebeba Mixxxtape vi\u00f3 la luz finalmente en el 2019 y agit\u00f3 las pistas de la escena queer sin descanso. Tambi\u00e9n en ese a\u00f1o hizo su primera gira por Europa dejando huella en ciudades como Lisboa, Madrid y M\u00e1laga.<\/p>\n\t\t\t\t\t\t\t<\/div>\n\t\t<\/div>\n\t<\/div>\n\t\t\t<\/div>\n\t\t\t\t<\/div>\n\t\t\t\t<div class=\"elementor-element elementor-element-af6dc3e eael-team-align-left historico-honor  elementor-widget elementor-widget-eael-team-member\" data-id=\"af6dc3e\" data-element_type=\"widget\" data-widget_type=\"eael-team-member.default\">\n\t\t\t\t<div class=\"elementor-widget-container\">\n\t\t\t\n\n\t<div id=\"eael-team-member-af6dc3e\" class=\"eael-team-item eael-team-members-simple \">\n\t\t<div class=\"eael-team-item-inner\">\n\t\t\t<div class=\"eael-team-image\">\n\t\t\t\t<figure>\n\t\t\t\t\t<img decoding=\"async\" src=\"https:\/\/cinemigrante.org\/ediciones-anteriores\/wp-content\/uploads\/2023\/12\/val-flores.webp\" alt=\"\">\n\t\t\t\t<\/figure>\n\t\t\t\t\n\t\t\t\t\n\t\t\t<\/div>\n\n\t\t\t<div class=\"eael-team-content\">\n\t\t\t\t<h2 class=\"eael-team-member-name\">Val Flores <\/h2>\n\t\t\t\t<h3 class=\"eael-team-member-position\">Invitada internacional | Argentina<\/h3>\n\n\t\t\t\t\t\t\t\t\t\t\t\t\t\t<p class=\"eael-team-text\">Es escritora, profesora y activista lesbiana feminista. A trav\u00e9s de sus textos y su carrera docente supo visibilizar y cuestionar determinadas narrativas que reproducen la heteronorma en el \u00e1mbito educativo. Cree necesaria la emergencia de textos pol\u00edtico-disruptivos, que desaf\u00eden los l\u00edmites discursivos vigentes y permitan florecer otras formas de escritura y de nombrar la sexualidad, la cultura y la sociedad en su conjunto<\/p>\n\t\t\t\t\t\t\t<\/div>\n\t\t<\/div>\n\t<\/div>\n\t\t\t<\/div>\n\t\t\t\t<\/div>\n\t\t\t\t\t<\/div>\n\t\t<\/div>\n\t\t\t\t\t<\/div>\n\t\t<\/section>\n\t\t\t\t<\/div>\n\t\t","protected":false},"excerpt":{"rendered":"<p>Invitades internacionales Olivier Marboeuf Invitado internacional | Guadalupe Es un narrador, comisario y productor de cine de Guadalupe. Junto con Yvan Alagb\u00e9, fund\u00f3 en los a\u00f1os 90 Amok (ahora Fr\u00e9mok), &hellip; <\/p>\n<p class=\"link-more\"><a href=\"https:\/\/cinemigrante.org\/ediciones-anteriores\/14-edicion\/invitades\" class=\"more-link\">Continue reading<span class=\"screen-reader-text\"> \u00abInvitades\u00bb<\/span><\/a><\/p>\n","protected":false},"author":9,"featured_media":0,"parent":19016,"menu_order":0,"comment_status":"closed","ping_status":"closed","template":"elementor_header_footer","meta":{"_acf_changed":false,"footnotes":""},"class_list":["post-19236","page","type-page","status-publish","hentry"],"acf":[],"_links":{"self":[{"href":"https:\/\/cinemigrante.org\/ediciones-anteriores\/wp-json\/wp\/v2\/pages\/19236"}],"collection":[{"href":"https:\/\/cinemigrante.org\/ediciones-anteriores\/wp-json\/wp\/v2\/pages"}],"about":[{"href":"https:\/\/cinemigrante.org\/ediciones-anteriores\/wp-json\/wp\/v2\/types\/page"}],"author":[{"embeddable":true,"href":"https:\/\/cinemigrante.org\/ediciones-anteriores\/wp-json\/wp\/v2\/users\/9"}],"replies":[{"embeddable":true,"href":"https:\/\/cinemigrante.org\/ediciones-anteriores\/wp-json\/wp\/v2\/comments?post=19236"}],"version-history":[{"count":4,"href":"https:\/\/cinemigrante.org\/ediciones-anteriores\/wp-json\/wp\/v2\/pages\/19236\/revisions"}],"predecessor-version":[{"id":19240,"href":"https:\/\/cinemigrante.org\/ediciones-anteriores\/wp-json\/wp\/v2\/pages\/19236\/revisions\/19240"}],"up":[{"embeddable":true,"href":"https:\/\/cinemigrante.org\/ediciones-anteriores\/wp-json\/wp\/v2\/pages\/19016"}],"wp:attachment":[{"href":"https:\/\/cinemigrante.org\/ediciones-anteriores\/wp-json\/wp\/v2\/media?parent=19236"}],"curies":[{"name":"wp","href":"https:\/\/api.w.org\/{rel}","templated":true}]}}