






{"id":18543,"date":"2023-01-17T13:55:41","date_gmt":"2023-01-17T16:55:41","guid":{"rendered":"https:\/\/cinemigrante.org\/ediciones-anteriores\/?page_id=18543"},"modified":"2023-01-17T14:00:37","modified_gmt":"2023-01-17T17:00:37","slug":"programacion-por-dia","status":"publish","type":"page","link":"https:\/\/cinemigrante.org\/ediciones-anteriores\/13-edicion\/programacion-por-dia","title":{"rendered":"Programaci\u00f3n por d\u00eda"},"content":{"rendered":"\t\t<div data-elementor-type=\"wp-page\" data-elementor-id=\"18543\" class=\"elementor elementor-18543\">\n\t\t\t\t\t\t<section class=\"elementor-section elementor-top-section elementor-element elementor-element-9e4ffc4 elementor-section-boxed elementor-section-height-default elementor-section-height-default\" data-id=\"9e4ffc4\" data-element_type=\"section\" data-settings=\"{&quot;background_background&quot;:&quot;classic&quot;}\">\n\t\t\t\t\t\t\t<div class=\"elementor-background-overlay\"><\/div>\n\t\t\t\t\t\t\t<div class=\"elementor-container elementor-column-gap-default\">\n\t\t\t\t\t<div class=\"elementor-column elementor-col-100 elementor-top-column elementor-element elementor-element-76da396\" data-id=\"76da396\" data-element_type=\"column\" data-settings=\"{&quot;background_background&quot;:&quot;classic&quot;}\">\n\t\t\t<div class=\"elementor-widget-wrap elementor-element-populated\">\n\t\t\t\t\t\t<div class=\"elementor-element elementor-element-7226af3 elementor-widget elementor-widget-heading\" data-id=\"7226af3\" data-element_type=\"widget\" data-widget_type=\"heading.default\">\n\t\t\t\t<div class=\"elementor-widget-container\">\n\t\t\t<style>\/*! elementor - v3.23.0 - 15-07-2024 *\/\n.elementor-heading-title{padding:0;margin:0;line-height:1}.elementor-widget-heading .elementor-heading-title[class*=elementor-size-]>a{color:inherit;font-size:inherit;line-height:inherit}.elementor-widget-heading .elementor-heading-title.elementor-size-small{font-size:15px}.elementor-widget-heading .elementor-heading-title.elementor-size-medium{font-size:19px}.elementor-widget-heading .elementor-heading-title.elementor-size-large{font-size:29px}.elementor-widget-heading .elementor-heading-title.elementor-size-xl{font-size:39px}.elementor-widget-heading .elementor-heading-title.elementor-size-xxl{font-size:59px}<\/style><h2 class=\"elementor-heading-title elementor-size-default\">Programaci\u00f3n por d\u00eda<\/h2>\t\t<\/div>\n\t\t\t\t<\/div>\n\t\t\t\t<div class=\"elementor-element elementor-element-d30adb3 elementor-widget elementor-widget-html\" data-id=\"d30adb3\" data-element_type=\"widget\" data-widget_type=\"html.default\">\n\t\t\t\t<div class=\"elementor-widget-container\">\n\t\t\t<style>\r\n    #programacion .calendario_item a:hover {\r\n        color: #54595F!important;\r\n    }\r\n<\/style>\r\n\r\n<div id=\"programacion\">\r\n<h2>Viernes 23 de septiembre<\/h2>\r\n<table class=\"horasprog\" cellspacing=\"0\" cellpadding=\"0\" border=\"0\">\r\n<tbody>\r\n<tr>\r\n<td class=\"th\">Sede<\/td>\r\n<td>16h<\/td>\r\n<td>17h<\/td>\r\n<td>18h<\/td>\r\n<td>19h<\/td>\r\n<td>20h<\/td>\r\n<td>21h<\/td>\r\n<td>22h<\/td>\r\n<td>23h<\/td>\r\n<\/tr>\r\n<\/tbody>\r\n<\/table>\r\n<table cellspacing=\"0\" cellpadding=\"0\" border=\"0\">\r\n<tbody>\r\n<tr>\r\n<td class=\"th\" style=\"font-size:0.9em\">Planta Incl\u00e1n<\/td>\r\n<td class=\"hour\">\r\n<div>\r\n<\/div>\r\n<div class=\"calendario_item\" style=\"left: 48%; margin-left:2%;background-color: #f5bbe3;\"><span class=\"time\">20:00<\/span><p><\/p>\r\n<div class=\"\"><a class=\"\" style=\"color: #820e78;\" href=\"https:\/\/cinemigrante.org\/ediciones-anteriores\/secciones\/gesto-1-un-ensayo-de-comunidad-la-peregrinacion-violenta-del-poema\/\"><b>GESTO 1. Un ensayo de comunidad. La peregrinaci\u00f3n violenta del poema:<\/b> Proyecci\u00f3n de 'The Inheritance' + Lectura perform\u00e1tica + Cena comunitaria + DJs<\/a><p><\/p>\r\n<\/div><\/div>\r\n<\/td>\r\n<\/tr>\r\n<\/tbody>\r\n<\/table>\r\n<p> &nbsp; <\/p>\r\n<h2>S\u00e1bado 24 de septiembre<\/h2>\r\n<table class=\"horasprog\" cellspacing=\"0\" cellpadding=\"0\" border=\"0\">\r\n<tbody>\r\n<tr>\r\n<td class=\"th\">Sede<\/td>\r\n<td>16h<\/td>\r\n<td>17h<\/td>\r\n<td>18h<\/td>\r\n<td>19h<\/td>\r\n<td>20h<\/td>\r\n<td>21h<\/td>\r\n<td>22h<\/td>\r\n<td>23h<\/td>\r\n<\/tr>\r\n<\/tbody>\r\n<\/table>\r\n<table cellspacing=\"0\" cellpadding=\"0\" border=\"0\">\r\n<tbody>\r\n<tr>\r\n<td class=\"th\" style=\"font-size:0.9em\">Centro Cultural General San Mart\u00edn<\/td>\r\n<td class=\"hour\">\r\n<div>\r\n<\/div>\r\n<div class=\"calendario_item\" style=\"left: 48%;background-color: #ffff9a;\"><span class=\"time\">20:00<\/span><p><\/p>\r\n<div class=\"\"><a style=\"color: #837513;\" href=\"https:\/\/cinemigrante.org\/ediciones-anteriores\/secciones\/gesto-2-imagenes-furtivas-imagenes-radicales-por-fuera-de-las-escenas-de-la-sujecion-la-decapitacion-de-las-estatuas\/\"><b>GESTO 2: Im\u00e1genes furtivas, im\u00e1genes radicales. Por fuera de las escenas de la sujeci\u00f3n, la decapitaci\u00f3n de las estatuas:<\/b> Proyecci\u00f3n de 'Claudette's Star',  'Here is the imagination of the Black Radical', 'American Hunger' y 'Tonalli' + Intervenciones visuales + Cena comunitaria + DJs<\/a>\r\n<\/div>\r\n<\/div>\r\n<div class=\"calendario_item\" style=\"left: 48%;background-color: #56bf8f;\"><span class=\"time\">21:00<\/span><p><\/p>\r\n<div class=\"\"><a style=\"color: green;\" href=\"https:\/\/cinemigrante.org\/ediciones-anteriores\/secciones\/gesto-3-el-indicio-la-rama-y-la-brisa-ir-por-la-senda-inacabada\/\"><b>GESTO 3: El indicio, la rama y la brisa. Ir por la senda inacabada<\/b>: Proyecci\u00f3n de 'El cuervo, la fosa y la yegua' y 'Mangrove School' + Lectura perform\u00e1tica + Cena comunitaria + DJs<\/a>\r\n<\/div>\r\n<\/div><\/td>\r\n<\/tr>\r\n<\/tbody>\r\n<\/table>\r\n<p> &nbsp; <\/p>\r\n<h2>Domingo 25 de septiembre<\/h2>\r\n<table class=\"horasprog\" cellspacing=\"0\" cellpadding=\"0\" border=\"0\">\r\n<tbody>\r\n<tr>\r\n<td class=\"th\">Sede<\/td>\r\n<td>16h<\/td>\r\n<td>17h<\/td>\r\n<td>18h<\/td>\r\n<td>19h<\/td>\r\n<td>20h<\/td>\r\n<td>21h<\/td>\r\n<td>22h<\/td>\r\n<td>23h<\/td>\r\n<\/tr>\r\n<\/tbody>\r\n<\/table>\r\n<table cellspacing=\"0\" cellpadding=\"0\" border=\"0\">\r\n<tbody>\r\n<tr>\r\n<td class=\"th\" style=\"font-size:0.9em\">Centro Cultural Kirchner <\/td>\r\n<td class=\"hour\">\r\n<div>\r\n<\/div>\r\n<div class=\"calendario_item\" style=\"left: 0%;background-color: #b3b3b3;\"><span class=\"time\">16:00<\/span><p><\/p>\r\n<div class=\"\"><a style=\"color:#000;\" href=\"https:\/\/cinemigrante.org\/ediciones-anteriores\/secciones\/gesto-hacia-el-cck-fabulaciones-especulativas-susurros-transgeneracionales\/\"><b>GESTO HACIA EL CCK: Fabulaciones especulativas, susurros (trans) generacionales<\/b>: Proyecci\u00f3n de 'Pictures of Departure', 'Tellurian Drama',  'Golden Jubilee' y 'A ritual for Metamorphosis'  <\/a><p><\/p>\r\n\r\n<\/div>\r\n<\/div>\r\n<div class=\"calendario_item\" style=\"left: 10%;background-color: #b3b3b3;\"><span class=\"time\">18:00<\/span><p><\/p>\r\n<div class=\"\"><a style=\"color:#000;\" href=\"https:\/\/cinemigrante.org\/ediciones-anteriores\/secciones\/gesto-3-hacia-el-cck-el-indicio-la-rama-y-la-brisa-ir-por-la-senda-inacabada\/\"><b>GESTO 3 HACIA EL CCK: El indicio, la rama y la brisa. Ir por la senda inacabada<\/b>: Proyecci\u00f3n de 'El cuervo, la fosa y la yegua' y 'Mangrove School'<\/a><p><\/p>\r\n<\/div>\r\n<\/div><\/td>\r\n<\/tr>\r\n<\/tbody>\r\n<\/table>\r\n<p> &nbsp;\t<\/p>\r\n<h2>Mi\u00e9rcoles 28 de septiembre<\/h2>\r\n<table class=\"horasprog\" cellspacing=\"0\" cellpadding=\"0\" border=\"0\">\r\n<tbody>\r\n<tr>\r\n<td class=\"th\">Sede<\/td>\r\n<td>16h<\/td>\r\n<td>17h<\/td>\r\n<td>18h<\/td>\r\n<td>19h<\/td>\r\n<td>20h<\/td>\r\n<td>21h<\/td>\r\n<td>22h<\/td>\r\n<td>23h<\/td>\r\n<\/tr>\r\n\r\n<\/tbody>\r\n<\/table>\r\n<table cellspacing=\"0\" cellpadding=\"0\" border=\"0\">\r\n<tbody>\r\n<tr>\r\n<td class=\"th\" style=\"font-size:0.9em\">Centro Cultural Kirchner <\/td>\r\n<td class=\"hour\">\r\n<div>\r\n<\/div>\r\n<div class=\"calendario_item\" style=\"left: 38%;background-color: #b3b3b3;\"><span class=\"time\">19:00<\/span><p><\/p>\r\n<div class=\"\"><a style=\"color:#000;\" href=\"https:\/\/cinemigrante.org\/ediciones-anteriores\/secciones\/gesto-2-hacia-el-cck-imagenes-furtivas-imagenes-radicales-por-fuera-de-las-escenas-de-la-sujecion-la-decapitacion-de-las-estatuas\/\"><b>GESTO 2 HACIA EL CCK: Im\u00e1genes furtivas, im\u00e1genes radicales. Por fuera de las escenas de la sujeci\u00f3n, la decapitaci\u00f3n de las estatuas:<\/b> Proyecci\u00f3n de 'Claudette's Star',  'Here is the imagination of the Black Radical', 'American Hunger' y 'Tonalli' <\/a><p><\/p>\r\n\r\n<\/div><\/div>\r\n<\/td>\r\n<\/tr>\r\n<\/tbody>\r\n<\/table>\r\n<p> &nbsp;\t<\/p>\r\n<h2>Jueves 29 de septiembre<\/h2>\r\n<table class=\"horasprog\" cellspacing=\"0\" cellpadding=\"0\" border=\"0\">\r\n<tbody>\r\n<tr>\r\n<td class=\"th\">Sede<\/td>\r\n<td>16h<\/td>\r\n<td>17h<\/td>\r\n<td>18h<\/td>\r\n<td>19h<\/td>\r\n<td>20h<\/td>\r\n<td>21h<\/td>\r\n<td>22h<\/td>\r\n<td>23h<\/td>\r\n<\/tr>\r\n\r\n<\/tbody>\r\n<\/table>\r\n<table cellspacing=\"0\" cellpadding=\"0\" border=\"0\">\r\n<tbody>\r\n<tr>\r\n<td class=\"th\" style=\"font-size:0.9em\">\r\nCentro Cultural Kirchner<\/td>\r\n<td class=\"hour\">\r\n<div>\r\n<\/div>\r\n<div class=\"calendario_item\" style=\"left: 38%;background-color: #b3b3b3;\"><span class=\"time\">19:00<\/span><p><\/p>\r\n<div class=\"\"><a style=\"color:#000;\" href=\"https:\/\/cinemigrante.org\/ediciones-anteriores\/secciones\/gesto-1-hacia-el-cck-un-ensayo-de-comunidad-la-peregrinacion-violenta-del-poema\/\"><b>GESTO 1. Un ensayo de comunidad. La peregrinaci\u00f3n violenta del poema:<\/b> Proyecci\u00f3n de 'The Inheritance'<\/a><p><\/p>\r\n\r\n<\/div>\r\n<\/div>\r\n<\/td>\r\n<\/tr>\r\n<\/tbody>\r\n<\/table>\r\n<p> &nbsp; <\/p>\r\n<p> &nbsp; <\/p>\r\n<p> &nbsp; <\/p>\r\n<\/div>\t\t<\/div>\n\t\t\t\t<\/div>\n\t\t\t\t\t<\/div>\n\t\t<\/div>\n\t\t\t\t\t<\/div>\n\t\t<\/section>\n\t\t\t\t<\/div>\n\t\t","protected":false},"excerpt":{"rendered":"<p>Programaci\u00f3n por d\u00eda Viernes 23 de septiembre Sede 16h 17h 18h 19h 20h 21h 22h 23h Planta Incl\u00e1n 20:00 GESTO 1. Un ensayo de comunidad. La peregrinaci\u00f3n violenta del poema: &hellip; <\/p>\n<p class=\"link-more\"><a href=\"https:\/\/cinemigrante.org\/ediciones-anteriores\/13-edicion\/programacion-por-dia\" class=\"more-link\">Continue reading<span class=\"screen-reader-text\"> \u00abProgramaci\u00f3n por d\u00eda\u00bb<\/span><\/a><\/p>\n","protected":false},"author":9,"featured_media":0,"parent":18538,"menu_order":0,"comment_status":"closed","ping_status":"closed","template":"elementor_header_footer","meta":{"_acf_changed":false,"footnotes":""},"class_list":["post-18543","page","type-page","status-publish","hentry"],"acf":[],"_links":{"self":[{"href":"https:\/\/cinemigrante.org\/ediciones-anteriores\/wp-json\/wp\/v2\/pages\/18543"}],"collection":[{"href":"https:\/\/cinemigrante.org\/ediciones-anteriores\/wp-json\/wp\/v2\/pages"}],"about":[{"href":"https:\/\/cinemigrante.org\/ediciones-anteriores\/wp-json\/wp\/v2\/types\/page"}],"author":[{"embeddable":true,"href":"https:\/\/cinemigrante.org\/ediciones-anteriores\/wp-json\/wp\/v2\/users\/9"}],"replies":[{"embeddable":true,"href":"https:\/\/cinemigrante.org\/ediciones-anteriores\/wp-json\/wp\/v2\/comments?post=18543"}],"version-history":[{"count":5,"href":"https:\/\/cinemigrante.org\/ediciones-anteriores\/wp-json\/wp\/v2\/pages\/18543\/revisions"}],"predecessor-version":[{"id":18575,"href":"https:\/\/cinemigrante.org\/ediciones-anteriores\/wp-json\/wp\/v2\/pages\/18543\/revisions\/18575"}],"up":[{"embeddable":true,"href":"https:\/\/cinemigrante.org\/ediciones-anteriores\/wp-json\/wp\/v2\/pages\/18538"}],"wp:attachment":[{"href":"https:\/\/cinemigrante.org\/ediciones-anteriores\/wp-json\/wp\/v2\/media?parent=18543"}],"curies":[{"name":"wp","href":"https:\/\/api.w.org\/{rel}","templated":true}]}}