






{"id":18538,"date":"2023-01-17T13:48:06","date_gmt":"2023-01-17T16:48:06","guid":{"rendered":"https:\/\/cinemigrante.org\/ediciones-anteriores\/?page_id=18538"},"modified":"2023-01-19T11:39:33","modified_gmt":"2023-01-19T14:39:33","slug":"13-edicion","status":"publish","type":"page","link":"https:\/\/cinemigrante.org\/ediciones-anteriores\/13-edicion","title":{"rendered":"13\u00b0 Edici\u00f3n"},"content":{"rendered":"\t\t<div data-elementor-type=\"wp-page\" data-elementor-id=\"18538\" class=\"elementor elementor-18538\">\n\t\t\t\t\t\t<section class=\"elementor-section elementor-top-section elementor-element elementor-element-6622a332 elementor-section-height-min-height elementor-section-full_width elementor-section-height-default elementor-section-items-middle\" data-id=\"6622a332\" data-element_type=\"section\" data-settings=\"{&quot;background_background&quot;:&quot;classic&quot;}\">\n\t\t\t\t\t\t<div class=\"elementor-container elementor-column-gap-default\">\n\t\t\t\t\t<div class=\"elementor-column elementor-col-100 elementor-top-column elementor-element elementor-element-1c963d87\" data-id=\"1c963d87\" data-element_type=\"column\">\n\t\t\t<div class=\"elementor-widget-wrap elementor-element-populated\">\n\t\t\t\t\t\t<div class=\"elementor-element elementor-element-5bb00a84 anwp-pg-widget-header-style--b anwp-pg-post-teaser__post-icon--size-16 elementor-pagination-position-outside elementor-widget elementor-widget-anwp-pg-classic-slider\" data-id=\"5bb00a84\" data-element_type=\"widget\" id=\"home-slider-e\" data-widget_type=\"anwp-pg-classic-slider.default\">\n\t\t\t\t<div class=\"elementor-widget-container\">\n\t\t\t<div class=\"anwp-pg-wrap\">\n\n\t\n\t<!-- Slider main container -->\n\t<div\n\t\tclass=\"anwp-pg-classic-slider anwp-pg-swiper-wrapper position-static swiper swiper-container anwp-pg-no-transform\"\n\t\tdata-pg-slides-per-view=\"1\"\n\t\tdata-pg-slides-per-view-mobile=\"1\"\n\t\tdata-pg-slides-per-view-tablet=\"2\"\n\t\tdata-pg-slides-per-group=\"1\"\n\t\tdata-pg-slides-per-group-mobile=\"1\"\n\t\tdata-pg-slides-per-group-tablet=\"1\"\n\t\tdata-pg-autoplay=\"yes\"\n\t\tdata-pg-autoplay-delay=\"7000\"\n\t\tdata-pg-space-between=\"0\"\n\t\tdata-pg-effect=\"fade\"\n\t\tdata-pg-show-read-more=\"yes\"\n\t\tdata-pg-enable-observer=\"no\"\n\t\tdata-pg-loop=\"no\"\n\t\tdir=\"ltr\"\n\t>\n\t\t<!-- Additional required wrapper -->\n\t\t<div class=\"swiper-wrapper\">\n\t\t\t<!-- Slides -->\n\t\t\t<div class=\"anwp-pg-post-teaser anwp-pg-post-teaser--inner-cover-link anwp-pg-post-teaser--layout-d d-flex flex-column swiper-slide anwp-pg-post-teaser--with-read-more \">\n\t<div class=\"anwp-pg-post-teaser__thumbnail position-relative\">\n\n\t\t\n\t\t\n\t\t\t\t\t<img loading=\"lazy\" class=\"anwp-pg-post-teaser__thumbnail-img d-block anwp-pg-height-500 anwp-object-cover m-0 w-100\"\n\t\t\t\talt=\"2023 por un acto reparatorio que nos permita el retorno a lo vivo\"\n\t\t\t\tsrc=\"https:\/\/cinemigrante.org\/ediciones-anteriores\/wp-content\/uploads\/2023\/01\/saludo-2023.jpg\"\/>\n\t\t\n\t\t<div class=\"anwp-pg-post-teaser__thumbnail-bg anwp-position-cover\"><\/div>\n\n\t\t<a class=\"anwp-position-cover anwp-link-without-effects\" href=\"https:\/\/cinemigrante.org\/ediciones-anteriores\/archivos\/18509\" aria-hidden=\"true\" ><\/a>\n\t<\/div>\n\n\t<div class=\"anwp-pg-post-teaser__content flex-grow-1 pt-1 d-flex flex-column\">\n\n\t\t<div class=\"anwp-pg-post-teaser__title anwp-font-heading mt-2\">\n\t\t\t<a class=\"anwp-link-without-effects\" href=\"https:\/\/cinemigrante.org\/ediciones-anteriores\/archivos\/18509\" aria-hidden=\"true\" >\n\t\t\t\t2023 por un acto reparatorio que nos permita el retorno a lo vivo\t\t\t<\/a>\n\t\t<\/div>\n\n\t\t<div class=\"anwp-pg-post-teaser__bottom-meta d-flex flex-wrap\">\n\n\t\t\t\n\t\t\t\t\t<\/div>\n\n\t\t\t\t\t<div class=\"anwp-pg-post-teaser__excerpt mb-2\">\n\t\t\t\t&#x1fab7;&#x1f4a0;&#x1f4a8;&#x2728;2023 Por un acto reparatorio que nos permita el retorno a lo vivo&#x1fab7;&#x1f4a0;&#x1f4a8;&#x2728; &#x1fab7;&#x1f4a0;&#x1f4a8;&#x2728;2023 for an act of reparation that will allow us to return to what is alive&#x1fab7;&#x1f4a0;&#x1f4a8;&#x2728;\t\t\t<\/div>\n\t\t\n\t\t\t\t\t<div class=\"w-100 anwp-pg-read-more mt-auto\">\n\t\t\t\t<a href=\"https:\/\/cinemigrante.org\/ediciones-anteriores\/archivos\/18509\" \t\t\t\t\tclass=\"anwp-pg-read-more__btn mt-3 mb-0 home-slider-btn\">\n\t\t\t\t\t+ INFO\t\t\t\t<\/a>\n\t\t\t<\/div>\n\t\t\n\t<\/div>\n\n<\/div>\n<div class=\"anwp-pg-post-teaser anwp-pg-post-teaser--inner-cover-link anwp-pg-post-teaser--layout-d d-flex flex-column swiper-slide anwp-pg-post-teaser--with-read-more \">\n\t<div class=\"anwp-pg-post-teaser__thumbnail position-relative\">\n\n\t\t\n\t\t\n\t\t\t\t\t<img loading=\"lazy\" class=\"anwp-pg-post-teaser__thumbnail-img d-block anwp-pg-height-500 anwp-object-cover m-0 w-100\"\n\t\t\t\talt=\"HA CULMINADO CON \u00c9XITO CINEMIGRANTE XIII &#8216;UN GESTO UN DEVENIR EN FUGA&#8217;\"\n\t\t\t\tsrc=\"https:\/\/cinemigrante.org\/ediciones-anteriores\/wp-content\/uploads\/2022\/09\/sesion.21.jpg\"\/>\n\t\t\n\t\t<div class=\"anwp-pg-post-teaser__thumbnail-bg anwp-position-cover\"><\/div>\n\n\t\t<a class=\"anwp-position-cover anwp-link-without-effects\" href=\"https:\/\/cinemigrante.org\/ediciones-anteriores\/archivos\/18508\" aria-hidden=\"true\" ><\/a>\n\t<\/div>\n\n\t<div class=\"anwp-pg-post-teaser__content flex-grow-1 pt-1 d-flex flex-column\">\n\n\t\t<div class=\"anwp-pg-post-teaser__title anwp-font-heading mt-2\">\n\t\t\t<a class=\"anwp-link-without-effects\" href=\"https:\/\/cinemigrante.org\/ediciones-anteriores\/archivos\/18508\" aria-hidden=\"true\" >\n\t\t\t\tHA CULMINADO CON \u00c9XITO CINEMIGRANTE XIII &#8216;UN GESTO UN DEVENIR EN FUGA&#8217;\t\t\t<\/a>\n\t\t<\/div>\n\n\t\t<div class=\"anwp-pg-post-teaser__bottom-meta d-flex flex-wrap\">\n\n\t\t\t\n\t\t\t\t\t<\/div>\n\n\t\t\t\t\t<div class=\"anwp-pg-post-teaser__excerpt mb-2\">\n\t\t\t\tBUENOS AIRES, SEPTIEMBRE 2022. Comenzamos el a\u00f1o, y el mundo que se vislumbraba (y que hoy se denomina como \u2018post pandemia\u2019) no nos tra\u00eda \u2018novedades\u2019. M\u00e1s bien, evidencias de la ...\t\t\t<\/div>\n\t\t\n\t\t\t\t\t<div class=\"w-100 anwp-pg-read-more mt-auto\">\n\t\t\t\t<a href=\"https:\/\/cinemigrante.org\/ediciones-anteriores\/archivos\/18508\" \t\t\t\t\tclass=\"anwp-pg-read-more__btn mt-3 mb-0 home-slider-btn\">\n\t\t\t\t\t+ INFO\t\t\t\t<\/a>\n\t\t\t<\/div>\n\t\t\n\t<\/div>\n\n<\/div>\n<div class=\"anwp-pg-post-teaser anwp-pg-post-teaser--inner-cover-link anwp-pg-post-teaser--layout-d d-flex flex-column swiper-slide anwp-pg-post-teaser--with-read-more \">\n\t<div class=\"anwp-pg-post-teaser__thumbnail position-relative\">\n\n\t\t\n\t\t\n\t\t\t\t\t<img loading=\"lazy\" class=\"anwp-pg-post-teaser__thumbnail-img d-block anwp-pg-height-500 anwp-object-cover m-0 w-100\"\n\t\t\t\talt=\"Conoc\u00e9 toda la programaci\u00f3n de cinemigrante xiii &#8216;un gesto, un devenir en fuga&#8217;\"\n\t\t\t\tsrc=\"https:\/\/cinemigrante.org\/ediciones-anteriores\/wp-content\/uploads\/2022\/09\/rpsita03-scaled-1.jpg\"\/>\n\t\t\n\t\t<div class=\"anwp-pg-post-teaser__thumbnail-bg anwp-position-cover\"><\/div>\n\n\t\t<a class=\"anwp-position-cover anwp-link-without-effects\" href=\"https:\/\/cinemigrante.org\/ediciones-anteriores\/archivos\/18507\" aria-hidden=\"true\" ><\/a>\n\t<\/div>\n\n\t<div class=\"anwp-pg-post-teaser__content flex-grow-1 pt-1 d-flex flex-column\">\n\n\t\t<div class=\"anwp-pg-post-teaser__title anwp-font-heading mt-2\">\n\t\t\t<a class=\"anwp-link-without-effects\" href=\"https:\/\/cinemigrante.org\/ediciones-anteriores\/archivos\/18507\" aria-hidden=\"true\" >\n\t\t\t\tConoc\u00e9 toda la programaci\u00f3n de cinemigrante xiii &#8216;un gesto, un devenir en fuga&#8217;\t\t\t<\/a>\n\t\t<\/div>\n\n\t\t<div class=\"anwp-pg-post-teaser__bottom-meta d-flex flex-wrap\">\n\n\t\t\t\n\t\t\t\t\t<\/div>\n\n\t\t\t\t\t<div class=\"anwp-pg-post-teaser__excerpt mb-2\">\n\t\t\t\tCineMigrante&nbsp;muta y transforma su propuesta acercando este a\u00f1o del 23 al 29 de septiembre&nbsp;una programaci\u00f3n que apunta ofrecer al p\u00fablico&nbsp;3 experiencias que entrecruzan el cine, la construcci\u00f3n de conocimiento colectivo, ...\t\t\t<\/div>\n\t\t\n\t\t\t\t\t<div class=\"w-100 anwp-pg-read-more mt-auto\">\n\t\t\t\t<a href=\"https:\/\/cinemigrante.org\/ediciones-anteriores\/archivos\/18507\" \t\t\t\t\tclass=\"anwp-pg-read-more__btn mt-3 mb-0 home-slider-btn\">\n\t\t\t\t\t+ INFO\t\t\t\t<\/a>\n\t\t\t<\/div>\n\t\t\n\t<\/div>\n\n<\/div>\n<div class=\"anwp-pg-post-teaser anwp-pg-post-teaser--inner-cover-link anwp-pg-post-teaser--layout-d d-flex flex-column swiper-slide anwp-pg-post-teaser--with-read-more \">\n\t<div class=\"anwp-pg-post-teaser__thumbnail position-relative\">\n\n\t\t\n\t\t\n\t\t\t\t\t<img loading=\"lazy\" class=\"anwp-pg-post-teaser__thumbnail-img d-block anwp-pg-height-500 anwp-object-cover m-0 w-100\"\n\t\t\t\talt=\"Se viene \u2018Un gesto, un devenir en fuga\u2019 CineMigrante XIII del 23 al 29 SEPT\"\n\t\t\t\tsrc=\"https:\/\/cinemigrante.org\/ediciones-anteriores\/wp-content\/uploads\/2022\/09\/Triada_fecha23-29_-scaled-1-1800x853.jpg\"\/>\n\t\t\n\t\t<div class=\"anwp-pg-post-teaser__thumbnail-bg anwp-position-cover\"><\/div>\n\n\t\t<a class=\"anwp-position-cover anwp-link-without-effects\" href=\"https:\/\/cinemigrante.org\/ediciones-anteriores\/archivos\/18505\" aria-hidden=\"true\" ><\/a>\n\t<\/div>\n\n\t<div class=\"anwp-pg-post-teaser__content flex-grow-1 pt-1 d-flex flex-column\">\n\n\t\t<div class=\"anwp-pg-post-teaser__title anwp-font-heading mt-2\">\n\t\t\t<a class=\"anwp-link-without-effects\" href=\"https:\/\/cinemigrante.org\/ediciones-anteriores\/archivos\/18505\" aria-hidden=\"true\" >\n\t\t\t\tSe viene \u2018Un gesto, un devenir en fuga\u2019 CineMigrante XIII del 23 al 29 SEPT\t\t\t<\/a>\n\t\t<\/div>\n\n\t\t<div class=\"anwp-pg-post-teaser__bottom-meta d-flex flex-wrap\">\n\n\t\t\t\n\t\t\t\t\t<\/div>\n\n\t\t\t\t\t<div class=\"anwp-pg-post-teaser__excerpt mb-2\">\n\t\t\t\tEste a\u00f1o,&nbsp;CineMigrante no ser\u00e1 un espacio de solo exhibici\u00f3n. Con entrada libre y gratuita, del 23 al 29 de Septiembre, la curadur\u00eda \u2018Un gesto, un devenir en fuga\u2019 propondr\u00e1 4 ...\t\t\t<\/div>\n\t\t\n\t\t\t\t\t<div class=\"w-100 anwp-pg-read-more mt-auto\">\n\t\t\t\t<a href=\"https:\/\/cinemigrante.org\/ediciones-anteriores\/archivos\/18505\" \t\t\t\t\tclass=\"anwp-pg-read-more__btn mt-3 mb-0 home-slider-btn\">\n\t\t\t\t\t+ INFO\t\t\t\t<\/a>\n\t\t\t<\/div>\n\t\t\n\t<\/div>\n\n<\/div>\n<div class=\"anwp-pg-post-teaser anwp-pg-post-teaser--inner-cover-link anwp-pg-post-teaser--layout-d d-flex flex-column swiper-slide anwp-pg-post-teaser--with-read-more \">\n\t<div class=\"anwp-pg-post-teaser__thumbnail position-relative\">\n\n\t\t\n\t\t\n\t\t\t\t\t<img loading=\"lazy\" class=\"anwp-pg-post-teaser__thumbnail-img d-block anwp-pg-height-500 anwp-object-cover m-0 w-100\"\n\t\t\t\talt=\"#EE.UU. #Criminalizaci\u00f3n #Aborto #BlackLivesMatter &gt;&gt; Compartimos el documental \u2018Jackson\u2019 de Maisie Crown\"\n\t\t\t\tsrc=\"https:\/\/cinemigrante.org\/ediciones-anteriores\/wp-content\/uploads\/2018\/06\/Jackson-1800x1080.jpg\"\/>\n\t\t\n\t\t<div class=\"anwp-pg-post-teaser__thumbnail-bg anwp-position-cover\"><\/div>\n\n\t\t<a class=\"anwp-position-cover anwp-link-without-effects\" href=\"https:\/\/cinemigrante.org\/ediciones-anteriores\/archivos\/18503\" aria-hidden=\"true\" ><\/a>\n\t<\/div>\n\n\t<div class=\"anwp-pg-post-teaser__content flex-grow-1 pt-1 d-flex flex-column\">\n\n\t\t<div class=\"anwp-pg-post-teaser__title anwp-font-heading mt-2\">\n\t\t\t<a class=\"anwp-link-without-effects\" href=\"https:\/\/cinemigrante.org\/ediciones-anteriores\/archivos\/18503\" aria-hidden=\"true\" >\n\t\t\t\t#EE.UU. #Criminalizaci\u00f3n #Aborto #BlackLivesMatter &gt;&gt; Compartimos el documental \u2018Jackson\u2019 de Maisie Crown\t\t\t<\/a>\n\t\t<\/div>\n\n\t\t<div class=\"anwp-pg-post-teaser__bottom-meta d-flex flex-wrap\">\n\n\t\t\t\n\t\t\t\t\t<\/div>\n\n\t\t\t\t\t<div class=\"anwp-pg-post-teaser__excerpt mb-2\">\n\t\t\t\t\u2018Los m\u00e9todos de Dios funcionan. Por eso no damos anticonceptivos\u2019. As\u00ed define su lucha contra el aborto una mujer blanca de los EE.UU. quien, a trav\u00e9s de su organizaci\u00f3n de ...\t\t\t<\/div>\n\t\t\n\t\t\t\t\t<div class=\"w-100 anwp-pg-read-more mt-auto\">\n\t\t\t\t<a href=\"https:\/\/cinemigrante.org\/ediciones-anteriores\/archivos\/18503\" \t\t\t\t\tclass=\"anwp-pg-read-more__btn mt-3 mb-0 home-slider-btn\">\n\t\t\t\t\t+ INFO\t\t\t\t<\/a>\n\t\t\t<\/div>\n\t\t\n\t<\/div>\n\n<\/div>\n\t\t<\/div>\n\n\t\t\t\t\t\t\t\t\t<div class=\"swiper-pagination\"><\/div>\n\t\t\t\t\t\t\t\t\t<\/div>\n<\/div>\n\t\t<\/div>\n\t\t\t\t<\/div>\n\t\t\t\t\t<\/div>\n\t\t<\/div>\n\t\t\t\t\t<\/div>\n\t\t<\/section>\n\t\t\t\t<section class=\"elementor-section elementor-top-section elementor-element elementor-element-3bd18a4 elementor-section-full_width elementor-section-height-min-height elementor-hidden-desktop elementor-hidden-tablet elementor-hidden-mobile elementor-section-height-default elementor-section-items-middle\" data-id=\"3bd18a4\" data-element_type=\"section\" data-settings=\"{&quot;background_background&quot;:&quot;classic&quot;}\">\n\t\t\t\t\t\t\t<div class=\"elementor-background-overlay\"><\/div>\n\t\t\t\t\t\t\t<div class=\"elementor-container elementor-column-gap-default\">\n\t\t\t\t\t<div class=\"elementor-column elementor-col-50 elementor-top-column elementor-element elementor-element-613eb0a\" data-id=\"613eb0a\" data-element_type=\"column\">\n\t\t\t<div class=\"elementor-widget-wrap elementor-element-populated\">\n\t\t\t\t\t\t<div class=\"elementor-element elementor-element-c97c003 elementor-widget elementor-widget-heading\" data-id=\"c97c003\" data-element_type=\"widget\" data-widget_type=\"heading.default\">\n\t\t\t\t<div class=\"elementor-widget-container\">\n\t\t\t<style>\/*! elementor - v3.23.0 - 15-07-2024 *\/\n.elementor-heading-title{padding:0;margin:0;line-height:1}.elementor-widget-heading .elementor-heading-title[class*=elementor-size-]>a{color:inherit;font-size:inherit;line-height:inherit}.elementor-widget-heading .elementor-heading-title.elementor-size-small{font-size:15px}.elementor-widget-heading .elementor-heading-title.elementor-size-medium{font-size:19px}.elementor-widget-heading .elementor-heading-title.elementor-size-large{font-size:29px}.elementor-widget-heading .elementor-heading-title.elementor-size-xl{font-size:39px}.elementor-widget-heading .elementor-heading-title.elementor-size-xxl{font-size:59px}<\/style><h2 class=\"elementor-heading-title elementor-size-default\"><b>BARCELONA 2019.<\/b> Conoc\u00e9 toda la programaci\u00f3n de la 6\u00ba Muestra<\/h2>\t\t<\/div>\n\t\t\t\t<\/div>\n\t\t\t\t\t<\/div>\n\t\t<\/div>\n\t\t\t\t<div class=\"elementor-column elementor-col-50 elementor-top-column elementor-element elementor-element-778dd7f\" data-id=\"778dd7f\" data-element_type=\"column\">\n\t\t\t<div class=\"elementor-widget-wrap elementor-element-populated\">\n\t\t\t\t\t\t<div class=\"elementor-element elementor-element-d141a17 elementor-align-right elementor-widget elementor-widget-button\" data-id=\"d141a17\" data-element_type=\"widget\" data-widget_type=\"button.default\">\n\t\t\t\t<div class=\"elementor-widget-container\">\n\t\t\t\t\t<div class=\"elementor-button-wrapper\">\n\t\t\t<a class=\"elementor-button elementor-button-link elementor-size-md\" href=\"#\">\n\t\t\t\t\t\t<span class=\"elementor-button-content-wrapper\">\n\t\t\t\t\t\t\t\t\t<span class=\"elementor-button-text\">+ INFO<\/span>\n\t\t\t\t\t<\/span>\n\t\t\t\t\t<\/a>\n\t\t<\/div>\n\t\t\t\t<\/div>\n\t\t\t\t<\/div>\n\t\t\t\t\t<\/div>\n\t\t<\/div>\n\t\t\t\t\t<\/div>\n\t\t<\/section>\n\t\t\t\t<section class=\"elementor-section elementor-top-section elementor-element elementor-element-42109358 elementor-section-boxed elementor-section-height-default elementor-section-height-default\" data-id=\"42109358\" data-element_type=\"section\">\n\t\t\t\t\t\t<div class=\"elementor-container elementor-column-gap-default\">\n\t\t\t\t\t<div class=\"elementor-column elementor-col-100 elementor-top-column elementor-element elementor-element-6d9b3224\" data-id=\"6d9b3224\" data-element_type=\"column\">\n\t\t\t<div class=\"elementor-widget-wrap elementor-element-populated\">\n\t\t\t\t\t\t<div class=\"elementor-element elementor-element-3d79d557 elementor-grid-eael-col-4 elementor-grid-tablet-eael-col-2 elementor-grid-mobile-eael-col-1 elementor-widget elementor-widget-eael-post-grid\" data-id=\"3d79d557\" data-element_type=\"widget\" data-settings=\"{&quot;eael_post_grid_columns&quot;:&quot;eael-col-4&quot;,&quot;eael_post_grid_columns_tablet&quot;:&quot;eael-col-2&quot;,&quot;eael_post_grid_columns_mobile&quot;:&quot;eael-col-1&quot;}\" data-widget_type=\"eael-post-grid.default\">\n\t\t\t\t<div class=\"elementor-widget-container\">\n\t\t\t<div id=\"eael-post-grid-3d79d557\" class=\"eael-post-grid-container\">\n            <div class=\"eael-post-grid eael-post-appender eael-post-appender-3d79d557 eael-post-grid-style-three\" data-layout-mode=\"grid\"><article class=\"eael-grid-post eael-post-grid-column\" data-id=\"18509\">\n        <div class=\"eael-grid-post-holder\">\n            <div class=\"eael-grid-post-holder-inner\"><div class=\"eael-entry-media\"><ul class=\"post-carousel-categories\"><li><a href=\"https:\/\/cinemigrante.org\/ediciones-anteriores\/archivos\/category\/ediciones\/13-edicion\">13 Edici\u00f3n<\/a><\/li><\/ul><div class=\"eael-entry-overlay fade-in\"><i class=\"\" aria-hidden=\"true\"><\/i><a href=\"https:\/\/cinemigrante.org\/ediciones-anteriores\/archivos\/18509\"><\/a><\/div><div class=\"eael-entry-thumbnail \">\n                 <img fetchpriority=\"high\" decoding=\"async\" width=\"760\" height=\"281\" src=\"https:\/\/cinemigrante.org\/ediciones-anteriores\/wp-content\/uploads\/2023\/01\/saludo-2023-768x284.jpg\" class=\"attachment-medium_large size-medium_large wp-image-18733\" alt=\"\" srcset=\"https:\/\/cinemigrante.org\/ediciones-anteriores\/wp-content\/uploads\/2023\/01\/saludo-2023-768x284.jpg 768w, https:\/\/cinemigrante.org\/ediciones-anteriores\/wp-content\/uploads\/2023\/01\/saludo-2023-300x111.jpg 300w, https:\/\/cinemigrante.org\/ediciones-anteriores\/wp-content\/uploads\/2023\/01\/saludo-2023.jpg 851w\" sizes=\"(max-width: 760px) 100vw, 760px\" \/>\n             <\/div>\n        <\/div><div class=\"eael-entry-wrapper\"><header class=\"eael-entry-header\"><h2 class=\"eael-entry-title\"><a\n                        class=\"eael-grid-post-link\"\n                        href=\"https:\/\/cinemigrante.org\/ediciones-anteriores\/archivos\/18509\"\n                        title=\"2023 por un acto reparatorio que nos permita el retorno a lo vivo\">2023 por un acto reparatorio que nos permita el retorno a lo vivo<\/a><\/h2><\/header><div class=\"eael-entry-content\">\n                        <div class=\"eael-grid-post-excerpt\"><p>&#x1fab7;&#x1f4a0;&#x1f4a8;&#x2728;2023 Por un acto reparatorio que nos permita el retorno a lo vivo&#x1fab7;&#x1f4a0;&#x1f4a8;&#x2728; &#x1fab7;&#x1f4a0;&#x1f4a8;&#x2728;2023 for an act of reparation that...<\/p><a\n                            href=\"https:\/\/cinemigrante.org\/ediciones-anteriores\/archivos\/18509\"\n                            class=\"eael-post-elements-readmore-btn\">LEER +<\/a><\/div>\n                    <\/div><\/div><\/div>\n        <\/div>\n    <\/article><article class=\"eael-grid-post eael-post-grid-column\" data-id=\"18508\">\n        <div class=\"eael-grid-post-holder\">\n            <div class=\"eael-grid-post-holder-inner\"><div class=\"eael-entry-media\"><ul class=\"post-carousel-categories\"><li><a href=\"https:\/\/cinemigrante.org\/ediciones-anteriores\/archivos\/category\/ediciones\/13-edicion\">13 Edici\u00f3n<\/a><\/li><\/ul><div class=\"eael-entry-overlay fade-in\"><i class=\"\" aria-hidden=\"true\"><\/i><a href=\"https:\/\/cinemigrante.org\/ediciones-anteriores\/archivos\/18508\"><\/a><\/div><div class=\"eael-entry-thumbnail \">\n                 <img decoding=\"async\" width=\"760\" height=\"504\" src=\"https:\/\/cinemigrante.org\/ediciones-anteriores\/wp-content\/uploads\/2022\/09\/sesion.21-768x509.jpg\" class=\"attachment-medium_large size-medium_large wp-image-18729\" alt=\"\" srcset=\"https:\/\/cinemigrante.org\/ediciones-anteriores\/wp-content\/uploads\/2022\/09\/sesion.21-768x509.jpg 768w, https:\/\/cinemigrante.org\/ediciones-anteriores\/wp-content\/uploads\/2022\/09\/sesion.21-300x199.jpg 300w, https:\/\/cinemigrante.org\/ediciones-anteriores\/wp-content\/uploads\/2022\/09\/sesion.21-1024x679.jpg 1024w, https:\/\/cinemigrante.org\/ediciones-anteriores\/wp-content\/uploads\/2022\/09\/sesion.21.jpg 1200w\" sizes=\"(max-width: 760px) 100vw, 760px\" \/>\n             <\/div>\n        <\/div><div class=\"eael-entry-wrapper\"><header class=\"eael-entry-header\"><h2 class=\"eael-entry-title\"><a\n                        class=\"eael-grid-post-link\"\n                        href=\"https:\/\/cinemigrante.org\/ediciones-anteriores\/archivos\/18508\"\n                        title=\"HA CULMINADO CON \u00c9XITO CINEMIGRANTE XIII &#8216;UN GESTO UN DEVENIR EN FUGA&#8217;\">HA CULMINADO CON \u00c9XITO CINEMIGRANTE XIII &#8216;UN GESTO UN DEVENIR EN FUGA&#8217;<\/a><\/h2><\/header><div class=\"eael-entry-content\">\n                        <div class=\"eael-grid-post-excerpt\"><p>BUENOS AIRES, SEPTIEMBRE 2022. Comenzamos el a\u00f1o, y el mundo que se vislumbraba (y que hoy se denomina como \u2018post...<\/p><a\n                            href=\"https:\/\/cinemigrante.org\/ediciones-anteriores\/archivos\/18508\"\n                            class=\"eael-post-elements-readmore-btn\">LEER +<\/a><\/div>\n                    <\/div><\/div><\/div>\n        <\/div>\n    <\/article><article class=\"eael-grid-post eael-post-grid-column\" data-id=\"18507\">\n        <div class=\"eael-grid-post-holder\">\n            <div class=\"eael-grid-post-holder-inner\"><div class=\"eael-entry-media\"><ul class=\"post-carousel-categories\"><li><a href=\"https:\/\/cinemigrante.org\/ediciones-anteriores\/archivos\/category\/ediciones\/13-edicion\">13 Edici\u00f3n<\/a><\/li><\/ul><div class=\"eael-entry-overlay fade-in\"><i class=\"\" aria-hidden=\"true\"><\/i><a href=\"https:\/\/cinemigrante.org\/ediciones-anteriores\/archivos\/18507\"><\/a><\/div><div class=\"eael-entry-thumbnail \">\n                 <img decoding=\"async\" width=\"760\" height=\"504\" src=\"https:\/\/cinemigrante.org\/ediciones-anteriores\/wp-content\/uploads\/2022\/09\/rpsita03-scaled-1-768x509.jpg\" class=\"attachment-medium_large size-medium_large wp-image-18726\" alt=\"\" srcset=\"https:\/\/cinemigrante.org\/ediciones-anteriores\/wp-content\/uploads\/2022\/09\/rpsita03-scaled-1-768x509.jpg 768w, https:\/\/cinemigrante.org\/ediciones-anteriores\/wp-content\/uploads\/2022\/09\/rpsita03-scaled-1-300x199.jpg 300w, https:\/\/cinemigrante.org\/ediciones-anteriores\/wp-content\/uploads\/2022\/09\/rpsita03-scaled-1-1024x679.jpg 1024w, https:\/\/cinemigrante.org\/ediciones-anteriores\/wp-content\/uploads\/2022\/09\/rpsita03-scaled-1.jpg 1200w\" sizes=\"(max-width: 760px) 100vw, 760px\" \/>\n             <\/div>\n        <\/div><div class=\"eael-entry-wrapper\"><header class=\"eael-entry-header\"><h2 class=\"eael-entry-title\"><a\n                        class=\"eael-grid-post-link\"\n                        href=\"https:\/\/cinemigrante.org\/ediciones-anteriores\/archivos\/18507\"\n                        title=\"Conoc\u00e9 toda la programaci\u00f3n de cinemigrante xiii &#8216;un gesto, un devenir en fuga&#8217;\">Conoc\u00e9 toda la programaci\u00f3n de cinemigrante xiii &#8216;un gesto, un devenir en fuga&#8217;<\/a><\/h2><\/header><div class=\"eael-entry-content\">\n                        <div class=\"eael-grid-post-excerpt\"><p>CineMigrante&nbsp;muta y transforma su propuesta acercando este a\u00f1o del 23 al 29 de septiembre&nbsp;una programaci\u00f3n que apunta ofrecer al p\u00fablico&nbsp;3...<\/p><a\n                            href=\"https:\/\/cinemigrante.org\/ediciones-anteriores\/archivos\/18507\"\n                            class=\"eael-post-elements-readmore-btn\">LEER +<\/a><\/div>\n                    <\/div><\/div><\/div>\n        <\/div>\n    <\/article><article class=\"eael-grid-post eael-post-grid-column\" data-id=\"18505\">\n        <div class=\"eael-grid-post-holder\">\n            <div class=\"eael-grid-post-holder-inner\"><div class=\"eael-entry-media\"><ul class=\"post-carousel-categories\"><li><a href=\"https:\/\/cinemigrante.org\/ediciones-anteriores\/archivos\/category\/ediciones\/13-edicion\">13 Edici\u00f3n<\/a><\/li><\/ul><div class=\"eael-entry-overlay fade-in\"><i class=\"\" aria-hidden=\"true\"><\/i><a href=\"https:\/\/cinemigrante.org\/ediciones-anteriores\/archivos\/18505\"><\/a><\/div><div class=\"eael-entry-thumbnail \">\n                 <img loading=\"lazy\" decoding=\"async\" width=\"760\" height=\"253\" src=\"https:\/\/cinemigrante.org\/ediciones-anteriores\/wp-content\/uploads\/2022\/09\/Triada_fecha23-29_-scaled-1-768x256.jpg\" class=\"attachment-medium_large size-medium_large wp-image-18723\" alt=\"\" srcset=\"https:\/\/cinemigrante.org\/ediciones-anteriores\/wp-content\/uploads\/2022\/09\/Triada_fecha23-29_-scaled-1-768x256.jpg 768w, https:\/\/cinemigrante.org\/ediciones-anteriores\/wp-content\/uploads\/2022\/09\/Triada_fecha23-29_-scaled-1-300x100.jpg 300w, https:\/\/cinemigrante.org\/ediciones-anteriores\/wp-content\/uploads\/2022\/09\/Triada_fecha23-29_-scaled-1-1024x341.jpg 1024w, https:\/\/cinemigrante.org\/ediciones-anteriores\/wp-content\/uploads\/2022\/09\/Triada_fecha23-29_-scaled-1-1536x512.jpg 1536w, https:\/\/cinemigrante.org\/ediciones-anteriores\/wp-content\/uploads\/2022\/09\/Triada_fecha23-29_-scaled-1-2048x682.jpg 2048w\" sizes=\"(max-width: 760px) 100vw, 760px\" \/>\n             <\/div>\n        <\/div><div class=\"eael-entry-wrapper\"><header class=\"eael-entry-header\"><h2 class=\"eael-entry-title\"><a\n                        class=\"eael-grid-post-link\"\n                        href=\"https:\/\/cinemigrante.org\/ediciones-anteriores\/archivos\/18505\"\n                        title=\"Se viene \u2018Un gesto, un devenir en fuga\u2019 CineMigrante XIII del 23 al 29 SEPT\">Se viene \u2018Un gesto, un devenir en fuga\u2019 CineMigrante XIII del 23 al 29 SEPT<\/a><\/h2><\/header><div class=\"eael-entry-content\">\n                        <div class=\"eael-grid-post-excerpt\"><p>Este a\u00f1o,&nbsp;CineMigrante no ser\u00e1 un espacio de solo exhibici\u00f3n. Con entrada libre y gratuita, del 23 al 29 de Septiembre,...<\/p><a\n                            href=\"https:\/\/cinemigrante.org\/ediciones-anteriores\/archivos\/18505\"\n                            class=\"eael-post-elements-readmore-btn\">LEER +<\/a><\/div>\n                    <\/div><\/div><\/div>\n        <\/div>\n    <\/article><\/div>\n            <div class=\"clearfix\"><\/div>\n        <\/div>            <div class=\"eael-load-more-button-wrap eael-force-hide\">\n                <button class=\"eael-load-more-button\" id=\"eael-load-more-btn-3d79d557\" data-widget-id=\"3d79d557\" data-widget=\"3d79d557\" data-page-id=\"18538\" data-template=\"{&quot;dir&quot;:&quot;lite&quot;,&quot;file_name&quot;:&quot;default.php&quot;,&quot;name&quot;:&quot;Post-Grid&quot;}\" data-class=\"Essential_Addons_Elementor\\Elements\\Post_Grid\" data-layout=\"grid\" data-page=\"1\" data-args=\"orderby=date&amp;order=desc&amp;ignore_sticky_posts=1&amp;post_status=publish&amp;posts_per_page=4&amp;offset=0&amp;post_type=post&amp;tax_query%5B0%5D%5Btaxonomy%5D=category&amp;tax_query%5B0%5D%5Bfield%5D=term_id&amp;tax_query%5B0%5D%5Bterms%5D%5B0%5D=1718&amp;tax_query%5Brelation%5D=AND\" data-max-page=\"3\">\n                    <span class=\"eael-btn-loader button__loader\"><\/span>\n                    <span class=\"eael_load_more_text\">Cargar m\u00e1s<\/span>\n                <\/button>\n            <\/div>\n            \t\t<\/div>\n\t\t\t\t<\/div>\n\t\t\t\t<div class=\"elementor-element elementor-element-5bb30218 elementor-align-center elementor-widget elementor-widget-button\" data-id=\"5bb30218\" data-element_type=\"widget\" data-widget_type=\"button.default\">\n\t\t\t\t<div class=\"elementor-widget-container\">\n\t\t\t\t\t<div class=\"elementor-button-wrapper\">\n\t\t\t<a class=\"elementor-button elementor-button-link elementor-size-sm\" href=\"https:\/\/cinemigrante.org\/ediciones-anteriores\/category\/noticias-13-edicion\/\">\n\t\t\t\t\t\t<span class=\"elementor-button-content-wrapper\">\n\t\t\t\t\t\t\t\t\t<span class=\"elementor-button-text\">+NOVEDADES<\/span>\n\t\t\t\t\t<\/span>\n\t\t\t\t\t<\/a>\n\t\t<\/div>\n\t\t\t\t<\/div>\n\t\t\t\t<\/div>\n\t\t\t\t\t<\/div>\n\t\t<\/div>\n\t\t\t\t\t<\/div>\n\t\t<\/section>\n\t\t\t\t<section class=\"elementor-section elementor-top-section elementor-element elementor-element-6dcc5ad7 elementor-section-boxed elementor-section-height-default elementor-section-height-default\" data-id=\"6dcc5ad7\" data-element_type=\"section\">\n\t\t\t\t\t\t<div class=\"elementor-container elementor-column-gap-default\">\n\t\t\t\t\t<div class=\"elementor-column elementor-col-100 elementor-top-column elementor-element elementor-element-7f2360fe\" data-id=\"7f2360fe\" data-element_type=\"column\">\n\t\t\t<div class=\"elementor-widget-wrap elementor-element-populated\">\n\t\t\t\t\t\t<div class=\"elementor-element elementor-element-31ea70e9 elementor-widget elementor-widget-spacer\" data-id=\"31ea70e9\" data-element_type=\"widget\" data-widget_type=\"spacer.default\">\n\t\t\t\t<div class=\"elementor-widget-container\">\n\t\t\t<style>\/*! elementor - v3.23.0 - 15-07-2024 *\/\n.elementor-column .elementor-spacer-inner{height:var(--spacer-size)}.e-con{--container-widget-width:100%}.e-con-inner>.elementor-widget-spacer,.e-con>.elementor-widget-spacer{width:var(--container-widget-width,var(--spacer-size));--align-self:var(--container-widget-align-self,initial);--flex-shrink:0}.e-con-inner>.elementor-widget-spacer>.elementor-widget-container,.e-con>.elementor-widget-spacer>.elementor-widget-container{height:100%;width:100%}.e-con-inner>.elementor-widget-spacer>.elementor-widget-container>.elementor-spacer,.e-con>.elementor-widget-spacer>.elementor-widget-container>.elementor-spacer{height:100%}.e-con-inner>.elementor-widget-spacer>.elementor-widget-container>.elementor-spacer>.elementor-spacer-inner,.e-con>.elementor-widget-spacer>.elementor-widget-container>.elementor-spacer>.elementor-spacer-inner{height:var(--container-widget-height,var(--spacer-size))}.e-con-inner>.elementor-widget-spacer.elementor-widget-empty,.e-con>.elementor-widget-spacer.elementor-widget-empty{position:relative;min-height:22px;min-width:22px}.e-con-inner>.elementor-widget-spacer.elementor-widget-empty .elementor-widget-empty-icon,.e-con>.elementor-widget-spacer.elementor-widget-empty .elementor-widget-empty-icon{position:absolute;top:0;bottom:0;left:0;right:0;margin:auto;padding:0;width:22px;height:22px}<\/style>\t\t<div class=\"elementor-spacer\">\n\t\t\t<div class=\"elementor-spacer-inner\"><\/div>\n\t\t<\/div>\n\t\t\t\t<\/div>\n\t\t\t\t<\/div>\n\t\t\t\t<div class=\"elementor-element elementor-element-445d8f62 elementor-widget elementor-widget-heading\" data-id=\"445d8f62\" data-element_type=\"widget\" data-widget_type=\"heading.default\">\n\t\t\t\t<div class=\"elementor-widget-container\">\n\t\t\t<h2 class=\"elementor-heading-title elementor-size-default\">Todas las secciones de la 13\u00b0 Edici\u00f3n<\/h2>\t\t<\/div>\n\t\t\t\t<\/div>\n\t\t\t\t\t<\/div>\n\t\t<\/div>\n\t\t\t\t\t<\/div>\n\t\t<\/section>\n\t\t\t\t<section class=\"elementor-section elementor-top-section elementor-element elementor-element-d6fbab8 elementor-section-full_width elementor-section-height-default elementor-section-height-default\" data-id=\"d6fbab8\" data-element_type=\"section\">\n\t\t\t\t\t\t<div class=\"elementor-container elementor-column-gap-default\">\n\t\t\t\t\t<div class=\"elementor-column elementor-col-100 elementor-top-column elementor-element elementor-element-3fae836b\" data-id=\"3fae836b\" data-element_type=\"column\">\n\t\t\t<div class=\"elementor-widget-wrap elementor-element-populated\">\n\t\t\t\t\t\t<section class=\"elementor-section elementor-inner-section elementor-element elementor-element-4abdc2f0 elementor-section-boxed elementor-section-height-default elementor-section-height-default\" data-id=\"4abdc2f0\" data-element_type=\"section\">\n\t\t\t\t\t\t<div class=\"elementor-container elementor-column-gap-narrow\">\n\t\t\t\t\t<div class=\"elementor-column elementor-col-20 elementor-inner-column elementor-element elementor-element-6f2c1b8\" data-id=\"6f2c1b8\" data-element_type=\"column\">\n\t\t\t<div class=\"elementor-widget-wrap\">\n\t\t\t\t\t\t\t<\/div>\n\t\t<\/div>\n\t\t\t\t<div class=\"elementor-column elementor-col-20 elementor-inner-column elementor-element elementor-element-4e72ff52 caja-sombra\" data-id=\"4e72ff52\" data-element_type=\"column\">\n\t\t\t<div class=\"elementor-widget-wrap elementor-element-populated\">\n\t\t\t\t\t\t<div class=\"elementor-element elementor-element-1770b382 elementor-widget elementor-widget-image\" data-id=\"1770b382\" data-element_type=\"widget\" data-widget_type=\"image.default\">\n\t\t\t\t<div class=\"elementor-widget-container\">\n\t\t\t<style>\/*! elementor - v3.23.0 - 15-07-2024 *\/\n.elementor-widget-image{text-align:center}.elementor-widget-image a{display:inline-block}.elementor-widget-image a img[src$=\".svg\"]{width:48px}.elementor-widget-image img{vertical-align:middle;display:inline-block}<\/style>\t\t\t\t\t\t\t\t\t\t\t<a href=\"https:\/\/cinemigrante.org\/ediciones-anteriores\/secciones\/un-gesto-un-devenir-en-fuga\/\">\n\t\t\t\t\t\t\t<img loading=\"lazy\" decoding=\"async\" width=\"760\" height=\"428\" src=\"https:\/\/cinemigrante.org\/ediciones-anteriores\/wp-content\/uploads\/2023\/01\/IMAGEN-TOTAL-DEL-GESTO-768x432.jpg\" class=\"attachment-medium_large size-medium_large wp-image-18548\" alt=\"\" srcset=\"https:\/\/cinemigrante.org\/ediciones-anteriores\/wp-content\/uploads\/2023\/01\/IMAGEN-TOTAL-DEL-GESTO-768x432.jpg 768w, https:\/\/cinemigrante.org\/ediciones-anteriores\/wp-content\/uploads\/2023\/01\/IMAGEN-TOTAL-DEL-GESTO-300x169.jpg 300w, https:\/\/cinemigrante.org\/ediciones-anteriores\/wp-content\/uploads\/2023\/01\/IMAGEN-TOTAL-DEL-GESTO-1024x576.jpg 1024w, https:\/\/cinemigrante.org\/ediciones-anteriores\/wp-content\/uploads\/2023\/01\/IMAGEN-TOTAL-DEL-GESTO.jpg 1280w\" sizes=\"(max-width: 760px) 100vw, 760px\" \/>\t\t\t\t\t\t\t\t<\/a>\n\t\t\t\t\t\t\t\t\t\t\t\t\t<\/div>\n\t\t\t\t<\/div>\n\t\t\t\t<div class=\"elementor-element elementor-element-3d8c106e elementor-widget elementor-widget-heading\" data-id=\"3d8c106e\" data-element_type=\"widget\" data-widget_type=\"heading.default\">\n\t\t\t\t<div class=\"elementor-widget-container\">\n\t\t\t<h6 class=\"elementor-heading-title elementor-size-default\">13\u00b0 EDICI\u00d3N<\/h6>\t\t<\/div>\n\t\t\t\t<\/div>\n\t\t\t\t<div class=\"elementor-element elementor-element-26e9ccb elementor-widget elementor-widget-heading\" data-id=\"26e9ccb\" data-element_type=\"widget\" data-widget_type=\"heading.default\">\n\t\t\t\t<div class=\"elementor-widget-container\">\n\t\t\t<h5 class=\"elementor-heading-title elementor-size-default\"><a href=\"https:\/\/cinemigrante.org\/ediciones-anteriores\/secciones\/un-gesto-un-devenir-en-fuga\/\">Un gesto,<br>un devenir en fuga<\/a><\/h5>\t\t<\/div>\n\t\t\t\t<\/div>\n\t\t\t\t<div class=\"elementor-element elementor-element-35eff4ec elementor-widget elementor-widget-heading\" data-id=\"35eff4ec\" data-element_type=\"widget\" data-widget_type=\"heading.default\">\n\t\t\t\t<div class=\"elementor-widget-container\">\n\t\t\t<h6 class=\"elementor-heading-title elementor-size-default\">Curadur\u00eda de Almudena Escobar L\u00f3pez y Florencia Mazzadi<\/h6>\t\t<\/div>\n\t\t\t\t<\/div>\n\t\t\t\t\t<\/div>\n\t\t<\/div>\n\t\t\t\t<div class=\"elementor-column elementor-col-20 elementor-inner-column elementor-element elementor-element-49abc599\" data-id=\"49abc599\" data-element_type=\"column\">\n\t\t\t<div class=\"elementor-widget-wrap\">\n\t\t\t\t\t\t\t<\/div>\n\t\t<\/div>\n\t\t\t\t<div class=\"elementor-column elementor-col-20 elementor-inner-column elementor-element elementor-element-64d0a6ed caja-sombra\" data-id=\"64d0a6ed\" data-element_type=\"column\">\n\t\t\t<div class=\"elementor-widget-wrap elementor-element-populated\">\n\t\t\t\t\t\t<div class=\"elementor-element elementor-element-4ca0d6ea elementor-widget elementor-widget-image\" data-id=\"4ca0d6ea\" data-element_type=\"widget\" data-widget_type=\"image.default\">\n\t\t\t\t<div class=\"elementor-widget-container\">\n\t\t\t\t\t\t\t\t\t\t\t\t\t\t<a href=\"https:\/\/cinemigrante.org\/ediciones-anteriores\/secciones\/cinemigrante-un-gesto-hacia-el-centro-cultural-kirchner\/\">\n\t\t\t\t\t\t\t<img loading=\"lazy\" decoding=\"async\" width=\"760\" height=\"428\" src=\"https:\/\/cinemigrante.org\/ediciones-anteriores\/wp-content\/uploads\/2023\/01\/IMAGEN-CCK-768x432.jpg\" class=\"attachment-medium_large size-medium_large wp-image-18549\" alt=\"\" srcset=\"https:\/\/cinemigrante.org\/ediciones-anteriores\/wp-content\/uploads\/2023\/01\/IMAGEN-CCK-768x432.jpg 768w, https:\/\/cinemigrante.org\/ediciones-anteriores\/wp-content\/uploads\/2023\/01\/IMAGEN-CCK-300x169.jpg 300w, https:\/\/cinemigrante.org\/ediciones-anteriores\/wp-content\/uploads\/2023\/01\/IMAGEN-CCK-1024x576.jpg 1024w, https:\/\/cinemigrante.org\/ediciones-anteriores\/wp-content\/uploads\/2023\/01\/IMAGEN-CCK.jpg 1280w\" sizes=\"(max-width: 760px) 100vw, 760px\" \/>\t\t\t\t\t\t\t\t<\/a>\n\t\t\t\t\t\t\t\t\t\t\t\t\t<\/div>\n\t\t\t\t<\/div>\n\t\t\t\t<div class=\"elementor-element elementor-element-5e9ba4bc elementor-widget elementor-widget-heading\" data-id=\"5e9ba4bc\" data-element_type=\"widget\" data-widget_type=\"heading.default\">\n\t\t\t\t<div class=\"elementor-widget-container\">\n\t\t\t<h6 class=\"elementor-heading-title elementor-size-default\">13\u00b0 EDICI\u00d3N<\/h6>\t\t<\/div>\n\t\t\t\t<\/div>\n\t\t\t\t<div class=\"elementor-element elementor-element-68cbfed9 elementor-widget elementor-widget-heading\" data-id=\"68cbfed9\" data-element_type=\"widget\" data-widget_type=\"heading.default\">\n\t\t\t\t<div class=\"elementor-widget-container\">\n\t\t\t<h5 class=\"elementor-heading-title elementor-size-default\"><a href=\"https:\/\/cinemigrante.org\/ediciones-anteriores\/secciones\/cinemigrante-un-gesto-hacia-el-centro-cultural-kirchner\/\">Cinemigrante, un gesto hacia el Centro Cultural Kirchner<\/a><\/h5>\t\t<\/div>\n\t\t\t\t<\/div>\n\t\t\t\t<div class=\"elementor-element elementor-element-54d556dd elementor-widget elementor-widget-heading\" data-id=\"54d556dd\" data-element_type=\"widget\" data-widget_type=\"heading.default\">\n\t\t\t\t<div class=\"elementor-widget-container\">\n\t\t\t<h6 class=\"elementor-heading-title elementor-size-default\">Curadur\u00eda de Almudena Escobar L\u00f3pez y Florencia Mazzadi<\/h6>\t\t<\/div>\n\t\t\t\t<\/div>\n\t\t\t\t\t<\/div>\n\t\t<\/div>\n\t\t\t\t<div class=\"elementor-column elementor-col-20 elementor-inner-column elementor-element elementor-element-43ac4719\" data-id=\"43ac4719\" data-element_type=\"column\">\n\t\t\t<div class=\"elementor-widget-wrap\">\n\t\t\t\t\t\t\t<\/div>\n\t\t<\/div>\n\t\t\t\t\t<\/div>\n\t\t<\/section>\n\t\t\t\t\t<\/div>\n\t\t<\/div>\n\t\t\t\t\t<\/div>\n\t\t<\/section>\n\t\t\t\t<section class=\"elementor-section elementor-top-section elementor-element elementor-element-4e5fe892 elementor-section-boxed elementor-section-height-default elementor-section-height-default\" data-id=\"4e5fe892\" data-element_type=\"section\" data-settings=\"{&quot;background_background&quot;:&quot;classic&quot;}\">\n\t\t\t\t\t\t<div class=\"elementor-container elementor-column-gap-default\">\n\t\t\t\t\t<div class=\"elementor-column elementor-col-100 elementor-top-column elementor-element elementor-element-1806a52f\" data-id=\"1806a52f\" data-element_type=\"column\">\n\t\t\t<div class=\"elementor-widget-wrap elementor-element-populated\">\n\t\t\t\t\t\t<div class=\"elementor-element elementor-element-ee491e7 elementor-widget elementor-widget-spacer\" data-id=\"ee491e7\" data-element_type=\"widget\" data-widget_type=\"spacer.default\">\n\t\t\t\t<div class=\"elementor-widget-container\">\n\t\t\t\t\t<div class=\"elementor-spacer\">\n\t\t\t<div class=\"elementor-spacer-inner\"><\/div>\n\t\t<\/div>\n\t\t\t\t<\/div>\n\t\t\t\t<\/div>\n\t\t\t\t<div class=\"elementor-element elementor-element-1a5b2138 elementor-widget elementor-widget-heading\" data-id=\"1a5b2138\" data-element_type=\"widget\" data-widget_type=\"heading.default\">\n\t\t\t\t<div class=\"elementor-widget-container\">\n\t\t\t<h2 class=\"elementor-heading-title elementor-size-default\">Programaci\u00f3n completa<\/h2>\t\t<\/div>\n\t\t\t\t<\/div>\n\t\t\t\t<div class=\"elementor-element elementor-element-49e42627 fichas elementor-grid-eael-col-4 elementor-grid-tablet-eael-col-2 elementor-grid-mobile-eael-col-1 elementor-widget elementor-widget-eael-post-grid\" data-id=\"49e42627\" data-element_type=\"widget\" data-settings=\"{&quot;eael_post_grid_columns&quot;:&quot;eael-col-4&quot;,&quot;eael_post_grid_columns_tablet&quot;:&quot;eael-col-2&quot;,&quot;eael_post_grid_columns_mobile&quot;:&quot;eael-col-1&quot;}\" data-widget_type=\"eael-post-grid.default\">\n\t\t\t\t<div class=\"elementor-widget-container\">\n\t\t\t<div id=\"eael-post-grid-49e42627\" class=\"eael-post-grid-container\">\n            <div class=\"eael-post-grid eael-post-appender eael-post-appender-49e42627 eael-post-grid-style-two\" data-layout-mode=\"masonry\"><article class=\"eael-grid-post eael-post-grid-column\" data-id=\"18536\">\n        <div class=\"eael-grid-post-holder\">\n            <div class=\"eael-grid-post-holder-inner\"><div class=\"eael-entry-media\"><div class=\"eael-entry-overlay fade-in\"><i class=\"\" aria-hidden=\"true\"><\/i><a href=\"https:\/\/cinemigrante.org\/ediciones-anteriores\/archivos\/films\/a-ritual-for-metamorphosis-2\"><\/a><\/div><div class=\"eael-entry-thumbnail \">\n                                <img loading=\"lazy\" decoding=\"async\" width=\"300\" height=\"169\" src=\"https:\/\/cinemigrante.org\/ediciones-anteriores\/wp-content\/uploads\/2021\/10\/foto-a-ritual-for-metam-300x169.jpg\" class=\"attachment-medium size-medium wp-image-8786\" alt=\"\" srcset=\"https:\/\/cinemigrante.org\/ediciones-anteriores\/wp-content\/uploads\/2021\/10\/foto-a-ritual-for-metam-300x169.jpg 300w, https:\/\/cinemigrante.org\/ediciones-anteriores\/wp-content\/uploads\/2021\/10\/foto-a-ritual-for-metam-1024x576.jpg 1024w, https:\/\/cinemigrante.org\/ediciones-anteriores\/wp-content\/uploads\/2021\/10\/foto-a-ritual-for-metam-768x432.jpg 768w, https:\/\/cinemigrante.org\/ediciones-anteriores\/wp-content\/uploads\/2021\/10\/foto-a-ritual-for-metam.jpg 1280w\" sizes=\"(max-width: 300px) 100vw, 300px\" \/>\n                              <\/div>\n                      <\/div><div class=\"eael-entry-wrapper\"><header class=\"eael-entry-header\"><h2 class=\"eael-entry-title\"><a\n                                    class=\"eael-grid-post-link\"\n                                    href=\"https:\/\/cinemigrante.org\/ediciones-anteriores\/archivos\/films\/a-ritual-for-metamorphosis-2\"\n                                    title=\"A ritual for metamorphosis\">A ritual for metamorphosis<\/a><\/h2><\/header><div class=\"eael-entry-header-after style-two\"><div class=\"eael-entry-meta\"><span class=\"eael-meta-posted-on\"><i class=\"far fa-clock\"><\/i><time datetime=\"13 septiembre, 2022\">13 septiembre, 2022<\/time><\/span><\/div><\/div><\/div><\/div>\n        <\/div>\n    <\/article><article class=\"eael-grid-post eael-post-grid-column\" data-id=\"18533\">\n        <div class=\"eael-grid-post-holder\">\n            <div class=\"eael-grid-post-holder-inner\"><div class=\"eael-entry-media\"><div class=\"eael-entry-overlay fade-in\"><i class=\"\" aria-hidden=\"true\"><\/i><a href=\"https:\/\/cinemigrante.org\/ediciones-anteriores\/archivos\/films\/american-hunger\"><\/a><\/div><div class=\"eael-entry-thumbnail \">\n                                <img loading=\"lazy\" decoding=\"async\" width=\"300\" height=\"169\" src=\"https:\/\/cinemigrante.org\/ediciones-anteriores\/wp-content\/uploads\/2022\/09\/american-hunger-300x169.jpg\" class=\"attachment-medium size-medium wp-image-18664\" alt=\"\" srcset=\"https:\/\/cinemigrante.org\/ediciones-anteriores\/wp-content\/uploads\/2022\/09\/american-hunger-300x169.jpg 300w, https:\/\/cinemigrante.org\/ediciones-anteriores\/wp-content\/uploads\/2022\/09\/american-hunger-1024x576.jpg 1024w, https:\/\/cinemigrante.org\/ediciones-anteriores\/wp-content\/uploads\/2022\/09\/american-hunger-768x432.jpg 768w, https:\/\/cinemigrante.org\/ediciones-anteriores\/wp-content\/uploads\/2022\/09\/american-hunger.jpg 1280w\" sizes=\"(max-width: 300px) 100vw, 300px\" \/>\n                              <\/div>\n                      <\/div><div class=\"eael-entry-wrapper\"><header class=\"eael-entry-header\"><h2 class=\"eael-entry-title\"><a\n                                    class=\"eael-grid-post-link\"\n                                    href=\"https:\/\/cinemigrante.org\/ediciones-anteriores\/archivos\/films\/american-hunger\"\n                                    title=\"American Hunger\">American Hunger<\/a><\/h2><\/header><div class=\"eael-entry-header-after style-two\"><div class=\"eael-entry-meta\"><span class=\"eael-meta-posted-on\"><i class=\"far fa-clock\"><\/i><time datetime=\"13 septiembre, 2022\">13 septiembre, 2022<\/time><\/span><\/div><\/div><\/div><\/div>\n        <\/div>\n    <\/article><article class=\"eael-grid-post eael-post-grid-column\" data-id=\"18531\">\n        <div class=\"eael-grid-post-holder\">\n            <div class=\"eael-grid-post-holder-inner\"><div class=\"eael-entry-media\"><div class=\"eael-entry-overlay fade-in\"><i class=\"\" aria-hidden=\"true\"><\/i><a href=\"https:\/\/cinemigrante.org\/ediciones-anteriores\/archivos\/films\/claudettes-star\"><\/a><\/div><div class=\"eael-entry-thumbnail \">\n                                <img loading=\"lazy\" decoding=\"async\" width=\"300\" height=\"169\" src=\"https:\/\/cinemigrante.org\/ediciones-anteriores\/wp-content\/uploads\/2022\/09\/claudettes-star-300x169.jpg\" class=\"attachment-medium size-medium wp-image-18669\" alt=\"\" srcset=\"https:\/\/cinemigrante.org\/ediciones-anteriores\/wp-content\/uploads\/2022\/09\/claudettes-star-300x169.jpg 300w, https:\/\/cinemigrante.org\/ediciones-anteriores\/wp-content\/uploads\/2022\/09\/claudettes-star-1024x576.jpg 1024w, https:\/\/cinemigrante.org\/ediciones-anteriores\/wp-content\/uploads\/2022\/09\/claudettes-star-768x432.jpg 768w, https:\/\/cinemigrante.org\/ediciones-anteriores\/wp-content\/uploads\/2022\/09\/claudettes-star.jpg 1280w\" sizes=\"(max-width: 300px) 100vw, 300px\" \/>\n                              <\/div>\n                      <\/div><div class=\"eael-entry-wrapper\"><header class=\"eael-entry-header\"><h2 class=\"eael-entry-title\"><a\n                                    class=\"eael-grid-post-link\"\n                                    href=\"https:\/\/cinemigrante.org\/ediciones-anteriores\/archivos\/films\/claudettes-star\"\n                                    title=\"Claudette&#8217;s Star\">Claudette&#8217;s Star<\/a><\/h2><\/header><div class=\"eael-entry-header-after style-two\"><div class=\"eael-entry-meta\"><span class=\"eael-meta-posted-on\"><i class=\"far fa-clock\"><\/i><time datetime=\"13 septiembre, 2022\">13 septiembre, 2022<\/time><\/span><\/div><\/div><\/div><\/div>\n        <\/div>\n    <\/article><article class=\"eael-grid-post eael-post-grid-column\" data-id=\"15976\">\n        <div class=\"eael-grid-post-holder\">\n            <div class=\"eael-grid-post-holder-inner\"><div class=\"eael-entry-media\"><div class=\"eael-entry-overlay fade-in\"><i class=\"\" aria-hidden=\"true\"><\/i><a href=\"https:\/\/cinemigrante.org\/ediciones-anteriores\/archivos\/films\/el-cuervo-la-fosa-y-la-yegua\"><\/a><\/div><div class=\"eael-entry-thumbnail \">\n                                <img loading=\"lazy\" decoding=\"async\" width=\"300\" height=\"169\" src=\"https:\/\/cinemigrante.org\/ediciones-anteriores\/wp-content\/uploads\/2022\/09\/EL-CUE1-300x169.jpg\" class=\"attachment-medium size-medium wp-image-18680\" alt=\"\" srcset=\"https:\/\/cinemigrante.org\/ediciones-anteriores\/wp-content\/uploads\/2022\/09\/EL-CUE1-300x169.jpg 300w, https:\/\/cinemigrante.org\/ediciones-anteriores\/wp-content\/uploads\/2022\/09\/EL-CUE1-1024x576.jpg 1024w, https:\/\/cinemigrante.org\/ediciones-anteriores\/wp-content\/uploads\/2022\/09\/EL-CUE1-768x432.jpg 768w, https:\/\/cinemigrante.org\/ediciones-anteriores\/wp-content\/uploads\/2022\/09\/EL-CUE1.jpg 1280w\" sizes=\"(max-width: 300px) 100vw, 300px\" \/>\n                              <\/div>\n                      <\/div><div class=\"eael-entry-wrapper\"><header class=\"eael-entry-header\"><h2 class=\"eael-entry-title\"><a\n                                    class=\"eael-grid-post-link\"\n                                    href=\"https:\/\/cinemigrante.org\/ediciones-anteriores\/archivos\/films\/el-cuervo-la-fosa-y-la-yegua\"\n                                    title=\"El cuervo, la fosa y la yegua\">El cuervo, la fosa y la yegua<\/a><\/h2><\/header><div class=\"eael-entry-header-after style-two\"><div class=\"eael-entry-meta\"><span class=\"eael-meta-posted-on\"><i class=\"far fa-clock\"><\/i><time datetime=\"13 septiembre, 2022\">13 septiembre, 2022<\/time><\/span><\/div><\/div><\/div><\/div>\n        <\/div>\n    <\/article><article class=\"eael-grid-post eael-post-grid-column\" data-id=\"18534\">\n        <div class=\"eael-grid-post-holder\">\n            <div class=\"eael-grid-post-holder-inner\"><div class=\"eael-entry-media\"><div class=\"eael-entry-overlay fade-in\"><i class=\"\" aria-hidden=\"true\"><\/i><a href=\"https:\/\/cinemigrante.org\/ediciones-anteriores\/archivos\/films\/golden-jubilee-2\"><\/a><\/div><div class=\"eael-entry-thumbnail \">\n                                <img loading=\"lazy\" decoding=\"async\" width=\"300\" height=\"169\" src=\"https:\/\/cinemigrante.org\/ediciones-anteriores\/wp-content\/uploads\/2021\/10\/foto-golden-jubilee-300x169.jpg\" class=\"attachment-medium size-medium wp-image-8740\" alt=\"\" srcset=\"https:\/\/cinemigrante.org\/ediciones-anteriores\/wp-content\/uploads\/2021\/10\/foto-golden-jubilee-300x169.jpg 300w, https:\/\/cinemigrante.org\/ediciones-anteriores\/wp-content\/uploads\/2021\/10\/foto-golden-jubilee-1024x576.jpg 1024w, https:\/\/cinemigrante.org\/ediciones-anteriores\/wp-content\/uploads\/2021\/10\/foto-golden-jubilee-768x432.jpg 768w, https:\/\/cinemigrante.org\/ediciones-anteriores\/wp-content\/uploads\/2021\/10\/foto-golden-jubilee.jpg 1280w\" sizes=\"(max-width: 300px) 100vw, 300px\" \/>\n                              <\/div>\n                      <\/div><div class=\"eael-entry-wrapper\"><header class=\"eael-entry-header\"><h2 class=\"eael-entry-title\"><a\n                                    class=\"eael-grid-post-link\"\n                                    href=\"https:\/\/cinemigrante.org\/ediciones-anteriores\/archivos\/films\/golden-jubilee-2\"\n                                    title=\"Golden Jubilee\">Golden Jubilee<\/a><\/h2><\/header><div class=\"eael-entry-header-after style-two\"><div class=\"eael-entry-meta\"><span class=\"eael-meta-posted-on\"><i class=\"far fa-clock\"><\/i><time datetime=\"13 septiembre, 2022\">13 septiembre, 2022<\/time><\/span><\/div><\/div><\/div><\/div>\n        <\/div>\n    <\/article><article class=\"eael-grid-post eael-post-grid-column\" data-id=\"18532\">\n        <div class=\"eael-grid-post-holder\">\n            <div class=\"eael-grid-post-holder-inner\"><div class=\"eael-entry-media\"><div class=\"eael-entry-overlay fade-in\"><i class=\"\" aria-hidden=\"true\"><\/i><a href=\"https:\/\/cinemigrante.org\/ediciones-anteriores\/archivos\/films\/here-is-the-imagination-of-the-black-radical\"><\/a><\/div><div class=\"eael-entry-thumbnail \">\n                                <img loading=\"lazy\" decoding=\"async\" width=\"300\" height=\"169\" src=\"https:\/\/cinemigrante.org\/ediciones-anteriores\/wp-content\/uploads\/2022\/09\/HERE-I1-300x169.jpg\" class=\"attachment-medium size-medium wp-image-18666\" alt=\"\" srcset=\"https:\/\/cinemigrante.org\/ediciones-anteriores\/wp-content\/uploads\/2022\/09\/HERE-I1-300x169.jpg 300w, https:\/\/cinemigrante.org\/ediciones-anteriores\/wp-content\/uploads\/2022\/09\/HERE-I1-1024x576.jpg 1024w, https:\/\/cinemigrante.org\/ediciones-anteriores\/wp-content\/uploads\/2022\/09\/HERE-I1-768x432.jpg 768w, https:\/\/cinemigrante.org\/ediciones-anteriores\/wp-content\/uploads\/2022\/09\/HERE-I1.jpg 1280w\" sizes=\"(max-width: 300px) 100vw, 300px\" \/>\n                              <\/div>\n                      <\/div><div class=\"eael-entry-wrapper\"><header class=\"eael-entry-header\"><h2 class=\"eael-entry-title\"><a\n                                    class=\"eael-grid-post-link\"\n                                    href=\"https:\/\/cinemigrante.org\/ediciones-anteriores\/archivos\/films\/here-is-the-imagination-of-the-black-radical\"\n                                    title=\"Here is the Imagination of the Black Radical\">Here is the Imagination of the Black Radical<\/a><\/h2><\/header><div class=\"eael-entry-header-after style-two\"><div class=\"eael-entry-meta\"><span class=\"eael-meta-posted-on\"><i class=\"far fa-clock\"><\/i><time datetime=\"13 septiembre, 2022\">13 septiembre, 2022<\/time><\/span><\/div><\/div><\/div><\/div>\n        <\/div>\n    <\/article><article class=\"eael-grid-post eael-post-grid-column\" data-id=\"15980\">\n        <div class=\"eael-grid-post-holder\">\n            <div class=\"eael-grid-post-holder-inner\"><div class=\"eael-entry-media\"><div class=\"eael-entry-overlay fade-in\"><i class=\"\" aria-hidden=\"true\"><\/i><a href=\"https:\/\/cinemigrante.org\/ediciones-anteriores\/archivos\/films\/mangrove-school\"><\/a><\/div><div class=\"eael-entry-thumbnail \">\n                                <img loading=\"lazy\" decoding=\"async\" width=\"300\" height=\"169\" src=\"https:\/\/cinemigrante.org\/ediciones-anteriores\/wp-content\/uploads\/2022\/09\/mangrove-school-300x169.jpg\" class=\"attachment-medium size-medium wp-image-18682\" alt=\"\" srcset=\"https:\/\/cinemigrante.org\/ediciones-anteriores\/wp-content\/uploads\/2022\/09\/mangrove-school-300x169.jpg 300w, https:\/\/cinemigrante.org\/ediciones-anteriores\/wp-content\/uploads\/2022\/09\/mangrove-school-1024x576.jpg 1024w, https:\/\/cinemigrante.org\/ediciones-anteriores\/wp-content\/uploads\/2022\/09\/mangrove-school-768x432.jpg 768w, https:\/\/cinemigrante.org\/ediciones-anteriores\/wp-content\/uploads\/2022\/09\/mangrove-school.jpg 1280w\" sizes=\"(max-width: 300px) 100vw, 300px\" \/>\n                              <\/div>\n                      <\/div><div class=\"eael-entry-wrapper\"><header class=\"eael-entry-header\"><h2 class=\"eael-entry-title\"><a\n                                    class=\"eael-grid-post-link\"\n                                    href=\"https:\/\/cinemigrante.org\/ediciones-anteriores\/archivos\/films\/mangrove-school\"\n                                    title=\"Mangrove School\">Mangrove School<\/a><\/h2><\/header><div class=\"eael-entry-header-after style-two\"><div class=\"eael-entry-meta\"><span class=\"eael-meta-posted-on\"><i class=\"far fa-clock\"><\/i><time datetime=\"13 septiembre, 2022\">13 septiembre, 2022<\/time><\/span><\/div><\/div><\/div><\/div>\n        <\/div>\n    <\/article><article class=\"eael-grid-post eael-post-grid-column\" data-id=\"18535\">\n        <div class=\"eael-grid-post-holder\">\n            <div class=\"eael-grid-post-holder-inner\"><div class=\"eael-entry-media\"><div class=\"eael-entry-overlay fade-in\"><i class=\"\" aria-hidden=\"true\"><\/i><a href=\"https:\/\/cinemigrante.org\/ediciones-anteriores\/archivos\/films\/pictures-of-departure-2\"><\/a><\/div><div class=\"eael-entry-thumbnail \">\n                                <img loading=\"lazy\" decoding=\"async\" width=\"300\" height=\"169\" src=\"https:\/\/cinemigrante.org\/ediciones-anteriores\/wp-content\/uploads\/2021\/10\/foto-pictures-of-departure-300x169.jpg\" class=\"attachment-medium size-medium wp-image-8724\" alt=\"\" srcset=\"https:\/\/cinemigrante.org\/ediciones-anteriores\/wp-content\/uploads\/2021\/10\/foto-pictures-of-departure-300x169.jpg 300w, https:\/\/cinemigrante.org\/ediciones-anteriores\/wp-content\/uploads\/2021\/10\/foto-pictures-of-departure-1024x576.jpg 1024w, https:\/\/cinemigrante.org\/ediciones-anteriores\/wp-content\/uploads\/2021\/10\/foto-pictures-of-departure-768x432.jpg 768w, https:\/\/cinemigrante.org\/ediciones-anteriores\/wp-content\/uploads\/2021\/10\/foto-pictures-of-departure.jpg 1280w\" sizes=\"(max-width: 300px) 100vw, 300px\" \/>\n                              <\/div>\n                      <\/div><div class=\"eael-entry-wrapper\"><header class=\"eael-entry-header\"><h2 class=\"eael-entry-title\"><a\n                                    class=\"eael-grid-post-link\"\n                                    href=\"https:\/\/cinemigrante.org\/ediciones-anteriores\/archivos\/films\/pictures-of-departure-2\"\n                                    title=\"Pictures of Departure\">Pictures of Departure<\/a><\/h2><\/header><div class=\"eael-entry-header-after style-two\"><div class=\"eael-entry-meta\"><span class=\"eael-meta-posted-on\"><i class=\"far fa-clock\"><\/i><time datetime=\"13 septiembre, 2022\">13 septiembre, 2022<\/time><\/span><\/div><\/div><\/div><\/div>\n        <\/div>\n    <\/article><article class=\"eael-grid-post eael-post-grid-column\" data-id=\"18537\">\n        <div class=\"eael-grid-post-holder\">\n            <div class=\"eael-grid-post-holder-inner\"><div class=\"eael-entry-media\"><div class=\"eael-entry-overlay fade-in\"><i class=\"\" aria-hidden=\"true\"><\/i><a href=\"https:\/\/cinemigrante.org\/ediciones-anteriores\/archivos\/films\/tellurian-drama-2\"><\/a><\/div><div class=\"eael-entry-thumbnail \">\n                                <img loading=\"lazy\" decoding=\"async\" width=\"300\" height=\"169\" src=\"https:\/\/cinemigrante.org\/ediciones-anteriores\/wp-content\/uploads\/2021\/10\/1.-FOTO-Tellurian-Drama-still-1-1-300x169.jpg\" class=\"attachment-medium size-medium wp-image-8760\" alt=\"\" srcset=\"https:\/\/cinemigrante.org\/ediciones-anteriores\/wp-content\/uploads\/2021\/10\/1.-FOTO-Tellurian-Drama-still-1-1-300x169.jpg 300w, https:\/\/cinemigrante.org\/ediciones-anteriores\/wp-content\/uploads\/2021\/10\/1.-FOTO-Tellurian-Drama-still-1-1-1024x576.jpg 1024w, https:\/\/cinemigrante.org\/ediciones-anteriores\/wp-content\/uploads\/2021\/10\/1.-FOTO-Tellurian-Drama-still-1-1-768x432.jpg 768w, https:\/\/cinemigrante.org\/ediciones-anteriores\/wp-content\/uploads\/2021\/10\/1.-FOTO-Tellurian-Drama-still-1-1.jpg 1280w\" sizes=\"(max-width: 300px) 100vw, 300px\" \/>\n                              <\/div>\n                      <\/div><div class=\"eael-entry-wrapper\"><header class=\"eael-entry-header\"><h2 class=\"eael-entry-title\"><a\n                                    class=\"eael-grid-post-link\"\n                                    href=\"https:\/\/cinemigrante.org\/ediciones-anteriores\/archivos\/films\/tellurian-drama-2\"\n                                    title=\"Tellurian Drama\">Tellurian Drama<\/a><\/h2><\/header><div class=\"eael-entry-header-after style-two\"><div class=\"eael-entry-meta\"><span class=\"eael-meta-posted-on\"><i class=\"far fa-clock\"><\/i><time datetime=\"13 septiembre, 2022\">13 septiembre, 2022<\/time><\/span><\/div><\/div><\/div><\/div>\n        <\/div>\n    <\/article><article class=\"eael-grid-post eael-post-grid-column\" data-id=\"18530\">\n        <div class=\"eael-grid-post-holder\">\n            <div class=\"eael-grid-post-holder-inner\"><div class=\"eael-entry-media\"><div class=\"eael-entry-overlay fade-in\"><i class=\"\" aria-hidden=\"true\"><\/i><a href=\"https:\/\/cinemigrante.org\/ediciones-anteriores\/archivos\/films\/the-inheritance\"><\/a><\/div><div class=\"eael-entry-thumbnail \">\n                                <img loading=\"lazy\" decoding=\"async\" width=\"300\" height=\"169\" src=\"https:\/\/cinemigrante.org\/ediciones-anteriores\/wp-content\/uploads\/2022\/09\/the-inheritance-300x169.jpg\" class=\"attachment-medium size-medium wp-image-18648\" alt=\"\" srcset=\"https:\/\/cinemigrante.org\/ediciones-anteriores\/wp-content\/uploads\/2022\/09\/the-inheritance-300x169.jpg 300w, https:\/\/cinemigrante.org\/ediciones-anteriores\/wp-content\/uploads\/2022\/09\/the-inheritance-1024x576.jpg 1024w, https:\/\/cinemigrante.org\/ediciones-anteriores\/wp-content\/uploads\/2022\/09\/the-inheritance-768x432.jpg 768w, https:\/\/cinemigrante.org\/ediciones-anteriores\/wp-content\/uploads\/2022\/09\/the-inheritance.jpg 1280w\" sizes=\"(max-width: 300px) 100vw, 300px\" \/>\n                              <\/div>\n                      <\/div><div class=\"eael-entry-wrapper\"><header class=\"eael-entry-header\"><h2 class=\"eael-entry-title\"><a\n                                    class=\"eael-grid-post-link\"\n                                    href=\"https:\/\/cinemigrante.org\/ediciones-anteriores\/archivos\/films\/the-inheritance\"\n                                    title=\"The Inheritance\">The Inheritance<\/a><\/h2><\/header><div class=\"eael-entry-header-after style-two\"><div class=\"eael-entry-meta\"><span class=\"eael-meta-posted-on\"><i class=\"far fa-clock\"><\/i><time datetime=\"12 septiembre, 2022\">12 septiembre, 2022<\/time><\/span><\/div><\/div><\/div><\/div>\n        <\/div>\n    <\/article><article class=\"eael-grid-post eael-post-grid-column\" data-id=\"15972\">\n        <div class=\"eael-grid-post-holder\">\n            <div class=\"eael-grid-post-holder-inner\"><div class=\"eael-entry-media\"><div class=\"eael-entry-overlay fade-in\"><i class=\"\" aria-hidden=\"true\"><\/i><a href=\"https:\/\/cinemigrante.org\/ediciones-anteriores\/archivos\/films\/tonalli\"><\/a><\/div><div class=\"eael-entry-thumbnail \">\n                                <img loading=\"lazy\" decoding=\"async\" width=\"300\" height=\"169\" src=\"https:\/\/cinemigrante.org\/ediciones-anteriores\/wp-content\/uploads\/2022\/09\/tonalli-300x169.jpg\" class=\"attachment-medium size-medium wp-image-18662\" alt=\"\" srcset=\"https:\/\/cinemigrante.org\/ediciones-anteriores\/wp-content\/uploads\/2022\/09\/tonalli-300x169.jpg 300w, https:\/\/cinemigrante.org\/ediciones-anteriores\/wp-content\/uploads\/2022\/09\/tonalli-1024x576.jpg 1024w, https:\/\/cinemigrante.org\/ediciones-anteriores\/wp-content\/uploads\/2022\/09\/tonalli-768x432.jpg 768w, https:\/\/cinemigrante.org\/ediciones-anteriores\/wp-content\/uploads\/2022\/09\/tonalli.jpg 1280w\" sizes=\"(max-width: 300px) 100vw, 300px\" \/>\n                              <\/div>\n                      <\/div><div class=\"eael-entry-wrapper\"><header class=\"eael-entry-header\"><h2 class=\"eael-entry-title\"><a\n                                    class=\"eael-grid-post-link\"\n                                    href=\"https:\/\/cinemigrante.org\/ediciones-anteriores\/archivos\/films\/tonalli\"\n                                    title=\"Tonalli\">Tonalli<\/a><\/h2><\/header><div class=\"eael-entry-header-after style-two\"><div class=\"eael-entry-meta\"><span class=\"eael-meta-posted-on\"><i class=\"far fa-clock\"><\/i><time datetime=\"13 septiembre, 2022\">13 septiembre, 2022<\/time><\/span><\/div><\/div><\/div><\/div>\n        <\/div>\n    <\/article><\/div>\n            <div class=\"clearfix\"><\/div>\n        <\/div>\t\t<\/div>\n\t\t\t\t<\/div>\n\t\t\t\t<div class=\"elementor-element elementor-element-7a233a6b elementor-widget elementor-widget-spacer\" data-id=\"7a233a6b\" data-element_type=\"widget\" data-widget_type=\"spacer.default\">\n\t\t\t\t<div class=\"elementor-widget-container\">\n\t\t\t\t\t<div class=\"elementor-spacer\">\n\t\t\t<div class=\"elementor-spacer-inner\"><\/div>\n\t\t<\/div>\n\t\t\t\t<\/div>\n\t\t\t\t<\/div>\n\t\t\t\t\t<\/div>\n\t\t<\/div>\n\t\t\t\t\t<\/div>\n\t\t<\/section>\n\t\t\t\t<section class=\"elementor-section elementor-top-section elementor-element elementor-element-34e47dfe elementor-section-boxed elementor-section-height-default elementor-section-height-default\" data-id=\"34e47dfe\" data-element_type=\"section\" data-settings=\"{&quot;background_background&quot;:&quot;classic&quot;}\">\n\t\t\t\t\t\t<div class=\"elementor-container elementor-column-gap-default\">\n\t\t\t\t\t<div class=\"elementor-column elementor-col-100 elementor-top-column elementor-element elementor-element-5c419c28\" data-id=\"5c419c28\" data-element_type=\"column\">\n\t\t\t<div class=\"elementor-widget-wrap elementor-element-populated\">\n\t\t\t\t\t\t<div class=\"elementor-element elementor-element-639b210a elementor-widget elementor-widget-spacer\" data-id=\"639b210a\" data-element_type=\"widget\" data-widget_type=\"spacer.default\">\n\t\t\t\t<div class=\"elementor-widget-container\">\n\t\t\t\t\t<div class=\"elementor-spacer\">\n\t\t\t<div class=\"elementor-spacer-inner\"><\/div>\n\t\t<\/div>\n\t\t\t\t<\/div>\n\t\t\t\t<\/div>\n\t\t\t\t<div class=\"elementor-element elementor-element-25cabf15 elementor-widget elementor-widget-heading\" data-id=\"25cabf15\" data-element_type=\"widget\" data-widget_type=\"heading.default\">\n\t\t\t\t<div class=\"elementor-widget-container\">\n\t\t\t<h2 class=\"elementor-heading-title elementor-size-default\">Actividades<\/h2>\t\t<\/div>\n\t\t\t\t<\/div>\n\t\t\t\t<div class=\"elementor-element elementor-element-aa57a30 elementor-grid-eael-col-1 home-actividades elementor-grid-tablet-eael-col-2 elementor-grid-mobile-eael-col-1 elementor-widget elementor-widget-eael-post-grid\" data-id=\"aa57a30\" data-element_type=\"widget\" data-settings=\"{&quot;eael_post_grid_columns&quot;:&quot;eael-col-1&quot;,&quot;eael_post_grid_columns_tablet&quot;:&quot;eael-col-2&quot;,&quot;eael_post_grid_columns_mobile&quot;:&quot;eael-col-1&quot;}\" data-widget_type=\"eael-post-grid.default\">\n\t\t\t\t<div class=\"elementor-widget-container\">\n\t\t\t<div id=\"eael-post-grid-aa57a30\" class=\"eael-post-grid-container\">\n            <div class=\"eael-post-grid eael-post-appender eael-post-appender-aa57a30 eael-post-grid-style-three\" data-layout-mode=\"masonry\"><article class=\"eael-grid-post eael-post-grid-column\" data-id=\"15996\">\n        <div class=\"eael-grid-post-holder\">\n            <div class=\"eael-grid-post-holder-inner\"><div class=\"eael-entry-media\"><ul class=\"post-carousel-categories\"><li><a href=\"https:\/\/cinemigrante.org\/ediciones-anteriores\/archivos\/category\/ediciones\/13-edicion\">13 Edici\u00f3n<\/a><\/li><\/ul><div class=\"eael-entry-overlay fade-in\"><i class=\"\" aria-hidden=\"true\"><\/i><a href=\"https:\/\/cinemigrante.org\/ediciones-anteriores\/archivos\/actividades\/un-desfile-de-carbaval-es-el-cuerpo-de-una-imaginacion-desatada-3\"><\/a><\/div><div class=\"eael-entry-thumbnail \">\n                 <img loading=\"lazy\" decoding=\"async\" width=\"300\" height=\"169\" src=\"https:\/\/cinemigrante.org\/ediciones-anteriores\/wp-content\/uploads\/2022\/09\/fondo-verde-300x169.webp\" class=\"attachment-medium size-medium wp-image-18644\" alt=\"\" srcset=\"https:\/\/cinemigrante.org\/ediciones-anteriores\/wp-content\/uploads\/2022\/09\/fondo-verde-300x169.webp 300w, https:\/\/cinemigrante.org\/ediciones-anteriores\/wp-content\/uploads\/2022\/09\/fondo-verde-1024x576.webp 1024w, https:\/\/cinemigrante.org\/ediciones-anteriores\/wp-content\/uploads\/2022\/09\/fondo-verde-768x432.webp 768w, https:\/\/cinemigrante.org\/ediciones-anteriores\/wp-content\/uploads\/2022\/09\/fondo-verde.webp 1280w\" sizes=\"(max-width: 300px) 100vw, 300px\" \/>\n             <\/div>\n        <\/div><div class=\"eael-entry-wrapper\"><header class=\"eael-entry-header\"><h2 class=\"eael-entry-title\"><a\n                        class=\"eael-grid-post-link\"\n                        href=\"https:\/\/cinemigrante.org\/ediciones-anteriores\/archivos\/actividades\/un-desfile-de-carbaval-es-el-cuerpo-de-una-imaginacion-desatada-3\"\n                        title=\"Un desfile de carnaval es el cuerpo de una imaginaci\u00f3n desatada + Cena comunitaria + DJS\">Un desfile de carnaval es el cuerpo de una imaginaci\u00f3n desatada + Cena comunitaria + DJS<\/a><\/h2><\/header><div class=\"eael-entry-content\">\n                        <div class=\"eael-grid-post-excerpt\"><p>S\u00e1bado 24 de septiembre, 21hs. \/\/ El Cultural San Martin Un desfile de carnaval es el cuerpo de una imaginaci\u00f3n desatada. Intervenciones visuales, registros sonoros de un carnaval por sucederse. &hellip; Continue reading \"Un desfile de carnaval es el cuerpo de una imaginaci\u00f3n desatada + Cena comunitaria + DJS\"<\/p><a\n                            href=\"https:\/\/cinemigrante.org\/ediciones-anteriores\/archivos\/actividades\/un-desfile-de-carbaval-es-el-cuerpo-de-una-imaginacion-desatada-3\"\n                            class=\"eael-post-elements-readmore-btn\">VER +<\/a><\/div>\n                    <\/div><\/div><\/div>\n        <\/div>\n    <\/article><article class=\"eael-grid-post eael-post-grid-column\" data-id=\"15988\">\n        <div class=\"eael-grid-post-holder\">\n            <div class=\"eael-grid-post-holder-inner\"><div class=\"eael-entry-media\"><ul class=\"post-carousel-categories\"><li><a href=\"https:\/\/cinemigrante.org\/ediciones-anteriores\/archivos\/category\/ediciones\/13-edicion\">13 Edici\u00f3n<\/a><\/li><\/ul><div class=\"eael-entry-overlay fade-in\"><i class=\"\" aria-hidden=\"true\"><\/i><a href=\"https:\/\/cinemigrante.org\/ediciones-anteriores\/archivos\/actividades\/un-desfile-de-carnaval-es-el-cuerpo-de-una-imaginacion-desatada\"><\/a><\/div><div class=\"eael-entry-thumbnail \">\n                 <img loading=\"lazy\" decoding=\"async\" width=\"300\" height=\"169\" src=\"https:\/\/cinemigrante.org\/ediciones-anteriores\/wp-content\/uploads\/2022\/09\/fondo-amarillo-300x169.webp\" class=\"attachment-medium size-medium wp-image-18645\" alt=\"\" srcset=\"https:\/\/cinemigrante.org\/ediciones-anteriores\/wp-content\/uploads\/2022\/09\/fondo-amarillo-300x169.webp 300w, https:\/\/cinemigrante.org\/ediciones-anteriores\/wp-content\/uploads\/2022\/09\/fondo-amarillo-1024x576.webp 1024w, https:\/\/cinemigrante.org\/ediciones-anteriores\/wp-content\/uploads\/2022\/09\/fondo-amarillo-768x432.webp 768w, https:\/\/cinemigrante.org\/ediciones-anteriores\/wp-content\/uploads\/2022\/09\/fondo-amarillo.webp 1280w\" sizes=\"(max-width: 300px) 100vw, 300px\" \/>\n             <\/div>\n        <\/div><div class=\"eael-entry-wrapper\"><header class=\"eael-entry-header\"><h2 class=\"eael-entry-title\"><a\n                        class=\"eael-grid-post-link\"\n                        href=\"https:\/\/cinemigrante.org\/ediciones-anteriores\/archivos\/actividades\/un-desfile-de-carnaval-es-el-cuerpo-de-una-imaginacion-desatada\"\n                        title=\"Un desfile de carnaval es el cuerpo de una imaginaci\u00f3n desatada + Cena comunitaria + DJS\">Un desfile de carnaval es el cuerpo de una imaginaci\u00f3n desatada + Cena comunitaria + DJS<\/a><\/h2><\/header><div class=\"eael-entry-content\">\n                        <div class=\"eael-grid-post-excerpt\"><p>S\u00e1bado 24 de septiembre, 20 hs. \/\/ El Cultural San Martin Un desfile de carnaval es el cuerpo de una imaginaci\u00f3n desatada. Intervenciones visuales, registros sonoros de un carnaval por &hellip; Continue reading \"Un desfile de carnaval es el cuerpo de una imaginaci\u00f3n desatada + Cena comunitaria + DJS\"<\/p><a\n                            href=\"https:\/\/cinemigrante.org\/ediciones-anteriores\/archivos\/actividades\/un-desfile-de-carnaval-es-el-cuerpo-de-una-imaginacion-desatada\"\n                            class=\"eael-post-elements-readmore-btn\">VER +<\/a><\/div>\n                    <\/div><\/div><\/div>\n        <\/div>\n    <\/article><article class=\"eael-grid-post eael-post-grid-column\" data-id=\"18498\">\n        <div class=\"eael-grid-post-holder\">\n            <div class=\"eael-grid-post-holder-inner\"><div class=\"eael-entry-media\"><ul class=\"post-carousel-categories\"><li><a href=\"https:\/\/cinemigrante.org\/ediciones-anteriores\/archivos\/category\/ediciones\/13-edicion\">13 Edici\u00f3n<\/a><\/li><\/ul><div class=\"eael-entry-overlay fade-in\"><i class=\"\" aria-hidden=\"true\"><\/i><a href=\"https:\/\/cinemigrante.org\/ediciones-anteriores\/archivos\/actividades\/lectura-performatica-cacofonia-colectiva-narrativas-radicales-intervenciones-sonoras\"><\/a><\/div><div class=\"eael-entry-thumbnail \">\n                 <img loading=\"lazy\" decoding=\"async\" width=\"300\" height=\"169\" src=\"https:\/\/cinemigrante.org\/ediciones-anteriores\/wp-content\/uploads\/2022\/09\/fondo-rosa-300x169.webp\" class=\"attachment-medium size-medium wp-image-18643\" alt=\"\" srcset=\"https:\/\/cinemigrante.org\/ediciones-anteriores\/wp-content\/uploads\/2022\/09\/fondo-rosa-300x169.webp 300w, https:\/\/cinemigrante.org\/ediciones-anteriores\/wp-content\/uploads\/2022\/09\/fondo-rosa-1024x576.webp 1024w, https:\/\/cinemigrante.org\/ediciones-anteriores\/wp-content\/uploads\/2022\/09\/fondo-rosa-768x432.webp 768w, https:\/\/cinemigrante.org\/ediciones-anteriores\/wp-content\/uploads\/2022\/09\/fondo-rosa.webp 1280w\" sizes=\"(max-width: 300px) 100vw, 300px\" \/>\n             <\/div>\n        <\/div><div class=\"eael-entry-wrapper\"><header class=\"eael-entry-header\"><h2 class=\"eael-entry-title\"><a\n                        class=\"eael-grid-post-link\"\n                        href=\"https:\/\/cinemigrante.org\/ediciones-anteriores\/archivos\/actividades\/lectura-performatica-cacofonia-colectiva-narrativas-radicales-intervenciones-sonoras\"\n                        title=\"Lectura perform\u00e1tica, cacofon\u00eda colectiva, narrativas radicales, intervenciones sonoras + CENA COMUNITARIA + DJ\u2019S\">Lectura perform\u00e1tica, cacofon\u00eda colectiva, narrativas radicales, intervenciones sonoras + CENA COMUNITARIA + DJ\u2019S<\/a><\/h2><\/header><div class=\"eael-entry-content\">\n                        <div class=\"eael-grid-post-excerpt\"><p>Viernes 23 de septiembre, 20 hs. \/\/ Planta Inclan Libros de autor_s (des)conocid_s se disponen en un lugar com\u00fan. En un espacio c\u00f3modo, existe el tiempo para la lectura. Se &hellip; Continue reading \"Lectura perform\u00e1tica, cacofon\u00eda colectiva, narrativas radicales, intervenciones sonoras + CENA COMUNITARIA + DJ\u2019S\"<\/p><a\n                            href=\"https:\/\/cinemigrante.org\/ediciones-anteriores\/archivos\/actividades\/lectura-performatica-cacofonia-colectiva-narrativas-radicales-intervenciones-sonoras\"\n                            class=\"eael-post-elements-readmore-btn\">VER +<\/a><\/div>\n                    <\/div><\/div><\/div>\n        <\/div>\n    <\/article><\/div>\n            <div class=\"clearfix\"><\/div>\n        <\/div>\t\t<\/div>\n\t\t\t\t<\/div>\n\t\t\t\t<div class=\"elementor-element elementor-element-5ac5db81 elementor-widget elementor-widget-spacer\" data-id=\"5ac5db81\" data-element_type=\"widget\" data-widget_type=\"spacer.default\">\n\t\t\t\t<div class=\"elementor-widget-container\">\n\t\t\t\t\t<div class=\"elementor-spacer\">\n\t\t\t<div class=\"elementor-spacer-inner\"><\/div>\n\t\t<\/div>\n\t\t\t\t<\/div>\n\t\t\t\t<\/div>\n\t\t\t\t\t<\/div>\n\t\t<\/div>\n\t\t\t\t\t<\/div>\n\t\t<\/section>\n\t\t\t\t<\/div>\n\t\t","protected":false},"excerpt":{"rendered":"<p>2023 por un acto reparatorio que nos permita el retorno a lo vivo &#x1fab7;&#x1f4a0;&#x1f4a8;&#x2728;2023 Por un acto reparatorio que nos permita el retorno a lo vivo&#x1fab7;&#x1f4a0;&#x1f4a8;&#x2728; &#x1fab7;&#x1f4a0;&#x1f4a8;&#x2728;2023 for an act &hellip; <\/p>\n<p class=\"link-more\"><a href=\"https:\/\/cinemigrante.org\/ediciones-anteriores\/archivos\/actividades\/lectura-performatica-cacofonia-colectiva-narrativas-radicales-intervenciones-sonoras\" class=\"more-link\">Continue reading<span class=\"screen-reader-text\"> \u00abLectura perform\u00e1tica, cacofon\u00eda colectiva, narrativas radicales, intervenciones sonoras + CENA COMUNITARIA + DJ\u2019S\u00bb<\/span><\/a><\/p>\n","protected":false},"author":9,"featured_media":0,"parent":0,"menu_order":0,"comment_status":"closed","ping_status":"closed","template":"elementor_header_footer","meta":{"_acf_changed":false,"footnotes":""},"class_list":["post-18538","page","type-page","status-publish","hentry"],"acf":[],"_links":{"self":[{"href":"https:\/\/cinemigrante.org\/ediciones-anteriores\/wp-json\/wp\/v2\/pages\/18538"}],"collection":[{"href":"https:\/\/cinemigrante.org\/ediciones-anteriores\/wp-json\/wp\/v2\/pages"}],"about":[{"href":"https:\/\/cinemigrante.org\/ediciones-anteriores\/wp-json\/wp\/v2\/types\/page"}],"author":[{"embeddable":true,"href":"https:\/\/cinemigrante.org\/ediciones-anteriores\/wp-json\/wp\/v2\/users\/9"}],"replies":[{"embeddable":true,"href":"https:\/\/cinemigrante.org\/ediciones-anteriores\/wp-json\/wp\/v2\/comments?post=18538"}],"version-history":[{"count":7,"href":"https:\/\/cinemigrante.org\/ediciones-anteriores\/wp-json\/wp\/v2\/pages\/18538\/revisions"}],"predecessor-version":[{"id":18750,"href":"https:\/\/cinemigrante.org\/ediciones-anteriores\/wp-json\/wp\/v2\/pages\/18538\/revisions\/18750"}],"wp:attachment":[{"href":"https:\/\/cinemigrante.org\/ediciones-anteriores\/wp-json\/wp\/v2\/media?parent=18538"}],"curies":[{"name":"wp","href":"https:\/\/api.w.org\/{rel}","templated":true}]}}