






{"id":15306,"date":"2022-02-19T14:55:59","date_gmt":"2022-02-19T17:55:59","guid":{"rendered":"https:\/\/cinemigrante.com\/ediciones-anteriores\/?page_id=15306"},"modified":"2022-04-18T22:12:23","modified_gmt":"2022-04-19T01:12:23","slug":"6-edicion","status":"publish","type":"page","link":"https:\/\/cinemigrante.org\/ediciones-anteriores\/6-edicion","title":{"rendered":"6\u00b0 Edici\u00f3n"},"content":{"rendered":"\t\t<div data-elementor-type=\"wp-page\" data-elementor-id=\"15306\" class=\"elementor elementor-15306\">\n\t\t\t\t\t\t<section class=\"elementor-section elementor-top-section elementor-element elementor-element-6622a332 elementor-section-height-min-height elementor-section-full_width elementor-section-height-default elementor-section-items-middle\" data-id=\"6622a332\" data-element_type=\"section\" data-settings=\"{&quot;background_background&quot;:&quot;classic&quot;}\">\n\t\t\t\t\t\t<div class=\"elementor-container elementor-column-gap-default\">\n\t\t\t\t\t<div class=\"elementor-column elementor-col-100 elementor-top-column elementor-element elementor-element-1c963d87\" data-id=\"1c963d87\" data-element_type=\"column\">\n\t\t\t<div class=\"elementor-widget-wrap elementor-element-populated\">\n\t\t\t\t\t\t<div class=\"elementor-element elementor-element-5bb00a84 anwp-pg-widget-header-style--b anwp-pg-post-teaser__post-icon--size-16 elementor-pagination-position-outside elementor-widget elementor-widget-anwp-pg-classic-slider\" data-id=\"5bb00a84\" data-element_type=\"widget\" id=\"home-slider-e\" data-widget_type=\"anwp-pg-classic-slider.default\">\n\t\t\t\t<div class=\"elementor-widget-container\">\n\t\t\t<div class=\"anwp-pg-wrap\">\n\n\t\n\t<!-- Slider main container -->\n\t<div\n\t\tclass=\"anwp-pg-classic-slider anwp-pg-swiper-wrapper position-static swiper swiper-container anwp-pg-no-transform\"\n\t\tdata-pg-slides-per-view=\"1\"\n\t\tdata-pg-slides-per-view-mobile=\"1\"\n\t\tdata-pg-slides-per-view-tablet=\"2\"\n\t\tdata-pg-slides-per-group=\"1\"\n\t\tdata-pg-slides-per-group-mobile=\"1\"\n\t\tdata-pg-slides-per-group-tablet=\"1\"\n\t\tdata-pg-autoplay=\"yes\"\n\t\tdata-pg-autoplay-delay=\"7000\"\n\t\tdata-pg-space-between=\"0\"\n\t\tdata-pg-effect=\"fade\"\n\t\tdata-pg-show-read-more=\"yes\"\n\t\tdata-pg-enable-observer=\"no\"\n\t\tdata-pg-loop=\"no\"\n\t\tdir=\"ltr\"\n\t>\n\t\t<!-- Additional required wrapper -->\n\t\t<div class=\"swiper-wrapper\">\n\t\t\t<!-- Slides -->\n\t\t\t<div class=\"anwp-pg-post-teaser anwp-pg-post-teaser--inner-cover-link anwp-pg-post-teaser--layout-d d-flex flex-column swiper-slide anwp-pg-post-teaser--with-read-more \">\n\t<div class=\"anwp-pg-post-teaser__thumbnail position-relative\">\n\n\t\t\n\t\t\n\t\t\t\t\t<img loading=\"lazy\" class=\"anwp-pg-post-teaser__thumbnail-img d-block anwp-pg-height-500 anwp-object-cover m-0 w-100\"\n\t\t\t\talt=\"1\u00b0 Muestra Internacional CineMigrante en Venecia. 5 y 6 de Noviembre de 2015\"\n\t\t\t\tsrc=\"https:\/\/cinemigrante.org\/ediciones-anteriores\/wp-content\/uploads\/2015\/11\/fondo-web-venezia2015_prop012.jpg\"\/>\n\t\t\n\t\t<div class=\"anwp-pg-post-teaser__thumbnail-bg anwp-position-cover\"><\/div>\n\n\t\t<a class=\"anwp-position-cover anwp-link-without-effects\" href=\"https:\/\/cinemigrante.org\/ediciones-anteriores\/archivos\/4579\" aria-hidden=\"true\" ><\/a>\n\t<\/div>\n\n\t<div class=\"anwp-pg-post-teaser__content flex-grow-1 pt-1 d-flex flex-column\">\n\n\t\t<div class=\"anwp-pg-post-teaser__title anwp-font-heading mt-2\">\n\t\t\t<a class=\"anwp-link-without-effects\" href=\"https:\/\/cinemigrante.org\/ediciones-anteriores\/archivos\/4579\" aria-hidden=\"true\" >\n\t\t\t\t1\u00b0 Muestra Internacional CineMigrante en Venecia. 5 y 6 de Noviembre de 2015\t\t\t<\/a>\n\t\t<\/div>\n\n\t\t<div class=\"anwp-pg-post-teaser__bottom-meta d-flex flex-wrap\">\n\n\t\t\t\n\t\t\t\t\t<\/div>\n\n\t\t\t\t\t<div class=\"anwp-pg-post-teaser__excerpt mb-2\">\n\t\t\t\tAcced\u00e9 a toda la informaci\u00f3n de la muestra AQU\u00cd\t\t\t<\/div>\n\t\t\n\t\t\t\t\t<div class=\"w-100 anwp-pg-read-more mt-auto\">\n\t\t\t\t<a href=\"https:\/\/cinemigrante.org\/ediciones-anteriores\/archivos\/4579\" \t\t\t\t\tclass=\"anwp-pg-read-more__btn mt-3 mb-0 home-slider-btn\">\n\t\t\t\t\t+ INFO\t\t\t\t<\/a>\n\t\t\t<\/div>\n\t\t\n\t<\/div>\n\n<\/div>\n<div class=\"anwp-pg-post-teaser anwp-pg-post-teaser--inner-cover-link anwp-pg-post-teaser--layout-d d-flex flex-column swiper-slide anwp-pg-post-teaser--with-read-more \">\n\t<div class=\"anwp-pg-post-teaser__thumbnail position-relative\">\n\n\t\t\n\t\t\n\t\t\t\t\t<img loading=\"lazy\" class=\"anwp-pg-post-teaser__thumbnail-img d-block anwp-pg-height-500 anwp-object-cover m-0 w-100\"\n\t\t\t\talt=\"Ha culminado con \u00e9xito la 2\u00b0 Muestra Internacional de CineMigrante en Barcelona\"\n\t\t\t\tsrc=\"https:\/\/cinemigrante.org\/ediciones-anteriores\/wp-content\/uploads\/2015\/10\/fondo-web-barca2015_prop011.jpg\"\/>\n\t\t\n\t\t<div class=\"anwp-pg-post-teaser__thumbnail-bg anwp-position-cover\"><\/div>\n\n\t\t<a class=\"anwp-position-cover anwp-link-without-effects\" href=\"https:\/\/cinemigrante.org\/ediciones-anteriores\/archivos\/4599\" aria-hidden=\"true\" ><\/a>\n\t<\/div>\n\n\t<div class=\"anwp-pg-post-teaser__content flex-grow-1 pt-1 d-flex flex-column\">\n\n\t\t<div class=\"anwp-pg-post-teaser__title anwp-font-heading mt-2\">\n\t\t\t<a class=\"anwp-link-without-effects\" href=\"https:\/\/cinemigrante.org\/ediciones-anteriores\/archivos\/4599\" aria-hidden=\"true\" >\n\t\t\t\tHa culminado con \u00e9xito la 2\u00b0 Muestra Internacional de CineMigrante en Barcelona\t\t\t<\/a>\n\t\t<\/div>\n\n\t\t<div class=\"anwp-pg-post-teaser__bottom-meta d-flex flex-wrap\">\n\n\t\t\t\n\t\t\t\t\t<\/div>\n\n\t\t\t\t\t<div class=\"anwp-pg-post-teaser__excerpt mb-2\">\n\t\t\t\tBarcelona, noviembre 2015. La 2\u00b0 Muestra Internacional CineMigrante Barcelona, Cine y Formaci\u00f3n en Derechos Humanos de las personas migrantes, lleg\u00f3 con fuerza y con una gran expectativa a la ciudad. ...\t\t\t<\/div>\n\t\t\n\t\t\t\t\t<div class=\"w-100 anwp-pg-read-more mt-auto\">\n\t\t\t\t<a href=\"https:\/\/cinemigrante.org\/ediciones-anteriores\/archivos\/4599\" \t\t\t\t\tclass=\"anwp-pg-read-more__btn mt-3 mb-0 home-slider-btn\">\n\t\t\t\t\t+ INFO\t\t\t\t<\/a>\n\t\t\t<\/div>\n\t\t\n\t<\/div>\n\n<\/div>\n<div class=\"anwp-pg-post-teaser anwp-pg-post-teaser--inner-cover-link anwp-pg-post-teaser--layout-d d-flex flex-column swiper-slide anwp-pg-post-teaser--with-read-more \">\n\t<div class=\"anwp-pg-post-teaser__thumbnail position-relative\">\n\n\t\t\n\t\t\n\t\t\t\t\t<img loading=\"lazy\" class=\"anwp-pg-post-teaser__thumbnail-img d-block anwp-pg-height-500 anwp-object-cover m-0 w-100\"\n\t\t\t\talt=\"2\u00b0 Muestra Internacional CineMigrante en Barcelona. Del 27 de Octubre al 1\u00b0 de Noviembre de 2015\"\n\t\t\t\tsrc=\"https:\/\/cinemigrante.org\/ediciones-anteriores\/wp-content\/uploads\/2015\/10\/placa1_2da-Edicion-catalan-1-1024x6551-1.jpg\"\/>\n\t\t\n\t\t<div class=\"anwp-pg-post-teaser__thumbnail-bg anwp-position-cover\"><\/div>\n\n\t\t<a class=\"anwp-position-cover anwp-link-without-effects\" href=\"https:\/\/cinemigrante.org\/ediciones-anteriores\/archivos\/4575\" aria-hidden=\"true\" ><\/a>\n\t<\/div>\n\n\t<div class=\"anwp-pg-post-teaser__content flex-grow-1 pt-1 d-flex flex-column\">\n\n\t\t<div class=\"anwp-pg-post-teaser__title anwp-font-heading mt-2\">\n\t\t\t<a class=\"anwp-link-without-effects\" href=\"https:\/\/cinemigrante.org\/ediciones-anteriores\/archivos\/4575\" aria-hidden=\"true\" >\n\t\t\t\t2\u00b0 Muestra Internacional CineMigrante en Barcelona. Del 27 de Octubre al 1\u00b0 de Noviembre de 2015\t\t\t<\/a>\n\t\t<\/div>\n\n\t\t<div class=\"anwp-pg-post-teaser__bottom-meta d-flex flex-wrap\">\n\n\t\t\t\n\t\t\t\t\t<\/div>\n\n\t\t\t\t\t<div class=\"anwp-pg-post-teaser__excerpt mb-2\">\n\t\t\t\t&nbsp; Acced\u00e9 a toda la informaci\u00f3n de la muestra AQU\u00cd\t\t\t<\/div>\n\t\t\n\t\t\t\t\t<div class=\"w-100 anwp-pg-read-more mt-auto\">\n\t\t\t\t<a href=\"https:\/\/cinemigrante.org\/ediciones-anteriores\/archivos\/4575\" \t\t\t\t\tclass=\"anwp-pg-read-more__btn mt-3 mb-0 home-slider-btn\">\n\t\t\t\t\t+ INFO\t\t\t\t<\/a>\n\t\t\t<\/div>\n\t\t\n\t<\/div>\n\n<\/div>\n<div class=\"anwp-pg-post-teaser anwp-pg-post-teaser--inner-cover-link anwp-pg-post-teaser--layout-d d-flex flex-column swiper-slide anwp-pg-post-teaser--with-read-more \">\n\t<div class=\"anwp-pg-post-teaser__thumbnail position-relative\">\n\n\t\t\n\t\t\n\t\t\t\t\t<img loading=\"lazy\" class=\"anwp-pg-post-teaser__thumbnail-img d-block anwp-pg-height-500 anwp-object-cover m-0 w-100\"\n\t\t\t\talt=\"Ganadores y Premios de la 6\u00b0 Edici\u00f3n del Festival Internacional CineMigrante.\"\n\t\t\t\tsrc=\"https:\/\/cinemigrante.org\/ediciones-anteriores\/wp-content\/uploads\/2015\/09\/prop06_postal-1.jpg\"\/>\n\t\t\n\t\t<div class=\"anwp-pg-post-teaser__thumbnail-bg anwp-position-cover\"><\/div>\n\n\t\t<a class=\"anwp-position-cover anwp-link-without-effects\" href=\"https:\/\/cinemigrante.org\/ediciones-anteriores\/archivos\/4588\" aria-hidden=\"true\" ><\/a>\n\t<\/div>\n\n\t<div class=\"anwp-pg-post-teaser__content flex-grow-1 pt-1 d-flex flex-column\">\n\n\t\t<div class=\"anwp-pg-post-teaser__title anwp-font-heading mt-2\">\n\t\t\t<a class=\"anwp-link-without-effects\" href=\"https:\/\/cinemigrante.org\/ediciones-anteriores\/archivos\/4588\" aria-hidden=\"true\" >\n\t\t\t\tGanadores y Premios de la 6\u00b0 Edici\u00f3n del Festival Internacional CineMigrante.\t\t\t<\/a>\n\t\t<\/div>\n\n\t\t<div class=\"anwp-pg-post-teaser__bottom-meta d-flex flex-wrap\">\n\n\t\t\t\n\t\t\t\t\t<\/div>\n\n\t\t\t\t\t<div class=\"anwp-pg-post-teaser__excerpt mb-2\">\n\t\t\t\tBUENOS AIRES, SEPTIEMBRE 2015. Comenzamos el a\u00f1o con una convocatoria abierta a la cual aplicaron m\u00e1s de 935 pel\u00edculas provenientes de todas las regiones, permiti\u00e9ndonos generar una programaci\u00f3n de excelencia, ...\t\t\t<\/div>\n\t\t\n\t\t\t\t\t<div class=\"w-100 anwp-pg-read-more mt-auto\">\n\t\t\t\t<a href=\"https:\/\/cinemigrante.org\/ediciones-anteriores\/archivos\/4588\" \t\t\t\t\tclass=\"anwp-pg-read-more__btn mt-3 mb-0 home-slider-btn\">\n\t\t\t\t\t+ INFO\t\t\t\t<\/a>\n\t\t\t<\/div>\n\t\t\n\t<\/div>\n\n<\/div>\n<div class=\"anwp-pg-post-teaser anwp-pg-post-teaser--inner-cover-link anwp-pg-post-teaser--layout-d d-flex flex-column swiper-slide anwp-pg-post-teaser--with-read-more \">\n\t<div class=\"anwp-pg-post-teaser__thumbnail position-relative\">\n\n\t\t\n\t\t\n\t\t\t\t\t<img loading=\"lazy\" class=\"anwp-pg-post-teaser__thumbnail-img d-block anwp-pg-height-500 anwp-object-cover m-0 w-100\"\n\t\t\t\talt=\"Programaci\u00f3n por d\u00eda\"\n\t\t\t\tsrc=\"https:\/\/cinemigrante.org\/ediciones-anteriores\/wp-content\/uploads\/2015\/09\/encabezado-word_v51.jpg\"\/>\n\t\t\n\t\t<div class=\"anwp-pg-post-teaser__thumbnail-bg anwp-position-cover\"><\/div>\n\n\t\t<a class=\"anwp-position-cover anwp-link-without-effects\" href=\"https:\/\/cinemigrante.org\/ediciones-anteriores\/archivos\/4565\" aria-hidden=\"true\" ><\/a>\n\t<\/div>\n\n\t<div class=\"anwp-pg-post-teaser__content flex-grow-1 pt-1 d-flex flex-column\">\n\n\t\t<div class=\"anwp-pg-post-teaser__title anwp-font-heading mt-2\">\n\t\t\t<a class=\"anwp-link-without-effects\" href=\"https:\/\/cinemigrante.org\/ediciones-anteriores\/archivos\/4565\" aria-hidden=\"true\" >\n\t\t\t\tProgramaci\u00f3n por d\u00eda\t\t\t<\/a>\n\t\t<\/div>\n\n\t\t<div class=\"anwp-pg-post-teaser__bottom-meta d-flex flex-wrap\">\n\n\t\t\t\n\t\t\t\t\t<\/div>\n\n\t\t\t\t\t<div class=\"anwp-pg-post-teaser__excerpt mb-2\">\n\t\t\t\tDel 16\u00a0al 23\u00a0de Septiembre. M\u00e1s de 14\u00a0\u00a0funciones diarias. Entrada libre y Gratuita.\t\t\t<\/div>\n\t\t\n\t\t\t\t\t<div class=\"w-100 anwp-pg-read-more mt-auto\">\n\t\t\t\t<a href=\"https:\/\/cinemigrante.org\/ediciones-anteriores\/archivos\/4565\" \t\t\t\t\tclass=\"anwp-pg-read-more__btn mt-3 mb-0 home-slider-btn\">\n\t\t\t\t\t+ INFO\t\t\t\t<\/a>\n\t\t\t<\/div>\n\t\t\n\t<\/div>\n\n<\/div>\n\t\t<\/div>\n\n\t\t\t\t\t\t\t\t\t<div class=\"swiper-pagination\"><\/div>\n\t\t\t\t\t\t\t\t\t<\/div>\n<\/div>\n\t\t<\/div>\n\t\t\t\t<\/div>\n\t\t\t\t\t<\/div>\n\t\t<\/div>\n\t\t\t\t\t<\/div>\n\t\t<\/section>\n\t\t\t\t<section class=\"elementor-section elementor-top-section elementor-element elementor-element-3bd18a4 elementor-section-full_width elementor-section-height-min-height elementor-section-height-default elementor-section-items-middle\" data-id=\"3bd18a4\" data-element_type=\"section\" data-settings=\"{&quot;background_background&quot;:&quot;classic&quot;}\">\n\t\t\t\t\t\t\t<div class=\"elementor-background-overlay\"><\/div>\n\t\t\t\t\t\t\t<div class=\"elementor-container elementor-column-gap-default\">\n\t\t\t\t\t<div class=\"elementor-column elementor-col-50 elementor-top-column elementor-element elementor-element-613eb0a\" data-id=\"613eb0a\" data-element_type=\"column\">\n\t\t\t<div class=\"elementor-widget-wrap elementor-element-populated\">\n\t\t\t\t\t\t<div class=\"elementor-element elementor-element-c97c003 elementor-widget elementor-widget-heading\" data-id=\"c97c003\" data-element_type=\"widget\" data-widget_type=\"heading.default\">\n\t\t\t\t<div class=\"elementor-widget-container\">\n\t\t\t<style>\/*! elementor - v3.23.0 - 15-07-2024 *\/\n.elementor-heading-title{padding:0;margin:0;line-height:1}.elementor-widget-heading .elementor-heading-title[class*=elementor-size-]>a{color:inherit;font-size:inherit;line-height:inherit}.elementor-widget-heading .elementor-heading-title.elementor-size-small{font-size:15px}.elementor-widget-heading .elementor-heading-title.elementor-size-medium{font-size:19px}.elementor-widget-heading .elementor-heading-title.elementor-size-large{font-size:29px}.elementor-widget-heading .elementor-heading-title.elementor-size-xl{font-size:39px}.elementor-widget-heading .elementor-heading-title.elementor-size-xxl{font-size:59px}<\/style><h2 class=\"elementor-heading-title elementor-size-default\"><b>VENECIA 2015.<\/b> Conoc\u00e9 toda la programaci\u00f3n de la 1\u00ba Muestra <\/h2>\t\t<\/div>\n\t\t\t\t<\/div>\n\t\t\t\t\t<\/div>\n\t\t<\/div>\n\t\t\t\t<div class=\"elementor-column elementor-col-50 elementor-top-column elementor-element elementor-element-778dd7f\" data-id=\"778dd7f\" data-element_type=\"column\">\n\t\t\t<div class=\"elementor-widget-wrap elementor-element-populated\">\n\t\t\t\t\t\t<div class=\"elementor-element elementor-element-d141a17 elementor-align-right elementor-widget elementor-widget-button\" data-id=\"d141a17\" data-element_type=\"widget\" data-widget_type=\"button.default\">\n\t\t\t\t<div class=\"elementor-widget-container\">\n\t\t\t\t\t<div class=\"elementor-button-wrapper\">\n\t\t\t<a class=\"elementor-button elementor-button-link elementor-size-md\" href=\"#\">\n\t\t\t\t\t\t<span class=\"elementor-button-content-wrapper\">\n\t\t\t\t\t\t\t\t\t<span class=\"elementor-button-text\">+ INFO<\/span>\n\t\t\t\t\t<\/span>\n\t\t\t\t\t<\/a>\n\t\t<\/div>\n\t\t\t\t<\/div>\n\t\t\t\t<\/div>\n\t\t\t\t\t<\/div>\n\t\t<\/div>\n\t\t\t\t\t<\/div>\n\t\t<\/section>\n\t\t\t\t<section class=\"elementor-section elementor-top-section elementor-element elementor-element-42109358 elementor-section-boxed elementor-section-height-default elementor-section-height-default\" data-id=\"42109358\" data-element_type=\"section\">\n\t\t\t\t\t\t<div class=\"elementor-container elementor-column-gap-default\">\n\t\t\t\t\t<div class=\"elementor-column elementor-col-100 elementor-top-column elementor-element elementor-element-6d9b3224\" data-id=\"6d9b3224\" data-element_type=\"column\">\n\t\t\t<div class=\"elementor-widget-wrap elementor-element-populated\">\n\t\t\t\t\t\t<div class=\"elementor-element elementor-element-3d79d557 elementor-grid-eael-col-4 elementor-grid-tablet-eael-col-2 elementor-grid-mobile-eael-col-1 elementor-widget elementor-widget-eael-post-grid\" data-id=\"3d79d557\" data-element_type=\"widget\" data-settings=\"{&quot;eael_post_grid_columns&quot;:&quot;eael-col-4&quot;,&quot;eael_post_grid_columns_tablet&quot;:&quot;eael-col-2&quot;,&quot;eael_post_grid_columns_mobile&quot;:&quot;eael-col-1&quot;}\" data-widget_type=\"eael-post-grid.default\">\n\t\t\t\t<div class=\"elementor-widget-container\">\n\t\t\t<div id=\"eael-post-grid-3d79d557\" class=\"eael-post-grid-container\">\n            <div class=\"eael-post-grid eael-post-appender eael-post-appender-3d79d557 eael-post-grid-style-three\" data-layout-mode=\"grid\"><article class=\"eael-grid-post eael-post-grid-column\" data-id=\"4579\">\n        <div class=\"eael-grid-post-holder\">\n            <div class=\"eael-grid-post-holder-inner\"><div class=\"eael-entry-media\"><ul class=\"post-carousel-categories\"><li><a href=\"https:\/\/cinemigrante.org\/ediciones-anteriores\/archivos\/category\/ediciones\/6-edicion\">6 Edici\u00f3n<\/a><\/li><\/ul><div class=\"eael-entry-overlay fade-in\"><i class=\"\" aria-hidden=\"true\"><\/i><a href=\"https:\/\/cinemigrante.org\/ediciones-anteriores\/archivos\/4579\"><\/a><\/div><div class=\"eael-entry-thumbnail \">\n                 <img fetchpriority=\"high\" decoding=\"async\" width=\"760\" height=\"356\" src=\"https:\/\/cinemigrante.org\/ediciones-anteriores\/wp-content\/uploads\/2015\/11\/fondo-web-venezia2015_prop012-768x360.jpg\" class=\"attachment-medium_large size-medium_large wp-image-4641\" alt=\"\" srcset=\"https:\/\/cinemigrante.org\/ediciones-anteriores\/wp-content\/uploads\/2015\/11\/fondo-web-venezia2015_prop012-768x360.jpg 768w, https:\/\/cinemigrante.org\/ediciones-anteriores\/wp-content\/uploads\/2015\/11\/fondo-web-venezia2015_prop012-300x141.jpg 300w, https:\/\/cinemigrante.org\/ediciones-anteriores\/wp-content\/uploads\/2015\/11\/fondo-web-venezia2015_prop012-1024x481.jpg 1024w, https:\/\/cinemigrante.org\/ediciones-anteriores\/wp-content\/uploads\/2015\/11\/fondo-web-venezia2015_prop012-1536x721.jpg 1536w, https:\/\/cinemigrante.org\/ediciones-anteriores\/wp-content\/uploads\/2015\/11\/fondo-web-venezia2015_prop012.jpg 1600w\" sizes=\"(max-width: 760px) 100vw, 760px\" \/>\n             <\/div>\n        <\/div><div class=\"eael-entry-wrapper\"><header class=\"eael-entry-header\"><h2 class=\"eael-entry-title\"><a\n                        class=\"eael-grid-post-link\"\n                        href=\"https:\/\/cinemigrante.org\/ediciones-anteriores\/archivos\/4579\"\n                        title=\"1\u00b0 Muestra Internacional CineMigrante en Venecia. 5 y 6 de Noviembre de 2015\">1\u00b0 Muestra Internacional CineMigrante en Venecia. 5 y 6 de Noviembre de 2015<\/a><\/h2><\/header><div class=\"eael-entry-content\">\n                        <div class=\"eael-grid-post-excerpt\"><p>Acced\u00e9 a toda la informaci\u00f3n de la muestra AQU\u00cd<\/p><a\n                            href=\"https:\/\/cinemigrante.org\/ediciones-anteriores\/archivos\/4579\"\n                            class=\"eael-post-elements-readmore-btn\">LEER +<\/a><\/div>\n                    <\/div><\/div><\/div>\n        <\/div>\n    <\/article><article class=\"eael-grid-post eael-post-grid-column\" data-id=\"4599\">\n        <div class=\"eael-grid-post-holder\">\n            <div class=\"eael-grid-post-holder-inner\"><div class=\"eael-entry-media\"><ul class=\"post-carousel-categories\"><li><a href=\"https:\/\/cinemigrante.org\/ediciones-anteriores\/archivos\/category\/ediciones\/6-edicion\">6 Edici\u00f3n<\/a><\/li><\/ul><div class=\"eael-entry-overlay fade-in\"><i class=\"\" aria-hidden=\"true\"><\/i><a href=\"https:\/\/cinemigrante.org\/ediciones-anteriores\/archivos\/4599\"><\/a><\/div><div class=\"eael-entry-thumbnail \">\n                 <img decoding=\"async\" width=\"760\" height=\"356\" src=\"https:\/\/cinemigrante.org\/ediciones-anteriores\/wp-content\/uploads\/2015\/10\/fondo-web-barca2015_prop011-768x360.jpg\" class=\"attachment-medium_large size-medium_large wp-image-15619\" alt=\"\" srcset=\"https:\/\/cinemigrante.org\/ediciones-anteriores\/wp-content\/uploads\/2015\/10\/fondo-web-barca2015_prop011-768x360.jpg 768w, https:\/\/cinemigrante.org\/ediciones-anteriores\/wp-content\/uploads\/2015\/10\/fondo-web-barca2015_prop011-300x141.jpg 300w, https:\/\/cinemigrante.org\/ediciones-anteriores\/wp-content\/uploads\/2015\/10\/fondo-web-barca2015_prop011-1024x481.jpg 1024w, https:\/\/cinemigrante.org\/ediciones-anteriores\/wp-content\/uploads\/2015\/10\/fondo-web-barca2015_prop011-1536x721.jpg 1536w, https:\/\/cinemigrante.org\/ediciones-anteriores\/wp-content\/uploads\/2015\/10\/fondo-web-barca2015_prop011.jpg 1600w\" sizes=\"(max-width: 760px) 100vw, 760px\" \/>\n             <\/div>\n        <\/div><div class=\"eael-entry-wrapper\"><header class=\"eael-entry-header\"><h2 class=\"eael-entry-title\"><a\n                        class=\"eael-grid-post-link\"\n                        href=\"https:\/\/cinemigrante.org\/ediciones-anteriores\/archivos\/4599\"\n                        title=\"Ha culminado con \u00e9xito la 2\u00b0 Muestra Internacional de CineMigrante en Barcelona\">Ha culminado con \u00e9xito la 2\u00b0 Muestra Internacional de CineMigrante en Barcelona<\/a><\/h2><\/header><div class=\"eael-entry-content\">\n                        <div class=\"eael-grid-post-excerpt\"><p>Barcelona, noviembre 2015. La 2\u00b0 Muestra Internacional CineMigrante Barcelona, Cine y Formaci\u00f3n en Derechos Humanos de las personas migrantes, lleg\u00f3...<\/p><a\n                            href=\"https:\/\/cinemigrante.org\/ediciones-anteriores\/archivos\/4599\"\n                            class=\"eael-post-elements-readmore-btn\">LEER +<\/a><\/div>\n                    <\/div><\/div><\/div>\n        <\/div>\n    <\/article><article class=\"eael-grid-post eael-post-grid-column\" data-id=\"4575\">\n        <div class=\"eael-grid-post-holder\">\n            <div class=\"eael-grid-post-holder-inner\"><div class=\"eael-entry-media\"><ul class=\"post-carousel-categories\"><li><a href=\"https:\/\/cinemigrante.org\/ediciones-anteriores\/archivos\/category\/ediciones\/6-edicion\">6 Edici\u00f3n<\/a><\/li><\/ul><div class=\"eael-entry-overlay fade-in\"><i class=\"\" aria-hidden=\"true\"><\/i><a href=\"https:\/\/cinemigrante.org\/ediciones-anteriores\/archivos\/4575\"><\/a><\/div><div class=\"eael-entry-thumbnail \">\n                 <img decoding=\"async\" width=\"760\" height=\"486\" src=\"https:\/\/cinemigrante.org\/ediciones-anteriores\/wp-content\/uploads\/2015\/10\/placa1_2da-Edicion-catalan-1-1024x6551-1-768x491.jpg\" class=\"attachment-medium_large size-medium_large wp-image-4642\" alt=\"\" srcset=\"https:\/\/cinemigrante.org\/ediciones-anteriores\/wp-content\/uploads\/2015\/10\/placa1_2da-Edicion-catalan-1-1024x6551-1-768x491.jpg 768w, https:\/\/cinemigrante.org\/ediciones-anteriores\/wp-content\/uploads\/2015\/10\/placa1_2da-Edicion-catalan-1-1024x6551-1-300x192.jpg 300w, https:\/\/cinemigrante.org\/ediciones-anteriores\/wp-content\/uploads\/2015\/10\/placa1_2da-Edicion-catalan-1-1024x6551-1.jpg 1024w\" sizes=\"(max-width: 760px) 100vw, 760px\" \/>\n             <\/div>\n        <\/div><div class=\"eael-entry-wrapper\"><header class=\"eael-entry-header\"><h2 class=\"eael-entry-title\"><a\n                        class=\"eael-grid-post-link\"\n                        href=\"https:\/\/cinemigrante.org\/ediciones-anteriores\/archivos\/4575\"\n                        title=\"2\u00b0 Muestra Internacional CineMigrante en Barcelona. Del 27 de Octubre al 1\u00b0 de Noviembre de 2015\">2\u00b0 Muestra Internacional CineMigrante en Barcelona. Del 27 de Octubre al 1\u00b0 de Noviembre de 2015<\/a><\/h2><\/header><div class=\"eael-entry-content\">\n                        <div class=\"eael-grid-post-excerpt\"><p>&nbsp; Acced\u00e9 a toda la informaci\u00f3n de la muestra AQU\u00cd<\/p><a\n                            href=\"https:\/\/cinemigrante.org\/ediciones-anteriores\/archivos\/4575\"\n                            class=\"eael-post-elements-readmore-btn\">LEER +<\/a><\/div>\n                    <\/div><\/div><\/div>\n        <\/div>\n    <\/article><article class=\"eael-grid-post eael-post-grid-column\" data-id=\"4588\">\n        <div class=\"eael-grid-post-holder\">\n            <div class=\"eael-grid-post-holder-inner\"><div class=\"eael-entry-media\"><ul class=\"post-carousel-categories\"><li><a href=\"https:\/\/cinemigrante.org\/ediciones-anteriores\/archivos\/category\/ediciones\/6-edicion\">6 Edici\u00f3n<\/a><\/li><\/ul><div class=\"eael-entry-overlay fade-in\"><i class=\"\" aria-hidden=\"true\"><\/i><a href=\"https:\/\/cinemigrante.org\/ediciones-anteriores\/archivos\/4588\"><\/a><\/div><div class=\"eael-entry-thumbnail \">\n                 <img loading=\"lazy\" decoding=\"async\" width=\"760\" height=\"536\" src=\"https:\/\/cinemigrante.org\/ediciones-anteriores\/wp-content\/uploads\/2015\/09\/prop06_postal-1-768x542.jpg\" class=\"attachment-medium_large size-medium_large wp-image-4643\" alt=\"\" srcset=\"https:\/\/cinemigrante.org\/ediciones-anteriores\/wp-content\/uploads\/2015\/09\/prop06_postal-1-768x542.jpg 768w, https:\/\/cinemigrante.org\/ediciones-anteriores\/wp-content\/uploads\/2015\/09\/prop06_postal-1-300x212.jpg 300w, https:\/\/cinemigrante.org\/ediciones-anteriores\/wp-content\/uploads\/2015\/09\/prop06_postal-1.jpg 891w\" sizes=\"(max-width: 760px) 100vw, 760px\" \/>\n             <\/div>\n        <\/div><div class=\"eael-entry-wrapper\"><header class=\"eael-entry-header\"><h2 class=\"eael-entry-title\"><a\n                        class=\"eael-grid-post-link\"\n                        href=\"https:\/\/cinemigrante.org\/ediciones-anteriores\/archivos\/4588\"\n                        title=\"Ganadores y Premios de la 6\u00b0 Edici\u00f3n del Festival Internacional CineMigrante.\">Ganadores y Premios de la 6\u00b0 Edici\u00f3n del Festival Internacional CineMigrante.<\/a><\/h2><\/header><div class=\"eael-entry-content\">\n                        <div class=\"eael-grid-post-excerpt\"><p>BUENOS AIRES, SEPTIEMBRE 2015. Comenzamos el a\u00f1o con una convocatoria abierta a la cual aplicaron m\u00e1s de 935 pel\u00edculas provenientes...<\/p><a\n                            href=\"https:\/\/cinemigrante.org\/ediciones-anteriores\/archivos\/4588\"\n                            class=\"eael-post-elements-readmore-btn\">LEER +<\/a><\/div>\n                    <\/div><\/div><\/div>\n        <\/div>\n    <\/article><\/div>\n            <div class=\"clearfix\"><\/div>\n        <\/div>            <div class=\"eael-load-more-button-wrap eael-force-hide\">\n                <button class=\"eael-load-more-button\" id=\"eael-load-more-btn-3d79d557\" data-widget-id=\"3d79d557\" data-widget=\"3d79d557\" data-page-id=\"15306\" data-template=\"{&quot;dir&quot;:&quot;lite&quot;,&quot;file_name&quot;:&quot;default.php&quot;,&quot;name&quot;:&quot;Post-Grid&quot;}\" data-class=\"Essential_Addons_Elementor\\Elements\\Post_Grid\" data-layout=\"grid\" data-page=\"1\" data-args=\"orderby=date&amp;order=desc&amp;ignore_sticky_posts=1&amp;post_status=publish&amp;posts_per_page=4&amp;offset=0&amp;post_type=post&amp;tax_query%5B0%5D%5Btaxonomy%5D=category&amp;tax_query%5B0%5D%5Bfield%5D=term_id&amp;tax_query%5B0%5D%5Bterms%5D%5B0%5D=1281&amp;tax_query%5Brelation%5D=AND\" data-max-page=\"4\">\n                    <span class=\"eael-btn-loader button__loader\"><\/span>\n                    <span class=\"eael_load_more_text\">Cargar m\u00e1s<\/span>\n                <\/button>\n            <\/div>\n            \t\t<\/div>\n\t\t\t\t<\/div>\n\t\t\t\t<div class=\"elementor-element elementor-element-5bb30218 elementor-align-center elementor-widget elementor-widget-button\" data-id=\"5bb30218\" data-element_type=\"widget\" data-widget_type=\"button.default\">\n\t\t\t\t<div class=\"elementor-widget-container\">\n\t\t\t\t\t<div class=\"elementor-button-wrapper\">\n\t\t\t<a class=\"elementor-button elementor-button-link elementor-size-sm\" href=\"https:\/\/cinemigrante.org\/ediciones-anteriores\/category\/noticias\/noticias-6-edicion\/\">\n\t\t\t\t\t\t<span class=\"elementor-button-content-wrapper\">\n\t\t\t\t\t\t\t\t\t<span class=\"elementor-button-text\">+NOVEDADES<\/span>\n\t\t\t\t\t<\/span>\n\t\t\t\t\t<\/a>\n\t\t<\/div>\n\t\t\t\t<\/div>\n\t\t\t\t<\/div>\n\t\t\t\t\t<\/div>\n\t\t<\/div>\n\t\t\t\t\t<\/div>\n\t\t<\/section>\n\t\t\t\t<section class=\"elementor-section elementor-top-section elementor-element elementor-element-20fdd661 elementor-section-boxed elementor-section-height-default elementor-section-height-default\" data-id=\"20fdd661\" data-element_type=\"section\">\n\t\t\t\t\t\t<div class=\"elementor-container elementor-column-gap-default\">\n\t\t\t\t\t<div class=\"elementor-column elementor-col-100 elementor-top-column elementor-element elementor-element-24e9a689\" data-id=\"24e9a689\" data-element_type=\"column\">\n\t\t\t<div class=\"elementor-widget-wrap elementor-element-populated\">\n\t\t\t\t\t\t<div class=\"elementor-element elementor-element-7f747d3c elementor-widget elementor-widget-spacer\" data-id=\"7f747d3c\" data-element_type=\"widget\" data-widget_type=\"spacer.default\">\n\t\t\t\t<div class=\"elementor-widget-container\">\n\t\t\t<style>\/*! elementor - v3.23.0 - 15-07-2024 *\/\n.elementor-column .elementor-spacer-inner{height:var(--spacer-size)}.e-con{--container-widget-width:100%}.e-con-inner>.elementor-widget-spacer,.e-con>.elementor-widget-spacer{width:var(--container-widget-width,var(--spacer-size));--align-self:var(--container-widget-align-self,initial);--flex-shrink:0}.e-con-inner>.elementor-widget-spacer>.elementor-widget-container,.e-con>.elementor-widget-spacer>.elementor-widget-container{height:100%;width:100%}.e-con-inner>.elementor-widget-spacer>.elementor-widget-container>.elementor-spacer,.e-con>.elementor-widget-spacer>.elementor-widget-container>.elementor-spacer{height:100%}.e-con-inner>.elementor-widget-spacer>.elementor-widget-container>.elementor-spacer>.elementor-spacer-inner,.e-con>.elementor-widget-spacer>.elementor-widget-container>.elementor-spacer>.elementor-spacer-inner{height:var(--container-widget-height,var(--spacer-size))}.e-con-inner>.elementor-widget-spacer.elementor-widget-empty,.e-con>.elementor-widget-spacer.elementor-widget-empty{position:relative;min-height:22px;min-width:22px}.e-con-inner>.elementor-widget-spacer.elementor-widget-empty .elementor-widget-empty-icon,.e-con>.elementor-widget-spacer.elementor-widget-empty .elementor-widget-empty-icon{position:absolute;top:0;bottom:0;left:0;right:0;margin:auto;padding:0;width:22px;height:22px}<\/style>\t\t<div class=\"elementor-spacer\">\n\t\t\t<div class=\"elementor-spacer-inner\"><\/div>\n\t\t<\/div>\n\t\t\t\t<\/div>\n\t\t\t\t<\/div>\n\t\t\t\t<div class=\"elementor-element elementor-element-20da0df elementor-widget elementor-widget-heading\" data-id=\"20da0df\" data-element_type=\"widget\" data-widget_type=\"heading.default\">\n\t\t\t\t<div class=\"elementor-widget-container\">\n\t\t\t<h2 class=\"elementor-heading-title elementor-size-default\">Todas las secciones de la 6\u00b0 Edici\u00f3n<\/h2>\t\t<\/div>\n\t\t\t\t<\/div>\n\t\t\t\t\t<\/div>\n\t\t<\/div>\n\t\t\t\t\t<\/div>\n\t\t<\/section>\n\t\t\t\t<section class=\"elementor-section elementor-top-section elementor-element elementor-element-105ce037 elementor-section-full_width elementor-section-height-default elementor-section-height-default\" data-id=\"105ce037\" data-element_type=\"section\">\n\t\t\t\t\t\t<div class=\"elementor-container elementor-column-gap-default\">\n\t\t\t\t\t<div class=\"elementor-column elementor-col-100 elementor-top-column elementor-element elementor-element-70ba6fc7\" data-id=\"70ba6fc7\" data-element_type=\"column\">\n\t\t\t<div class=\"elementor-widget-wrap elementor-element-populated\">\n\t\t\t\t\t\t<section class=\"elementor-section elementor-inner-section elementor-element elementor-element-73ef7ab elementor-section-boxed elementor-section-height-default elementor-section-height-default\" data-id=\"73ef7ab\" data-element_type=\"section\">\n\t\t\t\t\t\t<div class=\"elementor-container elementor-column-gap-narrow\">\n\t\t\t\t\t<div class=\"elementor-column elementor-col-20 elementor-inner-column elementor-element elementor-element-636d1b26 caja-sombra\" data-id=\"636d1b26\" data-element_type=\"column\">\n\t\t\t<div class=\"elementor-widget-wrap elementor-element-populated\">\n\t\t\t\t\t\t<div class=\"elementor-element elementor-element-6a18f478 seccion-thumb elementor-widget elementor-widget-image\" data-id=\"6a18f478\" data-element_type=\"widget\" data-widget_type=\"image.default\">\n\t\t\t\t<div class=\"elementor-widget-container\">\n\t\t\t<style>\/*! elementor - v3.23.0 - 15-07-2024 *\/\n.elementor-widget-image{text-align:center}.elementor-widget-image a{display:inline-block}.elementor-widget-image a img[src$=\".svg\"]{width:48px}.elementor-widget-image img{vertical-align:middle;display:inline-block}<\/style>\t\t\t\t\t\t\t\t\t\t\t<a href=\"https:\/\/cinemigrante.org\/ediciones-anteriores\/secciones\/panorama-6-edicion\/\">\n\t\t\t\t\t\t\t<img loading=\"lazy\" decoding=\"async\" width=\"300\" height=\"300\" src=\"https:\/\/cinemigrante.org\/ediciones-anteriores\/wp-content\/uploads\/2022\/02\/panorama6-300x300.jpg\" class=\"attachment-medium size-medium wp-image-15424\" alt=\"\" srcset=\"https:\/\/cinemigrante.org\/ediciones-anteriores\/wp-content\/uploads\/2022\/02\/panorama6-300x300.jpg 300w, https:\/\/cinemigrante.org\/ediciones-anteriores\/wp-content\/uploads\/2022\/02\/panorama6-150x150.jpg 150w, https:\/\/cinemigrante.org\/ediciones-anteriores\/wp-content\/uploads\/2022\/02\/panorama6.jpg 500w\" sizes=\"(max-width: 300px) 100vw, 300px\" \/>\t\t\t\t\t\t\t\t<\/a>\n\t\t\t\t\t\t\t\t\t\t\t\t\t<\/div>\n\t\t\t\t<\/div>\n\t\t\t\t<div class=\"elementor-element elementor-element-46496fc6 elementor-widget elementor-widget-heading\" data-id=\"46496fc6\" data-element_type=\"widget\" data-widget_type=\"heading.default\">\n\t\t\t\t<div class=\"elementor-widget-container\">\n\t\t\t<h6 class=\"elementor-heading-title elementor-size-default\">PANORAMA<\/h6>\t\t<\/div>\n\t\t\t\t<\/div>\n\t\t\t\t<div class=\"elementor-element elementor-element-4b17a630 elementor-widget elementor-widget-heading\" data-id=\"4b17a630\" data-element_type=\"widget\" data-widget_type=\"heading.default\">\n\t\t\t\t<div class=\"elementor-widget-container\">\n\t\t\t<h5 class=\"elementor-heading-title elementor-size-default\"><a href=\"https:\/\/cinemigrante.org\/ediciones-anteriores\/secciones\/panorama-6-edicion\/\">PANORAMA<\/a><\/h5>\t\t<\/div>\n\t\t\t\t<\/div>\n\t\t\t\t<div class=\"elementor-element elementor-element-3934c8d5 elementor-widget elementor-widget-heading\" data-id=\"3934c8d5\" data-element_type=\"widget\" data-widget_type=\"heading.default\">\n\t\t\t\t<div class=\"elementor-widget-container\">\n\t\t\t<h6 class=\"elementor-heading-title elementor-size-default\">6\u00b0 Edici\u00f3n de CineMigrante<\/h6>\t\t<\/div>\n\t\t\t\t<\/div>\n\t\t\t\t\t<\/div>\n\t\t<\/div>\n\t\t\t\t<div class=\"elementor-column elementor-col-20 elementor-inner-column elementor-element elementor-element-3995c50e\" data-id=\"3995c50e\" data-element_type=\"column\">\n\t\t\t<div class=\"elementor-widget-wrap\">\n\t\t\t\t\t\t\t<\/div>\n\t\t<\/div>\n\t\t\t\t<div class=\"elementor-column elementor-col-20 elementor-inner-column elementor-element elementor-element-37e534d4 caja-sombra\" data-id=\"37e534d4\" data-element_type=\"column\">\n\t\t\t<div class=\"elementor-widget-wrap elementor-element-populated\">\n\t\t\t\t\t\t<div class=\"elementor-element elementor-element-639df004 seccion-thumb elementor-widget elementor-widget-image\" data-id=\"639df004\" data-element_type=\"widget\" data-widget_type=\"image.default\">\n\t\t\t\t<div class=\"elementor-widget-container\">\n\t\t\t\t\t\t\t\t\t\t\t\t\t\t<a href=\"https:\/\/cinemigrante.org\/ediciones-anteriores\/secciones\/cuerpos-que-importan\/\">\n\t\t\t\t\t\t\t<img loading=\"lazy\" decoding=\"async\" width=\"300\" height=\"300\" src=\"https:\/\/cinemigrante.org\/ediciones-anteriores\/wp-content\/uploads\/2022\/02\/cuerpos-que-importan-300x300.jpg\" class=\"attachment-medium size-medium wp-image-15421\" alt=\"\" srcset=\"https:\/\/cinemigrante.org\/ediciones-anteriores\/wp-content\/uploads\/2022\/02\/cuerpos-que-importan-300x300.jpg 300w, https:\/\/cinemigrante.org\/ediciones-anteriores\/wp-content\/uploads\/2022\/02\/cuerpos-que-importan-150x150.jpg 150w, https:\/\/cinemigrante.org\/ediciones-anteriores\/wp-content\/uploads\/2022\/02\/cuerpos-que-importan.jpg 500w\" sizes=\"(max-width: 300px) 100vw, 300px\" \/>\t\t\t\t\t\t\t\t<\/a>\n\t\t\t\t\t\t\t\t\t\t\t\t\t<\/div>\n\t\t\t\t<\/div>\n\t\t\t\t<div class=\"elementor-element elementor-element-56cc6769 elementor-widget elementor-widget-heading\" data-id=\"56cc6769\" data-element_type=\"widget\" data-widget_type=\"heading.default\">\n\t\t\t\t<div class=\"elementor-widget-container\">\n\t\t\t<h6 class=\"elementor-heading-title elementor-size-default\">SECCI\u00d3N TEM\u00c1TICA<\/h6>\t\t<\/div>\n\t\t\t\t<\/div>\n\t\t\t\t<div class=\"elementor-element elementor-element-7d26d574 elementor-widget elementor-widget-heading\" data-id=\"7d26d574\" data-element_type=\"widget\" data-widget_type=\"heading.default\">\n\t\t\t\t<div class=\"elementor-widget-container\">\n\t\t\t<h5 class=\"elementor-heading-title elementor-size-default\"><a href=\"https:\/\/cinemigrante.org\/ediciones-anteriores\/secciones\/cuerpos-que-importan\/\">CUERPOS QUE (IM)PORTAN, TERRITORIO Y CICATRICES<\/a><\/h5>\t\t<\/div>\n\t\t\t\t<\/div>\n\t\t\t\t<div class=\"elementor-element elementor-element-753c3240 elementor-widget elementor-widget-heading\" data-id=\"753c3240\" data-element_type=\"widget\" data-widget_type=\"heading.default\">\n\t\t\t\t<div class=\"elementor-widget-container\">\n\t\t\t<h6 class=\"elementor-heading-title elementor-size-default\">Curadur\u00eda de Mar\u00eda Ruido y Florencia Mazzadi<\/h6>\t\t<\/div>\n\t\t\t\t<\/div>\n\t\t\t\t\t<\/div>\n\t\t<\/div>\n\t\t\t\t<div class=\"elementor-column elementor-col-20 elementor-inner-column elementor-element elementor-element-7e39eda6\" data-id=\"7e39eda6\" data-element_type=\"column\">\n\t\t\t<div class=\"elementor-widget-wrap\">\n\t\t\t\t\t\t\t<\/div>\n\t\t<\/div>\n\t\t\t\t<div class=\"elementor-column elementor-col-20 elementor-inner-column elementor-element elementor-element-351ae49c caja-sombra\" data-id=\"351ae49c\" data-element_type=\"column\">\n\t\t\t<div class=\"elementor-widget-wrap elementor-element-populated\">\n\t\t\t\t\t\t<div class=\"elementor-element elementor-element-25b3c7e seccion-thumb elementor-widget elementor-widget-image\" data-id=\"25b3c7e\" data-element_type=\"widget\" data-widget_type=\"image.default\">\n\t\t\t\t<div class=\"elementor-widget-container\">\n\t\t\t\t\t\t\t\t\t\t\t\t\t\t<a href=\"https:\/\/cinemigrante.org\/ediciones-anteriores\/secciones\/noches-extranas-6-edicion\/\">\n\t\t\t\t\t\t\t<img loading=\"lazy\" decoding=\"async\" width=\"300\" height=\"300\" src=\"https:\/\/cinemigrante.org\/ediciones-anteriores\/wp-content\/uploads\/2022\/02\/noches-extranas-6-300x300.jpg\" class=\"attachment-medium size-medium wp-image-15423\" alt=\"\" srcset=\"https:\/\/cinemigrante.org\/ediciones-anteriores\/wp-content\/uploads\/2022\/02\/noches-extranas-6-300x300.jpg 300w, https:\/\/cinemigrante.org\/ediciones-anteriores\/wp-content\/uploads\/2022\/02\/noches-extranas-6-150x150.jpg 150w, https:\/\/cinemigrante.org\/ediciones-anteriores\/wp-content\/uploads\/2022\/02\/noches-extranas-6.jpg 500w\" sizes=\"(max-width: 300px) 100vw, 300px\" \/>\t\t\t\t\t\t\t\t<\/a>\n\t\t\t\t\t\t\t\t\t\t\t\t\t<\/div>\n\t\t\t\t<\/div>\n\t\t\t\t<div class=\"elementor-element elementor-element-6ebd4e83 elementor-widget elementor-widget-heading\" data-id=\"6ebd4e83\" data-element_type=\"widget\" data-widget_type=\"heading.default\">\n\t\t\t\t<div class=\"elementor-widget-container\">\n\t\t\t<h6 class=\"elementor-heading-title elementor-size-default\">SECCI\u00d3N ESPECIAL<\/h6>\t\t<\/div>\n\t\t\t\t<\/div>\n\t\t\t\t<div class=\"elementor-element elementor-element-7c9c7099 elementor-widget elementor-widget-heading\" data-id=\"7c9c7099\" data-element_type=\"widget\" data-widget_type=\"heading.default\">\n\t\t\t\t<div class=\"elementor-widget-container\">\n\t\t\t<h5 class=\"elementor-heading-title elementor-size-default\"><a href=\"https:\/\/cinemigrante.org\/ediciones-anteriores\/secciones\/noches-extranas-6-edicion\/\">NOCHES EXTRA\u00d1AS, 6 EDICI\u00d3N<\/a><\/h5>\t\t<\/div>\n\t\t\t\t<\/div>\n\t\t\t\t<div class=\"elementor-element elementor-element-361b2d49 elementor-widget elementor-widget-heading\" data-id=\"361b2d49\" data-element_type=\"widget\" data-widget_type=\"heading.default\">\n\t\t\t\t<div class=\"elementor-widget-container\">\n\t\t\t<h6 class=\"elementor-heading-title elementor-size-default\">Curadur\u00eda de Christian Jankowsky<\/h6>\t\t<\/div>\n\t\t\t\t<\/div>\n\t\t\t\t\t<\/div>\n\t\t<\/div>\n\t\t\t\t\t<\/div>\n\t\t<\/section>\n\t\t\t\t\t<\/div>\n\t\t<\/div>\n\t\t\t\t\t<\/div>\n\t\t<\/section>\n\t\t\t\t<section class=\"elementor-section elementor-top-section elementor-element elementor-element-2fde537 elementor-section-full_width elementor-section-height-default elementor-section-height-default\" data-id=\"2fde537\" data-element_type=\"section\">\n\t\t\t\t\t\t<div class=\"elementor-container elementor-column-gap-default\">\n\t\t\t\t\t<div class=\"elementor-column elementor-col-100 elementor-top-column elementor-element elementor-element-62fbeed\" data-id=\"62fbeed\" data-element_type=\"column\">\n\t\t\t<div class=\"elementor-widget-wrap elementor-element-populated\">\n\t\t\t\t\t\t<section class=\"elementor-section elementor-inner-section elementor-element elementor-element-058e449 elementor-section-boxed elementor-section-height-default elementor-section-height-default\" data-id=\"058e449\" data-element_type=\"section\">\n\t\t\t\t\t\t<div class=\"elementor-container elementor-column-gap-narrow\">\n\t\t\t\t\t<div class=\"elementor-column elementor-col-20 elementor-inner-column elementor-element elementor-element-7e248b2\" data-id=\"7e248b2\" data-element_type=\"column\">\n\t\t\t<div class=\"elementor-widget-wrap\">\n\t\t\t\t\t\t\t<\/div>\n\t\t<\/div>\n\t\t\t\t<div class=\"elementor-column elementor-col-20 elementor-inner-column elementor-element elementor-element-e7cf970 caja-sombra\" data-id=\"e7cf970\" data-element_type=\"column\">\n\t\t\t<div class=\"elementor-widget-wrap elementor-element-populated\">\n\t\t\t\t\t\t<div class=\"elementor-element elementor-element-5488636 seccion-thumb elementor-widget elementor-widget-image\" data-id=\"5488636\" data-element_type=\"widget\" data-widget_type=\"image.default\">\n\t\t\t\t<div class=\"elementor-widget-container\">\n\t\t\t\t\t\t\t\t\t\t\t\t\t\t<a href=\"https:\/\/cinemigrante.org\/ediciones-anteriores\/secciones\/foco-ficunam\/\">\n\t\t\t\t\t\t\t<img loading=\"lazy\" decoding=\"async\" width=\"300\" height=\"300\" src=\"https:\/\/cinemigrante.org\/ediciones-anteriores\/wp-content\/uploads\/2022\/02\/ficunam-300x300.jpg\" class=\"attachment-medium size-medium wp-image-15422\" alt=\"\" srcset=\"https:\/\/cinemigrante.org\/ediciones-anteriores\/wp-content\/uploads\/2022\/02\/ficunam-300x300.jpg 300w, https:\/\/cinemigrante.org\/ediciones-anteriores\/wp-content\/uploads\/2022\/02\/ficunam-150x150.jpg 150w, https:\/\/cinemigrante.org\/ediciones-anteriores\/wp-content\/uploads\/2022\/02\/ficunam.jpg 500w\" sizes=\"(max-width: 300px) 100vw, 300px\" \/>\t\t\t\t\t\t\t\t<\/a>\n\t\t\t\t\t\t\t\t\t\t\t\t\t<\/div>\n\t\t\t\t<\/div>\n\t\t\t\t<div class=\"elementor-element elementor-element-a210582 elementor-widget elementor-widget-heading\" data-id=\"a210582\" data-element_type=\"widget\" data-widget_type=\"heading.default\">\n\t\t\t\t<div class=\"elementor-widget-container\">\n\t\t\t<h6 class=\"elementor-heading-title elementor-size-default\">FOCO<\/h6>\t\t<\/div>\n\t\t\t\t<\/div>\n\t\t\t\t<div class=\"elementor-element elementor-element-1c64f5d elementor-widget elementor-widget-heading\" data-id=\"1c64f5d\" data-element_type=\"widget\" data-widget_type=\"heading.default\">\n\t\t\t\t<div class=\"elementor-widget-container\">\n\t\t\t<h5 class=\"elementor-heading-title elementor-size-default\"><a href=\"https:\/\/cinemigrante.org\/ediciones-anteriores\/secciones\/foco-ficunam\/\">FICUNAM<\/a><\/h5>\t\t<\/div>\n\t\t\t\t<\/div>\n\t\t\t\t<div class=\"elementor-element elementor-element-c385def elementor-widget elementor-widget-heading\" data-id=\"c385def\" data-element_type=\"widget\" data-widget_type=\"heading.default\">\n\t\t\t\t<div class=\"elementor-widget-container\">\n\t\t\t<h6 class=\"elementor-heading-title elementor-size-default\">Curadur\u00eda de Eva Sangiorgi<\/h6>\t\t<\/div>\n\t\t\t\t<\/div>\n\t\t\t\t\t<\/div>\n\t\t<\/div>\n\t\t\t\t<div class=\"elementor-column elementor-col-20 elementor-inner-column elementor-element elementor-element-6bafdd6\" data-id=\"6bafdd6\" data-element_type=\"column\">\n\t\t\t<div class=\"elementor-widget-wrap\">\n\t\t\t\t\t\t\t<\/div>\n\t\t<\/div>\n\t\t\t\t<div class=\"elementor-column elementor-col-20 elementor-inner-column elementor-element elementor-element-fc9ebea caja-sombra\" data-id=\"fc9ebea\" data-element_type=\"column\">\n\t\t\t<div class=\"elementor-widget-wrap elementor-element-populated\">\n\t\t\t\t\t\t<div class=\"elementor-element elementor-element-dfe2569 seccion-thumb elementor-widget elementor-widget-image\" data-id=\"dfe2569\" data-element_type=\"widget\" data-widget_type=\"image.default\">\n\t\t\t\t<div class=\"elementor-widget-container\">\n\t\t\t\t\t\t\t\t\t\t\t\t\t\t<a href=\"https:\/\/cinemigrante.org\/ediciones-anteriores\/secciones\/retrospectiva-trinh-t-minh-ha\/\">\n\t\t\t\t\t\t\t<img loading=\"lazy\" decoding=\"async\" width=\"300\" height=\"300\" src=\"https:\/\/cinemigrante.org\/ediciones-anteriores\/wp-content\/uploads\/2022\/02\/trinf-t-retro-300x300.jpg\" class=\"attachment-medium size-medium wp-image-15426\" alt=\"\" srcset=\"https:\/\/cinemigrante.org\/ediciones-anteriores\/wp-content\/uploads\/2022\/02\/trinf-t-retro-300x300.jpg 300w, https:\/\/cinemigrante.org\/ediciones-anteriores\/wp-content\/uploads\/2022\/02\/trinf-t-retro-150x150.jpg 150w, https:\/\/cinemigrante.org\/ediciones-anteriores\/wp-content\/uploads\/2022\/02\/trinf-t-retro.jpg 500w\" sizes=\"(max-width: 300px) 100vw, 300px\" \/>\t\t\t\t\t\t\t\t<\/a>\n\t\t\t\t\t\t\t\t\t\t\t\t\t<\/div>\n\t\t\t\t<\/div>\n\t\t\t\t<div class=\"elementor-element elementor-element-5ab4c8f elementor-widget elementor-widget-heading\" data-id=\"5ab4c8f\" data-element_type=\"widget\" data-widget_type=\"heading.default\">\n\t\t\t\t<div class=\"elementor-widget-container\">\n\t\t\t<h6 class=\"elementor-heading-title elementor-size-default\">RETROSPECTIVA<\/h6>\t\t<\/div>\n\t\t\t\t<\/div>\n\t\t\t\t<div class=\"elementor-element elementor-element-41b03d8 elementor-widget elementor-widget-heading\" data-id=\"41b03d8\" data-element_type=\"widget\" data-widget_type=\"heading.default\">\n\t\t\t\t<div class=\"elementor-widget-container\">\n\t\t\t<h5 class=\"elementor-heading-title elementor-size-default\"><a href=\"https:\/\/cinemigrante.org\/ediciones-anteriores\/secciones\/retrospectiva-trinh-t-minh-ha\/\">TRINH T. MINH-HA<\/a><\/h5>\t\t<\/div>\n\t\t\t\t<\/div>\n\t\t\t\t<div class=\"elementor-element elementor-element-b474155 elementor-widget elementor-widget-heading\" data-id=\"b474155\" data-element_type=\"widget\" data-widget_type=\"heading.default\">\n\t\t\t\t<div class=\"elementor-widget-container\">\n\t\t\t<h6 class=\"elementor-heading-title elementor-size-default\">Curadur\u00eda de Cristina Voto<\/h6>\t\t<\/div>\n\t\t\t\t<\/div>\n\t\t\t\t\t<\/div>\n\t\t<\/div>\n\t\t\t\t<div class=\"elementor-column elementor-col-20 elementor-inner-column elementor-element elementor-element-df6e5a5\" data-id=\"df6e5a5\" data-element_type=\"column\">\n\t\t\t<div class=\"elementor-widget-wrap\">\n\t\t\t\t\t\t\t<\/div>\n\t\t<\/div>\n\t\t\t\t\t<\/div>\n\t\t<\/section>\n\t\t\t\t\t<\/div>\n\t\t<\/div>\n\t\t\t\t\t<\/div>\n\t\t<\/section>\n\t\t\t\t<section class=\"elementor-section elementor-top-section elementor-element elementor-element-4e5fe892 elementor-section-boxed elementor-section-height-default elementor-section-height-default\" data-id=\"4e5fe892\" data-element_type=\"section\" data-settings=\"{&quot;background_background&quot;:&quot;classic&quot;}\">\n\t\t\t\t\t\t<div class=\"elementor-container elementor-column-gap-default\">\n\t\t\t\t\t<div class=\"elementor-column elementor-col-100 elementor-top-column elementor-element elementor-element-1806a52f\" data-id=\"1806a52f\" data-element_type=\"column\">\n\t\t\t<div class=\"elementor-widget-wrap elementor-element-populated\">\n\t\t\t\t\t\t<div class=\"elementor-element elementor-element-ee491e7 elementor-widget elementor-widget-spacer\" data-id=\"ee491e7\" data-element_type=\"widget\" data-widget_type=\"spacer.default\">\n\t\t\t\t<div class=\"elementor-widget-container\">\n\t\t\t\t\t<div class=\"elementor-spacer\">\n\t\t\t<div class=\"elementor-spacer-inner\"><\/div>\n\t\t<\/div>\n\t\t\t\t<\/div>\n\t\t\t\t<\/div>\n\t\t\t\t<div class=\"elementor-element elementor-element-1a5b2138 elementor-widget elementor-widget-heading\" data-id=\"1a5b2138\" data-element_type=\"widget\" data-widget_type=\"heading.default\">\n\t\t\t\t<div class=\"elementor-widget-container\">\n\t\t\t<h2 class=\"elementor-heading-title elementor-size-default\">Programaci\u00f3n completa<\/h2>\t\t<\/div>\n\t\t\t\t<\/div>\n\t\t\t\t<div class=\"elementor-element elementor-element-49e42627 fichas elementor-grid-eael-col-4 elementor-grid-tablet-eael-col-2 elementor-grid-mobile-eael-col-1 elementor-widget elementor-widget-eael-post-grid\" data-id=\"49e42627\" data-element_type=\"widget\" data-settings=\"{&quot;eael_post_grid_columns&quot;:&quot;eael-col-4&quot;,&quot;eael_post_grid_columns_tablet&quot;:&quot;eael-col-2&quot;,&quot;eael_post_grid_columns_mobile&quot;:&quot;eael-col-1&quot;}\" data-widget_type=\"eael-post-grid.default\">\n\t\t\t\t<div class=\"elementor-widget-container\">\n\t\t\t<div id=\"eael-post-grid-49e42627\" class=\"eael-post-grid-container\">\n            <div class=\"eael-post-grid eael-post-appender eael-post-appender-49e42627 eael-post-grid-style-two\" data-layout-mode=\"masonry\"><article class=\"eael-grid-post eael-post-grid-column\" data-id=\"3704\">\n        <div class=\"eael-grid-post-holder\">\n            <div class=\"eael-grid-post-holder-inner\"><div class=\"eael-entry-media\"><div class=\"eael-entry-overlay fade-in\"><i class=\"\" aria-hidden=\"true\"><\/i><a href=\"https:\/\/cinemigrante.org\/ediciones-anteriores\/archivos\/films\/400-maletas\"><\/a><\/div><div class=\"eael-entry-thumbnail \">\n                                <img loading=\"lazy\" decoding=\"async\" width=\"300\" height=\"169\" src=\"https:\/\/cinemigrante.org\/ediciones-anteriores\/wp-content\/uploads\/2018\/06\/400maletas-1-300x169.png\" class=\"attachment-medium size-medium wp-image-3688\" alt=\"\" srcset=\"https:\/\/cinemigrante.org\/ediciones-anteriores\/wp-content\/uploads\/2018\/06\/400maletas-1-300x169.png 300w, https:\/\/cinemigrante.org\/ediciones-anteriores\/wp-content\/uploads\/2018\/06\/400maletas-1-768x432.png 768w, https:\/\/cinemigrante.org\/ediciones-anteriores\/wp-content\/uploads\/2018\/06\/400maletas-1-1024x576.png 1024w, https:\/\/cinemigrante.org\/ediciones-anteriores\/wp-content\/uploads\/2018\/06\/400maletas-1.png 1280w\" sizes=\"(max-width: 300px) 100vw, 300px\" \/>\n                              <\/div>\n                      <\/div><div class=\"eael-entry-wrapper\"><header class=\"eael-entry-header\"><h2 class=\"eael-entry-title\"><a\n                                    class=\"eael-grid-post-link\"\n                                    href=\"https:\/\/cinemigrante.org\/ediciones-anteriores\/archivos\/films\/400-maletas\"\n                                    title=\"400 Maletas\">400 Maletas<\/a><\/h2><\/header><div class=\"eael-entry-header-after style-two\"><div class=\"eael-entry-meta\"><span class=\"eael-meta-posted-on\"><i class=\"far fa-clock\"><\/i><time datetime=\"16 junio, 2018\">16 junio, 2018<\/time><\/span><\/div><\/div><\/div><\/div>\n        <\/div>\n    <\/article><article class=\"eael-grid-post eael-post-grid-column\" data-id=\"3711\">\n        <div class=\"eael-grid-post-holder\">\n            <div class=\"eael-grid-post-holder-inner\"><div class=\"eael-entry-media\"><div class=\"eael-entry-overlay fade-in\"><i class=\"\" aria-hidden=\"true\"><\/i><a href=\"https:\/\/cinemigrante.org\/ediciones-anteriores\/archivos\/films\/a-death-you-could-die-by\"><\/a><\/div><div class=\"eael-entry-thumbnail \">\n                                <img loading=\"lazy\" decoding=\"async\" width=\"300\" height=\"168\" src=\"https:\/\/cinemigrante.org\/ediciones-anteriores\/wp-content\/uploads\/2018\/06\/A-death-you-could-die-by-300x168.png\" class=\"attachment-medium size-medium wp-image-3689\" alt=\"\" srcset=\"https:\/\/cinemigrante.org\/ediciones-anteriores\/wp-content\/uploads\/2018\/06\/A-death-you-could-die-by-300x168.png 300w, https:\/\/cinemigrante.org\/ediciones-anteriores\/wp-content\/uploads\/2018\/06\/A-death-you-could-die-by-768x431.png 768w, https:\/\/cinemigrante.org\/ediciones-anteriores\/wp-content\/uploads\/2018\/06\/A-death-you-could-die-by-1024x574.png 1024w, https:\/\/cinemigrante.org\/ediciones-anteriores\/wp-content\/uploads\/2018\/06\/A-death-you-could-die-by.png 1280w\" sizes=\"(max-width: 300px) 100vw, 300px\" \/>\n                              <\/div>\n                      <\/div><div class=\"eael-entry-wrapper\"><header class=\"eael-entry-header\"><h2 class=\"eael-entry-title\"><a\n                                    class=\"eael-grid-post-link\"\n                                    href=\"https:\/\/cinemigrante.org\/ediciones-anteriores\/archivos\/films\/a-death-you-could-die-by\"\n                                    title=\"A Death You Could Die By?\">A Death You Could Die By?<\/a><\/h2><\/header><div class=\"eael-entry-header-after style-two\"><div class=\"eael-entry-meta\"><span class=\"eael-meta-posted-on\"><i class=\"far fa-clock\"><\/i><time datetime=\"16 junio, 2018\">16 junio, 2018<\/time><\/span><\/div><\/div><\/div><\/div>\n        <\/div>\n    <\/article><article class=\"eael-grid-post eael-post-grid-column\" data-id=\"3673\">\n        <div class=\"eael-grid-post-holder\">\n            <div class=\"eael-grid-post-holder-inner\"><div class=\"eael-entry-media\"><div class=\"eael-entry-overlay fade-in\"><i class=\"\" aria-hidden=\"true\"><\/i><a href=\"https:\/\/cinemigrante.org\/ediciones-anteriores\/archivos\/films\/a-tale-of-love\"><\/a><\/div><div class=\"eael-entry-thumbnail \">\n                                <img loading=\"lazy\" decoding=\"async\" width=\"300\" height=\"169\" src=\"https:\/\/cinemigrante.org\/ediciones-anteriores\/wp-content\/uploads\/2018\/06\/atale-300x169.jpg\" class=\"attachment-medium size-medium wp-image-3674\" alt=\"\" srcset=\"https:\/\/cinemigrante.org\/ediciones-anteriores\/wp-content\/uploads\/2018\/06\/atale-300x169.jpg 300w, https:\/\/cinemigrante.org\/ediciones-anteriores\/wp-content\/uploads\/2018\/06\/atale-768x433.jpg 768w, https:\/\/cinemigrante.org\/ediciones-anteriores\/wp-content\/uploads\/2018\/06\/atale-1024x577.jpg 1024w, https:\/\/cinemigrante.org\/ediciones-anteriores\/wp-content\/uploads\/2018\/06\/atale.jpg 1280w\" sizes=\"(max-width: 300px) 100vw, 300px\" \/>\n                              <\/div>\n                      <\/div><div class=\"eael-entry-wrapper\"><header class=\"eael-entry-header\"><h2 class=\"eael-entry-title\"><a\n                                    class=\"eael-grid-post-link\"\n                                    href=\"https:\/\/cinemigrante.org\/ediciones-anteriores\/archivos\/films\/a-tale-of-love\"\n                                    title=\"A Tale of Love\">A Tale of Love<\/a><\/h2><\/header><div class=\"eael-entry-header-after style-two\"><div class=\"eael-entry-meta\"><span class=\"eael-meta-posted-on\"><i class=\"far fa-clock\"><\/i><time datetime=\"16 junio, 2018\">16 junio, 2018<\/time><\/span><\/div><\/div><\/div><\/div>\n        <\/div>\n    <\/article><article class=\"eael-grid-post eael-post-grid-column\" data-id=\"16186\">\n        <div class=\"eael-grid-post-holder\">\n            <div class=\"eael-grid-post-holder-inner\"><div class=\"eael-entry-media\"><div class=\"eael-entry-overlay fade-in\"><i class=\"\" aria-hidden=\"true\"><\/i><a href=\"https:\/\/cinemigrante.org\/ediciones-anteriores\/archivos\/films\/branco-sai-preto-fica-2\"><\/a><\/div><div class=\"eael-entry-thumbnail \">\n                                <img loading=\"lazy\" decoding=\"async\" width=\"300\" height=\"169\" src=\"https:\/\/cinemigrante.org\/ediciones-anteriores\/wp-content\/uploads\/2018\/09\/Branco-Sai-Preto-Fica-1-300x169.jpg\" class=\"attachment-medium size-medium wp-image-4729\" alt=\"\" srcset=\"https:\/\/cinemigrante.org\/ediciones-anteriores\/wp-content\/uploads\/2018\/09\/Branco-Sai-Preto-Fica-1-300x169.jpg 300w, https:\/\/cinemigrante.org\/ediciones-anteriores\/wp-content\/uploads\/2018\/09\/Branco-Sai-Preto-Fica-1-768x432.jpg 768w, https:\/\/cinemigrante.org\/ediciones-anteriores\/wp-content\/uploads\/2018\/09\/Branco-Sai-Preto-Fica-1-1024x576.jpg 1024w, https:\/\/cinemigrante.org\/ediciones-anteriores\/wp-content\/uploads\/2018\/09\/Branco-Sai-Preto-Fica-1.jpg 1280w\" sizes=\"(max-width: 300px) 100vw, 300px\" \/>\n                              <\/div>\n                      <\/div><div class=\"eael-entry-wrapper\"><header class=\"eael-entry-header\"><h2 class=\"eael-entry-title\"><a\n                                    class=\"eael-grid-post-link\"\n                                    href=\"https:\/\/cinemigrante.org\/ediciones-anteriores\/archivos\/films\/branco-sai-preto-fica-2\"\n                                    title=\"Branco Sai, Preto Fica\">Branco Sai, Preto Fica<\/a><\/h2><\/header><div class=\"eael-entry-header-after style-two\"><div class=\"eael-entry-meta\"><span class=\"eael-meta-posted-on\"><i class=\"far fa-clock\"><\/i><time datetime=\"10 marzo, 2022\">10 marzo, 2022<\/time><\/span><\/div><\/div><\/div><\/div>\n        <\/div>\n    <\/article><article class=\"eael-grid-post eael-post-grid-column\" data-id=\"11894\">\n        <div class=\"eael-grid-post-holder\">\n            <div class=\"eael-grid-post-holder-inner\"><div class=\"eael-entry-media\"><div class=\"eael-entry-overlay fade-in\"><i class=\"\" aria-hidden=\"true\"><\/i><a href=\"https:\/\/cinemigrante.org\/ediciones-anteriores\/archivos\/films\/broken-land\"><\/a><\/div><div class=\"eael-entry-thumbnail \">\n                                <img loading=\"lazy\" decoding=\"async\" width=\"300\" height=\"169\" src=\"https:\/\/cinemigrante.org\/ediciones-anteriores\/wp-content\/uploads\/2021\/06\/Broken-Land-FOTO-PELI-300x169.jpg\" class=\"attachment-medium size-medium wp-image-11895\" alt=\"\" srcset=\"https:\/\/cinemigrante.org\/ediciones-anteriores\/wp-content\/uploads\/2021\/06\/Broken-Land-FOTO-PELI-300x169.jpg 300w, https:\/\/cinemigrante.org\/ediciones-anteriores\/wp-content\/uploads\/2021\/06\/Broken-Land-FOTO-PELI-1024x576.jpg 1024w, https:\/\/cinemigrante.org\/ediciones-anteriores\/wp-content\/uploads\/2021\/06\/Broken-Land-FOTO-PELI-768x432.jpg 768w, https:\/\/cinemigrante.org\/ediciones-anteriores\/wp-content\/uploads\/2021\/06\/Broken-Land-FOTO-PELI.jpg 1280w\" sizes=\"(max-width: 300px) 100vw, 300px\" \/>\n                              <\/div>\n                      <\/div><div class=\"eael-entry-wrapper\"><header class=\"eael-entry-header\"><h2 class=\"eael-entry-title\"><a\n                                    class=\"eael-grid-post-link\"\n                                    href=\"https:\/\/cinemigrante.org\/ediciones-anteriores\/archivos\/films\/broken-land\"\n                                    title=\"Broken Land\">Broken Land<\/a><\/h2><\/header><div class=\"eael-entry-header-after style-two\"><div class=\"eael-entry-meta\"><span class=\"eael-meta-posted-on\"><i class=\"far fa-clock\"><\/i><time datetime=\"7 junio, 2021\">7 junio, 2021<\/time><\/span><\/div><\/div><\/div><\/div>\n        <\/div>\n    <\/article><article class=\"eael-grid-post eael-post-grid-column\" data-id=\"12154\">\n        <div class=\"eael-grid-post-holder\">\n            <div class=\"eael-grid-post-holder-inner\"><div class=\"eael-entry-media\"><div class=\"eael-entry-overlay fade-in\"><i class=\"\" aria-hidden=\"true\"><\/i><a href=\"https:\/\/cinemigrante.org\/ediciones-anteriores\/archivos\/films\/broken-tongue\"><\/a><\/div><div class=\"eael-entry-thumbnail \">\n                                <img loading=\"lazy\" decoding=\"async\" width=\"300\" height=\"169\" src=\"https:\/\/cinemigrante.org\/ediciones-anteriores\/wp-content\/uploads\/2021\/06\/Broken-Tongue-1-300x169.jpg\" class=\"attachment-medium size-medium wp-image-12155\" alt=\"\" srcset=\"https:\/\/cinemigrante.org\/ediciones-anteriores\/wp-content\/uploads\/2021\/06\/Broken-Tongue-1-300x169.jpg 300w, https:\/\/cinemigrante.org\/ediciones-anteriores\/wp-content\/uploads\/2021\/06\/Broken-Tongue-1-1024x576.jpg 1024w, https:\/\/cinemigrante.org\/ediciones-anteriores\/wp-content\/uploads\/2021\/06\/Broken-Tongue-1-768x432.jpg 768w, https:\/\/cinemigrante.org\/ediciones-anteriores\/wp-content\/uploads\/2021\/06\/Broken-Tongue-1.jpg 1280w\" sizes=\"(max-width: 300px) 100vw, 300px\" \/>\n                              <\/div>\n                      <\/div><div class=\"eael-entry-wrapper\"><header class=\"eael-entry-header\"><h2 class=\"eael-entry-title\"><a\n                                    class=\"eael-grid-post-link\"\n                                    href=\"https:\/\/cinemigrante.org\/ediciones-anteriores\/archivos\/films\/broken-tongue\"\n                                    title=\"Broken Tongue\">Broken Tongue<\/a><\/h2><\/header><div class=\"eael-entry-header-after style-two\"><div class=\"eael-entry-meta\"><span class=\"eael-meta-posted-on\"><i class=\"far fa-clock\"><\/i><time datetime=\"7 junio, 2021\">7 junio, 2021<\/time><\/span><\/div><\/div><\/div><\/div>\n        <\/div>\n    <\/article><article class=\"eael-grid-post eael-post-grid-column\" data-id=\"11896\">\n        <div class=\"eael-grid-post-holder\">\n            <div class=\"eael-grid-post-holder-inner\"><div class=\"eael-entry-media\"><div class=\"eael-entry-overlay fade-in\"><i class=\"\" aria-hidden=\"true\"><\/i><a href=\"https:\/\/cinemigrante.org\/ediciones-anteriores\/archivos\/films\/brule-la-mer\"><\/a><\/div><div class=\"eael-entry-thumbnail \">\n                                <img loading=\"lazy\" decoding=\"async\" width=\"300\" height=\"169\" src=\"https:\/\/cinemigrante.org\/ediciones-anteriores\/wp-content\/uploads\/2021\/06\/BruleLaMer-300x169.jpg\" class=\"attachment-medium size-medium wp-image-11900\" alt=\"\" srcset=\"https:\/\/cinemigrante.org\/ediciones-anteriores\/wp-content\/uploads\/2021\/06\/BruleLaMer-300x169.jpg 300w, https:\/\/cinemigrante.org\/ediciones-anteriores\/wp-content\/uploads\/2021\/06\/BruleLaMer-1024x576.jpg 1024w, https:\/\/cinemigrante.org\/ediciones-anteriores\/wp-content\/uploads\/2021\/06\/BruleLaMer-768x432.jpg 768w, https:\/\/cinemigrante.org\/ediciones-anteriores\/wp-content\/uploads\/2021\/06\/BruleLaMer.jpg 1280w\" sizes=\"(max-width: 300px) 100vw, 300px\" \/>\n                              <\/div>\n                      <\/div><div class=\"eael-entry-wrapper\"><header class=\"eael-entry-header\"><h2 class=\"eael-entry-title\"><a\n                                    class=\"eael-grid-post-link\"\n                                    href=\"https:\/\/cinemigrante.org\/ediciones-anteriores\/archivos\/films\/brule-la-mer\"\n                                    title=\"Br\u00fble la mer\">Br\u00fble la mer<\/a><\/h2><\/header><div class=\"eael-entry-header-after style-two\"><div class=\"eael-entry-meta\"><span class=\"eael-meta-posted-on\"><i class=\"far fa-clock\"><\/i><time datetime=\"7 junio, 2021\">7 junio, 2021<\/time><\/span><\/div><\/div><\/div><\/div>\n        <\/div>\n    <\/article><article class=\"eael-grid-post eael-post-grid-column\" data-id=\"11902\">\n        <div class=\"eael-grid-post-holder\">\n            <div class=\"eael-grid-post-holder-inner\"><div class=\"eael-entry-media\"><div class=\"eael-entry-overlay fade-in\"><i class=\"\" aria-hidden=\"true\"><\/i><a href=\"https:\/\/cinemigrante.org\/ediciones-anteriores\/archivos\/films\/bucharest-year-of-the-dragon\"><\/a><\/div><div class=\"eael-entry-thumbnail \">\n                                <img loading=\"lazy\" decoding=\"async\" width=\"300\" height=\"169\" src=\"https:\/\/cinemigrante.org\/ediciones-anteriores\/wp-content\/uploads\/2021\/06\/Bucharest-YearOfTheDragon-300x169.jpg\" class=\"attachment-medium size-medium wp-image-11904\" alt=\"\" srcset=\"https:\/\/cinemigrante.org\/ediciones-anteriores\/wp-content\/uploads\/2021\/06\/Bucharest-YearOfTheDragon-300x169.jpg 300w, https:\/\/cinemigrante.org\/ediciones-anteriores\/wp-content\/uploads\/2021\/06\/Bucharest-YearOfTheDragon-1024x576.jpg 1024w, https:\/\/cinemigrante.org\/ediciones-anteriores\/wp-content\/uploads\/2021\/06\/Bucharest-YearOfTheDragon-768x432.jpg 768w, https:\/\/cinemigrante.org\/ediciones-anteriores\/wp-content\/uploads\/2021\/06\/Bucharest-YearOfTheDragon.jpg 1280w\" sizes=\"(max-width: 300px) 100vw, 300px\" \/>\n                              <\/div>\n                      <\/div><div class=\"eael-entry-wrapper\"><header class=\"eael-entry-header\"><h2 class=\"eael-entry-title\"><a\n                                    class=\"eael-grid-post-link\"\n                                    href=\"https:\/\/cinemigrante.org\/ediciones-anteriores\/archivos\/films\/bucharest-year-of-the-dragon\"\n                                    title=\"Bucharest &#8211; Year of the Dragon\">Bucharest &#8211; Year of the Dragon<\/a><\/h2><\/header><div class=\"eael-entry-header-after style-two\"><div class=\"eael-entry-meta\"><span class=\"eael-meta-posted-on\"><i class=\"far fa-clock\"><\/i><time datetime=\"7 junio, 2021\">7 junio, 2021<\/time><\/span><\/div><\/div><\/div><\/div>\n        <\/div>\n    <\/article><article class=\"eael-grid-post eael-post-grid-column\" data-id=\"12064\">\n        <div class=\"eael-grid-post-holder\">\n            <div class=\"eael-grid-post-holder-inner\"><div class=\"eael-entry-media\"><div class=\"eael-entry-overlay fade-in\"><i class=\"\" aria-hidden=\"true\"><\/i><a href=\"https:\/\/cinemigrante.org\/ediciones-anteriores\/archivos\/films\/buffalo-juggalos\"><\/a><\/div><div class=\"eael-entry-thumbnail \">\n                                <img loading=\"lazy\" decoding=\"async\" width=\"300\" height=\"169\" src=\"https:\/\/cinemigrante.org\/ediciones-anteriores\/wp-content\/uploads\/2021\/06\/Buffalo-Juggalos-300x169.jpg\" class=\"attachment-medium size-medium wp-image-12065\" alt=\"\" srcset=\"https:\/\/cinemigrante.org\/ediciones-anteriores\/wp-content\/uploads\/2021\/06\/Buffalo-Juggalos-300x169.jpg 300w, https:\/\/cinemigrante.org\/ediciones-anteriores\/wp-content\/uploads\/2021\/06\/Buffalo-Juggalos-1024x576.jpg 1024w, https:\/\/cinemigrante.org\/ediciones-anteriores\/wp-content\/uploads\/2021\/06\/Buffalo-Juggalos-768x432.jpg 768w, https:\/\/cinemigrante.org\/ediciones-anteriores\/wp-content\/uploads\/2021\/06\/Buffalo-Juggalos.jpg 1280w\" sizes=\"(max-width: 300px) 100vw, 300px\" \/>\n                              <\/div>\n                      <\/div><div class=\"eael-entry-wrapper\"><header class=\"eael-entry-header\"><h2 class=\"eael-entry-title\"><a\n                                    class=\"eael-grid-post-link\"\n                                    href=\"https:\/\/cinemigrante.org\/ediciones-anteriores\/archivos\/films\/buffalo-juggalos\"\n                                    title=\"Buffalo Juggalos\">Buffalo Juggalos<\/a><\/h2><\/header><div class=\"eael-entry-header-after style-two\"><div class=\"eael-entry-meta\"><span class=\"eael-meta-posted-on\"><i class=\"far fa-clock\"><\/i><time datetime=\"7 junio, 2021\">7 junio, 2021<\/time><\/span><\/div><\/div><\/div><\/div>\n        <\/div>\n    <\/article><article class=\"eael-grid-post eael-post-grid-column\" data-id=\"11908\">\n        <div class=\"eael-grid-post-holder\">\n            <div class=\"eael-grid-post-holder-inner\"><div class=\"eael-entry-media\"><div class=\"eael-entry-overlay fade-in\"><i class=\"\" aria-hidden=\"true\"><\/i><a href=\"https:\/\/cinemigrante.org\/ediciones-anteriores\/archivos\/films\/ce-quil-reste-de-la-folie\"><\/a><\/div><div class=\"eael-entry-thumbnail \">\n                                <img loading=\"lazy\" decoding=\"async\" width=\"300\" height=\"169\" src=\"https:\/\/cinemigrante.org\/ediciones-anteriores\/wp-content\/uploads\/2021\/06\/CeQuIlRestDeLaFolie-300x169.jpg\" class=\"attachment-medium size-medium wp-image-11910\" alt=\"\" srcset=\"https:\/\/cinemigrante.org\/ediciones-anteriores\/wp-content\/uploads\/2021\/06\/CeQuIlRestDeLaFolie-300x169.jpg 300w, https:\/\/cinemigrante.org\/ediciones-anteriores\/wp-content\/uploads\/2021\/06\/CeQuIlRestDeLaFolie-1024x576.jpg 1024w, https:\/\/cinemigrante.org\/ediciones-anteriores\/wp-content\/uploads\/2021\/06\/CeQuIlRestDeLaFolie-768x432.jpg 768w, https:\/\/cinemigrante.org\/ediciones-anteriores\/wp-content\/uploads\/2021\/06\/CeQuIlRestDeLaFolie.jpg 1280w\" sizes=\"(max-width: 300px) 100vw, 300px\" \/>\n                              <\/div>\n                      <\/div><div class=\"eael-entry-wrapper\"><header class=\"eael-entry-header\"><h2 class=\"eael-entry-title\"><a\n                                    class=\"eael-grid-post-link\"\n                                    href=\"https:\/\/cinemigrante.org\/ediciones-anteriores\/archivos\/films\/ce-quil-reste-de-la-folie\"\n                                    title=\"Ce qu\u2019il reste de la folie\">Ce qu\u2019il reste de la folie<\/a><\/h2><\/header><div class=\"eael-entry-header-after style-two\"><div class=\"eael-entry-meta\"><span class=\"eael-meta-posted-on\"><i class=\"far fa-clock\"><\/i><time datetime=\"7 junio, 2021\">7 junio, 2021<\/time><\/span><\/div><\/div><\/div><\/div>\n        <\/div>\n    <\/article><article class=\"eael-grid-post eael-post-grid-column\" data-id=\"11912\">\n        <div class=\"eael-grid-post-holder\">\n            <div class=\"eael-grid-post-holder-inner\"><div class=\"eael-entry-media\"><div class=\"eael-entry-overlay fade-in\"><i class=\"\" aria-hidden=\"true\"><\/i><a href=\"https:\/\/cinemigrante.org\/ediciones-anteriores\/archivos\/films\/censored-voices\"><\/a><\/div><div class=\"eael-entry-thumbnail \">\n                                <img loading=\"lazy\" decoding=\"async\" width=\"300\" height=\"169\" src=\"https:\/\/cinemigrante.org\/ediciones-anteriores\/wp-content\/uploads\/2021\/06\/CensoredVoices-300x169.jpg\" class=\"attachment-medium size-medium wp-image-11914\" alt=\"\" srcset=\"https:\/\/cinemigrante.org\/ediciones-anteriores\/wp-content\/uploads\/2021\/06\/CensoredVoices-300x169.jpg 300w, https:\/\/cinemigrante.org\/ediciones-anteriores\/wp-content\/uploads\/2021\/06\/CensoredVoices-1024x576.jpg 1024w, https:\/\/cinemigrante.org\/ediciones-anteriores\/wp-content\/uploads\/2021\/06\/CensoredVoices-768x432.jpg 768w, https:\/\/cinemigrante.org\/ediciones-anteriores\/wp-content\/uploads\/2021\/06\/CensoredVoices.jpg 1280w\" sizes=\"(max-width: 300px) 100vw, 300px\" \/>\n                              <\/div>\n                      <\/div><div class=\"eael-entry-wrapper\"><header class=\"eael-entry-header\"><h2 class=\"eael-entry-title\"><a\n                                    class=\"eael-grid-post-link\"\n                                    href=\"https:\/\/cinemigrante.org\/ediciones-anteriores\/archivos\/films\/censored-voices\"\n                                    title=\"Censored Voices\">Censored Voices<\/a><\/h2><\/header><div class=\"eael-entry-header-after style-two\"><div class=\"eael-entry-meta\"><span class=\"eael-meta-posted-on\"><i class=\"far fa-clock\"><\/i><time datetime=\"7 junio, 2021\">7 junio, 2021<\/time><\/span><\/div><\/div><\/div><\/div>\n        <\/div>\n    <\/article><article class=\"eael-grid-post eael-post-grid-column\" data-id=\"12120\">\n        <div class=\"eael-grid-post-holder\">\n            <div class=\"eael-grid-post-holder-inner\"><div class=\"eael-entry-media\"><div class=\"eael-entry-overlay fade-in\"><i class=\"\" aria-hidden=\"true\"><\/i><a href=\"https:\/\/cinemigrante.org\/ediciones-anteriores\/archivos\/films\/concerning-violence\"><\/a><\/div><div class=\"eael-entry-thumbnail \">\n                                <img loading=\"lazy\" decoding=\"async\" width=\"300\" height=\"169\" src=\"https:\/\/cinemigrante.org\/ediciones-anteriores\/wp-content\/uploads\/2021\/06\/Concerning-Violence-1-300x169.jpg\" class=\"attachment-medium size-medium wp-image-12141\" alt=\"\" srcset=\"https:\/\/cinemigrante.org\/ediciones-anteriores\/wp-content\/uploads\/2021\/06\/Concerning-Violence-1-300x169.jpg 300w, https:\/\/cinemigrante.org\/ediciones-anteriores\/wp-content\/uploads\/2021\/06\/Concerning-Violence-1-1024x576.jpg 1024w, https:\/\/cinemigrante.org\/ediciones-anteriores\/wp-content\/uploads\/2021\/06\/Concerning-Violence-1-768x432.jpg 768w, https:\/\/cinemigrante.org\/ediciones-anteriores\/wp-content\/uploads\/2021\/06\/Concerning-Violence-1.jpg 1280w\" sizes=\"(max-width: 300px) 100vw, 300px\" \/>\n                              <\/div>\n                      <\/div><div class=\"eael-entry-wrapper\"><header class=\"eael-entry-header\"><h2 class=\"eael-entry-title\"><a\n                                    class=\"eael-grid-post-link\"\n                                    href=\"https:\/\/cinemigrante.org\/ediciones-anteriores\/archivos\/films\/concerning-violence\"\n                                    title=\"Concerning Violence\">Concerning Violence<\/a><\/h2><\/header><div class=\"eael-entry-header-after style-two\"><div class=\"eael-entry-meta\"><span class=\"eael-meta-posted-on\"><i class=\"far fa-clock\"><\/i><time datetime=\"7 junio, 2021\">7 junio, 2021<\/time><\/span><\/div><\/div><\/div><\/div>\n        <\/div>\n    <\/article><article class=\"eael-grid-post eael-post-grid-column\" data-id=\"12157\">\n        <div class=\"eael-grid-post-holder\">\n            <div class=\"eael-grid-post-holder-inner\"><div class=\"eael-entry-media\"><div class=\"eael-entry-overlay fade-in\"><i class=\"\" aria-hidden=\"true\"><\/i><a href=\"https:\/\/cinemigrante.org\/ediciones-anteriores\/archivos\/films\/deep-sleep\"><\/a><\/div><div class=\"eael-entry-thumbnail \">\n                                <img loading=\"lazy\" decoding=\"async\" width=\"300\" height=\"169\" src=\"https:\/\/cinemigrante.org\/ediciones-anteriores\/wp-content\/uploads\/2021\/06\/DEEP-SLEEP-300x169.jpg\" class=\"attachment-medium size-medium wp-image-12159\" alt=\"\" srcset=\"https:\/\/cinemigrante.org\/ediciones-anteriores\/wp-content\/uploads\/2021\/06\/DEEP-SLEEP-300x169.jpg 300w, https:\/\/cinemigrante.org\/ediciones-anteriores\/wp-content\/uploads\/2021\/06\/DEEP-SLEEP-1024x576.jpg 1024w, https:\/\/cinemigrante.org\/ediciones-anteriores\/wp-content\/uploads\/2021\/06\/DEEP-SLEEP-768x432.jpg 768w, https:\/\/cinemigrante.org\/ediciones-anteriores\/wp-content\/uploads\/2021\/06\/DEEP-SLEEP.jpg 1280w\" sizes=\"(max-width: 300px) 100vw, 300px\" \/>\n                              <\/div>\n                      <\/div><div class=\"eael-entry-wrapper\"><header class=\"eael-entry-header\"><h2 class=\"eael-entry-title\"><a\n                                    class=\"eael-grid-post-link\"\n                                    href=\"https:\/\/cinemigrante.org\/ediciones-anteriores\/archivos\/films\/deep-sleep\"\n                                    title=\"Deep Sleep\">Deep Sleep<\/a><\/h2><\/header><div class=\"eael-entry-header-after style-two\"><div class=\"eael-entry-meta\"><span class=\"eael-meta-posted-on\"><i class=\"far fa-clock\"><\/i><time datetime=\"7 junio, 2021\">7 junio, 2021<\/time><\/span><\/div><\/div><\/div><\/div>\n        <\/div>\n    <\/article><article class=\"eael-grid-post eael-post-grid-column\" data-id=\"12161\">\n        <div class=\"eael-grid-post-holder\">\n            <div class=\"eael-grid-post-holder-inner\"><div class=\"eael-entry-media\"><div class=\"eael-entry-overlay fade-in\"><i class=\"\" aria-hidden=\"true\"><\/i><a href=\"https:\/\/cinemigrante.org\/ediciones-anteriores\/archivos\/films\/diamante-mandarin\"><\/a><\/div><div class=\"eael-entry-thumbnail \">\n                                <img loading=\"lazy\" decoding=\"async\" width=\"300\" height=\"169\" src=\"https:\/\/cinemigrante.org\/ediciones-anteriores\/wp-content\/uploads\/2021\/06\/Diamante-Mandarin-FOTO-PELI-1-300x169.jpeg\" class=\"attachment-medium size-medium wp-image-12164\" alt=\"\" srcset=\"https:\/\/cinemigrante.org\/ediciones-anteriores\/wp-content\/uploads\/2021\/06\/Diamante-Mandarin-FOTO-PELI-1-300x169.jpeg 300w, https:\/\/cinemigrante.org\/ediciones-anteriores\/wp-content\/uploads\/2021\/06\/Diamante-Mandarin-FOTO-PELI-1-1024x576.jpeg 1024w, https:\/\/cinemigrante.org\/ediciones-anteriores\/wp-content\/uploads\/2021\/06\/Diamante-Mandarin-FOTO-PELI-1-768x432.jpeg 768w, https:\/\/cinemigrante.org\/ediciones-anteriores\/wp-content\/uploads\/2021\/06\/Diamante-Mandarin-FOTO-PELI-1.jpeg 1280w\" sizes=\"(max-width: 300px) 100vw, 300px\" \/>\n                              <\/div>\n                      <\/div><div class=\"eael-entry-wrapper\"><header class=\"eael-entry-header\"><h2 class=\"eael-entry-title\"><a\n                                    class=\"eael-grid-post-link\"\n                                    href=\"https:\/\/cinemigrante.org\/ediciones-anteriores\/archivos\/films\/diamante-mandarin\"\n                                    title=\"Diamante Mandar\u00edn\">Diamante Mandar\u00edn<\/a><\/h2><\/header><div class=\"eael-entry-header-after style-two\"><div class=\"eael-entry-meta\"><span class=\"eael-meta-posted-on\"><i class=\"far fa-clock\"><\/i><time datetime=\"7 junio, 2021\">7 junio, 2021<\/time><\/span><\/div><\/div><\/div><\/div>\n        <\/div>\n    <\/article><article class=\"eael-grid-post eael-post-grid-column\" data-id=\"11916\">\n        <div class=\"eael-grid-post-holder\">\n            <div class=\"eael-grid-post-holder-inner\"><div class=\"eael-entry-media\"><div class=\"eael-entry-overlay fade-in\"><i class=\"\" aria-hidden=\"true\"><\/i><a href=\"https:\/\/cinemigrante.org\/ediciones-anteriores\/archivos\/films\/efekt-domina\"><\/a><\/div><div class=\"eael-entry-thumbnail \">\n                                <img loading=\"lazy\" decoding=\"async\" width=\"300\" height=\"169\" src=\"https:\/\/cinemigrante.org\/ediciones-anteriores\/wp-content\/uploads\/2021\/06\/Domino-Effect-300x169.jpg\" class=\"attachment-medium size-medium wp-image-11919\" alt=\"\" srcset=\"https:\/\/cinemigrante.org\/ediciones-anteriores\/wp-content\/uploads\/2021\/06\/Domino-Effect-300x169.jpg 300w, https:\/\/cinemigrante.org\/ediciones-anteriores\/wp-content\/uploads\/2021\/06\/Domino-Effect-1024x576.jpg 1024w, https:\/\/cinemigrante.org\/ediciones-anteriores\/wp-content\/uploads\/2021\/06\/Domino-Effect-768x432.jpg 768w, https:\/\/cinemigrante.org\/ediciones-anteriores\/wp-content\/uploads\/2021\/06\/Domino-Effect.jpg 1280w\" sizes=\"(max-width: 300px) 100vw, 300px\" \/>\n                              <\/div>\n                      <\/div><div class=\"eael-entry-wrapper\"><header class=\"eael-entry-header\"><h2 class=\"eael-entry-title\"><a\n                                    class=\"eael-grid-post-link\"\n                                    href=\"https:\/\/cinemigrante.org\/ediciones-anteriores\/archivos\/films\/efekt-domina\"\n                                    title=\"Efekt Domina\">Efekt Domina<\/a><\/h2><\/header><div class=\"eael-entry-header-after style-two\"><div class=\"eael-entry-meta\"><span class=\"eael-meta-posted-on\"><i class=\"far fa-clock\"><\/i><time datetime=\"7 junio, 2021\">7 junio, 2021<\/time><\/span><\/div><\/div><\/div><\/div>\n        <\/div>\n    <\/article><article class=\"eael-grid-post eael-post-grid-column\" data-id=\"12166\">\n        <div class=\"eael-grid-post-holder\">\n            <div class=\"eael-grid-post-holder-inner\"><div class=\"eael-entry-media\"><div class=\"eael-entry-overlay fade-in\"><i class=\"\" aria-hidden=\"true\"><\/i><a href=\"https:\/\/cinemigrante.org\/ediciones-anteriores\/archivos\/films\/el-juego-de-escondite\"><\/a><\/div><div class=\"eael-entry-thumbnail \">\n                                <img loading=\"lazy\" decoding=\"async\" width=\"300\" height=\"169\" src=\"https:\/\/cinemigrante.org\/ediciones-anteriores\/wp-content\/uploads\/2021\/06\/ELJUEGODELESCONDITE-300x169.jpg\" class=\"attachment-medium size-medium wp-image-12168\" alt=\"\" srcset=\"https:\/\/cinemigrante.org\/ediciones-anteriores\/wp-content\/uploads\/2021\/06\/ELJUEGODELESCONDITE-300x169.jpg 300w, https:\/\/cinemigrante.org\/ediciones-anteriores\/wp-content\/uploads\/2021\/06\/ELJUEGODELESCONDITE-1024x576.jpg 1024w, https:\/\/cinemigrante.org\/ediciones-anteriores\/wp-content\/uploads\/2021\/06\/ELJUEGODELESCONDITE-768x432.jpg 768w, https:\/\/cinemigrante.org\/ediciones-anteriores\/wp-content\/uploads\/2021\/06\/ELJUEGODELESCONDITE.jpg 1280w\" sizes=\"(max-width: 300px) 100vw, 300px\" \/>\n                              <\/div>\n                      <\/div><div class=\"eael-entry-wrapper\"><header class=\"eael-entry-header\"><h2 class=\"eael-entry-title\"><a\n                                    class=\"eael-grid-post-link\"\n                                    href=\"https:\/\/cinemigrante.org\/ediciones-anteriores\/archivos\/films\/el-juego-de-escondite\"\n                                    title=\"El Juego de Escondite\">El Juego de Escondite<\/a><\/h2><\/header><div class=\"eael-entry-header-after style-two\"><div class=\"eael-entry-meta\"><span class=\"eael-meta-posted-on\"><i class=\"far fa-clock\"><\/i><time datetime=\"7 junio, 2021\">7 junio, 2021<\/time><\/span><\/div><\/div><\/div><\/div>\n        <\/div>\n    <\/article><article class=\"eael-grid-post eael-post-grid-column\" data-id=\"12171\">\n        <div class=\"eael-grid-post-holder\">\n            <div class=\"eael-grid-post-holder-inner\"><div class=\"eael-entry-media\"><div class=\"eael-entry-overlay fade-in\"><i class=\"\" aria-hidden=\"true\"><\/i><a href=\"https:\/\/cinemigrante.org\/ediciones-anteriores\/archivos\/films\/el-lugar-indeseado\"><\/a><\/div><div class=\"eael-entry-thumbnail \">\n                                <img loading=\"lazy\" decoding=\"async\" width=\"300\" height=\"169\" src=\"https:\/\/cinemigrante.org\/ediciones-anteriores\/wp-content\/uploads\/2021\/06\/El-lugar-indeseado-Foto-Catalogo-300x169.jpg\" class=\"attachment-medium size-medium wp-image-12172\" alt=\"\" srcset=\"https:\/\/cinemigrante.org\/ediciones-anteriores\/wp-content\/uploads\/2021\/06\/El-lugar-indeseado-Foto-Catalogo-300x169.jpg 300w, https:\/\/cinemigrante.org\/ediciones-anteriores\/wp-content\/uploads\/2021\/06\/El-lugar-indeseado-Foto-Catalogo-1024x575.jpg 1024w, https:\/\/cinemigrante.org\/ediciones-anteriores\/wp-content\/uploads\/2021\/06\/El-lugar-indeseado-Foto-Catalogo-768x431.jpg 768w, https:\/\/cinemigrante.org\/ediciones-anteriores\/wp-content\/uploads\/2021\/06\/El-lugar-indeseado-Foto-Catalogo.jpg 1280w\" sizes=\"(max-width: 300px) 100vw, 300px\" \/>\n                              <\/div>\n                      <\/div><div class=\"eael-entry-wrapper\"><header class=\"eael-entry-header\"><h2 class=\"eael-entry-title\"><a\n                                    class=\"eael-grid-post-link\"\n                                    href=\"https:\/\/cinemigrante.org\/ediciones-anteriores\/archivos\/films\/el-lugar-indeseado\"\n                                    title=\"El lugar indeseado\">El lugar indeseado<\/a><\/h2><\/header><div class=\"eael-entry-header-after style-two\"><div class=\"eael-entry-meta\"><span class=\"eael-meta-posted-on\"><i class=\"far fa-clock\"><\/i><time datetime=\"7 junio, 2021\">7 junio, 2021<\/time><\/span><\/div><\/div><\/div><\/div>\n        <\/div>\n    <\/article><article class=\"eael-grid-post eael-post-grid-column\" data-id=\"12066\">\n        <div class=\"eael-grid-post-holder\">\n            <div class=\"eael-grid-post-holder-inner\"><div class=\"eael-entry-media\"><div class=\"eael-entry-overlay fade-in\"><i class=\"\" aria-hidden=\"true\"><\/i><a href=\"https:\/\/cinemigrante.org\/ediciones-anteriores\/archivos\/films\/el-palacio\"><\/a><\/div><div class=\"eael-entry-thumbnail \">\n                                <img loading=\"lazy\" decoding=\"async\" width=\"300\" height=\"169\" src=\"https:\/\/cinemigrante.org\/ediciones-anteriores\/wp-content\/uploads\/2021\/06\/A079_C004_07104Y_S001.0002311-300x169.jpg\" class=\"attachment-medium size-medium wp-image-12069\" alt=\"\" srcset=\"https:\/\/cinemigrante.org\/ediciones-anteriores\/wp-content\/uploads\/2021\/06\/A079_C004_07104Y_S001.0002311-300x169.jpg 300w, https:\/\/cinemigrante.org\/ediciones-anteriores\/wp-content\/uploads\/2021\/06\/A079_C004_07104Y_S001.0002311-1024x576.jpg 1024w, https:\/\/cinemigrante.org\/ediciones-anteriores\/wp-content\/uploads\/2021\/06\/A079_C004_07104Y_S001.0002311-768x432.jpg 768w, https:\/\/cinemigrante.org\/ediciones-anteriores\/wp-content\/uploads\/2021\/06\/A079_C004_07104Y_S001.0002311.jpg 1280w\" sizes=\"(max-width: 300px) 100vw, 300px\" \/>\n                              <\/div>\n                      <\/div><div class=\"eael-entry-wrapper\"><header class=\"eael-entry-header\"><h2 class=\"eael-entry-title\"><a\n                                    class=\"eael-grid-post-link\"\n                                    href=\"https:\/\/cinemigrante.org\/ediciones-anteriores\/archivos\/films\/el-palacio\"\n                                    title=\"El Palacio\">El Palacio<\/a><\/h2><\/header><div class=\"eael-entry-header-after style-two\"><div class=\"eael-entry-meta\"><span class=\"eael-meta-posted-on\"><i class=\"far fa-clock\"><\/i><time datetime=\"7 junio, 2021\">7 junio, 2021<\/time><\/span><\/div><\/div><\/div><\/div>\n        <\/div>\n    <\/article><article class=\"eael-grid-post eael-post-grid-column\" data-id=\"12107\">\n        <div class=\"eael-grid-post-holder\">\n            <div class=\"eael-grid-post-holder-inner\"><div class=\"eael-entry-media\"><div class=\"eael-entry-overlay fade-in\"><i class=\"\" aria-hidden=\"true\"><\/i><a href=\"https:\/\/cinemigrante.org\/ediciones-anteriores\/archivos\/films\/el-regreso-del-muerto\"><\/a><\/div><div class=\"eael-entry-thumbnail \">\n                                <img loading=\"lazy\" decoding=\"async\" width=\"300\" height=\"169\" src=\"https:\/\/cinemigrante.org\/ediciones-anteriores\/wp-content\/uploads\/2021\/06\/Still18-300x169.jpg\" class=\"attachment-medium size-medium wp-image-12115\" alt=\"\" srcset=\"https:\/\/cinemigrante.org\/ediciones-anteriores\/wp-content\/uploads\/2021\/06\/Still18-300x169.jpg 300w, https:\/\/cinemigrante.org\/ediciones-anteriores\/wp-content\/uploads\/2021\/06\/Still18-1024x576.jpg 1024w, https:\/\/cinemigrante.org\/ediciones-anteriores\/wp-content\/uploads\/2021\/06\/Still18-768x432.jpg 768w, https:\/\/cinemigrante.org\/ediciones-anteriores\/wp-content\/uploads\/2021\/06\/Still18.jpg 1280w\" sizes=\"(max-width: 300px) 100vw, 300px\" \/>\n                              <\/div>\n                      <\/div><div class=\"eael-entry-wrapper\"><header class=\"eael-entry-header\"><h2 class=\"eael-entry-title\"><a\n                                    class=\"eael-grid-post-link\"\n                                    href=\"https:\/\/cinemigrante.org\/ediciones-anteriores\/archivos\/films\/el-regreso-del-muerto\"\n                                    title=\"El regreso del muerto\">El regreso del muerto<\/a><\/h2><\/header><div class=\"eael-entry-header-after style-two\"><div class=\"eael-entry-meta\"><span class=\"eael-meta-posted-on\"><i class=\"far fa-clock\"><\/i><time datetime=\"7 junio, 2021\">7 junio, 2021<\/time><\/span><\/div><\/div><\/div><\/div>\n        <\/div>\n    <\/article><article class=\"eael-grid-post eael-post-grid-column\" data-id=\"3725\">\n        <div class=\"eael-grid-post-holder\">\n            <div class=\"eael-grid-post-holder-inner\"><div class=\"eael-entry-media\"><div class=\"eael-entry-overlay fade-in\"><i class=\"\" aria-hidden=\"true\"><\/i><a href=\"https:\/\/cinemigrante.org\/ediciones-anteriores\/archivos\/films\/et-nous-jetterons-la-mer-derriere-vous\"><\/a><\/div><div class=\"eael-entry-thumbnail \">\n                                <img loading=\"lazy\" decoding=\"async\" width=\"300\" height=\"169\" src=\"https:\/\/cinemigrante.org\/ediciones-anteriores\/wp-content\/uploads\/2018\/06\/EtNousJetteronsLaMerDerriereVous-300x169.png\" class=\"attachment-medium size-medium wp-image-3690\" alt=\"\" srcset=\"https:\/\/cinemigrante.org\/ediciones-anteriores\/wp-content\/uploads\/2018\/06\/EtNousJetteronsLaMerDerriereVous-300x169.png 300w, https:\/\/cinemigrante.org\/ediciones-anteriores\/wp-content\/uploads\/2018\/06\/EtNousJetteronsLaMerDerriereVous-768x431.png 768w, https:\/\/cinemigrante.org\/ediciones-anteriores\/wp-content\/uploads\/2018\/06\/EtNousJetteronsLaMerDerriereVous-1024x575.png 1024w, https:\/\/cinemigrante.org\/ediciones-anteriores\/wp-content\/uploads\/2018\/06\/EtNousJetteronsLaMerDerriereVous.png 1280w\" sizes=\"(max-width: 300px) 100vw, 300px\" \/>\n                              <\/div>\n                      <\/div><div class=\"eael-entry-wrapper\"><header class=\"eael-entry-header\"><h2 class=\"eael-entry-title\"><a\n                                    class=\"eael-grid-post-link\"\n                                    href=\"https:\/\/cinemigrante.org\/ediciones-anteriores\/archivos\/films\/et-nous-jetterons-la-mer-derriere-vous\"\n                                    title=\"Et nous jetterons la mer derri\u00e8re vous\">Et nous jetterons la mer derri\u00e8re vous<\/a><\/h2><\/header><div class=\"eael-entry-header-after style-two\"><div class=\"eael-entry-meta\"><span class=\"eael-meta-posted-on\"><i class=\"far fa-clock\"><\/i><time datetime=\"16 junio, 2018\">16 junio, 2018<\/time><\/span><\/div><\/div><\/div><\/div>\n        <\/div>\n    <\/article><article class=\"eael-grid-post eael-post-grid-column\" data-id=\"12174\">\n        <div class=\"eael-grid-post-holder\">\n            <div class=\"eael-grid-post-holder-inner\"><div class=\"eael-entry-media\"><div class=\"eael-entry-overlay fade-in\"><i class=\"\" aria-hidden=\"true\"><\/i><a href=\"https:\/\/cinemigrante.org\/ediciones-anteriores\/archivos\/films\/etre-vivant\"><\/a><\/div><div class=\"eael-entry-thumbnail \">\n                                <img loading=\"lazy\" decoding=\"async\" width=\"300\" height=\"169\" src=\"https:\/\/cinemigrante.org\/ediciones-anteriores\/wp-content\/uploads\/2021\/06\/etrevivant-300x169.jpg\" class=\"attachment-medium size-medium wp-image-12176\" alt=\"\" srcset=\"https:\/\/cinemigrante.org\/ediciones-anteriores\/wp-content\/uploads\/2021\/06\/etrevivant-300x169.jpg 300w, https:\/\/cinemigrante.org\/ediciones-anteriores\/wp-content\/uploads\/2021\/06\/etrevivant-1024x576.jpg 1024w, https:\/\/cinemigrante.org\/ediciones-anteriores\/wp-content\/uploads\/2021\/06\/etrevivant-768x432.jpg 768w, https:\/\/cinemigrante.org\/ediciones-anteriores\/wp-content\/uploads\/2021\/06\/etrevivant.jpg 1280w\" sizes=\"(max-width: 300px) 100vw, 300px\" \/>\n                              <\/div>\n                      <\/div><div class=\"eael-entry-wrapper\"><header class=\"eael-entry-header\"><h2 class=\"eael-entry-title\"><a\n                                    class=\"eael-grid-post-link\"\n                                    href=\"https:\/\/cinemigrante.org\/ediciones-anteriores\/archivos\/films\/etre-vivant\"\n                                    title=\"Etre vivant\">Etre vivant<\/a><\/h2><\/header><div class=\"eael-entry-header-after style-two\"><div class=\"eael-entry-meta\"><span class=\"eael-meta-posted-on\"><i class=\"far fa-clock\"><\/i><time datetime=\"7 junio, 2021\">7 junio, 2021<\/time><\/span><\/div><\/div><\/div><\/div>\n        <\/div>\n    <\/article><article class=\"eael-grid-post eael-post-grid-column\" data-id=\"12178\">\n        <div class=\"eael-grid-post-holder\">\n            <div class=\"eael-grid-post-holder-inner\"><div class=\"eael-entry-media\"><div class=\"eael-entry-overlay fade-in\"><i class=\"\" aria-hidden=\"true\"><\/i><a href=\"https:\/\/cinemigrante.org\/ediciones-anteriores\/archivos\/films\/excuse-me-while-i-disappear\"><\/a><\/div><div class=\"eael-entry-thumbnail \">\n                                <img loading=\"lazy\" decoding=\"async\" width=\"300\" height=\"169\" src=\"https:\/\/cinemigrante.org\/ediciones-anteriores\/wp-content\/uploads\/2021\/06\/ExcuseMeWhileIDisappear-300x169.jpg\" class=\"attachment-medium size-medium wp-image-12180\" alt=\"\" srcset=\"https:\/\/cinemigrante.org\/ediciones-anteriores\/wp-content\/uploads\/2021\/06\/ExcuseMeWhileIDisappear-300x169.jpg 300w, https:\/\/cinemigrante.org\/ediciones-anteriores\/wp-content\/uploads\/2021\/06\/ExcuseMeWhileIDisappear-1024x576.jpg 1024w, https:\/\/cinemigrante.org\/ediciones-anteriores\/wp-content\/uploads\/2021\/06\/ExcuseMeWhileIDisappear-768x432.jpg 768w, https:\/\/cinemigrante.org\/ediciones-anteriores\/wp-content\/uploads\/2021\/06\/ExcuseMeWhileIDisappear.jpg 1280w\" sizes=\"(max-width: 300px) 100vw, 300px\" \/>\n                              <\/div>\n                      <\/div><div class=\"eael-entry-wrapper\"><header class=\"eael-entry-header\"><h2 class=\"eael-entry-title\"><a\n                                    class=\"eael-grid-post-link\"\n                                    href=\"https:\/\/cinemigrante.org\/ediciones-anteriores\/archivos\/films\/excuse-me-while-i-disappear\"\n                                    title=\"Excuse me, while I disappear\">Excuse me, while I disappear<\/a><\/h2><\/header><div class=\"eael-entry-header-after style-two\"><div class=\"eael-entry-meta\"><span class=\"eael-meta-posted-on\"><i class=\"far fa-clock\"><\/i><time datetime=\"7 junio, 2021\">7 junio, 2021<\/time><\/span><\/div><\/div><\/div><\/div>\n        <\/div>\n    <\/article><article class=\"eael-grid-post eael-post-grid-column\" data-id=\"11922\">\n        <div class=\"eael-grid-post-holder\">\n            <div class=\"eael-grid-post-holder-inner\"><div class=\"eael-entry-media\"><div class=\"eael-entry-overlay fade-in\"><i class=\"\" aria-hidden=\"true\"><\/i><a href=\"https:\/\/cinemigrante.org\/ediciones-anteriores\/archivos\/films\/finding-fela\"><\/a><\/div><div class=\"eael-entry-thumbnail \">\n                                <img loading=\"lazy\" decoding=\"async\" width=\"300\" height=\"169\" src=\"https:\/\/cinemigrante.org\/ediciones-anteriores\/wp-content\/uploads\/2021\/06\/Finding-Fela-1-300x169.jpeg\" class=\"attachment-medium size-medium wp-image-11924\" alt=\"\" srcset=\"https:\/\/cinemigrante.org\/ediciones-anteriores\/wp-content\/uploads\/2021\/06\/Finding-Fela-1-300x169.jpeg 300w, https:\/\/cinemigrante.org\/ediciones-anteriores\/wp-content\/uploads\/2021\/06\/Finding-Fela-1-1024x576.jpeg 1024w, https:\/\/cinemigrante.org\/ediciones-anteriores\/wp-content\/uploads\/2021\/06\/Finding-Fela-1-768x432.jpeg 768w, https:\/\/cinemigrante.org\/ediciones-anteriores\/wp-content\/uploads\/2021\/06\/Finding-Fela-1.jpeg 1280w\" sizes=\"(max-width: 300px) 100vw, 300px\" \/>\n                              <\/div>\n                      <\/div><div class=\"eael-entry-wrapper\"><header class=\"eael-entry-header\"><h2 class=\"eael-entry-title\"><a\n                                    class=\"eael-grid-post-link\"\n                                    href=\"https:\/\/cinemigrante.org\/ediciones-anteriores\/archivos\/films\/finding-fela\"\n                                    title=\"Finding Fela\">Finding Fela<\/a><\/h2><\/header><div class=\"eael-entry-header-after style-two\"><div class=\"eael-entry-meta\"><span class=\"eael-meta-posted-on\"><i class=\"far fa-clock\"><\/i><time datetime=\"7 junio, 2021\">7 junio, 2021<\/time><\/span><\/div><\/div><\/div><\/div>\n        <\/div>\n    <\/article><article class=\"eael-grid-post eael-post-grid-column\" data-id=\"11927\">\n        <div class=\"eael-grid-post-holder\">\n            <div class=\"eael-grid-post-holder-inner\"><div class=\"eael-entry-media\"><div class=\"eael-entry-overlay fade-in\"><i class=\"\" aria-hidden=\"true\"><\/i><a href=\"https:\/\/cinemigrante.org\/ediciones-anteriores\/archivos\/films\/flotel-europa\"><\/a><\/div><div class=\"eael-entry-thumbnail \">\n                                <img loading=\"lazy\" decoding=\"async\" width=\"300\" height=\"169\" src=\"https:\/\/cinemigrante.org\/ediciones-anteriores\/wp-content\/uploads\/2021\/06\/Flotel-Europa-FOTO-PELI-300x169.jpg\" class=\"attachment-medium size-medium wp-image-11928\" alt=\"\" srcset=\"https:\/\/cinemigrante.org\/ediciones-anteriores\/wp-content\/uploads\/2021\/06\/Flotel-Europa-FOTO-PELI-300x169.jpg 300w, https:\/\/cinemigrante.org\/ediciones-anteriores\/wp-content\/uploads\/2021\/06\/Flotel-Europa-FOTO-PELI-1024x576.jpg 1024w, https:\/\/cinemigrante.org\/ediciones-anteriores\/wp-content\/uploads\/2021\/06\/Flotel-Europa-FOTO-PELI-768x432.jpg 768w, https:\/\/cinemigrante.org\/ediciones-anteriores\/wp-content\/uploads\/2021\/06\/Flotel-Europa-FOTO-PELI.jpg 1280w\" sizes=\"(max-width: 300px) 100vw, 300px\" \/>\n                              <\/div>\n                      <\/div><div class=\"eael-entry-wrapper\"><header class=\"eael-entry-header\"><h2 class=\"eael-entry-title\"><a\n                                    class=\"eael-grid-post-link\"\n                                    href=\"https:\/\/cinemigrante.org\/ediciones-anteriores\/archivos\/films\/flotel-europa\"\n                                    title=\"Flotel Europa\">Flotel Europa<\/a><\/h2><\/header><div class=\"eael-entry-header-after style-two\"><div class=\"eael-entry-meta\"><span class=\"eael-meta-posted-on\"><i class=\"far fa-clock\"><\/i><time datetime=\"7 junio, 2021\">7 junio, 2021<\/time><\/span><\/div><\/div><\/div><\/div>\n        <\/div>\n    <\/article><article class=\"eael-grid-post eael-post-grid-column\" data-id=\"12183\">\n        <div class=\"eael-grid-post-holder\">\n            <div class=\"eael-grid-post-holder-inner\"><div class=\"eael-entry-media\"><div class=\"eael-entry-overlay fade-in\"><i class=\"\" aria-hidden=\"true\"><\/i><a href=\"https:\/\/cinemigrante.org\/ediciones-anteriores\/archivos\/films\/growing-home\"><\/a><\/div><div class=\"eael-entry-thumbnail \">\n                                <img loading=\"lazy\" decoding=\"async\" width=\"300\" height=\"169\" src=\"https:\/\/cinemigrante.org\/ediciones-anteriores\/wp-content\/uploads\/2021\/06\/Growing-Home-300x169.jpg\" class=\"attachment-medium size-medium wp-image-12184\" alt=\"\" srcset=\"https:\/\/cinemigrante.org\/ediciones-anteriores\/wp-content\/uploads\/2021\/06\/Growing-Home-300x169.jpg 300w, https:\/\/cinemigrante.org\/ediciones-anteriores\/wp-content\/uploads\/2021\/06\/Growing-Home-1024x576.jpg 1024w, https:\/\/cinemigrante.org\/ediciones-anteriores\/wp-content\/uploads\/2021\/06\/Growing-Home-768x432.jpg 768w, https:\/\/cinemigrante.org\/ediciones-anteriores\/wp-content\/uploads\/2021\/06\/Growing-Home.jpg 1280w\" sizes=\"(max-width: 300px) 100vw, 300px\" \/>\n                              <\/div>\n                      <\/div><div class=\"eael-entry-wrapper\"><header class=\"eael-entry-header\"><h2 class=\"eael-entry-title\"><a\n                                    class=\"eael-grid-post-link\"\n                                    href=\"https:\/\/cinemigrante.org\/ediciones-anteriores\/archivos\/films\/growing-home\"\n                                    title=\"Growing Home\">Growing Home<\/a><\/h2><\/header><div class=\"eael-entry-header-after style-two\"><div class=\"eael-entry-meta\"><span class=\"eael-meta-posted-on\"><i class=\"far fa-clock\"><\/i><time datetime=\"7 junio, 2021\">7 junio, 2021<\/time><\/span><\/div><\/div><\/div><\/div>\n        <\/div>\n    <\/article><article class=\"eael-grid-post eael-post-grid-column\" data-id=\"11930\">\n        <div class=\"eael-grid-post-holder\">\n            <div class=\"eael-grid-post-holder-inner\"><div class=\"eael-entry-media\"><div class=\"eael-entry-overlay fade-in\"><i class=\"\" aria-hidden=\"true\"><\/i><a href=\"https:\/\/cinemigrante.org\/ediciones-anteriores\/archivos\/films\/guido-models\"><\/a><\/div><div class=\"eael-entry-thumbnail \">\n                                <img loading=\"lazy\" decoding=\"async\" width=\"300\" height=\"169\" src=\"https:\/\/cinemigrante.org\/ediciones-anteriores\/wp-content\/uploads\/2021\/06\/Guido-Models-LT.Imagen-fija007-1-300x169.jpg\" class=\"attachment-medium size-medium wp-image-11933\" alt=\"\" srcset=\"https:\/\/cinemigrante.org\/ediciones-anteriores\/wp-content\/uploads\/2021\/06\/Guido-Models-LT.Imagen-fija007-1-300x169.jpg 300w, https:\/\/cinemigrante.org\/ediciones-anteriores\/wp-content\/uploads\/2021\/06\/Guido-Models-LT.Imagen-fija007-1-1024x576.jpg 1024w, https:\/\/cinemigrante.org\/ediciones-anteriores\/wp-content\/uploads\/2021\/06\/Guido-Models-LT.Imagen-fija007-1-768x432.jpg 768w, https:\/\/cinemigrante.org\/ediciones-anteriores\/wp-content\/uploads\/2021\/06\/Guido-Models-LT.Imagen-fija007-1.jpg 1280w\" sizes=\"(max-width: 300px) 100vw, 300px\" \/>\n                              <\/div>\n                      <\/div><div class=\"eael-entry-wrapper\"><header class=\"eael-entry-header\"><h2 class=\"eael-entry-title\"><a\n                                    class=\"eael-grid-post-link\"\n                                    href=\"https:\/\/cinemigrante.org\/ediciones-anteriores\/archivos\/films\/guido-models\"\n                                    title=\"Guido Models\">Guido Models<\/a><\/h2><\/header><div class=\"eael-entry-header-after style-two\"><div class=\"eael-entry-meta\"><span class=\"eael-meta-posted-on\"><i class=\"far fa-clock\"><\/i><time datetime=\"7 junio, 2021\">7 junio, 2021<\/time><\/span><\/div><\/div><\/div><\/div>\n        <\/div>\n    <\/article><article class=\"eael-grid-post eael-post-grid-column\" data-id=\"12187\">\n        <div class=\"eael-grid-post-holder\">\n            <div class=\"eael-grid-post-holder-inner\"><div class=\"eael-entry-media\"><div class=\"eael-entry-overlay fade-in\"><i class=\"\" aria-hidden=\"true\"><\/i><a href=\"https:\/\/cinemigrante.org\/ediciones-anteriores\/archivos\/films\/have-you-ever-killed-a-bear-or-becoming-jamila\"><\/a><\/div><div class=\"eael-entry-thumbnail \">\n                                <img loading=\"lazy\" decoding=\"async\" width=\"300\" height=\"169\" src=\"https:\/\/cinemigrante.org\/ediciones-anteriores\/wp-content\/uploads\/2021\/06\/HaveYouEverKilledABear-1-300x169.jpg\" class=\"attachment-medium size-medium wp-image-12190\" alt=\"\" srcset=\"https:\/\/cinemigrante.org\/ediciones-anteriores\/wp-content\/uploads\/2021\/06\/HaveYouEverKilledABear-1-300x169.jpg 300w, https:\/\/cinemigrante.org\/ediciones-anteriores\/wp-content\/uploads\/2021\/06\/HaveYouEverKilledABear-1-1024x576.jpg 1024w, https:\/\/cinemigrante.org\/ediciones-anteriores\/wp-content\/uploads\/2021\/06\/HaveYouEverKilledABear-1-768x432.jpg 768w, https:\/\/cinemigrante.org\/ediciones-anteriores\/wp-content\/uploads\/2021\/06\/HaveYouEverKilledABear-1.jpg 1280w\" sizes=\"(max-width: 300px) 100vw, 300px\" \/>\n                              <\/div>\n                      <\/div><div class=\"eael-entry-wrapper\"><header class=\"eael-entry-header\"><h2 class=\"eael-entry-title\"><a\n                                    class=\"eael-grid-post-link\"\n                                    href=\"https:\/\/cinemigrante.org\/ediciones-anteriores\/archivos\/films\/have-you-ever-killed-a-bear-or-becoming-jamila\"\n                                    title=\"Have you ever killed a bear or becoming Jamila\">Have you ever killed a bear or becoming Jamila<\/a><\/h2><\/header><div class=\"eael-entry-header-after style-two\"><div class=\"eael-entry-meta\"><span class=\"eael-meta-posted-on\"><i class=\"far fa-clock\"><\/i><time datetime=\"7 junio, 2021\">7 junio, 2021<\/time><\/span><\/div><\/div><\/div><\/div>\n        <\/div>\n    <\/article><article class=\"eael-grid-post eael-post-grid-column\" data-id=\"3699\">\n        <div class=\"eael-grid-post-holder\">\n            <div class=\"eael-grid-post-holder-inner\"><div class=\"eael-entry-media\"><div class=\"eael-entry-overlay fade-in\"><i class=\"\" aria-hidden=\"true\"><\/i><a href=\"https:\/\/cinemigrante.org\/ediciones-anteriores\/archivos\/films\/hoja-santa\"><\/a><\/div><div class=\"eael-entry-thumbnail \">\n                                <img loading=\"lazy\" decoding=\"async\" width=\"300\" height=\"169\" src=\"https:\/\/cinemigrante.org\/ediciones-anteriores\/wp-content\/uploads\/2018\/06\/Hoja-Santa-FOTO-PELI-300x169.png\" class=\"attachment-medium size-medium wp-image-3691\" alt=\"\" srcset=\"https:\/\/cinemigrante.org\/ediciones-anteriores\/wp-content\/uploads\/2018\/06\/Hoja-Santa-FOTO-PELI-300x169.png 300w, https:\/\/cinemigrante.org\/ediciones-anteriores\/wp-content\/uploads\/2018\/06\/Hoja-Santa-FOTO-PELI-768x431.png 768w, https:\/\/cinemigrante.org\/ediciones-anteriores\/wp-content\/uploads\/2018\/06\/Hoja-Santa-FOTO-PELI-1024x575.png 1024w, https:\/\/cinemigrante.org\/ediciones-anteriores\/wp-content\/uploads\/2018\/06\/Hoja-Santa-FOTO-PELI.png 1280w\" sizes=\"(max-width: 300px) 100vw, 300px\" \/>\n                              <\/div>\n                      <\/div><div class=\"eael-entry-wrapper\"><header class=\"eael-entry-header\"><h2 class=\"eael-entry-title\"><a\n                                    class=\"eael-grid-post-link\"\n                                    href=\"https:\/\/cinemigrante.org\/ediciones-anteriores\/archivos\/films\/hoja-santa\"\n                                    title=\"Hoja Santa\">Hoja Santa<\/a><\/h2><\/header><div class=\"eael-entry-header-after style-two\"><div class=\"eael-entry-meta\"><span class=\"eael-meta-posted-on\"><i class=\"far fa-clock\"><\/i><time datetime=\"16 junio, 2018\">16 junio, 2018<\/time><\/span><\/div><\/div><\/div><\/div>\n        <\/div>\n    <\/article><article class=\"eael-grid-post eael-post-grid-column\" data-id=\"12192\">\n        <div class=\"eael-grid-post-holder\">\n            <div class=\"eael-grid-post-holder-inner\"><div class=\"eael-entry-media\"><div class=\"eael-entry-overlay fade-in\"><i class=\"\" aria-hidden=\"true\"><\/i><a href=\"https:\/\/cinemigrante.org\/ediciones-anteriores\/archivos\/films\/hotel-22\"><\/a><\/div><div class=\"eael-entry-thumbnail \">\n                                <img loading=\"lazy\" decoding=\"async\" width=\"300\" height=\"169\" src=\"https:\/\/cinemigrante.org\/ediciones-anteriores\/wp-content\/uploads\/2021\/06\/Hotel-22-1-300x169.jpg\" class=\"attachment-medium size-medium wp-image-12193\" alt=\"\" srcset=\"https:\/\/cinemigrante.org\/ediciones-anteriores\/wp-content\/uploads\/2021\/06\/Hotel-22-1-300x169.jpg 300w, https:\/\/cinemigrante.org\/ediciones-anteriores\/wp-content\/uploads\/2021\/06\/Hotel-22-1-1024x576.jpg 1024w, https:\/\/cinemigrante.org\/ediciones-anteriores\/wp-content\/uploads\/2021\/06\/Hotel-22-1-768x432.jpg 768w, https:\/\/cinemigrante.org\/ediciones-anteriores\/wp-content\/uploads\/2021\/06\/Hotel-22-1.jpg 1280w\" sizes=\"(max-width: 300px) 100vw, 300px\" \/>\n                              <\/div>\n                      <\/div><div class=\"eael-entry-wrapper\"><header class=\"eael-entry-header\"><h2 class=\"eael-entry-title\"><a\n                                    class=\"eael-grid-post-link\"\n                                    href=\"https:\/\/cinemigrante.org\/ediciones-anteriores\/archivos\/films\/hotel-22\"\n                                    title=\"Hotel 22\">Hotel 22<\/a><\/h2><\/header><div class=\"eael-entry-header-after style-two\"><div class=\"eael-entry-meta\"><span class=\"eael-meta-posted-on\"><i class=\"far fa-clock\"><\/i><time datetime=\"7 junio, 2021\">7 junio, 2021<\/time><\/span><\/div><\/div><\/div><\/div>\n        <\/div>\n    <\/article><article class=\"eael-grid-post eael-post-grid-column\" data-id=\"11936\">\n        <div class=\"eael-grid-post-holder\">\n            <div class=\"eael-grid-post-holder-inner\"><div class=\"eael-entry-media\"><div class=\"eael-entry-overlay fade-in\"><i class=\"\" aria-hidden=\"true\"><\/i><a href=\"https:\/\/cinemigrante.org\/ediciones-anteriores\/archivos\/films\/hotel-de-paso\"><\/a><\/div><div class=\"eael-entry-thumbnail \">\n                                <img loading=\"lazy\" decoding=\"async\" width=\"300\" height=\"169\" src=\"https:\/\/cinemigrante.org\/ediciones-anteriores\/wp-content\/uploads\/2021\/06\/Hotel-De-Paso-FOTO-PELICULA-300x169.jpg\" class=\"attachment-medium size-medium wp-image-11937\" alt=\"\" srcset=\"https:\/\/cinemigrante.org\/ediciones-anteriores\/wp-content\/uploads\/2021\/06\/Hotel-De-Paso-FOTO-PELICULA-300x169.jpg 300w, https:\/\/cinemigrante.org\/ediciones-anteriores\/wp-content\/uploads\/2021\/06\/Hotel-De-Paso-FOTO-PELICULA-1024x576.jpg 1024w, https:\/\/cinemigrante.org\/ediciones-anteriores\/wp-content\/uploads\/2021\/06\/Hotel-De-Paso-FOTO-PELICULA-768x432.jpg 768w, https:\/\/cinemigrante.org\/ediciones-anteriores\/wp-content\/uploads\/2021\/06\/Hotel-De-Paso-FOTO-PELICULA.jpg 1280w\" sizes=\"(max-width: 300px) 100vw, 300px\" \/>\n                              <\/div>\n                      <\/div><div class=\"eael-entry-wrapper\"><header class=\"eael-entry-header\"><h2 class=\"eael-entry-title\"><a\n                                    class=\"eael-grid-post-link\"\n                                    href=\"https:\/\/cinemigrante.org\/ediciones-anteriores\/archivos\/films\/hotel-de-paso\"\n                                    title=\"Hotel de Paso\">Hotel de Paso<\/a><\/h2><\/header><div class=\"eael-entry-header-after style-two\"><div class=\"eael-entry-meta\"><span class=\"eael-meta-posted-on\"><i class=\"far fa-clock\"><\/i><time datetime=\"7 junio, 2021\">7 junio, 2021<\/time><\/span><\/div><\/div><\/div><\/div>\n        <\/div>\n    <\/article><article class=\"eael-grid-post eael-post-grid-column\" data-id=\"12197\">\n        <div class=\"eael-grid-post-holder\">\n            <div class=\"eael-grid-post-holder-inner\"><div class=\"eael-entry-media\"><div class=\"eael-entry-overlay fade-in\"><i class=\"\" aria-hidden=\"true\"><\/i><a href=\"https:\/\/cinemigrante.org\/ediciones-anteriores\/archivos\/films\/i-will-be-back\"><\/a><\/div><div class=\"eael-entry-thumbnail \">\n                                <img loading=\"lazy\" decoding=\"async\" width=\"300\" height=\"169\" src=\"https:\/\/cinemigrante.org\/ediciones-anteriores\/wp-content\/uploads\/2021\/06\/I-will-be-back-FOTO-PELI-300x169.jpg\" class=\"attachment-medium size-medium wp-image-12198\" alt=\"\" srcset=\"https:\/\/cinemigrante.org\/ediciones-anteriores\/wp-content\/uploads\/2021\/06\/I-will-be-back-FOTO-PELI-300x169.jpg 300w, https:\/\/cinemigrante.org\/ediciones-anteriores\/wp-content\/uploads\/2021\/06\/I-will-be-back-FOTO-PELI-1024x576.jpg 1024w, https:\/\/cinemigrante.org\/ediciones-anteriores\/wp-content\/uploads\/2021\/06\/I-will-be-back-FOTO-PELI-768x432.jpg 768w, https:\/\/cinemigrante.org\/ediciones-anteriores\/wp-content\/uploads\/2021\/06\/I-will-be-back-FOTO-PELI.jpg 1280w\" sizes=\"(max-width: 300px) 100vw, 300px\" \/>\n                              <\/div>\n                      <\/div><div class=\"eael-entry-wrapper\"><header class=\"eael-entry-header\"><h2 class=\"eael-entry-title\"><a\n                                    class=\"eael-grid-post-link\"\n                                    href=\"https:\/\/cinemigrante.org\/ediciones-anteriores\/archivos\/films\/i-will-be-back\"\n                                    title=\"I will be back\">I will be back<\/a><\/h2><\/header><div class=\"eael-entry-header-after style-two\"><div class=\"eael-entry-meta\"><span class=\"eael-meta-posted-on\"><i class=\"far fa-clock\"><\/i><time datetime=\"7 junio, 2021\">7 junio, 2021<\/time><\/span><\/div><\/div><\/div><\/div>\n        <\/div>\n    <\/article><article class=\"eael-grid-post eael-post-grid-column\" data-id=\"11940\">\n        <div class=\"eael-grid-post-holder\">\n            <div class=\"eael-grid-post-holder-inner\"><div class=\"eael-entry-media\"><div class=\"eael-entry-overlay fade-in\"><i class=\"\" aria-hidden=\"true\"><\/i><a href=\"https:\/\/cinemigrante.org\/ediciones-anteriores\/archivos\/films\/io-sto-con-la-sposa\"><\/a><\/div><div class=\"eael-entry-thumbnail \">\n                                <img loading=\"lazy\" decoding=\"async\" width=\"300\" height=\"169\" src=\"https:\/\/cinemigrante.org\/ediciones-anteriores\/wp-content\/uploads\/2021\/06\/IoStoConlaSposa-300x169.jpg\" class=\"attachment-medium size-medium wp-image-11941\" alt=\"\" srcset=\"https:\/\/cinemigrante.org\/ediciones-anteriores\/wp-content\/uploads\/2021\/06\/IoStoConlaSposa-300x169.jpg 300w, https:\/\/cinemigrante.org\/ediciones-anteriores\/wp-content\/uploads\/2021\/06\/IoStoConlaSposa-1024x576.jpg 1024w, https:\/\/cinemigrante.org\/ediciones-anteriores\/wp-content\/uploads\/2021\/06\/IoStoConlaSposa-768x432.jpg 768w, https:\/\/cinemigrante.org\/ediciones-anteriores\/wp-content\/uploads\/2021\/06\/IoStoConlaSposa.jpg 1280w\" sizes=\"(max-width: 300px) 100vw, 300px\" \/>\n                              <\/div>\n                      <\/div><div class=\"eael-entry-wrapper\"><header class=\"eael-entry-header\"><h2 class=\"eael-entry-title\"><a\n                                    class=\"eael-grid-post-link\"\n                                    href=\"https:\/\/cinemigrante.org\/ediciones-anteriores\/archivos\/films\/io-sto-con-la-sposa\"\n                                    title=\"Io sto con la sposa\">Io sto con la sposa<\/a><\/h2><\/header><div class=\"eael-entry-header-after style-two\"><div class=\"eael-entry-meta\"><span class=\"eael-meta-posted-on\"><i class=\"far fa-clock\"><\/i><time datetime=\"7 junio, 2021\">7 junio, 2021<\/time><\/span><\/div><\/div><\/div><\/div>\n        <\/div>\n    <\/article><article class=\"eael-grid-post eael-post-grid-column\" data-id=\"11945\">\n        <div class=\"eael-grid-post-holder\">\n            <div class=\"eael-grid-post-holder-inner\"><div class=\"eael-entry-media\"><div class=\"eael-entry-overlay fade-in\"><i class=\"\" aria-hidden=\"true\"><\/i><a href=\"https:\/\/cinemigrante.org\/ediciones-anteriores\/archivos\/films\/just-the-wind\"><\/a><\/div><div class=\"eael-entry-thumbnail \">\n                                <img loading=\"lazy\" decoding=\"async\" width=\"300\" height=\"169\" src=\"https:\/\/cinemigrante.org\/ediciones-anteriores\/wp-content\/uploads\/2021\/06\/Just-The-Wind-1-300x169.jpg\" class=\"attachment-medium size-medium wp-image-11947\" alt=\"\" srcset=\"https:\/\/cinemigrante.org\/ediciones-anteriores\/wp-content\/uploads\/2021\/06\/Just-The-Wind-1-300x169.jpg 300w, https:\/\/cinemigrante.org\/ediciones-anteriores\/wp-content\/uploads\/2021\/06\/Just-The-Wind-1-1024x576.jpg 1024w, https:\/\/cinemigrante.org\/ediciones-anteriores\/wp-content\/uploads\/2021\/06\/Just-The-Wind-1-768x432.jpg 768w, https:\/\/cinemigrante.org\/ediciones-anteriores\/wp-content\/uploads\/2021\/06\/Just-The-Wind-1.jpg 1280w\" sizes=\"(max-width: 300px) 100vw, 300px\" \/>\n                              <\/div>\n                      <\/div><div class=\"eael-entry-wrapper\"><header class=\"eael-entry-header\"><h2 class=\"eael-entry-title\"><a\n                                    class=\"eael-grid-post-link\"\n                                    href=\"https:\/\/cinemigrante.org\/ediciones-anteriores\/archivos\/films\/just-the-wind\"\n                                    title=\"Just the wind\">Just the wind<\/a><\/h2><\/header><div class=\"eael-entry-header-after style-two\"><div class=\"eael-entry-meta\"><span class=\"eael-meta-posted-on\"><i class=\"far fa-clock\"><\/i><time datetime=\"7 junio, 2021\">7 junio, 2021<\/time><\/span><\/div><\/div><\/div><\/div>\n        <\/div>\n    <\/article><article class=\"eael-grid-post eael-post-grid-column\" data-id=\"16343\">\n        <div class=\"eael-grid-post-holder\">\n            <div class=\"eael-grid-post-holder-inner\"><div class=\"eael-entry-media\"><div class=\"eael-entry-overlay fade-in\"><i class=\"\" aria-hidden=\"true\"><\/i><a href=\"https:\/\/cinemigrante.org\/ediciones-anteriores\/archivos\/films\/la-mort-du-dieu-serpent-2\"><\/a><\/div><div class=\"eael-entry-thumbnail \">\n                                <img loading=\"lazy\" decoding=\"async\" width=\"300\" height=\"169\" src=\"https:\/\/cinemigrante.org\/ediciones-anteriores\/wp-content\/uploads\/2021\/03\/LaMortDuDieuSerpent-300x169.jpg\" class=\"attachment-medium size-medium wp-image-10540\" alt=\"\" srcset=\"https:\/\/cinemigrante.org\/ediciones-anteriores\/wp-content\/uploads\/2021\/03\/LaMortDuDieuSerpent-300x169.jpg 300w, https:\/\/cinemigrante.org\/ediciones-anteriores\/wp-content\/uploads\/2021\/03\/LaMortDuDieuSerpent-1024x576.jpg 1024w, https:\/\/cinemigrante.org\/ediciones-anteriores\/wp-content\/uploads\/2021\/03\/LaMortDuDieuSerpent-768x432.jpg 768w, https:\/\/cinemigrante.org\/ediciones-anteriores\/wp-content\/uploads\/2021\/03\/LaMortDuDieuSerpent.jpg 1280w\" sizes=\"(max-width: 300px) 100vw, 300px\" \/>\n                              <\/div>\n                      <\/div><div class=\"eael-entry-wrapper\"><header class=\"eael-entry-header\"><h2 class=\"eael-entry-title\"><a\n                                    class=\"eael-grid-post-link\"\n                                    href=\"https:\/\/cinemigrante.org\/ediciones-anteriores\/archivos\/films\/la-mort-du-dieu-serpent-2\"\n                                    title=\"La mort du dieu Serpent\">La mort du dieu Serpent<\/a><\/h2><\/header><div class=\"eael-entry-header-after style-two\"><div class=\"eael-entry-meta\"><span class=\"eael-meta-posted-on\"><i class=\"far fa-clock\"><\/i><time datetime=\"10 marzo, 2022\">10 marzo, 2022<\/time><\/span><\/div><\/div><\/div><\/div>\n        <\/div>\n    <\/article><article class=\"eael-grid-post eael-post-grid-column\" data-id=\"12144\">\n        <div class=\"eael-grid-post-holder\">\n            <div class=\"eael-grid-post-holder-inner\"><div class=\"eael-entry-media\"><div class=\"eael-entry-overlay fade-in\"><i class=\"\" aria-hidden=\"true\"><\/i><a href=\"https:\/\/cinemigrante.org\/ediciones-anteriores\/archivos\/films\/la-tierra-y-la-sombra\"><\/a><\/div><div class=\"eael-entry-thumbnail \">\n                                <img loading=\"lazy\" decoding=\"async\" width=\"300\" height=\"169\" src=\"https:\/\/cinemigrante.org\/ediciones-anteriores\/wp-content\/uploads\/2021\/06\/La-tierra-y-la-sombra-foto-pelicula-300x169.jpg\" class=\"attachment-medium size-medium wp-image-12147\" alt=\"\" srcset=\"https:\/\/cinemigrante.org\/ediciones-anteriores\/wp-content\/uploads\/2021\/06\/La-tierra-y-la-sombra-foto-pelicula-300x169.jpg 300w, https:\/\/cinemigrante.org\/ediciones-anteriores\/wp-content\/uploads\/2021\/06\/La-tierra-y-la-sombra-foto-pelicula-1024x576.jpg 1024w, https:\/\/cinemigrante.org\/ediciones-anteriores\/wp-content\/uploads\/2021\/06\/La-tierra-y-la-sombra-foto-pelicula-768x432.jpg 768w, https:\/\/cinemigrante.org\/ediciones-anteriores\/wp-content\/uploads\/2021\/06\/La-tierra-y-la-sombra-foto-pelicula.jpg 1280w\" sizes=\"(max-width: 300px) 100vw, 300px\" \/>\n                              <\/div>\n                      <\/div><div class=\"eael-entry-wrapper\"><header class=\"eael-entry-header\"><h2 class=\"eael-entry-title\"><a\n                                    class=\"eael-grid-post-link\"\n                                    href=\"https:\/\/cinemigrante.org\/ediciones-anteriores\/archivos\/films\/la-tierra-y-la-sombra\"\n                                    title=\"La Tierra y la Sombra\">La Tierra y la Sombra<\/a><\/h2><\/header><div class=\"eael-entry-header-after style-two\"><div class=\"eael-entry-meta\"><span class=\"eael-meta-posted-on\"><i class=\"far fa-clock\"><\/i><time datetime=\"7 junio, 2021\">7 junio, 2021<\/time><\/span><\/div><\/div><\/div><\/div>\n        <\/div>\n    <\/article><article class=\"eael-grid-post eael-post-grid-column\" data-id=\"12093\">\n        <div class=\"eael-grid-post-holder\">\n            <div class=\"eael-grid-post-holder-inner\"><div class=\"eael-entry-media\"><div class=\"eael-entry-overlay fade-in\"><i class=\"\" aria-hidden=\"true\"><\/i><a href=\"https:\/\/cinemigrante.org\/ediciones-anteriores\/archivos\/films\/la-voz-de-los-silenciados\"><\/a><\/div><div class=\"eael-entry-thumbnail \">\n                                <img loading=\"lazy\" decoding=\"async\" width=\"300\" height=\"169\" src=\"https:\/\/cinemigrante.org\/ediciones-anteriores\/wp-content\/uploads\/2021\/06\/Voice-of-the-voiceless-1-300x169.jpg\" class=\"attachment-medium size-medium wp-image-12095\" alt=\"\" srcset=\"https:\/\/cinemigrante.org\/ediciones-anteriores\/wp-content\/uploads\/2021\/06\/Voice-of-the-voiceless-1-300x169.jpg 300w, https:\/\/cinemigrante.org\/ediciones-anteriores\/wp-content\/uploads\/2021\/06\/Voice-of-the-voiceless-1-1024x576.jpg 1024w, https:\/\/cinemigrante.org\/ediciones-anteriores\/wp-content\/uploads\/2021\/06\/Voice-of-the-voiceless-1-768x432.jpg 768w, https:\/\/cinemigrante.org\/ediciones-anteriores\/wp-content\/uploads\/2021\/06\/Voice-of-the-voiceless-1.jpg 1280w\" sizes=\"(max-width: 300px) 100vw, 300px\" \/>\n                              <\/div>\n                      <\/div><div class=\"eael-entry-wrapper\"><header class=\"eael-entry-header\"><h2 class=\"eael-entry-title\"><a\n                                    class=\"eael-grid-post-link\"\n                                    href=\"https:\/\/cinemigrante.org\/ediciones-anteriores\/archivos\/films\/la-voz-de-los-silenciados\"\n                                    title=\"La voz de los silenciados\">La voz de los silenciados<\/a><\/h2><\/header><div class=\"eael-entry-header-after style-two\"><div class=\"eael-entry-meta\"><span class=\"eael-meta-posted-on\"><i class=\"far fa-clock\"><\/i><time datetime=\"7 junio, 2021\">7 junio, 2021<\/time><\/span><\/div><\/div><\/div><\/div>\n        <\/div>\n    <\/article><article class=\"eael-grid-post eael-post-grid-column\" data-id=\"11958\">\n        <div class=\"eael-grid-post-holder\">\n            <div class=\"eael-grid-post-holder-inner\"><div class=\"eael-entry-media\"><div class=\"eael-entry-overlay fade-in\"><i class=\"\" aria-hidden=\"true\"><\/i><a href=\"https:\/\/cinemigrante.org\/ediciones-anteriores\/archivos\/films\/las-ninas-quispe\"><\/a><\/div><div class=\"eael-entry-thumbnail \">\n                                <img loading=\"lazy\" decoding=\"async\" width=\"300\" height=\"169\" src=\"https:\/\/cinemigrante.org\/ediciones-anteriores\/wp-content\/uploads\/2021\/06\/ninasquispe-300x169.jpg\" class=\"attachment-medium size-medium wp-image-11961\" alt=\"\" srcset=\"https:\/\/cinemigrante.org\/ediciones-anteriores\/wp-content\/uploads\/2021\/06\/ninasquispe-300x169.jpg 300w, https:\/\/cinemigrante.org\/ediciones-anteriores\/wp-content\/uploads\/2021\/06\/ninasquispe-1024x576.jpg 1024w, https:\/\/cinemigrante.org\/ediciones-anteriores\/wp-content\/uploads\/2021\/06\/ninasquispe-768x432.jpg 768w, https:\/\/cinemigrante.org\/ediciones-anteriores\/wp-content\/uploads\/2021\/06\/ninasquispe.jpg 1280w\" sizes=\"(max-width: 300px) 100vw, 300px\" \/>\n                              <\/div>\n                      <\/div><div class=\"eael-entry-wrapper\"><header class=\"eael-entry-header\"><h2 class=\"eael-entry-title\"><a\n                                    class=\"eael-grid-post-link\"\n                                    href=\"https:\/\/cinemigrante.org\/ediciones-anteriores\/archivos\/films\/las-ninas-quispe\"\n                                    title=\"Las ni\u00f1as Quispe\">Las ni\u00f1as Quispe<\/a><\/h2><\/header><div class=\"eael-entry-header-after style-two\"><div class=\"eael-entry-meta\"><span class=\"eael-meta-posted-on\"><i class=\"far fa-clock\"><\/i><time datetime=\"7 junio, 2021\">7 junio, 2021<\/time><\/span><\/div><\/div><\/div><\/div>\n        <\/div>\n    <\/article><article class=\"eael-grid-post eael-post-grid-column\" data-id=\"11962\">\n        <div class=\"eael-grid-post-holder\">\n            <div class=\"eael-grid-post-holder-inner\"><div class=\"eael-entry-media\"><div class=\"eael-entry-overlay fade-in\"><i class=\"\" aria-hidden=\"true\"><\/i><a href=\"https:\/\/cinemigrante.org\/ediciones-anteriores\/archivos\/films\/le-reve-est-fini\"><\/a><\/div><div class=\"eael-entry-thumbnail \">\n                                <img loading=\"lazy\" decoding=\"async\" width=\"300\" height=\"169\" src=\"https:\/\/cinemigrante.org\/ediciones-anteriores\/wp-content\/uploads\/2021\/06\/Le-reve-est-fini-FOTO-PELICULA-300x169.png\" class=\"attachment-medium size-medium wp-image-11964\" alt=\"\" srcset=\"https:\/\/cinemigrante.org\/ediciones-anteriores\/wp-content\/uploads\/2021\/06\/Le-reve-est-fini-FOTO-PELICULA-300x169.png 300w, https:\/\/cinemigrante.org\/ediciones-anteriores\/wp-content\/uploads\/2021\/06\/Le-reve-est-fini-FOTO-PELICULA-1024x576.png 1024w, https:\/\/cinemigrante.org\/ediciones-anteriores\/wp-content\/uploads\/2021\/06\/Le-reve-est-fini-FOTO-PELICULA-768x432.png 768w, https:\/\/cinemigrante.org\/ediciones-anteriores\/wp-content\/uploads\/2021\/06\/Le-reve-est-fini-FOTO-PELICULA.png 1280w\" sizes=\"(max-width: 300px) 100vw, 300px\" \/>\n                              <\/div>\n                      <\/div><div class=\"eael-entry-wrapper\"><header class=\"eael-entry-header\"><h2 class=\"eael-entry-title\"><a\n                                    class=\"eael-grid-post-link\"\n                                    href=\"https:\/\/cinemigrante.org\/ediciones-anteriores\/archivos\/films\/le-reve-est-fini\"\n                                    title=\"Le R\u00eave est fini\">Le R\u00eave est fini<\/a><\/h2><\/header><div class=\"eael-entry-header-after style-two\"><div class=\"eael-entry-meta\"><span class=\"eael-meta-posted-on\"><i class=\"far fa-clock\"><\/i><time datetime=\"7 junio, 2021\">7 junio, 2021<\/time><\/span><\/div><\/div><\/div><\/div>\n        <\/div>\n    <\/article><article class=\"eael-grid-post eael-post-grid-column\" data-id=\"11967\">\n        <div class=\"eael-grid-post-holder\">\n            <div class=\"eael-grid-post-holder-inner\"><div class=\"eael-entry-media\"><div class=\"eael-entry-overlay fade-in\"><i class=\"\" aria-hidden=\"true\"><\/i><a href=\"https:\/\/cinemigrante.org\/ediciones-anteriores\/archivos\/films\/letters-from-al-yarmouk\"><\/a><\/div><div class=\"eael-entry-thumbnail \">\n                                <img loading=\"lazy\" decoding=\"async\" width=\"300\" height=\"169\" src=\"https:\/\/cinemigrante.org\/ediciones-anteriores\/wp-content\/uploads\/2021\/06\/LettersFromAlYarmouk-300x169.jpg\" class=\"attachment-medium size-medium wp-image-11969\" alt=\"\" srcset=\"https:\/\/cinemigrante.org\/ediciones-anteriores\/wp-content\/uploads\/2021\/06\/LettersFromAlYarmouk-300x169.jpg 300w, https:\/\/cinemigrante.org\/ediciones-anteriores\/wp-content\/uploads\/2021\/06\/LettersFromAlYarmouk-1024x576.jpg 1024w, https:\/\/cinemigrante.org\/ediciones-anteriores\/wp-content\/uploads\/2021\/06\/LettersFromAlYarmouk-768x432.jpg 768w, https:\/\/cinemigrante.org\/ediciones-anteriores\/wp-content\/uploads\/2021\/06\/LettersFromAlYarmouk.jpg 1280w\" sizes=\"(max-width: 300px) 100vw, 300px\" \/>\n                              <\/div>\n                      <\/div><div class=\"eael-entry-wrapper\"><header class=\"eael-entry-header\"><h2 class=\"eael-entry-title\"><a\n                                    class=\"eael-grid-post-link\"\n                                    href=\"https:\/\/cinemigrante.org\/ediciones-anteriores\/archivos\/films\/letters-from-al-yarmouk\"\n                                    title=\"Letters from Al Yarmouk\">Letters from Al Yarmouk<\/a><\/h2><\/header><div class=\"eael-entry-header-after style-two\"><div class=\"eael-entry-meta\"><span class=\"eael-meta-posted-on\"><i class=\"far fa-clock\"><\/i><time datetime=\"7 junio, 2021\">7 junio, 2021<\/time><\/span><\/div><\/div><\/div><\/div>\n        <\/div>\n    <\/article><article class=\"eael-grid-post eael-post-grid-column\" data-id=\"12079\">\n        <div class=\"eael-grid-post-holder\">\n            <div class=\"eael-grid-post-holder-inner\"><div class=\"eael-entry-media\"><div class=\"eael-entry-overlay fade-in\"><i class=\"\" aria-hidden=\"true\"><\/i><a href=\"https:\/\/cinemigrante.org\/ediciones-anteriores\/archivos\/films\/lettres-du-voyant\"><\/a><\/div><div class=\"eael-entry-thumbnail \">\n                                <img loading=\"lazy\" decoding=\"async\" width=\"300\" height=\"169\" src=\"https:\/\/cinemigrante.org\/ediciones-anteriores\/wp-content\/uploads\/2021\/06\/LettersDuVoyant-300x169.jpg\" class=\"attachment-medium size-medium wp-image-12075\" alt=\"\" srcset=\"https:\/\/cinemigrante.org\/ediciones-anteriores\/wp-content\/uploads\/2021\/06\/LettersDuVoyant-300x169.jpg 300w, https:\/\/cinemigrante.org\/ediciones-anteriores\/wp-content\/uploads\/2021\/06\/LettersDuVoyant-1024x576.jpg 1024w, https:\/\/cinemigrante.org\/ediciones-anteriores\/wp-content\/uploads\/2021\/06\/LettersDuVoyant-768x432.jpg 768w, https:\/\/cinemigrante.org\/ediciones-anteriores\/wp-content\/uploads\/2021\/06\/LettersDuVoyant.jpg 1280w\" sizes=\"(max-width: 300px) 100vw, 300px\" \/>\n                              <\/div>\n                      <\/div><div class=\"eael-entry-wrapper\"><header class=\"eael-entry-header\"><h2 class=\"eael-entry-title\"><a\n                                    class=\"eael-grid-post-link\"\n                                    href=\"https:\/\/cinemigrante.org\/ediciones-anteriores\/archivos\/films\/lettres-du-voyant\"\n                                    title=\"Lettres du Voyant\">Lettres du Voyant<\/a><\/h2><\/header><div class=\"eael-entry-header-after style-two\"><div class=\"eael-entry-meta\"><span class=\"eael-meta-posted-on\"><i class=\"far fa-clock\"><\/i><time datetime=\"7 junio, 2021\">7 junio, 2021<\/time><\/span><\/div><\/div><\/div><\/div>\n        <\/div>\n    <\/article><article class=\"eael-grid-post eael-post-grid-column\" data-id=\"12085\">\n        <div class=\"eael-grid-post-holder\">\n            <div class=\"eael-grid-post-holder-inner\"><div class=\"eael-entry-media\"><div class=\"eael-entry-overlay fade-in\"><i class=\"\" aria-hidden=\"true\"><\/i><a href=\"https:\/\/cinemigrante.org\/ediciones-anteriores\/archivos\/films\/lisbon-revisited\"><\/a><\/div><div class=\"eael-entry-thumbnail \">\n                                <img loading=\"lazy\" decoding=\"async\" width=\"300\" height=\"169\" src=\"https:\/\/cinemigrante.org\/ediciones-anteriores\/wp-content\/uploads\/2021\/06\/LISBON-REVISITED-2-300x169.jpg\" class=\"attachment-medium size-medium wp-image-12086\" alt=\"\" srcset=\"https:\/\/cinemigrante.org\/ediciones-anteriores\/wp-content\/uploads\/2021\/06\/LISBON-REVISITED-2-300x169.jpg 300w, https:\/\/cinemigrante.org\/ediciones-anteriores\/wp-content\/uploads\/2021\/06\/LISBON-REVISITED-2-1024x576.jpg 1024w, https:\/\/cinemigrante.org\/ediciones-anteriores\/wp-content\/uploads\/2021\/06\/LISBON-REVISITED-2-768x432.jpg 768w, https:\/\/cinemigrante.org\/ediciones-anteriores\/wp-content\/uploads\/2021\/06\/LISBON-REVISITED-2.jpg 1280w\" sizes=\"(max-width: 300px) 100vw, 300px\" \/>\n                              <\/div>\n                      <\/div><div class=\"eael-entry-wrapper\"><header class=\"eael-entry-header\"><h2 class=\"eael-entry-title\"><a\n                                    class=\"eael-grid-post-link\"\n                                    href=\"https:\/\/cinemigrante.org\/ediciones-anteriores\/archivos\/films\/lisbon-revisited\"\n                                    title=\"Lisbon Revisited\">Lisbon Revisited<\/a><\/h2><\/header><div class=\"eael-entry-header-after style-two\"><div class=\"eael-entry-meta\"><span class=\"eael-meta-posted-on\"><i class=\"far fa-clock\"><\/i><time datetime=\"7 junio, 2021\">7 junio, 2021<\/time><\/span><\/div><\/div><\/div><\/div>\n        <\/div>\n    <\/article><article class=\"eael-grid-post eael-post-grid-column\" data-id=\"11971\">\n        <div class=\"eael-grid-post-holder\">\n            <div class=\"eael-grid-post-holder-inner\"><div class=\"eael-entry-media\"><div class=\"eael-entry-overlay fade-in\"><i class=\"\" aria-hidden=\"true\"><\/i><a href=\"https:\/\/cinemigrante.org\/ediciones-anteriores\/archivos\/films\/lonbraz-kann\"><\/a><\/div><div class=\"eael-entry-thumbnail \">\n                                <img loading=\"lazy\" decoding=\"async\" width=\"300\" height=\"169\" src=\"https:\/\/cinemigrante.org\/ediciones-anteriores\/wp-content\/uploads\/2021\/06\/LonbrazKann-300x169.jpg\" class=\"attachment-medium size-medium wp-image-11974\" alt=\"\" srcset=\"https:\/\/cinemigrante.org\/ediciones-anteriores\/wp-content\/uploads\/2021\/06\/LonbrazKann-300x169.jpg 300w, https:\/\/cinemigrante.org\/ediciones-anteriores\/wp-content\/uploads\/2021\/06\/LonbrazKann-1024x576.jpg 1024w, https:\/\/cinemigrante.org\/ediciones-anteriores\/wp-content\/uploads\/2021\/06\/LonbrazKann-768x432.jpg 768w, https:\/\/cinemigrante.org\/ediciones-anteriores\/wp-content\/uploads\/2021\/06\/LonbrazKann.jpg 1280w\" sizes=\"(max-width: 300px) 100vw, 300px\" \/>\n                              <\/div>\n                      <\/div><div class=\"eael-entry-wrapper\"><header class=\"eael-entry-header\"><h2 class=\"eael-entry-title\"><a\n                                    class=\"eael-grid-post-link\"\n                                    href=\"https:\/\/cinemigrante.org\/ediciones-anteriores\/archivos\/films\/lonbraz-kann\"\n                                    title=\"Lonbraz Kann\">Lonbraz Kann<\/a><\/h2><\/header><div class=\"eael-entry-header-after style-two\"><div class=\"eael-entry-meta\"><span class=\"eael-meta-posted-on\"><i class=\"far fa-clock\"><\/i><time datetime=\"7 junio, 2021\">7 junio, 2021<\/time><\/span><\/div><\/div><\/div><\/div>\n        <\/div>\n    <\/article><article class=\"eael-grid-post eael-post-grid-column\" data-id=\"15967\">\n        <div class=\"eael-grid-post-holder\">\n            <div class=\"eael-grid-post-holder-inner\"><div class=\"eael-entry-media\"><div class=\"eael-entry-overlay fade-in\"><i class=\"\" aria-hidden=\"true\"><\/i><a href=\"https:\/\/cinemigrante.org\/ediciones-anteriores\/archivos\/films\/los-desnudos\"><\/a><\/div><div class=\"eael-entry-thumbnail \">\n                                <img loading=\"lazy\" decoding=\"async\" width=\"300\" height=\"169\" src=\"https:\/\/cinemigrante.org\/ediciones-anteriores\/wp-content\/uploads\/2018\/06\/losdesnudos-300x169.jpg\" class=\"attachment-medium size-medium wp-image-3760\" alt=\"\" srcset=\"https:\/\/cinemigrante.org\/ediciones-anteriores\/wp-content\/uploads\/2018\/06\/losdesnudos-300x169.jpg 300w, https:\/\/cinemigrante.org\/ediciones-anteriores\/wp-content\/uploads\/2018\/06\/losdesnudos-768x432.jpg 768w, https:\/\/cinemigrante.org\/ediciones-anteriores\/wp-content\/uploads\/2018\/06\/losdesnudos-1024x576.jpg 1024w, https:\/\/cinemigrante.org\/ediciones-anteriores\/wp-content\/uploads\/2018\/06\/losdesnudos.jpg 1280w\" sizes=\"(max-width: 300px) 100vw, 300px\" \/>\n                              <\/div>\n                      <\/div><div class=\"eael-entry-wrapper\"><header class=\"eael-entry-header\"><h2 class=\"eael-entry-title\"><a\n                                    class=\"eael-grid-post-link\"\n                                    href=\"https:\/\/cinemigrante.org\/ediciones-anteriores\/archivos\/films\/los-desnudos\"\n                                    title=\"Los Desnudos\">Los Desnudos<\/a><\/h2><\/header><div class=\"eael-entry-header-after style-two\"><div class=\"eael-entry-meta\"><span class=\"eael-meta-posted-on\"><i class=\"far fa-clock\"><\/i><time datetime=\"10 marzo, 2022\">10 marzo, 2022<\/time><\/span><\/div><\/div><\/div><\/div>\n        <\/div>\n    <\/article><article class=\"eael-grid-post eael-post-grid-column\" data-id=\"12109\">\n        <div class=\"eael-grid-post-holder\">\n            <div class=\"eael-grid-post-holder-inner\"><div class=\"eael-entry-media\"><div class=\"eael-entry-overlay fade-in\"><i class=\"\" aria-hidden=\"true\"><\/i><a href=\"https:\/\/cinemigrante.org\/ediciones-anteriores\/archivos\/films\/los-resentidos\"><\/a><\/div><div class=\"eael-entry-thumbnail \">\n                                <img loading=\"lazy\" decoding=\"async\" width=\"300\" height=\"169\" src=\"https:\/\/cinemigrante.org\/ediciones-anteriores\/wp-content\/uploads\/2021\/06\/Los-Resentidos-FOTO-PELI-300x169.jpg\" class=\"attachment-medium size-medium wp-image-12111\" alt=\"\" srcset=\"https:\/\/cinemigrante.org\/ediciones-anteriores\/wp-content\/uploads\/2021\/06\/Los-Resentidos-FOTO-PELI-300x169.jpg 300w, https:\/\/cinemigrante.org\/ediciones-anteriores\/wp-content\/uploads\/2021\/06\/Los-Resentidos-FOTO-PELI.jpg 600w\" sizes=\"(max-width: 300px) 100vw, 300px\" \/>\n                              <\/div>\n                      <\/div><div class=\"eael-entry-wrapper\"><header class=\"eael-entry-header\"><h2 class=\"eael-entry-title\"><a\n                                    class=\"eael-grid-post-link\"\n                                    href=\"https:\/\/cinemigrante.org\/ediciones-anteriores\/archivos\/films\/los-resentidos\"\n                                    title=\"Los Resentidos\">Los Resentidos<\/a><\/h2><\/header><div class=\"eael-entry-header-after style-two\"><div class=\"eael-entry-meta\"><span class=\"eael-meta-posted-on\"><i class=\"far fa-clock\"><\/i><time datetime=\"7 junio, 2021\">7 junio, 2021<\/time><\/span><\/div><\/div><\/div><\/div>\n        <\/div>\n    <\/article><article class=\"eael-grid-post eael-post-grid-column\" data-id=\"11975\">\n        <div class=\"eael-grid-post-holder\">\n            <div class=\"eael-grid-post-holder-inner\"><div class=\"eael-entry-media\"><div class=\"eael-entry-overlay fade-in\"><i class=\"\" aria-hidden=\"true\"><\/i><a href=\"https:\/\/cinemigrante.org\/ediciones-anteriores\/archivos\/films\/los-reyes-del-pueblo-que-no-existe\"><\/a><\/div><div class=\"eael-entry-thumbnail \">\n                                <img loading=\"lazy\" decoding=\"async\" width=\"300\" height=\"169\" src=\"https:\/\/cinemigrante.org\/ediciones-anteriores\/wp-content\/uploads\/2021\/06\/Los-reyes-del-Pueblo-que-no-existe-FOTO-PELI-300x169.jpg\" class=\"attachment-medium size-medium wp-image-11978\" alt=\"\" srcset=\"https:\/\/cinemigrante.org\/ediciones-anteriores\/wp-content\/uploads\/2021\/06\/Los-reyes-del-Pueblo-que-no-existe-FOTO-PELI-300x169.jpg 300w, https:\/\/cinemigrante.org\/ediciones-anteriores\/wp-content\/uploads\/2021\/06\/Los-reyes-del-Pueblo-que-no-existe-FOTO-PELI-1024x576.jpg 1024w, https:\/\/cinemigrante.org\/ediciones-anteriores\/wp-content\/uploads\/2021\/06\/Los-reyes-del-Pueblo-que-no-existe-FOTO-PELI-768x432.jpg 768w, https:\/\/cinemigrante.org\/ediciones-anteriores\/wp-content\/uploads\/2021\/06\/Los-reyes-del-Pueblo-que-no-existe-FOTO-PELI.jpg 1280w\" sizes=\"(max-width: 300px) 100vw, 300px\" \/>\n                              <\/div>\n                      <\/div><div class=\"eael-entry-wrapper\"><header class=\"eael-entry-header\"><h2 class=\"eael-entry-title\"><a\n                                    class=\"eael-grid-post-link\"\n                                    href=\"https:\/\/cinemigrante.org\/ediciones-anteriores\/archivos\/films\/los-reyes-del-pueblo-que-no-existe\"\n                                    title=\"Los reyes del pueblo que no existe\">Los reyes del pueblo que no existe<\/a><\/h2><\/header><div class=\"eael-entry-header-after style-two\"><div class=\"eael-entry-meta\"><span class=\"eael-meta-posted-on\"><i class=\"far fa-clock\"><\/i><time datetime=\"7 junio, 2021\">7 junio, 2021<\/time><\/span><\/div><\/div><\/div><\/div>\n        <\/div>\n    <\/article><article class=\"eael-grid-post eael-post-grid-column\" data-id=\"11980\">\n        <div class=\"eael-grid-post-holder\">\n            <div class=\"eael-grid-post-holder-inner\"><div class=\"eael-entry-media\"><div class=\"eael-entry-overlay fade-in\"><i class=\"\" aria-hidden=\"true\"><\/i><a href=\"https:\/\/cinemigrante.org\/ediciones-anteriores\/archivos\/films\/love-theft-and-other-entanglements\"><\/a><\/div><div class=\"eael-entry-thumbnail \">\n                                <img loading=\"lazy\" decoding=\"async\" width=\"300\" height=\"169\" src=\"https:\/\/cinemigrante.org\/ediciones-anteriores\/wp-content\/uploads\/2021\/06\/Love-Theft-and-other-Entanglements-1-300x169.jpg\" class=\"attachment-medium size-medium wp-image-11982\" alt=\"\" srcset=\"https:\/\/cinemigrante.org\/ediciones-anteriores\/wp-content\/uploads\/2021\/06\/Love-Theft-and-other-Entanglements-1-300x169.jpg 300w, https:\/\/cinemigrante.org\/ediciones-anteriores\/wp-content\/uploads\/2021\/06\/Love-Theft-and-other-Entanglements-1-1024x576.jpg 1024w, https:\/\/cinemigrante.org\/ediciones-anteriores\/wp-content\/uploads\/2021\/06\/Love-Theft-and-other-Entanglements-1-768x432.jpg 768w, https:\/\/cinemigrante.org\/ediciones-anteriores\/wp-content\/uploads\/2021\/06\/Love-Theft-and-other-Entanglements-1.jpg 1280w\" sizes=\"(max-width: 300px) 100vw, 300px\" \/>\n                              <\/div>\n                      <\/div><div class=\"eael-entry-wrapper\"><header class=\"eael-entry-header\"><h2 class=\"eael-entry-title\"><a\n                                    class=\"eael-grid-post-link\"\n                                    href=\"https:\/\/cinemigrante.org\/ediciones-anteriores\/archivos\/films\/love-theft-and-other-entanglements\"\n                                    title=\"Love, Theft and Other Entanglements\">Love, Theft and Other Entanglements<\/a><\/h2><\/header><div class=\"eael-entry-header-after style-two\"><div class=\"eael-entry-meta\"><span class=\"eael-meta-posted-on\"><i class=\"far fa-clock\"><\/i><time datetime=\"7 junio, 2021\">7 junio, 2021<\/time><\/span><\/div><\/div><\/div><\/div>\n        <\/div>\n    <\/article><article class=\"eael-grid-post eael-post-grid-column\" data-id=\"11955\">\n        <div class=\"eael-grid-post-holder\">\n            <div class=\"eael-grid-post-holder-inner\"><div class=\"eael-entry-media\"><div class=\"eael-entry-overlay fade-in\"><i class=\"\" aria-hidden=\"true\"><\/i><a href=\"https:\/\/cinemigrante.org\/ediciones-anteriores\/archivos\/films\/labri\"><\/a><\/div><div class=\"eael-entry-thumbnail \">\n                                <img loading=\"lazy\" decoding=\"async\" width=\"300\" height=\"169\" src=\"https:\/\/cinemigrante.org\/ediciones-anteriores\/wp-content\/uploads\/2021\/06\/The-Shelter.jpg\" class=\"attachment-medium size-medium wp-image-11952\" alt=\"\" \/>\n                              <\/div>\n                      <\/div><div class=\"eael-entry-wrapper\"><header class=\"eael-entry-header\"><h2 class=\"eael-entry-title\"><a\n                                    class=\"eael-grid-post-link\"\n                                    href=\"https:\/\/cinemigrante.org\/ediciones-anteriores\/archivos\/films\/labri\"\n                                    title=\"L\u2019Abri\">L\u2019Abri<\/a><\/h2><\/header><div class=\"eael-entry-header-after style-two\"><div class=\"eael-entry-meta\"><span class=\"eael-meta-posted-on\"><i class=\"far fa-clock\"><\/i><time datetime=\"7 junio, 2021\">7 junio, 2021<\/time><\/span><\/div><\/div><\/div><\/div>\n        <\/div>\n    <\/article><article class=\"eael-grid-post eael-post-grid-column\" data-id=\"11984\">\n        <div class=\"eael-grid-post-holder\">\n            <div class=\"eael-grid-post-holder-inner\"><div class=\"eael-entry-media\"><div class=\"eael-entry-overlay fade-in\"><i class=\"\" aria-hidden=\"true\"><\/i><a href=\"https:\/\/cinemigrante.org\/ediciones-anteriores\/archivos\/films\/macondo\"><\/a><\/div><div class=\"eael-entry-thumbnail \">\n                                <img loading=\"lazy\" decoding=\"async\" width=\"300\" height=\"169\" src=\"https:\/\/cinemigrante.org\/ediciones-anteriores\/wp-content\/uploads\/2021\/06\/Macondo-1-300x169.jpg\" class=\"attachment-medium size-medium wp-image-11986\" alt=\"\" srcset=\"https:\/\/cinemigrante.org\/ediciones-anteriores\/wp-content\/uploads\/2021\/06\/Macondo-1-300x169.jpg 300w, https:\/\/cinemigrante.org\/ediciones-anteriores\/wp-content\/uploads\/2021\/06\/Macondo-1-1024x576.jpg 1024w, https:\/\/cinemigrante.org\/ediciones-anteriores\/wp-content\/uploads\/2021\/06\/Macondo-1-768x432.jpg 768w, https:\/\/cinemigrante.org\/ediciones-anteriores\/wp-content\/uploads\/2021\/06\/Macondo-1.jpg 1280w\" sizes=\"(max-width: 300px) 100vw, 300px\" \/>\n                              <\/div>\n                      <\/div><div class=\"eael-entry-wrapper\"><header class=\"eael-entry-header\"><h2 class=\"eael-entry-title\"><a\n                                    class=\"eael-grid-post-link\"\n                                    href=\"https:\/\/cinemigrante.org\/ediciones-anteriores\/archivos\/films\/macondo\"\n                                    title=\"Macondo\">Macondo<\/a><\/h2><\/header><div class=\"eael-entry-header-after style-two\"><div class=\"eael-entry-meta\"><span class=\"eael-meta-posted-on\"><i class=\"far fa-clock\"><\/i><time datetime=\"7 junio, 2021\">7 junio, 2021<\/time><\/span><\/div><\/div><\/div><\/div>\n        <\/div>\n    <\/article><article class=\"eael-grid-post eael-post-grid-column\" data-id=\"11988\">\n        <div class=\"eael-grid-post-holder\">\n            <div class=\"eael-grid-post-holder-inner\"><div class=\"eael-entry-media\"><div class=\"eael-entry-overlay fade-in\"><i class=\"\" aria-hidden=\"true\"><\/i><a href=\"https:\/\/cinemigrante.org\/ediciones-anteriores\/archivos\/films\/mare-mater\"><\/a><\/div><div class=\"eael-entry-thumbnail \">\n                                <img loading=\"lazy\" decoding=\"async\" width=\"300\" height=\"169\" src=\"https:\/\/cinemigrante.org\/ediciones-anteriores\/wp-content\/uploads\/2021\/06\/MareMater-300x169.jpeg\" class=\"attachment-medium size-medium wp-image-11990\" alt=\"\" srcset=\"https:\/\/cinemigrante.org\/ediciones-anteriores\/wp-content\/uploads\/2021\/06\/MareMater-300x169.jpeg 300w, https:\/\/cinemigrante.org\/ediciones-anteriores\/wp-content\/uploads\/2021\/06\/MareMater-1024x576.jpeg 1024w, https:\/\/cinemigrante.org\/ediciones-anteriores\/wp-content\/uploads\/2021\/06\/MareMater-768x432.jpeg 768w, https:\/\/cinemigrante.org\/ediciones-anteriores\/wp-content\/uploads\/2021\/06\/MareMater.jpeg 1280w\" sizes=\"(max-width: 300px) 100vw, 300px\" \/>\n                              <\/div>\n                      <\/div><div class=\"eael-entry-wrapper\"><header class=\"eael-entry-header\"><h2 class=\"eael-entry-title\"><a\n                                    class=\"eael-grid-post-link\"\n                                    href=\"https:\/\/cinemigrante.org\/ediciones-anteriores\/archivos\/films\/mare-mater\"\n                                    title=\"Mare Mater\">Mare Mater<\/a><\/h2><\/header><div class=\"eael-entry-header-after style-two\"><div class=\"eael-entry-meta\"><span class=\"eael-meta-posted-on\"><i class=\"far fa-clock\"><\/i><time datetime=\"7 junio, 2021\">7 junio, 2021<\/time><\/span><\/div><\/div><\/div><\/div>\n        <\/div>\n    <\/article><article class=\"eael-grid-post eael-post-grid-column\" data-id=\"11992\">\n        <div class=\"eael-grid-post-holder\">\n            <div class=\"eael-grid-post-holder-inner\"><div class=\"eael-entry-media\"><div class=\"eael-entry-overlay fade-in\"><i class=\"\" aria-hidden=\"true\"><\/i><a href=\"https:\/\/cinemigrante.org\/ediciones-anteriores\/archivos\/films\/marmato\"><\/a><\/div><div class=\"eael-entry-thumbnail \">\n                                <img loading=\"lazy\" decoding=\"async\" width=\"300\" height=\"169\" src=\"https:\/\/cinemigrante.org\/ediciones-anteriores\/wp-content\/uploads\/2021\/06\/Marmato-FOTO-PELICULA-300x169.jpg\" class=\"attachment-medium size-medium wp-image-11994\" alt=\"\" srcset=\"https:\/\/cinemigrante.org\/ediciones-anteriores\/wp-content\/uploads\/2021\/06\/Marmato-FOTO-PELICULA-300x169.jpg 300w, https:\/\/cinemigrante.org\/ediciones-anteriores\/wp-content\/uploads\/2021\/06\/Marmato-FOTO-PELICULA-1024x576.jpg 1024w, https:\/\/cinemigrante.org\/ediciones-anteriores\/wp-content\/uploads\/2021\/06\/Marmato-FOTO-PELICULA-768x432.jpg 768w, https:\/\/cinemigrante.org\/ediciones-anteriores\/wp-content\/uploads\/2021\/06\/Marmato-FOTO-PELICULA.jpg 1280w\" sizes=\"(max-width: 300px) 100vw, 300px\" \/>\n                              <\/div>\n                      <\/div><div class=\"eael-entry-wrapper\"><header class=\"eael-entry-header\"><h2 class=\"eael-entry-title\"><a\n                                    class=\"eael-grid-post-link\"\n                                    href=\"https:\/\/cinemigrante.org\/ediciones-anteriores\/archivos\/films\/marmato\"\n                                    title=\"Marmato\">Marmato<\/a><\/h2><\/header><div class=\"eael-entry-header-after style-two\"><div class=\"eael-entry-meta\"><span class=\"eael-meta-posted-on\"><i class=\"far fa-clock\"><\/i><time datetime=\"7 junio, 2021\">7 junio, 2021<\/time><\/span><\/div><\/div><\/div><\/div>\n        <\/div>\n    <\/article><article class=\"eael-grid-post eael-post-grid-column\" data-id=\"12082\">\n        <div class=\"eael-grid-post-holder\">\n            <div class=\"eael-grid-post-holder-inner\"><div class=\"eael-entry-media\"><div class=\"eael-entry-overlay fade-in\"><i class=\"\" aria-hidden=\"true\"><\/i><a href=\"https:\/\/cinemigrante.org\/ediciones-anteriores\/archivos\/films\/mercuriales\"><\/a><\/div><div class=\"eael-entry-thumbnail \">\n                                <img loading=\"lazy\" decoding=\"async\" width=\"300\" height=\"169\" src=\"https:\/\/cinemigrante.org\/ediciones-anteriores\/wp-content\/uploads\/2021\/06\/Mercuriales-300x169.jpg\" class=\"attachment-medium size-medium wp-image-12083\" alt=\"\" srcset=\"https:\/\/cinemigrante.org\/ediciones-anteriores\/wp-content\/uploads\/2021\/06\/Mercuriales-300x169.jpg 300w, https:\/\/cinemigrante.org\/ediciones-anteriores\/wp-content\/uploads\/2021\/06\/Mercuriales-1024x576.jpg 1024w, https:\/\/cinemigrante.org\/ediciones-anteriores\/wp-content\/uploads\/2021\/06\/Mercuriales-768x432.jpg 768w, https:\/\/cinemigrante.org\/ediciones-anteriores\/wp-content\/uploads\/2021\/06\/Mercuriales.jpg 1280w\" sizes=\"(max-width: 300px) 100vw, 300px\" \/>\n                              <\/div>\n                      <\/div><div class=\"eael-entry-wrapper\"><header class=\"eael-entry-header\"><h2 class=\"eael-entry-title\"><a\n                                    class=\"eael-grid-post-link\"\n                                    href=\"https:\/\/cinemigrante.org\/ediciones-anteriores\/archivos\/films\/mercuriales\"\n                                    title=\"Mercuriales\">Mercuriales<\/a><\/h2><\/header><div class=\"eael-entry-header-after style-two\"><div class=\"eael-entry-meta\"><span class=\"eael-meta-posted-on\"><i class=\"far fa-clock\"><\/i><time datetime=\"7 junio, 2021\">7 junio, 2021<\/time><\/span><\/div><\/div><\/div><\/div>\n        <\/div>\n    <\/article><article class=\"eael-grid-post eael-post-grid-column\" data-id=\"12116\">\n        <div class=\"eael-grid-post-holder\">\n            <div class=\"eael-grid-post-holder-inner\"><div class=\"eael-entry-media\"><div class=\"eael-entry-overlay fade-in\"><i class=\"\" aria-hidden=\"true\"><\/i><a href=\"https:\/\/cinemigrante.org\/ediciones-anteriores\/archivos\/films\/muros\"><\/a><\/div><div class=\"eael-entry-thumbnail \">\n                                <img loading=\"lazy\" decoding=\"async\" width=\"300\" height=\"169\" src=\"https:\/\/cinemigrante.org\/ediciones-anteriores\/wp-content\/uploads\/2021\/06\/Muros-FOTO-PELI-300x169.jpg\" class=\"attachment-medium size-medium wp-image-12117\" alt=\"\" srcset=\"https:\/\/cinemigrante.org\/ediciones-anteriores\/wp-content\/uploads\/2021\/06\/Muros-FOTO-PELI-300x169.jpg 300w, https:\/\/cinemigrante.org\/ediciones-anteriores\/wp-content\/uploads\/2021\/06\/Muros-FOTO-PELI-1024x576.jpg 1024w, https:\/\/cinemigrante.org\/ediciones-anteriores\/wp-content\/uploads\/2021\/06\/Muros-FOTO-PELI-768x432.jpg 768w, https:\/\/cinemigrante.org\/ediciones-anteriores\/wp-content\/uploads\/2021\/06\/Muros-FOTO-PELI.jpg 1280w\" sizes=\"(max-width: 300px) 100vw, 300px\" \/>\n                              <\/div>\n                      <\/div><div class=\"eael-entry-wrapper\"><header class=\"eael-entry-header\"><h2 class=\"eael-entry-title\"><a\n                                    class=\"eael-grid-post-link\"\n                                    href=\"https:\/\/cinemigrante.org\/ediciones-anteriores\/archivos\/films\/muros\"\n                                    title=\"Muros\">Muros<\/a><\/h2><\/header><div class=\"eael-entry-header-after style-two\"><div class=\"eael-entry-meta\"><span class=\"eael-meta-posted-on\"><i class=\"far fa-clock\"><\/i><time datetime=\"7 junio, 2021\">7 junio, 2021<\/time><\/span><\/div><\/div><\/div><\/div>\n        <\/div>\n    <\/article><article class=\"eael-grid-post eael-post-grid-column\" data-id=\"11996\">\n        <div class=\"eael-grid-post-holder\">\n            <div class=\"eael-grid-post-holder-inner\"><div class=\"eael-entry-media\"><div class=\"eael-entry-overlay fade-in\"><i class=\"\" aria-hidden=\"true\"><\/i><a href=\"https:\/\/cinemigrante.org\/ediciones-anteriores\/archivos\/films\/my-name-is-salt\"><\/a><\/div><div class=\"eael-entry-thumbnail \">\n                                <img loading=\"lazy\" decoding=\"async\" width=\"300\" height=\"169\" src=\"https:\/\/cinemigrante.org\/ediciones-anteriores\/wp-content\/uploads\/2021\/06\/MY_NAME_IS_SALT_Sanabhai-300x169.jpg\" class=\"attachment-medium size-medium wp-image-11999\" alt=\"\" srcset=\"https:\/\/cinemigrante.org\/ediciones-anteriores\/wp-content\/uploads\/2021\/06\/MY_NAME_IS_SALT_Sanabhai-300x169.jpg 300w, https:\/\/cinemigrante.org\/ediciones-anteriores\/wp-content\/uploads\/2021\/06\/MY_NAME_IS_SALT_Sanabhai-1024x576.jpg 1024w, https:\/\/cinemigrante.org\/ediciones-anteriores\/wp-content\/uploads\/2021\/06\/MY_NAME_IS_SALT_Sanabhai-768x432.jpg 768w, https:\/\/cinemigrante.org\/ediciones-anteriores\/wp-content\/uploads\/2021\/06\/MY_NAME_IS_SALT_Sanabhai.jpg 1280w\" sizes=\"(max-width: 300px) 100vw, 300px\" \/>\n                              <\/div>\n                      <\/div><div class=\"eael-entry-wrapper\"><header class=\"eael-entry-header\"><h2 class=\"eael-entry-title\"><a\n                                    class=\"eael-grid-post-link\"\n                                    href=\"https:\/\/cinemigrante.org\/ediciones-anteriores\/archivos\/films\/my-name-is-salt\"\n                                    title=\"My Name is Salt\">My Name is Salt<\/a><\/h2><\/header><div class=\"eael-entry-header-after style-two\"><div class=\"eael-entry-meta\"><span class=\"eael-meta-posted-on\"><i class=\"far fa-clock\"><\/i><time datetime=\"7 junio, 2021\">7 junio, 2021<\/time><\/span><\/div><\/div><\/div><\/div>\n        <\/div>\n    <\/article><article class=\"eael-grid-post eael-post-grid-column\" data-id=\"3667\">\n        <div class=\"eael-grid-post-holder\">\n            <div class=\"eael-grid-post-holder-inner\"><div class=\"eael-entry-media\"><div class=\"eael-entry-overlay fade-in\"><i class=\"\" aria-hidden=\"true\"><\/i><a href=\"https:\/\/cinemigrante.org\/ediciones-anteriores\/archivos\/films\/naked-spaces-living-is-round\"><\/a><\/div><div class=\"eael-entry-thumbnail \">\n                                <img loading=\"lazy\" decoding=\"async\" width=\"300\" height=\"169\" src=\"https:\/\/cinemigrante.org\/ediciones-anteriores\/wp-content\/uploads\/2018\/06\/naked-300x169.jpg\" class=\"attachment-medium size-medium wp-image-3668\" alt=\"\" srcset=\"https:\/\/cinemigrante.org\/ediciones-anteriores\/wp-content\/uploads\/2018\/06\/naked-300x169.jpg 300w, https:\/\/cinemigrante.org\/ediciones-anteriores\/wp-content\/uploads\/2018\/06\/naked-768x432.jpg 768w, https:\/\/cinemigrante.org\/ediciones-anteriores\/wp-content\/uploads\/2018\/06\/naked-1024x576.jpg 1024w, https:\/\/cinemigrante.org\/ediciones-anteriores\/wp-content\/uploads\/2018\/06\/naked.jpg 1280w\" sizes=\"(max-width: 300px) 100vw, 300px\" \/>\n                              <\/div>\n                      <\/div><div class=\"eael-entry-wrapper\"><header class=\"eael-entry-header\"><h2 class=\"eael-entry-title\"><a\n                                    class=\"eael-grid-post-link\"\n                                    href=\"https:\/\/cinemigrante.org\/ediciones-anteriores\/archivos\/films\/naked-spaces-living-is-round\"\n                                    title=\"Naked Spaces | Living is Round\">Naked Spaces | Living is Round<\/a><\/h2><\/header><div class=\"eael-entry-header-after style-two\"><div class=\"eael-entry-meta\"><span class=\"eael-meta-posted-on\"><i class=\"far fa-clock\"><\/i><time datetime=\"16 junio, 2018\">16 junio, 2018<\/time><\/span><\/div><\/div><\/div><\/div>\n        <\/div>\n    <\/article><article class=\"eael-grid-post eael-post-grid-column\" data-id=\"12200\">\n        <div class=\"eael-grid-post-holder\">\n            <div class=\"eael-grid-post-holder-inner\"><div class=\"eael-entry-media\"><div class=\"eael-entry-overlay fade-in\"><i class=\"\" aria-hidden=\"true\"><\/i><a href=\"https:\/\/cinemigrante.org\/ediciones-anteriores\/archivos\/films\/nan-lakou-kanaval\"><\/a><\/div><div class=\"eael-entry-thumbnail \">\n                                <img loading=\"lazy\" decoding=\"async\" width=\"300\" height=\"169\" src=\"https:\/\/cinemigrante.org\/ediciones-anteriores\/wp-content\/uploads\/2021\/06\/Nan-Lakou-Kanaval2-300x169.jpg\" class=\"attachment-medium size-medium wp-image-12203\" alt=\"\" srcset=\"https:\/\/cinemigrante.org\/ediciones-anteriores\/wp-content\/uploads\/2021\/06\/Nan-Lakou-Kanaval2-300x169.jpg 300w, https:\/\/cinemigrante.org\/ediciones-anteriores\/wp-content\/uploads\/2021\/06\/Nan-Lakou-Kanaval2-1024x576.jpg 1024w, https:\/\/cinemigrante.org\/ediciones-anteriores\/wp-content\/uploads\/2021\/06\/Nan-Lakou-Kanaval2-768x432.jpg 768w, https:\/\/cinemigrante.org\/ediciones-anteriores\/wp-content\/uploads\/2021\/06\/Nan-Lakou-Kanaval2.jpg 1280w\" sizes=\"(max-width: 300px) 100vw, 300px\" \/>\n                              <\/div>\n                      <\/div><div class=\"eael-entry-wrapper\"><header class=\"eael-entry-header\"><h2 class=\"eael-entry-title\"><a\n                                    class=\"eael-grid-post-link\"\n                                    href=\"https:\/\/cinemigrante.org\/ediciones-anteriores\/archivos\/films\/nan-lakou-kanaval\"\n                                    title=\"Nan Lakou Kanaval\">Nan Lakou Kanaval<\/a><\/h2><\/header><div class=\"eael-entry-header-after style-two\"><div class=\"eael-entry-meta\"><span class=\"eael-meta-posted-on\"><i class=\"far fa-clock\"><\/i><time datetime=\"7 junio, 2021\">7 junio, 2021<\/time><\/span><\/div><\/div><\/div><\/div>\n        <\/div>\n    <\/article><article class=\"eael-grid-post eael-post-grid-column\" data-id=\"3661\">\n        <div class=\"eael-grid-post-holder\">\n            <div class=\"eael-grid-post-holder-inner\"><div class=\"eael-entry-media\"><div class=\"eael-entry-overlay fade-in\"><i class=\"\" aria-hidden=\"true\"><\/i><a href=\"https:\/\/cinemigrante.org\/ediciones-anteriores\/archivos\/films\/night-passage\"><\/a><\/div><div class=\"eael-entry-thumbnail \">\n                                <img loading=\"lazy\" decoding=\"async\" width=\"300\" height=\"169\" src=\"https:\/\/cinemigrante.org\/ediciones-anteriores\/wp-content\/uploads\/2018\/06\/night-300x169.jpg\" class=\"attachment-medium size-medium wp-image-3662\" alt=\"\" srcset=\"https:\/\/cinemigrante.org\/ediciones-anteriores\/wp-content\/uploads\/2018\/06\/night-300x169.jpg 300w, https:\/\/cinemigrante.org\/ediciones-anteriores\/wp-content\/uploads\/2018\/06\/night-768x431.jpg 768w, https:\/\/cinemigrante.org\/ediciones-anteriores\/wp-content\/uploads\/2018\/06\/night-1024x575.jpg 1024w, https:\/\/cinemigrante.org\/ediciones-anteriores\/wp-content\/uploads\/2018\/06\/night.jpg 1280w\" sizes=\"(max-width: 300px) 100vw, 300px\" \/>\n                              <\/div>\n                      <\/div><div class=\"eael-entry-wrapper\"><header class=\"eael-entry-header\"><h2 class=\"eael-entry-title\"><a\n                                    class=\"eael-grid-post-link\"\n                                    href=\"https:\/\/cinemigrante.org\/ediciones-anteriores\/archivos\/films\/night-passage\"\n                                    title=\"Night Passage\">Night Passage<\/a><\/h2><\/header><div class=\"eael-entry-header-after style-two\"><div class=\"eael-entry-meta\"><span class=\"eael-meta-posted-on\"><i class=\"far fa-clock\"><\/i><time datetime=\"16 junio, 2018\">16 junio, 2018<\/time><\/span><\/div><\/div><\/div><\/div>\n        <\/div>\n    <\/article><article class=\"eael-grid-post eael-post-grid-column\" data-id=\"12001\">\n        <div class=\"eael-grid-post-holder\">\n            <div class=\"eael-grid-post-holder-inner\"><div class=\"eael-entry-media\"><div class=\"eael-entry-overlay fade-in\"><i class=\"\" aria-hidden=\"true\"><\/i><a href=\"https:\/\/cinemigrante.org\/ediciones-anteriores\/archivos\/films\/o-mestre-e-o-divino\"><\/a><\/div><div class=\"eael-entry-thumbnail \">\n                                <img loading=\"lazy\" decoding=\"async\" width=\"300\" height=\"169\" src=\"https:\/\/cinemigrante.org\/ediciones-anteriores\/wp-content\/uploads\/2021\/06\/O-mestre-o-divino-300x169.jpg\" class=\"attachment-medium size-medium wp-image-12003\" alt=\"\" srcset=\"https:\/\/cinemigrante.org\/ediciones-anteriores\/wp-content\/uploads\/2021\/06\/O-mestre-o-divino-300x169.jpg 300w, https:\/\/cinemigrante.org\/ediciones-anteriores\/wp-content\/uploads\/2021\/06\/O-mestre-o-divino-1024x576.jpg 1024w, https:\/\/cinemigrante.org\/ediciones-anteriores\/wp-content\/uploads\/2021\/06\/O-mestre-o-divino-768x432.jpg 768w, https:\/\/cinemigrante.org\/ediciones-anteriores\/wp-content\/uploads\/2021\/06\/O-mestre-o-divino.jpg 1280w\" sizes=\"(max-width: 300px) 100vw, 300px\" \/>\n                              <\/div>\n                      <\/div><div class=\"eael-entry-wrapper\"><header class=\"eael-entry-header\"><h2 class=\"eael-entry-title\"><a\n                                    class=\"eael-grid-post-link\"\n                                    href=\"https:\/\/cinemigrante.org\/ediciones-anteriores\/archivos\/films\/o-mestre-e-o-divino\"\n                                    title=\"O mestre e o Divino\">O mestre e o Divino<\/a><\/h2><\/header><div class=\"eael-entry-header-after style-two\"><div class=\"eael-entry-meta\"><span class=\"eael-meta-posted-on\"><i class=\"far fa-clock\"><\/i><time datetime=\"7 junio, 2021\">7 junio, 2021<\/time><\/span><\/div><\/div><\/div><\/div>\n        <\/div>\n    <\/article><article class=\"eael-grid-post eael-post-grid-column\" data-id=\"12008\">\n        <div class=\"eael-grid-post-holder\">\n            <div class=\"eael-grid-post-holder-inner\"><div class=\"eael-entry-media\"><div class=\"eael-entry-overlay fade-in\"><i class=\"\" aria-hidden=\"true\"><\/i><a href=\"https:\/\/cinemigrante.org\/ediciones-anteriores\/archivos\/films\/once-upon-a-time\"><\/a><\/div><div class=\"eael-entry-thumbnail \">\n                                <img loading=\"lazy\" decoding=\"async\" width=\"300\" height=\"169\" src=\"https:\/\/cinemigrante.org\/ediciones-anteriores\/wp-content\/uploads\/2021\/06\/OnceUponTheTime.jpg\" class=\"attachment-medium size-medium wp-image-12007\" alt=\"\" \/>\n                              <\/div>\n                      <\/div><div class=\"eael-entry-wrapper\"><header class=\"eael-entry-header\"><h2 class=\"eael-entry-title\"><a\n                                    class=\"eael-grid-post-link\"\n                                    href=\"https:\/\/cinemigrante.org\/ediciones-anteriores\/archivos\/films\/once-upon-a-time\"\n                                    title=\"Once Upon A Time\">Once Upon A Time<\/a><\/h2><\/header><div class=\"eael-entry-header-after style-two\"><div class=\"eael-entry-meta\"><span class=\"eael-meta-posted-on\"><i class=\"far fa-clock\"><\/i><time datetime=\"7 junio, 2021\">7 junio, 2021<\/time><\/span><\/div><\/div><\/div><\/div>\n        <\/div>\n    <\/article><article class=\"eael-grid-post eael-post-grid-column\" data-id=\"12206\">\n        <div class=\"eael-grid-post-holder\">\n            <div class=\"eael-grid-post-holder-inner\"><div class=\"eael-entry-media\"><div class=\"eael-entry-overlay fade-in\"><i class=\"\" aria-hidden=\"true\"><\/i><a href=\"https:\/\/cinemigrante.org\/ediciones-anteriores\/archivos\/films\/panambi-antes-del-agua\"><\/a><\/div><div class=\"eael-entry-thumbnail \">\n                                <img loading=\"lazy\" decoding=\"async\" width=\"300\" height=\"169\" src=\"https:\/\/cinemigrante.org\/ediciones-anteriores\/wp-content\/uploads\/2021\/06\/Panambi-antes-del-agua-300x169.jpg\" class=\"attachment-medium size-medium wp-image-12208\" alt=\"\" srcset=\"https:\/\/cinemigrante.org\/ediciones-anteriores\/wp-content\/uploads\/2021\/06\/Panambi-antes-del-agua-300x169.jpg 300w, https:\/\/cinemigrante.org\/ediciones-anteriores\/wp-content\/uploads\/2021\/06\/Panambi-antes-del-agua-1024x576.jpg 1024w, https:\/\/cinemigrante.org\/ediciones-anteriores\/wp-content\/uploads\/2021\/06\/Panambi-antes-del-agua-768x432.jpg 768w, https:\/\/cinemigrante.org\/ediciones-anteriores\/wp-content\/uploads\/2021\/06\/Panambi-antes-del-agua.jpg 1280w\" sizes=\"(max-width: 300px) 100vw, 300px\" \/>\n                              <\/div>\n                      <\/div><div class=\"eael-entry-wrapper\"><header class=\"eael-entry-header\"><h2 class=\"eael-entry-title\"><a\n                                    class=\"eael-grid-post-link\"\n                                    href=\"https:\/\/cinemigrante.org\/ediciones-anteriores\/archivos\/films\/panambi-antes-del-agua\"\n                                    title=\"Panamb\u00ed, antes del agua\">Panamb\u00ed, antes del agua<\/a><\/h2><\/header><div class=\"eael-entry-header-after style-two\"><div class=\"eael-entry-meta\"><span class=\"eael-meta-posted-on\"><i class=\"far fa-clock\"><\/i><time datetime=\"7 junio, 2021\">7 junio, 2021<\/time><\/span><\/div><\/div><\/div><\/div>\n        <\/div>\n    <\/article><article class=\"eael-grid-post eael-post-grid-column\" data-id=\"12013\">\n        <div class=\"eael-grid-post-holder\">\n            <div class=\"eael-grid-post-holder-inner\"><div class=\"eael-entry-media\"><div class=\"eael-entry-overlay fade-in\"><i class=\"\" aria-hidden=\"true\"><\/i><a href=\"https:\/\/cinemigrante.org\/ediciones-anteriores\/archivos\/films\/profezia-lafrica-di-pasolini\"><\/a><\/div><div class=\"eael-entry-thumbnail \">\n                                <img loading=\"lazy\" decoding=\"async\" width=\"300\" height=\"169\" src=\"https:\/\/cinemigrante.org\/ediciones-anteriores\/wp-content\/uploads\/2021\/06\/ProfeziaLAfricaDiPasolini.jpg\" class=\"attachment-medium size-medium wp-image-12012\" alt=\"\" \/>\n                              <\/div>\n                      <\/div><div class=\"eael-entry-wrapper\"><header class=\"eael-entry-header\"><h2 class=\"eael-entry-title\"><a\n                                    class=\"eael-grid-post-link\"\n                                    href=\"https:\/\/cinemigrante.org\/ediciones-anteriores\/archivos\/films\/profezia-lafrica-di-pasolini\"\n                                    title=\"Profezia. L\u2019Africa di Pasolini\">Profezia. L\u2019Africa di Pasolini<\/a><\/h2><\/header><div class=\"eael-entry-header-after style-two\"><div class=\"eael-entry-meta\"><span class=\"eael-meta-posted-on\"><i class=\"far fa-clock\"><\/i><time datetime=\"7 junio, 2021\">7 junio, 2021<\/time><\/span><\/div><\/div><\/div><\/div>\n        <\/div>\n    <\/article><article class=\"eael-grid-post eael-post-grid-column\" data-id=\"12016\">\n        <div class=\"eael-grid-post-holder\">\n            <div class=\"eael-grid-post-holder-inner\"><div class=\"eael-entry-media\"><div class=\"eael-entry-overlay fade-in\"><i class=\"\" aria-hidden=\"true\"><\/i><a href=\"https:\/\/cinemigrante.org\/ediciones-anteriores\/archivos\/films\/queens-of-syria\"><\/a><\/div><div class=\"eael-entry-thumbnail \">\n                                <img loading=\"lazy\" decoding=\"async\" width=\"300\" height=\"169\" src=\"https:\/\/cinemigrante.org\/ediciones-anteriores\/wp-content\/uploads\/2021\/06\/QueensOfSyria-300x169.jpg\" class=\"attachment-medium size-medium wp-image-12018\" alt=\"\" srcset=\"https:\/\/cinemigrante.org\/ediciones-anteriores\/wp-content\/uploads\/2021\/06\/QueensOfSyria-300x169.jpg 300w, https:\/\/cinemigrante.org\/ediciones-anteriores\/wp-content\/uploads\/2021\/06\/QueensOfSyria-1024x576.jpg 1024w, https:\/\/cinemigrante.org\/ediciones-anteriores\/wp-content\/uploads\/2021\/06\/QueensOfSyria-768x432.jpg 768w, https:\/\/cinemigrante.org\/ediciones-anteriores\/wp-content\/uploads\/2021\/06\/QueensOfSyria.jpg 1280w\" sizes=\"(max-width: 300px) 100vw, 300px\" \/>\n                              <\/div>\n                      <\/div><div class=\"eael-entry-wrapper\"><header class=\"eael-entry-header\"><h2 class=\"eael-entry-title\"><a\n                                    class=\"eael-grid-post-link\"\n                                    href=\"https:\/\/cinemigrante.org\/ediciones-anteriores\/archivos\/films\/queens-of-syria\"\n                                    title=\"Queens of Syria\">Queens of Syria<\/a><\/h2><\/header><div class=\"eael-entry-header-after style-two\"><div class=\"eael-entry-meta\"><span class=\"eael-meta-posted-on\"><i class=\"far fa-clock\"><\/i><time datetime=\"7 junio, 2021\">7 junio, 2021<\/time><\/span><\/div><\/div><\/div><\/div>\n        <\/div>\n    <\/article><article class=\"eael-grid-post eael-post-grid-column\" data-id=\"12019\">\n        <div class=\"eael-grid-post-holder\">\n            <div class=\"eael-grid-post-holder-inner\"><div class=\"eael-entry-media\"><div class=\"eael-entry-overlay fade-in\"><i class=\"\" aria-hidden=\"true\"><\/i><a href=\"https:\/\/cinemigrante.org\/ediciones-anteriores\/archivos\/films\/rabo-de-peixe\"><\/a><\/div><div class=\"eael-entry-thumbnail \">\n                                <img loading=\"lazy\" decoding=\"async\" width=\"300\" height=\"169\" src=\"https:\/\/cinemigrante.org\/ediciones-anteriores\/wp-content\/uploads\/2021\/06\/Rabo-de-Peixe-FOTO-PELi-300x169.jpg\" class=\"attachment-medium size-medium wp-image-12021\" alt=\"\" srcset=\"https:\/\/cinemigrante.org\/ediciones-anteriores\/wp-content\/uploads\/2021\/06\/Rabo-de-Peixe-FOTO-PELi-300x169.jpg 300w, https:\/\/cinemigrante.org\/ediciones-anteriores\/wp-content\/uploads\/2021\/06\/Rabo-de-Peixe-FOTO-PELi-1024x576.jpg 1024w, https:\/\/cinemigrante.org\/ediciones-anteriores\/wp-content\/uploads\/2021\/06\/Rabo-de-Peixe-FOTO-PELi-768x432.jpg 768w, https:\/\/cinemigrante.org\/ediciones-anteriores\/wp-content\/uploads\/2021\/06\/Rabo-de-Peixe-FOTO-PELi.jpg 1280w\" sizes=\"(max-width: 300px) 100vw, 300px\" \/>\n                              <\/div>\n                      <\/div><div class=\"eael-entry-wrapper\"><header class=\"eael-entry-header\"><h2 class=\"eael-entry-title\"><a\n                                    class=\"eael-grid-post-link\"\n                                    href=\"https:\/\/cinemigrante.org\/ediciones-anteriores\/archivos\/films\/rabo-de-peixe\"\n                                    title=\"Rabo de Peixe\">Rabo de Peixe<\/a><\/h2><\/header><div class=\"eael-entry-header-after style-two\"><div class=\"eael-entry-meta\"><span class=\"eael-meta-posted-on\"><i class=\"far fa-clock\"><\/i><time datetime=\"7 junio, 2021\">7 junio, 2021<\/time><\/span><\/div><\/div><\/div><\/div>\n        <\/div>\n    <\/article><article class=\"eael-grid-post eael-post-grid-column\" data-id=\"16163\">\n        <div class=\"eael-grid-post-holder\">\n            <div class=\"eael-grid-post-holder-inner\"><div class=\"eael-entry-media\"><div class=\"eael-entry-overlay fade-in\"><i class=\"\" aria-hidden=\"true\"><\/i><a href=\"https:\/\/cinemigrante.org\/ediciones-anteriores\/archivos\/films\/reassemblage-2\"><\/a><\/div><div class=\"eael-entry-thumbnail \">\n                                <img loading=\"lazy\" decoding=\"async\" width=\"300\" height=\"169\" src=\"https:\/\/cinemigrante.org\/ediciones-anteriores\/wp-content\/uploads\/2018\/06\/reassemblage-300x169.jpg\" class=\"attachment-medium size-medium wp-image-3657\" alt=\"\" srcset=\"https:\/\/cinemigrante.org\/ediciones-anteriores\/wp-content\/uploads\/2018\/06\/reassemblage-300x169.jpg 300w, https:\/\/cinemigrante.org\/ediciones-anteriores\/wp-content\/uploads\/2018\/06\/reassemblage-768x432.jpg 768w, https:\/\/cinemigrante.org\/ediciones-anteriores\/wp-content\/uploads\/2018\/06\/reassemblage-1024x576.jpg 1024w, https:\/\/cinemigrante.org\/ediciones-anteriores\/wp-content\/uploads\/2018\/06\/reassemblage.jpg 1280w\" sizes=\"(max-width: 300px) 100vw, 300px\" \/>\n                              <\/div>\n                      <\/div><div class=\"eael-entry-wrapper\"><header class=\"eael-entry-header\"><h2 class=\"eael-entry-title\"><a\n                                    class=\"eael-grid-post-link\"\n                                    href=\"https:\/\/cinemigrante.org\/ediciones-anteriores\/archivos\/films\/reassemblage-2\"\n                                    title=\"Reassemblage\">Reassemblage<\/a><\/h2><\/header><div class=\"eael-entry-header-after style-two\"><div class=\"eael-entry-meta\"><span class=\"eael-meta-posted-on\"><i class=\"far fa-clock\"><\/i><time datetime=\"10 marzo, 2022\">10 marzo, 2022<\/time><\/span><\/div><\/div><\/div><\/div>\n        <\/div>\n    <\/article><article class=\"eael-grid-post eael-post-grid-column\" data-id=\"12088\">\n        <div class=\"eael-grid-post-holder\">\n            <div class=\"eael-grid-post-holder-inner\"><div class=\"eael-entry-media\"><div class=\"eael-entry-overlay fade-in\"><i class=\"\" aria-hidden=\"true\"><\/i><a href=\"https:\/\/cinemigrante.org\/ediciones-anteriores\/archivos\/films\/remake-remix-rip-off\"><\/a><\/div><div class=\"eael-entry-thumbnail \">\n                                <img loading=\"lazy\" decoding=\"async\" width=\"300\" height=\"169\" src=\"https:\/\/cinemigrante.org\/ediciones-anteriores\/wp-content\/uploads\/2021\/06\/Remake-Remix-Ripoff-1-300x169.jpg\" class=\"attachment-medium size-medium wp-image-12091\" alt=\"\" srcset=\"https:\/\/cinemigrante.org\/ediciones-anteriores\/wp-content\/uploads\/2021\/06\/Remake-Remix-Ripoff-1-300x169.jpg 300w, https:\/\/cinemigrante.org\/ediciones-anteriores\/wp-content\/uploads\/2021\/06\/Remake-Remix-Ripoff-1-1024x576.jpg 1024w, https:\/\/cinemigrante.org\/ediciones-anteriores\/wp-content\/uploads\/2021\/06\/Remake-Remix-Ripoff-1-768x432.jpg 768w, https:\/\/cinemigrante.org\/ediciones-anteriores\/wp-content\/uploads\/2021\/06\/Remake-Remix-Ripoff-1.jpg 1280w\" sizes=\"(max-width: 300px) 100vw, 300px\" \/>\n                              <\/div>\n                      <\/div><div class=\"eael-entry-wrapper\"><header class=\"eael-entry-header\"><h2 class=\"eael-entry-title\"><a\n                                    class=\"eael-grid-post-link\"\n                                    href=\"https:\/\/cinemigrante.org\/ediciones-anteriores\/archivos\/films\/remake-remix-rip-off\"\n                                    title=\"Remake, Remix, Rip-off\">Remake, Remix, Rip-off<\/a><\/h2><\/header><div class=\"eael-entry-header-after style-two\"><div class=\"eael-entry-meta\"><span class=\"eael-meta-posted-on\"><i class=\"far fa-clock\"><\/i><time datetime=\"7 junio, 2021\">7 junio, 2021<\/time><\/span><\/div><\/div><\/div><\/div>\n        <\/div>\n    <\/article><article class=\"eael-grid-post eael-post-grid-column\" data-id=\"12024\">\n        <div class=\"eael-grid-post-holder\">\n            <div class=\"eael-grid-post-holder-inner\"><div class=\"eael-entry-media\"><div class=\"eael-entry-overlay fade-in\"><i class=\"\" aria-hidden=\"true\"><\/i><a href=\"https:\/\/cinemigrante.org\/ediciones-anteriores\/archivos\/films\/rosarno\"><\/a><\/div><div class=\"eael-entry-thumbnail \">\n                                <img loading=\"lazy\" decoding=\"async\" width=\"300\" height=\"169\" src=\"https:\/\/cinemigrante.org\/ediciones-anteriores\/wp-content\/uploads\/2021\/06\/ROSARNO-300x169.jpg\" class=\"attachment-medium size-medium wp-image-12026\" alt=\"\" srcset=\"https:\/\/cinemigrante.org\/ediciones-anteriores\/wp-content\/uploads\/2021\/06\/ROSARNO-300x169.jpg 300w, https:\/\/cinemigrante.org\/ediciones-anteriores\/wp-content\/uploads\/2021\/06\/ROSARNO-1024x576.jpg 1024w, https:\/\/cinemigrante.org\/ediciones-anteriores\/wp-content\/uploads\/2021\/06\/ROSARNO-768x432.jpg 768w, https:\/\/cinemigrante.org\/ediciones-anteriores\/wp-content\/uploads\/2021\/06\/ROSARNO.jpg 1280w\" sizes=\"(max-width: 300px) 100vw, 300px\" \/>\n                              <\/div>\n                      <\/div><div class=\"eael-entry-wrapper\"><header class=\"eael-entry-header\"><h2 class=\"eael-entry-title\"><a\n                                    class=\"eael-grid-post-link\"\n                                    href=\"https:\/\/cinemigrante.org\/ediciones-anteriores\/archivos\/films\/rosarno\"\n                                    title=\"Rosarno\">Rosarno<\/a><\/h2><\/header><div class=\"eael-entry-header-after style-two\"><div class=\"eael-entry-meta\"><span class=\"eael-meta-posted-on\"><i class=\"far fa-clock\"><\/i><time datetime=\"7 junio, 2021\">7 junio, 2021<\/time><\/span><\/div><\/div><\/div><\/div>\n        <\/div>\n    <\/article><article class=\"eael-grid-post eael-post-grid-column\" data-id=\"3687\">\n        <div class=\"eael-grid-post-holder\">\n            <div class=\"eael-grid-post-holder-inner\"><div class=\"eael-entry-media\"><div class=\"eael-entry-overlay fade-in\"><i class=\"\" aria-hidden=\"true\"><\/i><a href=\"https:\/\/cinemigrante.org\/ediciones-anteriores\/archivos\/films\/shipwreck\"><\/a><\/div><div class=\"eael-entry-thumbnail \">\n                                <img loading=\"lazy\" decoding=\"async\" width=\"300\" height=\"169\" src=\"https:\/\/cinemigrante.org\/ediciones-anteriores\/wp-content\/uploads\/2018\/06\/Shipwreck-300x169.png\" class=\"attachment-medium size-medium wp-image-3692\" alt=\"\" srcset=\"https:\/\/cinemigrante.org\/ediciones-anteriores\/wp-content\/uploads\/2018\/06\/Shipwreck-300x169.png 300w, https:\/\/cinemigrante.org\/ediciones-anteriores\/wp-content\/uploads\/2018\/06\/Shipwreck-768x431.png 768w, https:\/\/cinemigrante.org\/ediciones-anteriores\/wp-content\/uploads\/2018\/06\/Shipwreck-1024x575.png 1024w, https:\/\/cinemigrante.org\/ediciones-anteriores\/wp-content\/uploads\/2018\/06\/Shipwreck.png 1280w\" sizes=\"(max-width: 300px) 100vw, 300px\" \/>\n                              <\/div>\n                      <\/div><div class=\"eael-entry-wrapper\"><header class=\"eael-entry-header\"><h2 class=\"eael-entry-title\"><a\n                                    class=\"eael-grid-post-link\"\n                                    href=\"https:\/\/cinemigrante.org\/ediciones-anteriores\/archivos\/films\/shipwreck\"\n                                    title=\"Shipwreck\">Shipwreck<\/a><\/h2><\/header><div class=\"eael-entry-header-after style-two\"><div class=\"eael-entry-meta\"><span class=\"eael-meta-posted-on\"><i class=\"far fa-clock\"><\/i><time datetime=\"16 junio, 2018\">16 junio, 2018<\/time><\/span><\/div><\/div><\/div><\/div>\n        <\/div>\n    <\/article><article class=\"eael-grid-post eael-post-grid-column\" data-id=\"3650\">\n        <div class=\"eael-grid-post-holder\">\n            <div class=\"eael-grid-post-holder-inner\"><div class=\"eael-entry-media\"><div class=\"eael-entry-overlay fade-in\"><i class=\"\" aria-hidden=\"true\"><\/i><a href=\"https:\/\/cinemigrante.org\/ediciones-anteriores\/archivos\/films\/shoot-for-the-contents\"><\/a><\/div><div class=\"eael-entry-thumbnail \">\n                                <img loading=\"lazy\" decoding=\"async\" width=\"300\" height=\"169\" src=\"https:\/\/cinemigrante.org\/ediciones-anteriores\/wp-content\/uploads\/2018\/06\/shoot-300x169.jpg\" class=\"attachment-medium size-medium wp-image-3651\" alt=\"\" srcset=\"https:\/\/cinemigrante.org\/ediciones-anteriores\/wp-content\/uploads\/2018\/06\/shoot-300x169.jpg 300w, https:\/\/cinemigrante.org\/ediciones-anteriores\/wp-content\/uploads\/2018\/06\/shoot-768x433.jpg 768w, https:\/\/cinemigrante.org\/ediciones-anteriores\/wp-content\/uploads\/2018\/06\/shoot-1024x577.jpg 1024w, https:\/\/cinemigrante.org\/ediciones-anteriores\/wp-content\/uploads\/2018\/06\/shoot.jpg 1280w\" sizes=\"(max-width: 300px) 100vw, 300px\" \/>\n                              <\/div>\n                      <\/div><div class=\"eael-entry-wrapper\"><header class=\"eael-entry-header\"><h2 class=\"eael-entry-title\"><a\n                                    class=\"eael-grid-post-link\"\n                                    href=\"https:\/\/cinemigrante.org\/ediciones-anteriores\/archivos\/films\/shoot-for-the-contents\"\n                                    title=\"Shoot for the Contents\">Shoot for the Contents<\/a><\/h2><\/header><div class=\"eael-entry-header-after style-two\"><div class=\"eael-entry-meta\"><span class=\"eael-meta-posted-on\"><i class=\"far fa-clock\"><\/i><time datetime=\"16 junio, 2018\">16 junio, 2018<\/time><\/span><\/div><\/div><\/div><\/div>\n        <\/div>\n    <\/article><article class=\"eael-grid-post eael-post-grid-column\" data-id=\"12215\">\n        <div class=\"eael-grid-post-holder\">\n            <div class=\"eael-grid-post-holder-inner\"><div class=\"eael-entry-media\"><div class=\"eael-entry-overlay fade-in\"><i class=\"\" aria-hidden=\"true\"><\/i><a href=\"https:\/\/cinemigrante.org\/ediciones-anteriores\/archivos\/films\/sleepers-beat\"><\/a><\/div><div class=\"eael-entry-thumbnail \">\n                                <img loading=\"lazy\" decoding=\"async\" width=\"300\" height=\"167\" src=\"https:\/\/cinemigrante.org\/ediciones-anteriores\/wp-content\/uploads\/2021\/06\/Sleepers-Beat-1.jpg\" class=\"attachment-medium size-medium wp-image-12213\" alt=\"\" \/>\n                              <\/div>\n                      <\/div><div class=\"eael-entry-wrapper\"><header class=\"eael-entry-header\"><h2 class=\"eael-entry-title\"><a\n                                    class=\"eael-grid-post-link\"\n                                    href=\"https:\/\/cinemigrante.org\/ediciones-anteriores\/archivos\/films\/sleepers-beat\"\n                                    title=\"Sleepers\u2019 Beat\">Sleepers\u2019 Beat<\/a><\/h2><\/header><div class=\"eael-entry-header-after style-two\"><div class=\"eael-entry-meta\"><span class=\"eael-meta-posted-on\"><i class=\"far fa-clock\"><\/i><time datetime=\"7 junio, 2021\">7 junio, 2021<\/time><\/span><\/div><\/div><\/div><\/div>\n        <\/div>\n    <\/article><article class=\"eael-grid-post eael-post-grid-column\" data-id=\"12071\">\n        <div class=\"eael-grid-post-holder\">\n            <div class=\"eael-grid-post-holder-inner\"><div class=\"eael-entry-media\"><div class=\"eael-entry-overlay fade-in\"><i class=\"\" aria-hidden=\"true\"><\/i><a href=\"https:\/\/cinemigrante.org\/ediciones-anteriores\/archivos\/films\/solo-te-puedo-mostrar-el-color\"><\/a><\/div><div class=\"eael-entry-thumbnail \">\n                                <img loading=\"lazy\" decoding=\"async\" width=\"300\" height=\"169\" src=\"https:\/\/cinemigrante.org\/ediciones-anteriores\/wp-content\/uploads\/2021\/06\/Solo-te-puedo-mostrar-el-color-FOTO-PELI-300x169.jpg\" class=\"attachment-medium size-medium wp-image-12072\" alt=\"\" srcset=\"https:\/\/cinemigrante.org\/ediciones-anteriores\/wp-content\/uploads\/2021\/06\/Solo-te-puedo-mostrar-el-color-FOTO-PELI-300x169.jpg 300w, https:\/\/cinemigrante.org\/ediciones-anteriores\/wp-content\/uploads\/2021\/06\/Solo-te-puedo-mostrar-el-color-FOTO-PELI-1024x576.jpg 1024w, https:\/\/cinemigrante.org\/ediciones-anteriores\/wp-content\/uploads\/2021\/06\/Solo-te-puedo-mostrar-el-color-FOTO-PELI-768x432.jpg 768w, https:\/\/cinemigrante.org\/ediciones-anteriores\/wp-content\/uploads\/2021\/06\/Solo-te-puedo-mostrar-el-color-FOTO-PELI.jpg 1280w\" sizes=\"(max-width: 300px) 100vw, 300px\" \/>\n                              <\/div>\n                      <\/div><div class=\"eael-entry-wrapper\"><header class=\"eael-entry-header\"><h2 class=\"eael-entry-title\"><a\n                                    class=\"eael-grid-post-link\"\n                                    href=\"https:\/\/cinemigrante.org\/ediciones-anteriores\/archivos\/films\/solo-te-puedo-mostrar-el-color\"\n                                    title=\"Solo te puedo mostrar el color\">Solo te puedo mostrar el color<\/a><\/h2><\/header><div class=\"eael-entry-header-after style-two\"><div class=\"eael-entry-meta\"><span class=\"eael-meta-posted-on\"><i class=\"far fa-clock\"><\/i><time datetime=\"7 junio, 2021\">7 junio, 2021<\/time><\/span><\/div><\/div><\/div><\/div>\n        <\/div>\n    <\/article><article class=\"eael-grid-post eael-post-grid-column\" data-id=\"12028\">\n        <div class=\"eael-grid-post-holder\">\n            <div class=\"eael-grid-post-holder-inner\"><div class=\"eael-entry-media\"><div class=\"eael-entry-overlay fade-in\"><i class=\"\" aria-hidden=\"true\"><\/i><a href=\"https:\/\/cinemigrante.org\/ediciones-anteriores\/archivos\/films\/stranded-in-canton\"><\/a><\/div><div class=\"eael-entry-thumbnail \">\n                                <img loading=\"lazy\" decoding=\"async\" width=\"300\" height=\"169\" src=\"https:\/\/cinemigrante.org\/ediciones-anteriores\/wp-content\/uploads\/2021\/06\/Stranded-in-Canton-1-300x169.jpeg\" class=\"attachment-medium size-medium wp-image-12030\" alt=\"\" srcset=\"https:\/\/cinemigrante.org\/ediciones-anteriores\/wp-content\/uploads\/2021\/06\/Stranded-in-Canton-1-300x169.jpeg 300w, https:\/\/cinemigrante.org\/ediciones-anteriores\/wp-content\/uploads\/2021\/06\/Stranded-in-Canton-1-1024x576.jpeg 1024w, https:\/\/cinemigrante.org\/ediciones-anteriores\/wp-content\/uploads\/2021\/06\/Stranded-in-Canton-1-768x432.jpeg 768w, https:\/\/cinemigrante.org\/ediciones-anteriores\/wp-content\/uploads\/2021\/06\/Stranded-in-Canton-1.jpeg 1280w\" sizes=\"(max-width: 300px) 100vw, 300px\" \/>\n                              <\/div>\n                      <\/div><div class=\"eael-entry-wrapper\"><header class=\"eael-entry-header\"><h2 class=\"eael-entry-title\"><a\n                                    class=\"eael-grid-post-link\"\n                                    href=\"https:\/\/cinemigrante.org\/ediciones-anteriores\/archivos\/films\/stranded-in-canton\"\n                                    title=\"Stranded in Canton\">Stranded in Canton<\/a><\/h2><\/header><div class=\"eael-entry-header-after style-two\"><div class=\"eael-entry-meta\"><span class=\"eael-meta-posted-on\"><i class=\"far fa-clock\"><\/i><time datetime=\"7 junio, 2021\">7 junio, 2021<\/time><\/span><\/div><\/div><\/div><\/div>\n        <\/div>\n    <\/article><article class=\"eael-grid-post eael-post-grid-column\" data-id=\"12032\">\n        <div class=\"eael-grid-post-holder\">\n            <div class=\"eael-grid-post-holder-inner\"><div class=\"eael-entry-media\"><div class=\"eael-entry-overlay fade-in\"><i class=\"\" aria-hidden=\"true\"><\/i><a href=\"https:\/\/cinemigrante.org\/ediciones-anteriores\/archivos\/films\/sud-eau-nord-deplacer\"><\/a><\/div><div class=\"eael-entry-thumbnail \">\n                                <img loading=\"lazy\" decoding=\"async\" width=\"300\" height=\"169\" src=\"https:\/\/cinemigrante.org\/ediciones-anteriores\/wp-content\/uploads\/2021\/06\/South-to-North-FOTO-PELI-300x169.jpg\" class=\"attachment-medium size-medium wp-image-12034\" alt=\"\" srcset=\"https:\/\/cinemigrante.org\/ediciones-anteriores\/wp-content\/uploads\/2021\/06\/South-to-North-FOTO-PELI-300x169.jpg 300w, https:\/\/cinemigrante.org\/ediciones-anteriores\/wp-content\/uploads\/2021\/06\/South-to-North-FOTO-PELI-1024x576.jpg 1024w, https:\/\/cinemigrante.org\/ediciones-anteriores\/wp-content\/uploads\/2021\/06\/South-to-North-FOTO-PELI-768x432.jpg 768w, https:\/\/cinemigrante.org\/ediciones-anteriores\/wp-content\/uploads\/2021\/06\/South-to-North-FOTO-PELI.jpg 1280w\" sizes=\"(max-width: 300px) 100vw, 300px\" \/>\n                              <\/div>\n                      <\/div><div class=\"eael-entry-wrapper\"><header class=\"eael-entry-header\"><h2 class=\"eael-entry-title\"><a\n                                    class=\"eael-grid-post-link\"\n                                    href=\"https:\/\/cinemigrante.org\/ediciones-anteriores\/archivos\/films\/sud-eau-nord-deplacer\"\n                                    title=\"Sud Eau Nord Deplacer\">Sud Eau Nord Deplacer<\/a><\/h2><\/header><div class=\"eael-entry-header-after style-two\"><div class=\"eael-entry-meta\"><span class=\"eael-meta-posted-on\"><i class=\"far fa-clock\"><\/i><time datetime=\"7 junio, 2021\">7 junio, 2021<\/time><\/span><\/div><\/div><\/div><\/div>\n        <\/div>\n    <\/article><article class=\"eael-grid-post eael-post-grid-column\" data-id=\"12217\">\n        <div class=\"eael-grid-post-holder\">\n            <div class=\"eael-grid-post-holder-inner\"><div class=\"eael-entry-media\"><div class=\"eael-entry-overlay fade-in\"><i class=\"\" aria-hidden=\"true\"><\/i><a href=\"https:\/\/cinemigrante.org\/ediciones-anteriores\/archivos\/films\/superjednostka\"><\/a><\/div><div class=\"eael-entry-thumbnail \">\n                                <img loading=\"lazy\" decoding=\"async\" width=\"300\" height=\"169\" src=\"https:\/\/cinemigrante.org\/ediciones-anteriores\/wp-content\/uploads\/2021\/06\/Superjednostka-1-300x169.jpg\" class=\"attachment-medium size-medium wp-image-12219\" alt=\"\" srcset=\"https:\/\/cinemigrante.org\/ediciones-anteriores\/wp-content\/uploads\/2021\/06\/Superjednostka-1-300x169.jpg 300w, https:\/\/cinemigrante.org\/ediciones-anteriores\/wp-content\/uploads\/2021\/06\/Superjednostka-1-1024x576.jpg 1024w, https:\/\/cinemigrante.org\/ediciones-anteriores\/wp-content\/uploads\/2021\/06\/Superjednostka-1-768x432.jpg 768w, https:\/\/cinemigrante.org\/ediciones-anteriores\/wp-content\/uploads\/2021\/06\/Superjednostka-1.jpg 1280w\" sizes=\"(max-width: 300px) 100vw, 300px\" \/>\n                              <\/div>\n                      <\/div><div class=\"eael-entry-wrapper\"><header class=\"eael-entry-header\"><h2 class=\"eael-entry-title\"><a\n                                    class=\"eael-grid-post-link\"\n                                    href=\"https:\/\/cinemigrante.org\/ediciones-anteriores\/archivos\/films\/superjednostka\"\n                                    title=\"Superjednostka\">Superjednostka<\/a><\/h2><\/header><div class=\"eael-entry-header-after style-two\"><div class=\"eael-entry-meta\"><span class=\"eael-meta-posted-on\"><i class=\"far fa-clock\"><\/i><time datetime=\"7 junio, 2021\">7 junio, 2021<\/time><\/span><\/div><\/div><\/div><\/div>\n        <\/div>\n    <\/article><article class=\"eael-grid-post eael-post-grid-column\" data-id=\"3644\">\n        <div class=\"eael-grid-post-holder\">\n            <div class=\"eael-grid-post-holder-inner\"><div class=\"eael-entry-media\"><div class=\"eael-entry-overlay fade-in\"><i class=\"\" aria-hidden=\"true\"><\/i><a href=\"https:\/\/cinemigrante.org\/ediciones-anteriores\/archivos\/films\/surname-viet-given-name-nam\"><\/a><\/div><div class=\"eael-entry-thumbnail \">\n                                <img loading=\"lazy\" decoding=\"async\" width=\"300\" height=\"169\" src=\"https:\/\/cinemigrante.org\/ediciones-anteriores\/wp-content\/uploads\/2018\/06\/surname-300x169.jpg\" class=\"attachment-medium size-medium wp-image-3645\" alt=\"\" srcset=\"https:\/\/cinemigrante.org\/ediciones-anteriores\/wp-content\/uploads\/2018\/06\/surname-300x169.jpg 300w, https:\/\/cinemigrante.org\/ediciones-anteriores\/wp-content\/uploads\/2018\/06\/surname-768x431.jpg 768w, https:\/\/cinemigrante.org\/ediciones-anteriores\/wp-content\/uploads\/2018\/06\/surname-1024x575.jpg 1024w, https:\/\/cinemigrante.org\/ediciones-anteriores\/wp-content\/uploads\/2018\/06\/surname.jpg 1280w\" sizes=\"(max-width: 300px) 100vw, 300px\" \/>\n                              <\/div>\n                      <\/div><div class=\"eael-entry-wrapper\"><header class=\"eael-entry-header\"><h2 class=\"eael-entry-title\"><a\n                                    class=\"eael-grid-post-link\"\n                                    href=\"https:\/\/cinemigrante.org\/ediciones-anteriores\/archivos\/films\/surname-viet-given-name-nam\"\n                                    title=\"Surname Viet Given Name Nam\">Surname Viet Given Name Nam<\/a><\/h2><\/header><div class=\"eael-entry-header-after style-two\"><div class=\"eael-entry-meta\"><span class=\"eael-meta-posted-on\"><i class=\"far fa-clock\"><\/i><time datetime=\"16 junio, 2018\">16 junio, 2018<\/time><\/span><\/div><\/div><\/div><\/div>\n        <\/div>\n    <\/article><article class=\"eael-grid-post eael-post-grid-column\" data-id=\"12223\">\n        <div class=\"eael-grid-post-holder\">\n            <div class=\"eael-grid-post-holder-inner\"><div class=\"eael-entry-media\"><div class=\"eael-entry-overlay fade-in\"><i class=\"\" aria-hidden=\"true\"><\/i><a href=\"https:\/\/cinemigrante.org\/ediciones-anteriores\/archivos\/films\/tejo-mar\"><\/a><\/div><div class=\"eael-entry-thumbnail \">\n                                <img loading=\"lazy\" decoding=\"async\" width=\"300\" height=\"169\" src=\"https:\/\/cinemigrante.org\/ediciones-anteriores\/wp-content\/uploads\/2021\/06\/Tejo-Mar-FOTO-PELI-300x169.jpg\" class=\"attachment-medium size-medium wp-image-12225\" alt=\"\" srcset=\"https:\/\/cinemigrante.org\/ediciones-anteriores\/wp-content\/uploads\/2021\/06\/Tejo-Mar-FOTO-PELI-300x169.jpg 300w, https:\/\/cinemigrante.org\/ediciones-anteriores\/wp-content\/uploads\/2021\/06\/Tejo-Mar-FOTO-PELI-1024x576.jpg 1024w, https:\/\/cinemigrante.org\/ediciones-anteriores\/wp-content\/uploads\/2021\/06\/Tejo-Mar-FOTO-PELI-768x432.jpg 768w, https:\/\/cinemigrante.org\/ediciones-anteriores\/wp-content\/uploads\/2021\/06\/Tejo-Mar-FOTO-PELI.jpg 1280w\" sizes=\"(max-width: 300px) 100vw, 300px\" \/>\n                              <\/div>\n                      <\/div><div class=\"eael-entry-wrapper\"><header class=\"eael-entry-header\"><h2 class=\"eael-entry-title\"><a\n                                    class=\"eael-grid-post-link\"\n                                    href=\"https:\/\/cinemigrante.org\/ediciones-anteriores\/archivos\/films\/tejo-mar\"\n                                    title=\"Tejo Mar\">Tejo Mar<\/a><\/h2><\/header><div class=\"eael-entry-header-after style-two\"><div class=\"eael-entry-meta\"><span class=\"eael-meta-posted-on\"><i class=\"far fa-clock\"><\/i><time datetime=\"7 junio, 2021\">7 junio, 2021<\/time><\/span><\/div><\/div><\/div><\/div>\n        <\/div>\n    <\/article><article class=\"eael-grid-post eael-post-grid-column\" data-id=\"12228\">\n        <div class=\"eael-grid-post-holder\">\n            <div class=\"eael-grid-post-holder-inner\"><div class=\"eael-entry-media\"><div class=\"eael-entry-overlay fade-in\"><i class=\"\" aria-hidden=\"true\"><\/i><a href=\"https:\/\/cinemigrante.org\/ediciones-anteriores\/archivos\/films\/the-devil\"><\/a><\/div><div class=\"eael-entry-thumbnail \">\n                                <img loading=\"lazy\" decoding=\"async\" width=\"300\" height=\"169\" src=\"https:\/\/cinemigrante.org\/ediciones-anteriores\/wp-content\/uploads\/2021\/06\/THE-DEVIL-01-300x169.jpg\" class=\"attachment-medium size-medium wp-image-12230\" alt=\"\" srcset=\"https:\/\/cinemigrante.org\/ediciones-anteriores\/wp-content\/uploads\/2021\/06\/THE-DEVIL-01-300x169.jpg 300w, https:\/\/cinemigrante.org\/ediciones-anteriores\/wp-content\/uploads\/2021\/06\/THE-DEVIL-01-1024x576.jpg 1024w, https:\/\/cinemigrante.org\/ediciones-anteriores\/wp-content\/uploads\/2021\/06\/THE-DEVIL-01-768x432.jpg 768w, https:\/\/cinemigrante.org\/ediciones-anteriores\/wp-content\/uploads\/2021\/06\/THE-DEVIL-01.jpg 1280w\" sizes=\"(max-width: 300px) 100vw, 300px\" \/>\n                              <\/div>\n                      <\/div><div class=\"eael-entry-wrapper\"><header class=\"eael-entry-header\"><h2 class=\"eael-entry-title\"><a\n                                    class=\"eael-grid-post-link\"\n                                    href=\"https:\/\/cinemigrante.org\/ediciones-anteriores\/archivos\/films\/the-devil\"\n                                    title=\"The Devil\">The Devil<\/a><\/h2><\/header><div class=\"eael-entry-header-after style-two\"><div class=\"eael-entry-meta\"><span class=\"eael-meta-posted-on\"><i class=\"far fa-clock\"><\/i><time datetime=\"7 junio, 2021\">7 junio, 2021<\/time><\/span><\/div><\/div><\/div><\/div>\n        <\/div>\n    <\/article><article class=\"eael-grid-post eael-post-grid-column\" data-id=\"3638\">\n        <div class=\"eael-grid-post-holder\">\n            <div class=\"eael-grid-post-holder-inner\"><div class=\"eael-entry-media\"><div class=\"eael-entry-overlay fade-in\"><i class=\"\" aria-hidden=\"true\"><\/i><a href=\"https:\/\/cinemigrante.org\/ediciones-anteriores\/archivos\/films\/the-fourth-dimension\"><\/a><\/div><div class=\"eael-entry-thumbnail \">\n                                <img loading=\"lazy\" decoding=\"async\" width=\"300\" height=\"168\" src=\"https:\/\/cinemigrante.org\/ediciones-anteriores\/wp-content\/uploads\/2018\/06\/thefourth-300x168.jpg\" class=\"attachment-medium size-medium wp-image-3639\" alt=\"\" srcset=\"https:\/\/cinemigrante.org\/ediciones-anteriores\/wp-content\/uploads\/2018\/06\/thefourth-300x168.jpg 300w, https:\/\/cinemigrante.org\/ediciones-anteriores\/wp-content\/uploads\/2018\/06\/thefourth-768x431.jpg 768w, https:\/\/cinemigrante.org\/ediciones-anteriores\/wp-content\/uploads\/2018\/06\/thefourth-1024x574.jpg 1024w, https:\/\/cinemigrante.org\/ediciones-anteriores\/wp-content\/uploads\/2018\/06\/thefourth.jpg 1280w\" sizes=\"(max-width: 300px) 100vw, 300px\" \/>\n                              <\/div>\n                      <\/div><div class=\"eael-entry-wrapper\"><header class=\"eael-entry-header\"><h2 class=\"eael-entry-title\"><a\n                                    class=\"eael-grid-post-link\"\n                                    href=\"https:\/\/cinemigrante.org\/ediciones-anteriores\/archivos\/films\/the-fourth-dimension\"\n                                    title=\"The Fourth Dimension\">The Fourth Dimension<\/a><\/h2><\/header><div class=\"eael-entry-header-after style-two\"><div class=\"eael-entry-meta\"><span class=\"eael-meta-posted-on\"><i class=\"far fa-clock\"><\/i><time datetime=\"16 junio, 2018\">16 junio, 2018<\/time><\/span><\/div><\/div><\/div><\/div>\n        <\/div>\n    <\/article><article class=\"eael-grid-post eael-post-grid-column\" data-id=\"12148\">\n        <div class=\"eael-grid-post-holder\">\n            <div class=\"eael-grid-post-holder-inner\"><div class=\"eael-entry-media\"><div class=\"eael-entry-overlay fade-in\"><i class=\"\" aria-hidden=\"true\"><\/i><a href=\"https:\/\/cinemigrante.org\/ediciones-anteriores\/archivos\/films\/touki-bouki\"><\/a><\/div><div class=\"eael-entry-thumbnail \">\n                                <img loading=\"lazy\" decoding=\"async\" width=\"300\" height=\"169\" src=\"https:\/\/cinemigrante.org\/ediciones-anteriores\/wp-content\/uploads\/2021\/06\/ToukiBouki-300x169.jpeg\" class=\"attachment-medium size-medium wp-image-12150\" alt=\"\" srcset=\"https:\/\/cinemigrante.org\/ediciones-anteriores\/wp-content\/uploads\/2021\/06\/ToukiBouki-300x169.jpeg 300w, https:\/\/cinemigrante.org\/ediciones-anteriores\/wp-content\/uploads\/2021\/06\/ToukiBouki-1024x576.jpeg 1024w, https:\/\/cinemigrante.org\/ediciones-anteriores\/wp-content\/uploads\/2021\/06\/ToukiBouki-768x432.jpeg 768w, https:\/\/cinemigrante.org\/ediciones-anteriores\/wp-content\/uploads\/2021\/06\/ToukiBouki.jpeg 1280w\" sizes=\"(max-width: 300px) 100vw, 300px\" \/>\n                              <\/div>\n                      <\/div><div class=\"eael-entry-wrapper\"><header class=\"eael-entry-header\"><h2 class=\"eael-entry-title\"><a\n                                    class=\"eael-grid-post-link\"\n                                    href=\"https:\/\/cinemigrante.org\/ediciones-anteriores\/archivos\/films\/touki-bouki\"\n                                    title=\"Touki Bouki\">Touki Bouki<\/a><\/h2><\/header><div class=\"eael-entry-header-after style-two\"><div class=\"eael-entry-meta\"><span class=\"eael-meta-posted-on\"><i class=\"far fa-clock\"><\/i><time datetime=\"7 junio, 2021\">7 junio, 2021<\/time><\/span><\/div><\/div><\/div><\/div>\n        <\/div>\n    <\/article><article class=\"eael-grid-post eael-post-grid-column\" data-id=\"12039\">\n        <div class=\"eael-grid-post-holder\">\n            <div class=\"eael-grid-post-holder-inner\"><div class=\"eael-entry-media\"><div class=\"eael-entry-overlay fade-in\"><i class=\"\" aria-hidden=\"true\"><\/i><a href=\"https:\/\/cinemigrante.org\/ediciones-anteriores\/archivos\/films\/trees-that-walk\"><\/a><\/div><div class=\"eael-entry-thumbnail \">\n                                <img loading=\"lazy\" decoding=\"async\" width=\"300\" height=\"169\" src=\"https:\/\/cinemigrante.org\/ediciones-anteriores\/wp-content\/uploads\/2021\/06\/TreesThatWalk.jpeg\" class=\"attachment-medium size-medium wp-image-12038\" alt=\"\" \/>\n                              <\/div>\n                      <\/div><div class=\"eael-entry-wrapper\"><header class=\"eael-entry-header\"><h2 class=\"eael-entry-title\"><a\n                                    class=\"eael-grid-post-link\"\n                                    href=\"https:\/\/cinemigrante.org\/ediciones-anteriores\/archivos\/films\/trees-that-walk\"\n                                    title=\"Trees that walk\">Trees that walk<\/a><\/h2><\/header><div class=\"eael-entry-header-after style-two\"><div class=\"eael-entry-meta\"><span class=\"eael-meta-posted-on\"><i class=\"far fa-clock\"><\/i><time datetime=\"7 junio, 2021\">7 junio, 2021<\/time><\/span><\/div><\/div><\/div><\/div>\n        <\/div>\n    <\/article><article class=\"eael-grid-post eael-post-grid-column\" data-id=\"12041\">\n        <div class=\"eael-grid-post-holder\">\n            <div class=\"eael-grid-post-holder-inner\"><div class=\"eael-entry-media\"><div class=\"eael-entry-overlay fade-in\"><i class=\"\" aria-hidden=\"true\"><\/i><a href=\"https:\/\/cinemigrante.org\/ediciones-anteriores\/archivos\/films\/walking-under-water\"><\/a><\/div><div class=\"eael-entry-thumbnail \">\n                                <img loading=\"lazy\" decoding=\"async\" width=\"300\" height=\"169\" src=\"https:\/\/cinemigrante.org\/ediciones-anteriores\/wp-content\/uploads\/2021\/06\/Walking-under-Water-1-300x169.jpg\" class=\"attachment-medium size-medium wp-image-12042\" alt=\"\" srcset=\"https:\/\/cinemigrante.org\/ediciones-anteriores\/wp-content\/uploads\/2021\/06\/Walking-under-Water-1-300x169.jpg 300w, https:\/\/cinemigrante.org\/ediciones-anteriores\/wp-content\/uploads\/2021\/06\/Walking-under-Water-1-1024x576.jpg 1024w, https:\/\/cinemigrante.org\/ediciones-anteriores\/wp-content\/uploads\/2021\/06\/Walking-under-Water-1-768x432.jpg 768w, https:\/\/cinemigrante.org\/ediciones-anteriores\/wp-content\/uploads\/2021\/06\/Walking-under-Water-1.jpg 1280w\" sizes=\"(max-width: 300px) 100vw, 300px\" \/>\n                              <\/div>\n                      <\/div><div class=\"eael-entry-wrapper\"><header class=\"eael-entry-header\"><h2 class=\"eael-entry-title\"><a\n                                    class=\"eael-grid-post-link\"\n                                    href=\"https:\/\/cinemigrante.org\/ediciones-anteriores\/archivos\/films\/walking-under-water\"\n                                    title=\"Walking Under Water\">Walking Under Water<\/a><\/h2><\/header><div class=\"eael-entry-header-after style-two\"><div class=\"eael-entry-meta\"><span class=\"eael-meta-posted-on\"><i class=\"far fa-clock\"><\/i><time datetime=\"7 junio, 2021\">7 junio, 2021<\/time><\/span><\/div><\/div><\/div><\/div>\n        <\/div>\n    <\/article><article class=\"eael-grid-post eael-post-grid-column\" data-id=\"12046\">\n        <div class=\"eael-grid-post-holder\">\n            <div class=\"eael-grid-post-holder-inner\"><div class=\"eael-entry-media\"><div class=\"eael-entry-overlay fade-in\"><i class=\"\" aria-hidden=\"true\"><\/i><a href=\"https:\/\/cinemigrante.org\/ediciones-anteriores\/archivos\/films\/white-shadow\"><\/a><\/div><div class=\"eael-entry-thumbnail \">\n                                <img loading=\"lazy\" decoding=\"async\" width=\"300\" height=\"169\" src=\"https:\/\/cinemigrante.org\/ediciones-anteriores\/wp-content\/uploads\/2021\/06\/White-Shadow-3-300x169.jpg\" class=\"attachment-medium size-medium wp-image-12047\" alt=\"\" srcset=\"https:\/\/cinemigrante.org\/ediciones-anteriores\/wp-content\/uploads\/2021\/06\/White-Shadow-3-300x169.jpg 300w, https:\/\/cinemigrante.org\/ediciones-anteriores\/wp-content\/uploads\/2021\/06\/White-Shadow-3-1024x576.jpg 1024w, https:\/\/cinemigrante.org\/ediciones-anteriores\/wp-content\/uploads\/2021\/06\/White-Shadow-3-768x432.jpg 768w, https:\/\/cinemigrante.org\/ediciones-anteriores\/wp-content\/uploads\/2021\/06\/White-Shadow-3.jpg 1280w\" sizes=\"(max-width: 300px) 100vw, 300px\" \/>\n                              <\/div>\n                      <\/div><div class=\"eael-entry-wrapper\"><header class=\"eael-entry-header\"><h2 class=\"eael-entry-title\"><a\n                                    class=\"eael-grid-post-link\"\n                                    href=\"https:\/\/cinemigrante.org\/ediciones-anteriores\/archivos\/films\/white-shadow\"\n                                    title=\"White Shadow\">White Shadow<\/a><\/h2><\/header><div class=\"eael-entry-header-after style-two\"><div class=\"eael-entry-meta\"><span class=\"eael-meta-posted-on\"><i class=\"far fa-clock\"><\/i><time datetime=\"7 junio, 2021\">7 junio, 2021<\/time><\/span><\/div><\/div><\/div><\/div>\n        <\/div>\n    <\/article><article class=\"eael-grid-post eael-post-grid-column\" data-id=\"3716\">\n        <div class=\"eael-grid-post-holder\">\n            <div class=\"eael-grid-post-holder-inner\"><div class=\"eael-entry-media\"><div class=\"eael-entry-overlay fade-in\"><i class=\"\" aria-hidden=\"true\"><\/i><a href=\"https:\/\/cinemigrante.org\/ediciones-anteriores\/archivos\/films\/who-is-dayani-cristal\"><\/a><\/div><div class=\"eael-entry-thumbnail \">\n                                <img loading=\"lazy\" decoding=\"async\" width=\"300\" height=\"169\" src=\"https:\/\/cinemigrante.org\/ediciones-anteriores\/wp-content\/uploads\/2018\/06\/who-is-dayani-cristal-review-300x169.png\" class=\"attachment-medium size-medium wp-image-3694\" alt=\"\" srcset=\"https:\/\/cinemigrante.org\/ediciones-anteriores\/wp-content\/uploads\/2018\/06\/who-is-dayani-cristal-review-300x169.png 300w, https:\/\/cinemigrante.org\/ediciones-anteriores\/wp-content\/uploads\/2018\/06\/who-is-dayani-cristal-review-768x433.png 768w, https:\/\/cinemigrante.org\/ediciones-anteriores\/wp-content\/uploads\/2018\/06\/who-is-dayani-cristal-review-1024x577.png 1024w, https:\/\/cinemigrante.org\/ediciones-anteriores\/wp-content\/uploads\/2018\/06\/who-is-dayani-cristal-review.png 1280w\" sizes=\"(max-width: 300px) 100vw, 300px\" \/>\n                              <\/div>\n                      <\/div><div class=\"eael-entry-wrapper\"><header class=\"eael-entry-header\"><h2 class=\"eael-entry-title\"><a\n                                    class=\"eael-grid-post-link\"\n                                    href=\"https:\/\/cinemigrante.org\/ediciones-anteriores\/archivos\/films\/who-is-dayani-cristal\"\n                                    title=\"Who is Dayani Cristal?\">Who is Dayani Cristal?<\/a><\/h2><\/header><div class=\"eael-entry-header-after style-two\"><div class=\"eael-entry-meta\"><span class=\"eael-meta-posted-on\"><i class=\"far fa-clock\"><\/i><time datetime=\"16 junio, 2018\">16 junio, 2018<\/time><\/span><\/div><\/div><\/div><\/div>\n        <\/div>\n    <\/article><article class=\"eael-grid-post eael-post-grid-column\" data-id=\"12233\">\n        <div class=\"eael-grid-post-holder\">\n            <div class=\"eael-grid-post-holder-inner\"><div class=\"eael-entry-media\"><div class=\"eael-entry-overlay fade-in\"><i class=\"\" aria-hidden=\"true\"><\/i><a href=\"https:\/\/cinemigrante.org\/ediciones-anteriores\/archivos\/films\/zaki-y-zene\"><\/a><\/div><div class=\"eael-entry-thumbnail \">\n                                <img loading=\"lazy\" decoding=\"async\" width=\"300\" height=\"169\" src=\"https:\/\/cinemigrante.org\/ediciones-anteriores\/wp-content\/uploads\/2021\/06\/Zaki-y-Zene.JPEG-300x169.png\" class=\"attachment-medium size-medium wp-image-12234\" alt=\"\" srcset=\"https:\/\/cinemigrante.org\/ediciones-anteriores\/wp-content\/uploads\/2021\/06\/Zaki-y-Zene.JPEG-300x169.png 300w, https:\/\/cinemigrante.org\/ediciones-anteriores\/wp-content\/uploads\/2021\/06\/Zaki-y-Zene.JPEG-1024x576.png 1024w, https:\/\/cinemigrante.org\/ediciones-anteriores\/wp-content\/uploads\/2021\/06\/Zaki-y-Zene.JPEG-768x432.png 768w, https:\/\/cinemigrante.org\/ediciones-anteriores\/wp-content\/uploads\/2021\/06\/Zaki-y-Zene.JPEG.png 1280w\" sizes=\"(max-width: 300px) 100vw, 300px\" \/>\n                              <\/div>\n                      <\/div><div class=\"eael-entry-wrapper\"><header class=\"eael-entry-header\"><h2 class=\"eael-entry-title\"><a\n                                    class=\"eael-grid-post-link\"\n                                    href=\"https:\/\/cinemigrante.org\/ediciones-anteriores\/archivos\/films\/zaki-y-zene\"\n                                    title=\"Zaki y Zene\">Zaki y Zene<\/a><\/h2><\/header><div class=\"eael-entry-header-after style-two\"><div class=\"eael-entry-meta\"><span class=\"eael-meta-posted-on\"><i class=\"far fa-clock\"><\/i><time datetime=\"7 junio, 2021\">7 junio, 2021<\/time><\/span><\/div><\/div><\/div><\/div>\n        <\/div>\n    <\/article><\/div>\n            <div class=\"clearfix\"><\/div>\n        <\/div>\t\t<\/div>\n\t\t\t\t<\/div>\n\t\t\t\t<div class=\"elementor-element elementor-element-7a233a6b elementor-widget elementor-widget-spacer\" data-id=\"7a233a6b\" data-element_type=\"widget\" data-widget_type=\"spacer.default\">\n\t\t\t\t<div class=\"elementor-widget-container\">\n\t\t\t\t\t<div class=\"elementor-spacer\">\n\t\t\t<div class=\"elementor-spacer-inner\"><\/div>\n\t\t<\/div>\n\t\t\t\t<\/div>\n\t\t\t\t<\/div>\n\t\t\t\t\t<\/div>\n\t\t<\/div>\n\t\t\t\t\t<\/div>\n\t\t<\/section>\n\t\t\t\t<section class=\"elementor-section elementor-top-section elementor-element elementor-element-12e7acc elementor-section-boxed elementor-section-height-default elementor-section-height-default\" data-id=\"12e7acc\" data-element_type=\"section\" data-settings=\"{&quot;background_background&quot;:&quot;classic&quot;}\">\n\t\t\t\t\t\t<div class=\"elementor-container elementor-column-gap-default\">\n\t\t\t\t\t<div class=\"elementor-column elementor-col-100 elementor-top-column elementor-element elementor-element-5df33185\" data-id=\"5df33185\" data-element_type=\"column\">\n\t\t\t<div class=\"elementor-widget-wrap elementor-element-populated\">\n\t\t\t\t\t\t<div class=\"elementor-element elementor-element-37ba2959 elementor-widget elementor-widget-spacer\" data-id=\"37ba2959\" data-element_type=\"widget\" data-widget_type=\"spacer.default\">\n\t\t\t\t<div class=\"elementor-widget-container\">\n\t\t\t\t\t<div class=\"elementor-spacer\">\n\t\t\t<div class=\"elementor-spacer-inner\"><\/div>\n\t\t<\/div>\n\t\t\t\t<\/div>\n\t\t\t\t<\/div>\n\t\t\t\t<div class=\"elementor-element elementor-element-37b0b05a elementor-widget elementor-widget-heading\" data-id=\"37b0b05a\" data-element_type=\"widget\" data-widget_type=\"heading.default\">\n\t\t\t\t<div class=\"elementor-widget-container\">\n\t\t\t<h2 class=\"elementor-heading-title elementor-size-default\">Invitades<\/h2>\t\t<\/div>\n\t\t\t\t<\/div>\n\t\t\t\t<section class=\"elementor-section elementor-inner-section elementor-element elementor-element-24272167 elementor-section-boxed elementor-section-height-default elementor-section-height-default\" data-id=\"24272167\" data-element_type=\"section\">\n\t\t\t\t\t\t<div class=\"elementor-container elementor-column-gap-default\">\n\t\t\t\t\t<div class=\"elementor-column elementor-col-25 elementor-inner-column elementor-element elementor-element-4d608123\" data-id=\"4d608123\" data-element_type=\"column\" data-settings=\"{&quot;background_background&quot;:&quot;classic&quot;}\">\n\t\t\t<div class=\"elementor-widget-wrap elementor-element-populated\">\n\t\t\t\t\t\t<div class=\"elementor-element elementor-element-557f787b elementor-widget elementor-widget-spacer\" data-id=\"557f787b\" data-element_type=\"widget\" data-widget_type=\"spacer.default\">\n\t\t\t\t<div class=\"elementor-widget-container\">\n\t\t\t\t\t<div class=\"elementor-spacer\">\n\t\t\t<div class=\"elementor-spacer-inner\"><\/div>\n\t\t<\/div>\n\t\t\t\t<\/div>\n\t\t\t\t<\/div>\n\t\t\t\t<div class=\"elementor-element elementor-element-1816d2c4 elementor-widget elementor-widget-image\" data-id=\"1816d2c4\" data-element_type=\"widget\" data-widget_type=\"image.default\">\n\t\t\t\t<div class=\"elementor-widget-container\">\n\t\t\t\t\t\t\t\t\t\t\t\t\t<img loading=\"lazy\" decoding=\"async\" width=\"150\" height=\"150\" src=\"https:\/\/cinemigrante.org\/ediciones-anteriores\/wp-content\/uploads\/2022\/02\/judith-butler-150x150.jpg\" class=\"attachment-thumbnail size-thumbnail wp-image-15349\" alt=\"\" srcset=\"https:\/\/cinemigrante.org\/ediciones-anteriores\/wp-content\/uploads\/2022\/02\/judith-butler-150x150.jpg 150w, https:\/\/cinemigrante.org\/ediciones-anteriores\/wp-content\/uploads\/2022\/02\/judith-butler-300x300.jpg 300w, https:\/\/cinemigrante.org\/ediciones-anteriores\/wp-content\/uploads\/2022\/02\/judith-butler.jpg 500w\" sizes=\"(max-width: 150px) 100vw, 150px\" \/>\t\t\t\t\t\t\t\t\t\t\t\t\t<\/div>\n\t\t\t\t<\/div>\n\t\t\t\t<div class=\"elementor-element elementor-element-3642c65c elementor-widget elementor-widget-heading\" data-id=\"3642c65c\" data-element_type=\"widget\" data-widget_type=\"heading.default\">\n\t\t\t\t<div class=\"elementor-widget-container\">\n\t\t\t<p class=\"elementor-heading-title elementor-size-default\">Judith Butler<\/p>\t\t<\/div>\n\t\t\t\t<\/div>\n\t\t\t\t<div class=\"elementor-element elementor-element-631ecb62 elementor-widget elementor-widget-heading\" data-id=\"631ecb62\" data-element_type=\"widget\" data-widget_type=\"heading.default\">\n\t\t\t\t<div class=\"elementor-widget-container\">\n\t\t\t<p class=\"elementor-heading-title elementor-size-default\"> <\/p>\t\t<\/div>\n\t\t\t\t<\/div>\n\t\t\t\t<div class=\"elementor-element elementor-element-1e1c32bd elementor-widget elementor-widget-heading\" data-id=\"1e1c32bd\" data-element_type=\"widget\" data-widget_type=\"heading.default\">\n\t\t\t\t<div class=\"elementor-widget-container\">\n\t\t\t<p class=\"elementor-heading-title elementor-size-default\">Judith Butler es una pensadora y fil\u00f3sofa postestructuralista actualmente a cargo de la c\u00e1tedra Maxine Elliot de Ret\u00f3rica, Literatura comparada y Estudios de la mujer, en la Universidad de California, Berkeley. A lo largo de su trayectoria ha realizado aportes fundamentales al movimiento feminista, la Teor\u00eda Queer, la filosof\u00eda pol\u00edtica y la \u00e9tica.<\/p>\t\t<\/div>\n\t\t\t\t<\/div>\n\t\t\t\t\t<\/div>\n\t\t<\/div>\n\t\t\t\t<div class=\"elementor-column elementor-col-25 elementor-inner-column elementor-element elementor-element-d8fc332\" data-id=\"d8fc332\" data-element_type=\"column\" data-settings=\"{&quot;background_background&quot;:&quot;classic&quot;}\">\n\t\t\t<div class=\"elementor-widget-wrap elementor-element-populated\">\n\t\t\t\t\t\t<div class=\"elementor-element elementor-element-39490681 elementor-widget elementor-widget-spacer\" data-id=\"39490681\" data-element_type=\"widget\" data-widget_type=\"spacer.default\">\n\t\t\t\t<div class=\"elementor-widget-container\">\n\t\t\t\t\t<div class=\"elementor-spacer\">\n\t\t\t<div class=\"elementor-spacer-inner\"><\/div>\n\t\t<\/div>\n\t\t\t\t<\/div>\n\t\t\t\t<\/div>\n\t\t\t\t<div class=\"elementor-element elementor-element-1dd5d5e0 elementor-widget elementor-widget-image\" data-id=\"1dd5d5e0\" data-element_type=\"widget\" data-widget_type=\"image.default\">\n\t\t\t\t<div class=\"elementor-widget-container\">\n\t\t\t\t\t\t\t\t\t\t\t\t\t<img loading=\"lazy\" decoding=\"async\" width=\"150\" height=\"150\" src=\"https:\/\/cinemigrante.org\/ediciones-anteriores\/wp-content\/uploads\/2022\/02\/francoise-verges-150x150.jpg\" class=\"attachment-thumbnail size-thumbnail wp-image-15347\" alt=\"\" srcset=\"https:\/\/cinemigrante.org\/ediciones-anteriores\/wp-content\/uploads\/2022\/02\/francoise-verges-150x150.jpg 150w, https:\/\/cinemigrante.org\/ediciones-anteriores\/wp-content\/uploads\/2022\/02\/francoise-verges-300x300.jpg 300w, https:\/\/cinemigrante.org\/ediciones-anteriores\/wp-content\/uploads\/2022\/02\/francoise-verges.jpg 500w\" sizes=\"(max-width: 150px) 100vw, 150px\" \/>\t\t\t\t\t\t\t\t\t\t\t\t\t<\/div>\n\t\t\t\t<\/div>\n\t\t\t\t<div class=\"elementor-element elementor-element-31aa8fc3 elementor-widget elementor-widget-heading\" data-id=\"31aa8fc3\" data-element_type=\"widget\" data-widget_type=\"heading.default\">\n\t\t\t\t<div class=\"elementor-widget-container\">\n\t\t\t<p class=\"elementor-heading-title elementor-size-default\">Fran\u00e7oise Verg\u00e8s<\/p>\t\t<\/div>\n\t\t\t\t<\/div>\n\t\t\t\t<div class=\"elementor-element elementor-element-6812cebc elementor-widget elementor-widget-heading\" data-id=\"6812cebc\" data-element_type=\"widget\" data-widget_type=\"heading.default\">\n\t\t\t\t<div class=\"elementor-widget-container\">\n\t\t\t<p class=\"elementor-heading-title elementor-size-default\"> <\/p>\t\t<\/div>\n\t\t\t\t<\/div>\n\t\t\t\t<div class=\"elementor-element elementor-element-3124ce76 elementor-widget elementor-widget-heading\" data-id=\"3124ce76\" data-element_type=\"widget\" data-widget_type=\"heading.default\">\n\t\t\t\t<div class=\"elementor-widget-container\">\n\t\t\t<p class=\"elementor-heading-title elementor-size-default\">Fran\u00e7oise Verg\u00e8s, actualmente es Profesora Consultora en el Centro de Estudios Culturales, del Goldsmiths College, Universidad de Londres y presidenta del Comit\u00e9 para la Memoria y la Historia de la Esclavitud en Francia.<\/p>\t\t<\/div>\n\t\t\t\t<\/div>\n\t\t\t\t\t<\/div>\n\t\t<\/div>\n\t\t\t\t<div class=\"elementor-column elementor-col-25 elementor-inner-column elementor-element elementor-element-d15436b\" data-id=\"d15436b\" data-element_type=\"column\" data-settings=\"{&quot;background_background&quot;:&quot;classic&quot;}\">\n\t\t\t<div class=\"elementor-widget-wrap elementor-element-populated\">\n\t\t\t\t\t\t<div class=\"elementor-element elementor-element-58d85fbe elementor-widget elementor-widget-spacer\" data-id=\"58d85fbe\" data-element_type=\"widget\" data-widget_type=\"spacer.default\">\n\t\t\t\t<div class=\"elementor-widget-container\">\n\t\t\t\t\t<div class=\"elementor-spacer\">\n\t\t\t<div class=\"elementor-spacer-inner\"><\/div>\n\t\t<\/div>\n\t\t\t\t<\/div>\n\t\t\t\t<\/div>\n\t\t\t\t<div class=\"elementor-element elementor-element-6ceba29 elementor-widget elementor-widget-image\" data-id=\"6ceba29\" data-element_type=\"widget\" data-widget_type=\"image.default\">\n\t\t\t\t<div class=\"elementor-widget-container\">\n\t\t\t\t\t\t\t\t\t\t\t\t\t<img loading=\"lazy\" decoding=\"async\" width=\"150\" height=\"150\" src=\"https:\/\/cinemigrante.org\/ediciones-anteriores\/wp-content\/uploads\/2022\/02\/trinh-t-minh-ha-150x150.jpg\" class=\"attachment-thumbnail size-thumbnail wp-image-15346\" alt=\"\" srcset=\"https:\/\/cinemigrante.org\/ediciones-anteriores\/wp-content\/uploads\/2022\/02\/trinh-t-minh-ha-150x150.jpg 150w, https:\/\/cinemigrante.org\/ediciones-anteriores\/wp-content\/uploads\/2022\/02\/trinh-t-minh-ha-300x300.jpg 300w, https:\/\/cinemigrante.org\/ediciones-anteriores\/wp-content\/uploads\/2022\/02\/trinh-t-minh-ha.jpg 500w\" sizes=\"(max-width: 150px) 100vw, 150px\" \/>\t\t\t\t\t\t\t\t\t\t\t\t\t<\/div>\n\t\t\t\t<\/div>\n\t\t\t\t<div class=\"elementor-element elementor-element-4e00c648 elementor-widget elementor-widget-heading\" data-id=\"4e00c648\" data-element_type=\"widget\" data-widget_type=\"heading.default\">\n\t\t\t\t<div class=\"elementor-widget-container\">\n\t\t\t<p class=\"elementor-heading-title elementor-size-default\">Trinh T. Minh-ha<\/p>\t\t<\/div>\n\t\t\t\t<\/div>\n\t\t\t\t<div class=\"elementor-element elementor-element-3812a48d elementor-widget elementor-widget-heading\" data-id=\"3812a48d\" data-element_type=\"widget\" data-widget_type=\"heading.default\">\n\t\t\t\t<div class=\"elementor-widget-container\">\n\t\t\t<p class=\"elementor-heading-title elementor-size-default\"> <\/p>\t\t<\/div>\n\t\t\t\t<\/div>\n\t\t\t\t<div class=\"elementor-element elementor-element-4fb9d8f1 elementor-widget elementor-widget-heading\" data-id=\"4fb9d8f1\" data-element_type=\"widget\" data-widget_type=\"heading.default\">\n\t\t\t\t<div class=\"elementor-widget-container\">\n\t\t\t<p class=\"elementor-heading-title elementor-size-default\">Nacida en Vietnam, Trinh T. Minh-ha es directora de cine, escritora y compositora de m\u00fasica. Su trabajo incluye seis largometrajes y un mediometraje, entre los largos se destacan Night Passage, 2004; The Fourth Dimension, 2001 y A Tale of Love, 1996, que han recibidos premios en varios festivales de cine y han sido honrados en numerosas retrospectivas de todo el mundo. <\/p>\t\t<\/div>\n\t\t\t\t<\/div>\n\t\t\t\t\t<\/div>\n\t\t<\/div>\n\t\t\t\t<div class=\"elementor-column elementor-col-25 elementor-inner-column elementor-element elementor-element-60cf19e1\" data-id=\"60cf19e1\" data-element_type=\"column\" data-settings=\"{&quot;background_background&quot;:&quot;classic&quot;}\">\n\t\t\t<div class=\"elementor-widget-wrap elementor-element-populated\">\n\t\t\t\t\t\t<div class=\"elementor-element elementor-element-35b336b2 elementor-widget elementor-widget-spacer\" data-id=\"35b336b2\" data-element_type=\"widget\" data-widget_type=\"spacer.default\">\n\t\t\t\t<div class=\"elementor-widget-container\">\n\t\t\t\t\t<div class=\"elementor-spacer\">\n\t\t\t<div class=\"elementor-spacer-inner\"><\/div>\n\t\t<\/div>\n\t\t\t\t<\/div>\n\t\t\t\t<\/div>\n\t\t\t\t<div class=\"elementor-element elementor-element-7ee089eb elementor-widget elementor-widget-image\" data-id=\"7ee089eb\" data-element_type=\"widget\" data-widget_type=\"image.default\">\n\t\t\t\t<div class=\"elementor-widget-container\">\n\t\t\t\t\t\t\t\t\t\t\t\t\t<img loading=\"lazy\" decoding=\"async\" width=\"150\" height=\"150\" src=\"https:\/\/cinemigrante.org\/ediciones-anteriores\/wp-content\/uploads\/2022\/02\/goran-hugo-olsson-150x150.jpg\" class=\"attachment-thumbnail size-thumbnail wp-image-15348\" alt=\"\" srcset=\"https:\/\/cinemigrante.org\/ediciones-anteriores\/wp-content\/uploads\/2022\/02\/goran-hugo-olsson-150x150.jpg 150w, https:\/\/cinemigrante.org\/ediciones-anteriores\/wp-content\/uploads\/2022\/02\/goran-hugo-olsson-300x300.jpg 300w, https:\/\/cinemigrante.org\/ediciones-anteriores\/wp-content\/uploads\/2022\/02\/goran-hugo-olsson.jpg 500w\" sizes=\"(max-width: 150px) 100vw, 150px\" \/>\t\t\t\t\t\t\t\t\t\t\t\t\t<\/div>\n\t\t\t\t<\/div>\n\t\t\t\t<div class=\"elementor-element elementor-element-1c215a04 elementor-widget elementor-widget-heading\" data-id=\"1c215a04\" data-element_type=\"widget\" data-widget_type=\"heading.default\">\n\t\t\t\t<div class=\"elementor-widget-container\">\n\t\t\t<p class=\"elementor-heading-title elementor-size-default\">G\u00f6ran Hugo Olsson<\/p>\t\t<\/div>\n\t\t\t\t<\/div>\n\t\t\t\t<div class=\"elementor-element elementor-element-31be8f6c elementor-widget elementor-widget-heading\" data-id=\"31be8f6c\" data-element_type=\"widget\" data-widget_type=\"heading.default\">\n\t\t\t\t<div class=\"elementor-widget-container\">\n\t\t\t<p class=\"elementor-heading-title elementor-size-default\"> <\/p>\t\t<\/div>\n\t\t\t\t<\/div>\n\t\t\t\t<div class=\"elementor-element elementor-element-25502b93 elementor-widget elementor-widget-heading\" data-id=\"25502b93\" data-element_type=\"widget\" data-widget_type=\"heading.default\">\n\t\t\t\t<div class=\"elementor-widget-container\">\n\t\t\t<p class=\"elementor-heading-title elementor-size-default\">Nacido en 1965 en Lund, Suecia, G\u00f6ran Hugo Olsson estudi\u00f3 en la Real Academia de Bellas Artes de Estocolmo y es uno de los principales realizadores de Suecia a nivel internacional. Director de cine documental, director de fotograf\u00eda y fabricante de su propia innovaci\u00f3n -la A-Cam, una c\u00e1mara de pel\u00edcula Super-16<\/p>\t\t<\/div>\n\t\t\t\t<\/div>\n\t\t\t\t\t<\/div>\n\t\t<\/div>\n\t\t\t\t\t<\/div>\n\t\t<\/section>\n\t\t\t\t<section class=\"elementor-section elementor-inner-section elementor-element elementor-element-29789f8e elementor-section-boxed elementor-section-height-default elementor-section-height-default\" data-id=\"29789f8e\" data-element_type=\"section\">\n\t\t\t\t\t\t<div class=\"elementor-container elementor-column-gap-default\">\n\t\t\t\t\t<div class=\"elementor-column elementor-col-25 elementor-inner-column elementor-element elementor-element-7275515f\" data-id=\"7275515f\" data-element_type=\"column\" data-settings=\"{&quot;background_background&quot;:&quot;classic&quot;}\">\n\t\t\t<div class=\"elementor-widget-wrap elementor-element-populated\">\n\t\t\t\t\t\t<div class=\"elementor-element elementor-element-1478d175 elementor-widget elementor-widget-spacer\" data-id=\"1478d175\" data-element_type=\"widget\" data-widget_type=\"spacer.default\">\n\t\t\t\t<div class=\"elementor-widget-container\">\n\t\t\t\t\t<div class=\"elementor-spacer\">\n\t\t\t<div class=\"elementor-spacer-inner\"><\/div>\n\t\t<\/div>\n\t\t\t\t<\/div>\n\t\t\t\t<\/div>\n\t\t\t\t<div class=\"elementor-element elementor-element-359f00fd elementor-widget elementor-widget-image\" data-id=\"359f00fd\" data-element_type=\"widget\" data-widget_type=\"image.default\">\n\t\t\t\t<div class=\"elementor-widget-container\">\n\t\t\t\t\t\t\t\t\t\t\t\t\t<img loading=\"lazy\" decoding=\"async\" width=\"150\" height=\"150\" src=\"https:\/\/cinemigrante.org\/ediciones-anteriores\/wp-content\/uploads\/2022\/02\/rita-segato-150x150.jpg\" class=\"attachment-thumbnail size-thumbnail wp-image-15353\" alt=\"\" srcset=\"https:\/\/cinemigrante.org\/ediciones-anteriores\/wp-content\/uploads\/2022\/02\/rita-segato-150x150.jpg 150w, https:\/\/cinemigrante.org\/ediciones-anteriores\/wp-content\/uploads\/2022\/02\/rita-segato-300x300.jpg 300w, https:\/\/cinemigrante.org\/ediciones-anteriores\/wp-content\/uploads\/2022\/02\/rita-segato.jpg 500w\" sizes=\"(max-width: 150px) 100vw, 150px\" \/>\t\t\t\t\t\t\t\t\t\t\t\t\t<\/div>\n\t\t\t\t<\/div>\n\t\t\t\t<div class=\"elementor-element elementor-element-704e34f4 elementor-widget elementor-widget-heading\" data-id=\"704e34f4\" data-element_type=\"widget\" data-widget_type=\"heading.default\">\n\t\t\t\t<div class=\"elementor-widget-container\">\n\t\t\t<p class=\"elementor-heading-title elementor-size-default\">Rita Segato<\/p>\t\t<\/div>\n\t\t\t\t<\/div>\n\t\t\t\t<div class=\"elementor-element elementor-element-bb89321 elementor-widget elementor-widget-heading\" data-id=\"bb89321\" data-element_type=\"widget\" data-widget_type=\"heading.default\">\n\t\t\t\t<div class=\"elementor-widget-container\">\n\t\t\t<p class=\"elementor-heading-title elementor-size-default\"> <\/p>\t\t<\/div>\n\t\t\t\t<\/div>\n\t\t\t\t<div class=\"elementor-element elementor-element-5555f4bd elementor-widget elementor-widget-heading\" data-id=\"5555f4bd\" data-element_type=\"widget\" data-widget_type=\"heading.default\">\n\t\t\t\t<div class=\"elementor-widget-container\">\n\t\t\t<p class=\"elementor-heading-title elementor-size-default\">Rita Segato es antrop\u00f3loga, nacida en argentina, profesora del Departamento de Antropolog\u00eda de la Universidad de Brasilia y en los posgrados interdisciplinares de Bio\u00e9tica y de Derechos Humanos. Coordina el Grupo de Investigaci\u00f3n sobre Antropolog\u00eda y Derechos Humanos. <\/p>\t\t<\/div>\n\t\t\t\t<\/div>\n\t\t\t\t\t<\/div>\n\t\t<\/div>\n\t\t\t\t<div class=\"elementor-column elementor-col-25 elementor-inner-column elementor-element elementor-element-182ccd78\" data-id=\"182ccd78\" data-element_type=\"column\" data-settings=\"{&quot;background_background&quot;:&quot;classic&quot;}\">\n\t\t\t<div class=\"elementor-widget-wrap elementor-element-populated\">\n\t\t\t\t\t\t<div class=\"elementor-element elementor-element-2a003586 elementor-widget elementor-widget-spacer\" data-id=\"2a003586\" data-element_type=\"widget\" data-widget_type=\"spacer.default\">\n\t\t\t\t<div class=\"elementor-widget-container\">\n\t\t\t\t\t<div class=\"elementor-spacer\">\n\t\t\t<div class=\"elementor-spacer-inner\"><\/div>\n\t\t<\/div>\n\t\t\t\t<\/div>\n\t\t\t\t<\/div>\n\t\t\t\t<div class=\"elementor-element elementor-element-7742f0d2 elementor-widget elementor-widget-image\" data-id=\"7742f0d2\" data-element_type=\"widget\" data-widget_type=\"image.default\">\n\t\t\t\t<div class=\"elementor-widget-container\">\n\t\t\t\t\t\t\t\t\t\t\t\t\t<img loading=\"lazy\" decoding=\"async\" width=\"150\" height=\"150\" src=\"https:\/\/cinemigrante.org\/ediciones-anteriores\/wp-content\/uploads\/2022\/02\/maria-ruido-150x150.jpg\" class=\"attachment-thumbnail size-thumbnail wp-image-15351\" alt=\"\" srcset=\"https:\/\/cinemigrante.org\/ediciones-anteriores\/wp-content\/uploads\/2022\/02\/maria-ruido-150x150.jpg 150w, https:\/\/cinemigrante.org\/ediciones-anteriores\/wp-content\/uploads\/2022\/02\/maria-ruido-300x300.jpg 300w, https:\/\/cinemigrante.org\/ediciones-anteriores\/wp-content\/uploads\/2022\/02\/maria-ruido.jpg 500w\" sizes=\"(max-width: 150px) 100vw, 150px\" \/>\t\t\t\t\t\t\t\t\t\t\t\t\t<\/div>\n\t\t\t\t<\/div>\n\t\t\t\t<div class=\"elementor-element elementor-element-5baf76b elementor-widget elementor-widget-heading\" data-id=\"5baf76b\" data-element_type=\"widget\" data-widget_type=\"heading.default\">\n\t\t\t\t<div class=\"elementor-widget-container\">\n\t\t\t<p class=\"elementor-heading-title elementor-size-default\">Mar\u00eda Ruido<\/p>\t\t<\/div>\n\t\t\t\t<\/div>\n\t\t\t\t<div class=\"elementor-element elementor-element-119e0bd1 elementor-widget elementor-widget-heading\" data-id=\"119e0bd1\" data-element_type=\"widget\" data-widget_type=\"heading.default\">\n\t\t\t\t<div class=\"elementor-widget-container\">\n\t\t\t<p class=\"elementor-heading-title elementor-size-default\"> <\/p>\t\t<\/div>\n\t\t\t\t<\/div>\n\t\t\t\t<div class=\"elementor-element elementor-element-246e3643 elementor-widget elementor-widget-heading\" data-id=\"246e3643\" data-element_type=\"widget\" data-widget_type=\"heading.default\">\n\t\t\t\t<div class=\"elementor-widget-container\">\n\t\t\t<p class=\"elementor-heading-title elementor-size-default\">Mar\u00eda Ruido es artista, documentalista y productora cultural, licenciada en Historia y Arte Contempor\u00e1neo por la Universidad de Santiago de Compostela y Doctora en Bellas Artes por la Universidad de Vigo. Con una mirada que integra perspectivas de los dos costados del mediterr\u00e1neo, <\/p>\t\t<\/div>\n\t\t\t\t<\/div>\n\t\t\t\t\t<\/div>\n\t\t<\/div>\n\t\t\t\t<div class=\"elementor-column elementor-col-25 elementor-inner-column elementor-element elementor-element-2dc87c21\" data-id=\"2dc87c21\" data-element_type=\"column\" data-settings=\"{&quot;background_background&quot;:&quot;classic&quot;}\">\n\t\t\t<div class=\"elementor-widget-wrap elementor-element-populated\">\n\t\t\t\t\t\t<div class=\"elementor-element elementor-element-16708fbc elementor-widget elementor-widget-spacer\" data-id=\"16708fbc\" data-element_type=\"widget\" data-widget_type=\"spacer.default\">\n\t\t\t\t<div class=\"elementor-widget-container\">\n\t\t\t\t\t<div class=\"elementor-spacer\">\n\t\t\t<div class=\"elementor-spacer-inner\"><\/div>\n\t\t<\/div>\n\t\t\t\t<\/div>\n\t\t\t\t<\/div>\n\t\t\t\t<div class=\"elementor-element elementor-element-deffb0c elementor-widget elementor-widget-image\" data-id=\"deffb0c\" data-element_type=\"widget\" data-widget_type=\"image.default\">\n\t\t\t\t<div class=\"elementor-widget-container\">\n\t\t\t\t\t\t\t\t\t\t\t\t\t<img loading=\"lazy\" decoding=\"async\" width=\"150\" height=\"150\" src=\"https:\/\/cinemigrante.org\/ediciones-anteriores\/wp-content\/uploads\/2022\/02\/sebastian-sepulveda-150x150.jpg\" class=\"attachment-thumbnail size-thumbnail wp-image-15354\" alt=\"\" srcset=\"https:\/\/cinemigrante.org\/ediciones-anteriores\/wp-content\/uploads\/2022\/02\/sebastian-sepulveda-150x150.jpg 150w, https:\/\/cinemigrante.org\/ediciones-anteriores\/wp-content\/uploads\/2022\/02\/sebastian-sepulveda-300x300.jpg 300w, https:\/\/cinemigrante.org\/ediciones-anteriores\/wp-content\/uploads\/2022\/02\/sebastian-sepulveda.jpg 500w\" sizes=\"(max-width: 150px) 100vw, 150px\" \/>\t\t\t\t\t\t\t\t\t\t\t\t\t<\/div>\n\t\t\t\t<\/div>\n\t\t\t\t<div class=\"elementor-element elementor-element-7fabe4fd elementor-widget elementor-widget-heading\" data-id=\"7fabe4fd\" data-element_type=\"widget\" data-widget_type=\"heading.default\">\n\t\t\t\t<div class=\"elementor-widget-container\">\n\t\t\t<p class=\"elementor-heading-title elementor-size-default\">Sebasti\u00e1n Sep\u00falveda<\/p>\t\t<\/div>\n\t\t\t\t<\/div>\n\t\t\t\t<div class=\"elementor-element elementor-element-77e71b6e elementor-widget elementor-widget-heading\" data-id=\"77e71b6e\" data-element_type=\"widget\" data-widget_type=\"heading.default\">\n\t\t\t\t<div class=\"elementor-widget-container\">\n\t\t\t<p class=\"elementor-heading-title elementor-size-default\"> <\/p>\t\t<\/div>\n\t\t\t\t<\/div>\n\t\t\t\t<div class=\"elementor-element elementor-element-12846f62 elementor-widget elementor-widget-heading\" data-id=\"12846f62\" data-element_type=\"widget\" data-widget_type=\"heading.default\">\n\t\t\t\t<div class=\"elementor-widget-container\">\n\t\t\t<p class=\"elementor-heading-title elementor-size-default\">Tras vivir hasta los 18 a\u00f1os entre Europa y Sudam\u00e9rica por el exilio de su familia, Sebasti\u00e1n Sep\u00falveda regres\u00f3 a Chile en 1990 y comenz\u00f3 a estudiar Historia. A fines de esa d\u00e9cada ya hab\u00eda filmado sus primeros cortometrajes, y realiz\u00f3 estudios en dos de las m\u00e1s prestigiosas escuelas audiovisuales del mundo: montaje en San Antonio de los Ba\u00f1os y gui\u00f3n en La F\u00e9mis de Par\u00eds. <\/p>\t\t<\/div>\n\t\t\t\t<\/div>\n\t\t\t\t\t<\/div>\n\t\t<\/div>\n\t\t\t\t<div class=\"elementor-column elementor-col-25 elementor-inner-column elementor-element elementor-element-6dd1ed43\" data-id=\"6dd1ed43\" data-element_type=\"column\" data-settings=\"{&quot;background_background&quot;:&quot;classic&quot;}\">\n\t\t\t<div class=\"elementor-widget-wrap elementor-element-populated\">\n\t\t\t\t\t\t<div class=\"elementor-element elementor-element-62a2ba9d elementor-widget elementor-widget-spacer\" data-id=\"62a2ba9d\" data-element_type=\"widget\" data-widget_type=\"spacer.default\">\n\t\t\t\t<div class=\"elementor-widget-container\">\n\t\t\t\t\t<div class=\"elementor-spacer\">\n\t\t\t<div class=\"elementor-spacer-inner\"><\/div>\n\t\t<\/div>\n\t\t\t\t<\/div>\n\t\t\t\t<\/div>\n\t\t\t\t<div class=\"elementor-element elementor-element-7693a47c elementor-widget elementor-widget-image\" data-id=\"7693a47c\" data-element_type=\"widget\" data-widget_type=\"image.default\">\n\t\t\t\t<div class=\"elementor-widget-container\">\n\t\t\t\t\t\t\t\t\t\t\t\t\t<img loading=\"lazy\" decoding=\"async\" width=\"150\" height=\"150\" src=\"https:\/\/cinemigrante.org\/ediciones-anteriores\/wp-content\/uploads\/2022\/02\/le-peuple-qui-manque-150x150.jpg\" class=\"attachment-thumbnail size-thumbnail wp-image-15350\" alt=\"\" srcset=\"https:\/\/cinemigrante.org\/ediciones-anteriores\/wp-content\/uploads\/2022\/02\/le-peuple-qui-manque-150x150.jpg 150w, https:\/\/cinemigrante.org\/ediciones-anteriores\/wp-content\/uploads\/2022\/02\/le-peuple-qui-manque-300x300.jpg 300w, https:\/\/cinemigrante.org\/ediciones-anteriores\/wp-content\/uploads\/2022\/02\/le-peuple-qui-manque.jpg 500w\" sizes=\"(max-width: 150px) 100vw, 150px\" \/>\t\t\t\t\t\t\t\t\t\t\t\t\t<\/div>\n\t\t\t\t<\/div>\n\t\t\t\t<div class=\"elementor-element elementor-element-466ba7b9 elementor-widget elementor-widget-heading\" data-id=\"466ba7b9\" data-element_type=\"widget\" data-widget_type=\"heading.default\">\n\t\t\t\t<div class=\"elementor-widget-container\">\n\t\t\t<p class=\"elementor-heading-title elementor-size-default\">Le peuple qui manque<\/p>\t\t<\/div>\n\t\t\t\t<\/div>\n\t\t\t\t<div class=\"elementor-element elementor-element-58279b0b elementor-widget elementor-widget-heading\" data-id=\"58279b0b\" data-element_type=\"widget\" data-widget_type=\"heading.default\">\n\t\t\t\t<div class=\"elementor-widget-container\">\n\t\t\t<p class=\"elementor-heading-title elementor-size-default\"> <\/p>\t\t<\/div>\n\t\t\t\t<\/div>\n\t\t\t\t<div class=\"elementor-element elementor-element-6829ff5d elementor-widget elementor-widget-heading\" data-id=\"6829ff5d\" data-element_type=\"widget\" data-widget_type=\"heading.default\">\n\t\t\t\t<div class=\"elementor-widget-container\">\n\t\t\t<p class=\"elementor-heading-title elementor-size-default\">Plataforma curatorial de denodada trayectoria internacional fundada por Kantuta Quiros y Aliocha Imhoff, cr\u00edticos y curadores, sus acciones curatoriales trabajan, en la intersecci\u00f3n del arte contempor\u00e1neo y la investigaci\u00f3n. <\/p>\t\t<\/div>\n\t\t\t\t<\/div>\n\t\t\t\t\t<\/div>\n\t\t<\/div>\n\t\t\t\t\t<\/div>\n\t\t<\/section>\n\t\t\t\t<section class=\"elementor-section elementor-inner-section elementor-element elementor-element-7942a608 elementor-section-boxed elementor-section-height-default elementor-section-height-default\" data-id=\"7942a608\" data-element_type=\"section\">\n\t\t\t\t\t\t<div class=\"elementor-container elementor-column-gap-default\">\n\t\t\t\t\t<div class=\"elementor-column elementor-col-33 elementor-inner-column elementor-element elementor-element-79851e0\" data-id=\"79851e0\" data-element_type=\"column\">\n\t\t\t<div class=\"elementor-widget-wrap\">\n\t\t\t\t\t\t\t<\/div>\n\t\t<\/div>\n\t\t\t\t<div class=\"elementor-column elementor-col-33 elementor-inner-column elementor-element elementor-element-1eb7e42e\" data-id=\"1eb7e42e\" data-element_type=\"column\" data-settings=\"{&quot;background_background&quot;:&quot;classic&quot;}\">\n\t\t\t<div class=\"elementor-widget-wrap elementor-element-populated\">\n\t\t\t\t\t\t<div class=\"elementor-element elementor-element-34f03956 elementor-widget elementor-widget-spacer\" data-id=\"34f03956\" data-element_type=\"widget\" data-widget_type=\"spacer.default\">\n\t\t\t\t<div class=\"elementor-widget-container\">\n\t\t\t\t\t<div class=\"elementor-spacer\">\n\t\t\t<div class=\"elementor-spacer-inner\"><\/div>\n\t\t<\/div>\n\t\t\t\t<\/div>\n\t\t\t\t<\/div>\n\t\t\t\t<div class=\"elementor-element elementor-element-39b0186f elementor-widget elementor-widget-image\" data-id=\"39b0186f\" data-element_type=\"widget\" data-widget_type=\"image.default\">\n\t\t\t\t<div class=\"elementor-widget-container\">\n\t\t\t\t\t\t\t\t\t\t\t\t\t<img loading=\"lazy\" decoding=\"async\" width=\"150\" height=\"150\" src=\"https:\/\/cinemigrante.org\/ediciones-anteriores\/wp-content\/uploads\/2022\/02\/pedro-zurita-150x150.jpg\" class=\"attachment-thumbnail size-thumbnail wp-image-15352\" alt=\"\" srcset=\"https:\/\/cinemigrante.org\/ediciones-anteriores\/wp-content\/uploads\/2022\/02\/pedro-zurita-150x150.jpg 150w, https:\/\/cinemigrante.org\/ediciones-anteriores\/wp-content\/uploads\/2022\/02\/pedro-zurita-300x300.jpg 300w, https:\/\/cinemigrante.org\/ediciones-anteriores\/wp-content\/uploads\/2022\/02\/pedro-zurita.jpg 500w\" sizes=\"(max-width: 150px) 100vw, 150px\" \/>\t\t\t\t\t\t\t\t\t\t\t\t\t<\/div>\n\t\t\t\t<\/div>\n\t\t\t\t<div class=\"elementor-element elementor-element-4e46c6d7 elementor-widget elementor-widget-heading\" data-id=\"4e46c6d7\" data-element_type=\"widget\" data-widget_type=\"heading.default\">\n\t\t\t\t<div class=\"elementor-widget-container\">\n\t\t\t<p class=\"elementor-heading-title elementor-size-default\">Pedro Zurita<\/p>\t\t<\/div>\n\t\t\t\t<\/div>\n\t\t\t\t<div class=\"elementor-element elementor-element-5e6927d0 elementor-widget elementor-widget-heading\" data-id=\"5e6927d0\" data-element_type=\"widget\" data-widget_type=\"heading.default\">\n\t\t\t\t<div class=\"elementor-widget-container\">\n\t\t\t<p class=\"elementor-heading-title elementor-size-default\"> <\/p>\t\t<\/div>\n\t\t\t\t<\/div>\n\t\t\t\t<div class=\"elementor-element elementor-element-13b80f68 elementor-widget elementor-widget-heading\" data-id=\"13b80f68\" data-element_type=\"widget\" data-widget_type=\"heading.default\">\n\t\t\t\t<div class=\"elementor-widget-container\">\n\t\t\t<p class=\"elementor-heading-title elementor-size-default\">Cineasta de vocaci\u00f3n y oficio ha trabajado en todas las labores del quehacer cinematogr\u00e1fico. Ha sido productor, director, escen\u00f3grafo, profesor de cine y actor. En 1989 fund\u00f3 en la ciudad de Nueva York y desde entonces dirige Videoteca del Sur, espacio \u00fanico que permite dar a conocer y promover el cine latinoamericano en los Estados Unidos. <\/p>\t\t<\/div>\n\t\t\t\t<\/div>\n\t\t\t\t\t<\/div>\n\t\t<\/div>\n\t\t\t\t<div class=\"elementor-column elementor-col-33 elementor-inner-column elementor-element elementor-element-5f902e3\" data-id=\"5f902e3\" data-element_type=\"column\">\n\t\t\t<div class=\"elementor-widget-wrap\">\n\t\t\t\t\t\t\t<\/div>\n\t\t<\/div>\n\t\t\t\t\t<\/div>\n\t\t<\/section>\n\t\t\t\t<div class=\"elementor-element elementor-element-2b707607 elementor-widget elementor-widget-spacer\" data-id=\"2b707607\" data-element_type=\"widget\" data-widget_type=\"spacer.default\">\n\t\t\t\t<div class=\"elementor-widget-container\">\n\t\t\t\t\t<div class=\"elementor-spacer\">\n\t\t\t<div class=\"elementor-spacer-inner\"><\/div>\n\t\t<\/div>\n\t\t\t\t<\/div>\n\t\t\t\t<\/div>\n\t\t\t\t\t<\/div>\n\t\t<\/div>\n\t\t\t\t\t<\/div>\n\t\t<\/section>\n\t\t\t\t<section class=\"elementor-section elementor-top-section elementor-element elementor-element-34e47dfe elementor-section-boxed elementor-section-height-default elementor-section-height-default\" data-id=\"34e47dfe\" data-element_type=\"section\" data-settings=\"{&quot;background_background&quot;:&quot;classic&quot;}\">\n\t\t\t\t\t\t<div class=\"elementor-container elementor-column-gap-default\">\n\t\t\t\t\t<div class=\"elementor-column elementor-col-100 elementor-top-column elementor-element elementor-element-5c419c28\" data-id=\"5c419c28\" data-element_type=\"column\">\n\t\t\t<div class=\"elementor-widget-wrap elementor-element-populated\">\n\t\t\t\t\t\t<div class=\"elementor-element elementor-element-639b210a elementor-widget elementor-widget-spacer\" data-id=\"639b210a\" data-element_type=\"widget\" data-widget_type=\"spacer.default\">\n\t\t\t\t<div class=\"elementor-widget-container\">\n\t\t\t\t\t<div class=\"elementor-spacer\">\n\t\t\t<div class=\"elementor-spacer-inner\"><\/div>\n\t\t<\/div>\n\t\t\t\t<\/div>\n\t\t\t\t<\/div>\n\t\t\t\t<div class=\"elementor-element elementor-element-25cabf15 elementor-widget elementor-widget-heading\" data-id=\"25cabf15\" data-element_type=\"widget\" data-widget_type=\"heading.default\">\n\t\t\t\t<div class=\"elementor-widget-container\">\n\t\t\t<h2 class=\"elementor-heading-title elementor-size-default\">Actividades<\/h2>\t\t<\/div>\n\t\t\t\t<\/div>\n\t\t\t\t<div class=\"elementor-element elementor-element-aa57a30 elementor-grid-eael-col-1 home-actividades elementor-grid-tablet-eael-col-2 elementor-grid-mobile-eael-col-1 elementor-widget elementor-widget-eael-post-grid\" data-id=\"aa57a30\" data-element_type=\"widget\" data-settings=\"{&quot;eael_post_grid_columns&quot;:&quot;eael-col-1&quot;,&quot;eael_post_grid_columns_tablet&quot;:&quot;eael-col-2&quot;,&quot;eael_post_grid_columns_mobile&quot;:&quot;eael-col-1&quot;}\" data-widget_type=\"eael-post-grid.default\">\n\t\t\t\t<div class=\"elementor-widget-container\">\n\t\t\t<div id=\"eael-post-grid-aa57a30\" class=\"eael-post-grid-container\">\n            <div class=\"eael-post-grid eael-post-appender eael-post-appender-aa57a30 eael-post-grid-style-three\" data-layout-mode=\"masonry\"><article class=\"eael-grid-post eael-post-grid-column\" data-id=\"16750\">\n        <div class=\"eael-grid-post-holder\">\n            <div class=\"eael-grid-post-holder-inner\"><div class=\"eael-entry-media\"><ul class=\"post-carousel-categories\"><li><a href=\"https:\/\/cinemigrante.org\/ediciones-anteriores\/archivos\/category\/ediciones\/6-edicion\">6 Edici\u00f3n<\/a><\/li><\/ul><div class=\"eael-entry-overlay fade-in\"><i class=\"\" aria-hidden=\"true\"><\/i><a href=\"https:\/\/cinemigrante.org\/ediciones-anteriores\/archivos\/actividades\/exposicion-sesion-continua-memorias-y-olvidos-a-ambos-lados-del-atlantico-maria-ruido\"><\/a><\/div><div class=\"eael-entry-thumbnail \">\n                 <img loading=\"lazy\" decoding=\"async\" width=\"300\" height=\"240\" src=\"https:\/\/cinemigrante.org\/ediciones-anteriores\/wp-content\/uploads\/2022\/04\/PLANRosebud-2-300x240.jpg\" class=\"attachment-medium size-medium wp-image-16751\" alt=\"\" srcset=\"https:\/\/cinemigrante.org\/ediciones-anteriores\/wp-content\/uploads\/2022\/04\/PLANRosebud-2-300x240.jpg 300w, https:\/\/cinemigrante.org\/ediciones-anteriores\/wp-content\/uploads\/2022\/04\/PLANRosebud-2.jpg 720w\" sizes=\"(max-width: 300px) 100vw, 300px\" \/>\n             <\/div>\n        <\/div><div class=\"eael-entry-wrapper\"><header class=\"eael-entry-header\"><h2 class=\"eael-entry-title\"><a\n                        class=\"eael-grid-post-link\"\n                        href=\"https:\/\/cinemigrante.org\/ediciones-anteriores\/archivos\/actividades\/exposicion-sesion-continua-memorias-y-olvidos-a-ambos-lados-del-atlantico-maria-ruido\"\n                        title=\"EXPOSICION: \u201cSESION CONTINUA: MEMORIAS Y OLVIDOS A AMBOS LADOS DEL ATLANTICO\u201d MARIA RUIDO\">EXPOSICION: \u201cSESION CONTINUA: MEMORIAS Y OLVIDOS A AMBOS LADOS DEL ATLANTICO\u201d MARIA RUIDO<\/a><\/h2><\/header><div class=\"eael-entry-content\">\n                        <div class=\"eael-grid-post-excerpt\"><p>\u00abNo hay documento de cultura que no lo sea tambi\u00e9n de barbarie\u00bb, escribi\u00f3 Walter Benjamin en\u00a0Tesis de filosof\u00eda de la Historia\u00a0(1940). A la sombra de estas palabras empezamos, en 2006, &hellip; Continue reading \"EXPOSICION: \u201cSESION CONTINUA: MEMORIAS Y OLVIDOS A AMBOS LADOS DEL ATLANTICO\u201d MARIA RUIDO\"<\/p><a\n                            href=\"https:\/\/cinemigrante.org\/ediciones-anteriores\/archivos\/actividades\/exposicion-sesion-continua-memorias-y-olvidos-a-ambos-lados-del-atlantico-maria-ruido\"\n                            class=\"eael-post-elements-readmore-btn\">VER +<\/a><\/div>\n                    <\/div><\/div><\/div>\n        <\/div>\n    <\/article><article class=\"eael-grid-post eael-post-grid-column\" data-id=\"16748\">\n        <div class=\"eael-grid-post-holder\">\n            <div class=\"eael-grid-post-holder-inner\"><div class=\"eael-entry-media\"><ul class=\"post-carousel-categories\"><li><a href=\"https:\/\/cinemigrante.org\/ediciones-anteriores\/archivos\/category\/ediciones\/6-edicion\">6 Edici\u00f3n<\/a><\/li><\/ul><div class=\"eael-entry-overlay fade-in\"><i class=\"\" aria-hidden=\"true\"><\/i><a href=\"https:\/\/cinemigrante.org\/ediciones-anteriores\/archivos\/actividades\/exposicion-la-frontera-nos-cruzo-le-peuple-qui-manque\"><\/a><\/div><div class=\"eael-entry-thumbnail \">\n                 <img loading=\"lazy\" decoding=\"async\" width=\"300\" height=\"238\" src=\"https:\/\/cinemigrante.org\/ediciones-anteriores\/wp-content\/uploads\/2022\/04\/boarder-300x238-1.jpg\" class=\"attachment-medium size-medium wp-image-16753\" alt=\"\" \/>\n             <\/div>\n        <\/div><div class=\"eael-entry-wrapper\"><header class=\"eael-entry-header\"><h2 class=\"eael-entry-title\"><a\n                        class=\"eael-grid-post-link\"\n                        href=\"https:\/\/cinemigrante.org\/ediciones-anteriores\/archivos\/actividades\/exposicion-la-frontera-nos-cruzo-le-peuple-qui-manque\"\n                        title=\"EXPOSICION : \u201cLA FRONTERA NOS CRUZO\u201d LE PEUPLE QUI MANQUE\">EXPOSICION : \u201cLA FRONTERA NOS CRUZO\u201d LE PEUPLE QUI MANQUE<\/a><\/h2><\/header><div class=\"eael-entry-content\">\n                        <div class=\"eael-grid-post-excerpt\"><p>Curadur\u00eda:\u00a0Aliocha Imhoff y Kantuta Quir\u00f3s. \u201cNosotros no hemos atravesado la frontera, la frontera nos ha atravesado.\u201d (Los Tigres del Norte) \u00ab Una tierra fronteriza es un lugar vago e indeterminado &hellip; Continue reading \"EXPOSICION : \u201cLA FRONTERA NOS CRUZO\u201d LE PEUPLE QUI MANQUE\"<\/p><a\n                            href=\"https:\/\/cinemigrante.org\/ediciones-anteriores\/archivos\/actividades\/exposicion-la-frontera-nos-cruzo-le-peuple-qui-manque\"\n                            class=\"eael-post-elements-readmore-btn\">VER +<\/a><\/div>\n                    <\/div><\/div><\/div>\n        <\/div>\n    <\/article><article class=\"eael-grid-post eael-post-grid-column\" data-id=\"16746\">\n        <div class=\"eael-grid-post-holder\">\n            <div class=\"eael-grid-post-holder-inner\"><div class=\"eael-entry-media\"><ul class=\"post-carousel-categories\"><li><a href=\"https:\/\/cinemigrante.org\/ediciones-anteriores\/archivos\/category\/ediciones\/6-edicion\">6 Edici\u00f3n<\/a><\/li><\/ul><div class=\"eael-entry-overlay fade-in\"><i class=\"\" aria-hidden=\"true\"><\/i><a href=\"https:\/\/cinemigrante.org\/ediciones-anteriores\/archivos\/actividades\/encuentro-internacional-de-pensamiento-paradigmas-en-la-construccion-de-la-identidad-todxs-como-sujetxs-de-la-otredad\"><\/a><\/div><div class=\"eael-entry-thumbnail \">\n                 <img loading=\"lazy\" decoding=\"async\" width=\"300\" height=\"149\" src=\"https:\/\/cinemigrante.org\/ediciones-anteriores\/wp-content\/uploads\/2022\/02\/web-finalCM2015-300x149.jpg\" class=\"attachment-medium size-medium wp-image-15317\" alt=\"\" srcset=\"https:\/\/cinemigrante.org\/ediciones-anteriores\/wp-content\/uploads\/2022\/02\/web-finalCM2015-300x149.jpg 300w, https:\/\/cinemigrante.org\/ediciones-anteriores\/wp-content\/uploads\/2022\/02\/web-finalCM2015-1024x510.jpg 1024w, https:\/\/cinemigrante.org\/ediciones-anteriores\/wp-content\/uploads\/2022\/02\/web-finalCM2015-768x382.jpg 768w, https:\/\/cinemigrante.org\/ediciones-anteriores\/wp-content\/uploads\/2022\/02\/web-finalCM2015.jpg 1400w\" sizes=\"(max-width: 300px) 100vw, 300px\" \/>\n             <\/div>\n        <\/div><div class=\"eael-entry-wrapper\"><header class=\"eael-entry-header\"><h2 class=\"eael-entry-title\"><a\n                        class=\"eael-grid-post-link\"\n                        href=\"https:\/\/cinemigrante.org\/ediciones-anteriores\/archivos\/actividades\/encuentro-internacional-de-pensamiento-paradigmas-en-la-construccion-de-la-identidad-todxs-como-sujetxs-de-la-otredad\"\n                        title=\"ENCUENTRO INTERNACIONAL DE PENSAMIENTO &#8211; \u201cParadigmas en la construcci\u00f3n de la identidad. Todxs como sujetxs de la otredad\u201d\">ENCUENTRO INTERNACIONAL DE PENSAMIENTO &#8211; \u201cParadigmas en la construcci\u00f3n de la identidad. Todxs como sujetxs de la otredad\u201d<\/a><\/h2><\/header><div class=\"eael-entry-content\">\n                        <div class=\"eael-grid-post-excerpt\"><p>\u201cParadigmas en la construcci\u00f3n de la identidad. Todxs como sujetxs de la otredad\u201d 17, 18, 19 y 23 de septiembre Centro Cultural Kirchner &nbsp; La profundizaci\u00f3n en torno al reconocimiento &hellip; Continue reading \"ENCUENTRO INTERNACIONAL DE PENSAMIENTO &#8211; \u201cParadigmas en la construcci\u00f3n de la identidad. Todxs como sujetxs de la...<\/p><a\n                            href=\"https:\/\/cinemigrante.org\/ediciones-anteriores\/archivos\/actividades\/encuentro-internacional-de-pensamiento-paradigmas-en-la-construccion-de-la-identidad-todxs-como-sujetxs-de-la-otredad\"\n                            class=\"eael-post-elements-readmore-btn\">VER +<\/a><\/div>\n                    <\/div><\/div><\/div>\n        <\/div>\n    <\/article><\/div>\n            <div class=\"clearfix\"><\/div>\n        <\/div>\t\t<\/div>\n\t\t\t\t<\/div>\n\t\t\t\t<div class=\"elementor-element elementor-element-5ac5db81 elementor-widget elementor-widget-spacer\" data-id=\"5ac5db81\" data-element_type=\"widget\" data-widget_type=\"spacer.default\">\n\t\t\t\t<div class=\"elementor-widget-container\">\n\t\t\t\t\t<div class=\"elementor-spacer\">\n\t\t\t<div class=\"elementor-spacer-inner\"><\/div>\n\t\t<\/div>\n\t\t\t\t<\/div>\n\t\t\t\t<\/div>\n\t\t\t\t\t<\/div>\n\t\t<\/div>\n\t\t\t\t\t<\/div>\n\t\t<\/section>\n\t\t\t\t<\/div>\n\t\t","protected":false},"excerpt":{"rendered":"<p>1\u00b0 Muestra Internacional CineMigrante en Venecia. 5 y 6 de Noviembre de 2015 Acced\u00e9 a toda la informaci\u00f3n de la muestra AQU\u00cd + INFO Ha culminado con \u00e9xito la 2\u00b0 &hellip; <\/p>\n<p class=\"link-more\"><a href=\"https:\/\/cinemigrante.org\/ediciones-anteriores\/archivos\/actividades\/encuentro-internacional-de-pensamiento-paradigmas-en-la-construccion-de-la-identidad-todxs-como-sujetxs-de-la-otredad\" class=\"more-link\">Continue reading<span class=\"screen-reader-text\"> \u00abENCUENTRO INTERNACIONAL DE PENSAMIENTO &#8211; \u201cParadigmas en la construcci\u00f3n de la identidad. Todxs como sujetxs de la otredad\u201d\u00bb<\/span><\/a><\/p>\n","protected":false},"author":9,"featured_media":0,"parent":0,"menu_order":0,"comment_status":"closed","ping_status":"closed","template":"elementor_header_footer","meta":{"_acf_changed":false,"footnotes":""},"class_list":["post-15306","page","type-page","status-publish","hentry"],"acf":[],"_links":{"self":[{"href":"https:\/\/cinemigrante.org\/ediciones-anteriores\/wp-json\/wp\/v2\/pages\/15306"}],"collection":[{"href":"https:\/\/cinemigrante.org\/ediciones-anteriores\/wp-json\/wp\/v2\/pages"}],"about":[{"href":"https:\/\/cinemigrante.org\/ediciones-anteriores\/wp-json\/wp\/v2\/types\/page"}],"author":[{"embeddable":true,"href":"https:\/\/cinemigrante.org\/ediciones-anteriores\/wp-json\/wp\/v2\/users\/9"}],"replies":[{"embeddable":true,"href":"https:\/\/cinemigrante.org\/ediciones-anteriores\/wp-json\/wp\/v2\/comments?post=15306"}],"version-history":[{"count":13,"href":"https:\/\/cinemigrante.org\/ediciones-anteriores\/wp-json\/wp\/v2\/pages\/15306\/revisions"}],"predecessor-version":[{"id":16756,"href":"https:\/\/cinemigrante.org\/ediciones-anteriores\/wp-json\/wp\/v2\/pages\/15306\/revisions\/16756"}],"wp:attachment":[{"href":"https:\/\/cinemigrante.org\/ediciones-anteriores\/wp-json\/wp\/v2\/media?parent=15306"}],"curies":[{"name":"wp","href":"https:\/\/api.w.org\/{rel}","templated":true}]}}