






{"id":14658,"date":"2022-02-07T18:06:44","date_gmt":"2022-02-07T21:06:44","guid":{"rendered":"https:\/\/cinemigrante.com\/ediciones-anteriores\/?page_id=14658"},"modified":"2022-02-07T18:45:39","modified_gmt":"2022-02-07T21:45:39","slug":"staff","status":"publish","type":"page","link":"https:\/\/cinemigrante.org\/ediciones-anteriores\/9-edicion\/staff","title":{"rendered":"Staff"},"content":{"rendered":"\t\t<div data-elementor-type=\"wp-page\" data-elementor-id=\"14658\" class=\"elementor elementor-14658\">\n\t\t\t\t\t\t<section class=\"elementor-section elementor-top-section elementor-element elementor-element-d64373b elementor-section-boxed elementor-section-height-default elementor-section-height-default\" data-id=\"d64373b\" data-element_type=\"section\" data-settings=\"{&quot;background_background&quot;:&quot;classic&quot;}\">\n\t\t\t\t\t\t\t<div class=\"elementor-background-overlay\"><\/div>\n\t\t\t\t\t\t\t<div class=\"elementor-container elementor-column-gap-default\">\n\t\t\t\t\t<div class=\"elementor-column elementor-col-100 elementor-top-column elementor-element elementor-element-6800cddb\" data-id=\"6800cddb\" data-element_type=\"column\" data-settings=\"{&quot;background_background&quot;:&quot;classic&quot;}\">\n\t\t\t<div class=\"elementor-widget-wrap elementor-element-populated\">\n\t\t\t\t\t\t<div class=\"elementor-element elementor-element-2a623b42 elementor-widget elementor-widget-heading\" data-id=\"2a623b42\" data-element_type=\"widget\" data-widget_type=\"heading.default\">\n\t\t\t\t<div class=\"elementor-widget-container\">\n\t\t\t<style>\/*! elementor - v3.23.0 - 15-07-2024 *\/\n.elementor-heading-title{padding:0;margin:0;line-height:1}.elementor-widget-heading .elementor-heading-title[class*=elementor-size-]>a{color:inherit;font-size:inherit;line-height:inherit}.elementor-widget-heading .elementor-heading-title.elementor-size-small{font-size:15px}.elementor-widget-heading .elementor-heading-title.elementor-size-medium{font-size:19px}.elementor-widget-heading .elementor-heading-title.elementor-size-large{font-size:29px}.elementor-widget-heading .elementor-heading-title.elementor-size-xl{font-size:39px}.elementor-widget-heading .elementor-heading-title.elementor-size-xxl{font-size:59px}<\/style><h2 class=\"elementor-heading-title elementor-size-default\">Staff<\/h2>\t\t<\/div>\n\t\t\t\t<\/div>\n\t\t\t\t<div class=\"elementor-element elementor-element-11747f04 eael-team-align-left historico-honor  elementor-widget elementor-widget-eael-team-member\" data-id=\"11747f04\" data-element_type=\"widget\" data-widget_type=\"eael-team-member.default\">\n\t\t\t\t<div class=\"elementor-widget-container\">\n\t\t\t\n\n\t<div id=\"eael-team-member-11747f04\" class=\"eael-team-item eael-team-members-simple \">\n\t\t<div class=\"eael-team-item-inner\">\n\t\t\t<div class=\"eael-team-image\">\n\t\t\t\t<figure>\n\t\t\t\t\t<img decoding=\"async\" src=\"https:\/\/cinemigrante.org\/ediciones-anteriores\/wp-content\/uploads\/2022\/02\/florchi-e1534553396621.jpg\" alt=\"\">\n\t\t\t\t<\/figure>\n\t\t\t\t\n\t\t\t\t\n\t\t\t<\/div>\n\n\t\t\t<div class=\"eael-team-content\">\n\t\t\t\t<h2 class=\"eael-team-member-name\">FLORENCIA MAZZADI<\/h2>\n\t\t\t\t<h3 class=\"eael-team-member-position\">Directora y Directora art\u00edstica <\/h3>\n\n\t\t\t\t\t\t\t\t\t\t\t\t\t\t<p class=\"eael-team-text\">Desde el a\u00f1o 2010 dirige el Festival Internacional CineMigrante. Realizando la carrera de Lic. y Profesora en Ense\u00f1anza Media en Historia en la Universidad de Buenos Aires comienza a trabajar de muy joven como curadora y montajista en los Museos de la Ciudad de Buenos Aires. Luego es nombrada coordinadora del Museo Casa Carlos Gardel.\n\nA partir del 2004 comienza a trabajar en cine y hasta el 2010 trabaja en el archivo f\u00edlmico de noticieros del Museo del Cine. Participa en documen\u00adtales como guionista e investigadora en cine y memoria. En el 2009 recibe la beca del Ministerio de Cultura del Gobierno de Espa\u00f1a para la formaci\u00f3n de profesionales iberoamericanos en el Seguimiento de los procesos de tratamiento documental de los fondos de la Filmoteca Espa\u00f1ola. Actualmente, tambi\u00e9n se desempe\u00f1a en proyectos audiovisuales desde lenguajes perform\u00e1ticos, cine experimental y cine expandido. <\/p>\n\t\t\t\t\t\t\t<\/div>\n\t\t<\/div>\n\t<\/div>\n\t\t\t<\/div>\n\t\t\t\t<\/div>\n\t\t\t\t<div class=\"elementor-element elementor-element-1eec713a eael-team-align-left historico-honor  elementor-widget elementor-widget-eael-team-member\" data-id=\"1eec713a\" data-element_type=\"widget\" data-widget_type=\"eael-team-member.default\">\n\t\t\t\t<div class=\"elementor-widget-container\">\n\t\t\t\n\n\t<div id=\"eael-team-member-1eec713a\" class=\"eael-team-item eael-team-members-simple \">\n\t\t<div class=\"eael-team-item-inner\">\n\t\t\t<div class=\"eael-team-image\">\n\t\t\t\t<figure>\n\t\t\t\t\t<img decoding=\"async\" src=\"https:\/\/cinemigrante.org\/ediciones-anteriores\/wp-content\/uploads\/2022\/02\/staff16-e1534552665384-1.jpg\" alt=\"\">\n\t\t\t\t<\/figure>\n\t\t\t\t\n\t\t\t\t\n\t\t\t<\/div>\n\n\t\t\t<div class=\"eael-team-content\">\n\t\t\t\t<h2 class=\"eael-team-member-name\">LOLA GIANCARELLI<\/h2>\n\t\t\t\t<h3 class=\"eael-team-member-position\">Coordinadora art\u00edstica<\/h3>\n\n\t\t\t\t\t\t\t\t\t\t\t\t\t\t<p class=\"eael-team-text\">Comienza de muy chica su camino en el arte como actriz y dibujante; su investigaci\u00f3n se centra en la fusi\u00f3n de ambos lenguajes, lo visual y lo esc\u00e9nico. Actualmente trabaja como realizadora art\u00edstica en cine. Coordina proyectos de apropiaci\u00f3n del espacio p\u00fablico a trav\u00e9s del trabajo art\u00edstico.\n\n<\/p>\n\t\t\t\t\t\t\t<\/div>\n\t\t<\/div>\n\t<\/div>\n\t\t\t<\/div>\n\t\t\t\t<\/div>\n\t\t\t\t<div class=\"elementor-element elementor-element-73ee65f2 eael-team-align-left historico-honor  elementor-widget elementor-widget-eael-team-member\" data-id=\"73ee65f2\" data-element_type=\"widget\" data-widget_type=\"eael-team-member.default\">\n\t\t\t\t<div class=\"elementor-widget-container\">\n\t\t\t\n\n\t<div id=\"eael-team-member-73ee65f2\" class=\"eael-team-item eael-team-members-simple \">\n\t\t<div class=\"eael-team-item-inner\">\n\t\t\t<div class=\"eael-team-image\">\n\t\t\t\t<figure>\n\t\t\t\t\t<img decoding=\"async\" src=\"https:\/\/cinemigrante.org\/ediciones-anteriores\/wp-content\/uploads\/2022\/02\/Agustina-Ferraresi.jpg\" alt=\"\">\n\t\t\t\t<\/figure>\n\t\t\t\t\n\t\t\t\t\n\t\t\t<\/div>\n\n\t\t\t<div class=\"eael-team-content\">\n\t\t\t\t<h2 class=\"eael-team-member-name\">AGUSTINA FERRARESI<\/h2>\n\t\t\t\t<h3 class=\"eael-team-member-position\">Producci\u00f3n General y Asistente de Direcci\u00f3n<\/h3>\n\n\t\t\t\t\t\t\t\t\t\t\t\t\t\t<p class=\"eael-team-text\">Desde joven trabaja en diversas \u00e1reas vinculando la incidencia pol\u00edtico y social con la cultura. Es de Avellaneda desde donde ahora todos los d\u00edas migra hacia la Capital Federal. Se desempe\u00f1\u00f3 como Directora General de Arte, Cultura y Espect\u00e1culos de ese Municipio donde conoci\u00f3 el proyecto de CineMigrante y CineMigrante la conoci\u00f3 a ella. Hoy ya es arte y parte.<\/p>\n\t\t\t\t\t\t\t<\/div>\n\t\t<\/div>\n\t<\/div>\n\t\t\t<\/div>\n\t\t\t\t<\/div>\n\t\t\t\t<div class=\"elementor-element elementor-element-28b5dd6 eael-team-align-left historico-honor  elementor-widget elementor-widget-eael-team-member\" data-id=\"28b5dd6\" data-element_type=\"widget\" data-widget_type=\"eael-team-member.default\">\n\t\t\t\t<div class=\"elementor-widget-container\">\n\t\t\t\n\n\t<div id=\"eael-team-member-28b5dd6\" class=\"eael-team-item eael-team-members-simple \">\n\t\t<div class=\"eael-team-item-inner\">\n\t\t\t<div class=\"eael-team-image\">\n\t\t\t\t<figure>\n\t\t\t\t\t<img decoding=\"async\" src=\"https:\/\/cinemigrante.org\/ediciones-anteriores\/wp-content\/uploads\/2022\/02\/retro-c.jpg\" alt=\"\">\n\t\t\t\t<\/figure>\n\t\t\t\t\n\t\t\t\t\n\t\t\t<\/div>\n\n\t\t\t<div class=\"eael-team-content\">\n\t\t\t\t<h2 class=\"eael-team-member-name\">LUC\u00cdA LOYDI<\/h2>\n\t\t\t\t<h3 class=\"eael-team-member-position\">Asistente de Producci\u00f3n<\/h3>\n\n\t\t\t\t\t\t\t\t\t\t\t\t\t\t<p class=\"eael-team-text\">Actriz y productora. Naci\u00f3 en Cipolletti, provincia de R\u00edo Negro. Vive en Bs As desde el a\u00f1o 2006. De familia n\u00f3made. Estudi\u00f3 Artes dram\u00e1ticas en la U.N.A. Se relaciona con el arte desde peque\u00f1a y construy\u00f3 su formaci\u00f3n en espacios autogestivos e independientes. Siempre creyendo en el trabajo colectivo. Forma parte de agrupaciones art\u00edsticas que promueven la diversidad cultural y luchan contra el discurso hegem\u00f3nico.<\/p>\n\t\t\t\t\t\t\t<\/div>\n\t\t<\/div>\n\t<\/div>\n\t\t\t<\/div>\n\t\t\t\t<\/div>\n\t\t\t\t<div class=\"elementor-element elementor-element-f7bd13f eael-team-align-left historico-honor  elementor-widget elementor-widget-eael-team-member\" data-id=\"f7bd13f\" data-element_type=\"widget\" data-widget_type=\"eael-team-member.default\">\n\t\t\t\t<div class=\"elementor-widget-container\">\n\t\t\t\n\n\t<div id=\"eael-team-member-f7bd13f\" class=\"eael-team-item eael-team-members-simple \">\n\t\t<div class=\"eael-team-item-inner\">\n\t\t\t<div class=\"eael-team-image\">\n\t\t\t\t<figure>\n\t\t\t\t\t<img decoding=\"async\" src=\"https:\/\/cinemigrante.org\/ediciones-anteriores\/wp-content\/uploads\/2022\/02\/german-dus.jpg\" alt=\"\">\n\t\t\t\t<\/figure>\n\t\t\t\t\n\t\t\t\t\n\t\t\t<\/div>\n\n\t\t\t<div class=\"eael-team-content\">\n\t\t\t\t<h2 class=\"eael-team-member-name\">GERM\u00c1N DUSCHATZKY<\/h2>\n\t\t\t\t<h3 class=\"eael-team-member-position\">Producci\u00f3n General<\/h3>\n\n\t\t\t\t\t\t\t\t\t\t\t\t\t\t<p class=\"eael-team-text\">Militante de las causas justas por los intereses de los oprimidos. Migrante algunas veces, hijo de tres continentes. Siempre que le da, al pie del ca\u00f1\u00f3n. Internacionalista por convicci\u00f3n. Intenta convertirse en ciudadano del amor.<\/p>\n\t\t\t\t\t\t\t<\/div>\n\t\t<\/div>\n\t<\/div>\n\t\t\t<\/div>\n\t\t\t\t<\/div>\n\t\t\t\t<div class=\"elementor-element elementor-element-44b1ccb4 eael-team-align-left historico-honor  elementor-widget elementor-widget-eael-team-member\" data-id=\"44b1ccb4\" data-element_type=\"widget\" data-widget_type=\"eael-team-member.default\">\n\t\t\t\t<div class=\"elementor-widget-container\">\n\t\t\t\n\n\t<div id=\"eael-team-member-44b1ccb4\" class=\"eael-team-item eael-team-members-simple \">\n\t\t<div class=\"eael-team-item-inner\">\n\t\t\t<div class=\"eael-team-image\">\n\t\t\t\t<figure>\n\t\t\t\t\t<img decoding=\"async\" src=\"https:\/\/cinemigrante.org\/ediciones-anteriores\/wp-content\/uploads\/2022\/02\/cristinavoto-e1534553404268.jpg\" alt=\"\">\n\t\t\t\t<\/figure>\n\t\t\t\t\n\t\t\t\t\n\t\t\t<\/div>\n\n\t\t\t<div class=\"eael-team-content\">\n\t\t\t\t<h2 class=\"eael-team-member-name\">CRISTINA VOTO<\/h2>\n\t\t\t\t<h3 class=\"eael-team-member-position\">Coordinadora de Programaci\u00f3n, Curadora Secci\u00f3n Central \u2018Futuridades n\u00f3madas\u2019 y Retrospectiva Adirley Queir\u00f3s<\/h3>\n\n\t\t\t\t\t\t\t\t\t\t\t\t\t\t<p class=\"eael-team-text\">N\u00f3mada por vocaci\u00f3n y sobrevivencia, se muda en Argentina despu\u00e9s haber recurrido la natal Italia, estudiado en Sydney y en San Francisco y vivido -enamor\u00e1ndose- en Lisboa. En Buenos Aires es docente e investigadora (UBA y UNTREF), acrtiz (Las Berthas) y bordadora.\n\n<\/p>\n\t\t\t\t\t\t\t<\/div>\n\t\t<\/div>\n\t<\/div>\n\t\t\t<\/div>\n\t\t\t\t<\/div>\n\t\t\t\t<div class=\"elementor-element elementor-element-1e4f2379 eael-team-align-left historico-honor  elementor-widget elementor-widget-eael-team-member\" data-id=\"1e4f2379\" data-element_type=\"widget\" data-widget_type=\"eael-team-member.default\">\n\t\t\t\t<div class=\"elementor-widget-container\">\n\t\t\t\n\n\t<div id=\"eael-team-member-1e4f2379\" class=\"eael-team-item eael-team-members-simple \">\n\t\t<div class=\"eael-team-item-inner\">\n\t\t\t<div class=\"eael-team-image\">\n\t\t\t\t<figure>\n\t\t\t\t\t<img decoding=\"async\" src=\"https:\/\/cinemigrante.org\/ediciones-anteriores\/wp-content\/uploads\/2022\/02\/marta-garcia-e1534552624261.jpg\" alt=\"\">\n\t\t\t\t<\/figure>\n\t\t\t\t\n\t\t\t\t\n\t\t\t<\/div>\n\n\t\t\t<div class=\"eael-team-content\">\n\t\t\t\t<h2 class=\"eael-team-member-name\">MARTA GARC\u00cdA<\/h2>\n\t\t\t\t<h3 class=\"eael-team-member-position\">Programadora y Curadora \u2018Secci\u00f3n Tem\u00e1tica Territorios en Disputa\u2019<\/h3>\n\n\t\t\t\t\t\t\t\t\t\t\t\t\t\t<p class=\"eael-team-text\">Gestora cultural, periodista, programadora y productora audiovisual en tr\u00e1nsito. Estudi\u00f3 comunicaci\u00f3n audiovisual, gesti\u00f3n cultural, desarrollo local y periodismo independiente. Inicia su trabajo en el audiovisual en 2008 en la producci\u00f3n de varios filmes, incluyendo el largo de animaci\u00f3n stop-motion \u201cO Ap\u00f3stolo\u201d. Se ha desempe\u00f1ado como gestora, comunicadora y programadora en diversos festivales y espacios de exhibici\u00f3n, como DocMontevideo, Zinebi, Tenemos Que Ver, Red de Salas Digitales del Mercosur, Retina Latina, Efecto Cine y otros espacios alternativos. Editora y coordinadora de redacci\u00f3n en el portal de cine latinoamericano LatAm Cinema. Migrante con privilegios.<\/p>\n\t\t\t\t\t\t\t<\/div>\n\t\t<\/div>\n\t<\/div>\n\t\t\t<\/div>\n\t\t\t\t<\/div>\n\t\t\t\t<div class=\"elementor-element elementor-element-3c9022d0 eael-team-align-left historico-honor  elementor-widget elementor-widget-eael-team-member\" data-id=\"3c9022d0\" data-element_type=\"widget\" data-widget_type=\"eael-team-member.default\">\n\t\t\t\t<div class=\"elementor-widget-container\">\n\t\t\t\n\n\t<div id=\"eael-team-member-3c9022d0\" class=\"eael-team-item eael-team-members-simple \">\n\t\t<div class=\"eael-team-item-inner\">\n\t\t\t<div class=\"eael-team-image\">\n\t\t\t\t<figure>\n\t\t\t\t\t<img decoding=\"async\" src=\"https:\/\/cinemigrante.org\/ediciones-anteriores\/wp-content\/uploads\/2022\/02\/Paz_Micaela-e1537542334223.jpg\" alt=\"\">\n\t\t\t\t<\/figure>\n\t\t\t\t\n\t\t\t\t\n\t\t\t<\/div>\n\n\t\t\t<div class=\"eael-team-content\">\n\t\t\t\t<h2 class=\"eael-team-member-name\">MICAELA PAZ<\/h2>\n\t\t\t\t<h3 class=\"eael-team-member-position\">Programadora<\/h3>\n\n\t\t\t\t\t\t\t\t\t\t\t\t\t\t<p class=\"eael-team-text\">Lic. en Artes Electr\u00f3nicas (UNTREF) donde actualmente trabaja. T\u00e9cnica en Producci\u00f3n y Creatividad Radiof\u00f3nica (ETER). Ayudante en la c\u00e1tedra de Gabriela Golder, integrante de Hebras Danza y del proyecto cultural \u2018Danzar Mundos. Transdisciplina y Experimentaci\u00f3n Art\u00edstica.\u2019 Adem\u00e1s, forma parte de distintos espacios de investigaci\u00f3n como Hormiguero y los proyectos \u2018Semi\u00f3tica de la performatividad: lente epistemol\u00f3gico, acontecimiento y efecto perform\u00e1tico\u2019 y \u2018Base Video: El Audiovisual En Am\u00e9rica Latina.\u2019<\/p>\n\t\t\t\t\t\t\t<\/div>\n\t\t<\/div>\n\t<\/div>\n\t\t\t<\/div>\n\t\t\t\t<\/div>\n\t\t\t\t<div class=\"elementor-element elementor-element-4a0cabc2 eael-team-align-left historico-honor  elementor-widget elementor-widget-eael-team-member\" data-id=\"4a0cabc2\" data-element_type=\"widget\" data-widget_type=\"eael-team-member.default\">\n\t\t\t\t<div class=\"elementor-widget-container\">\n\t\t\t\n\n\t<div id=\"eael-team-member-4a0cabc2\" class=\"eael-team-item eael-team-members-simple \">\n\t\t<div class=\"eael-team-item-inner\">\n\t\t\t<div class=\"eael-team-image\">\n\t\t\t\t<figure>\n\t\t\t\t\t<img decoding=\"async\" src=\"https:\/\/cinemigrante.org\/ediciones-anteriores\/wp-content\/uploads\/2022\/02\/aracil500-e1537542319129.jpg\" alt=\"\">\n\t\t\t\t<\/figure>\n\t\t\t\t\n\t\t\t\t\n\t\t\t<\/div>\n\n\t\t\t<div class=\"eael-team-content\">\n\t\t\t\t<h2 class=\"eael-team-member-name\">ALFREDO ARACIL<\/h2>\n\t\t\t\t<h3 class=\"eael-team-member-position\">Curador \u2018Noches Extra\u00f1as\u2019<\/h3>\n\n\t\t\t\t\t\t\t\t\t\t\t\t\t\t<p class=\"eael-team-text\">Nace en Espa\u00f1a, en 1984. Formado en el Centro de Estudios del Museo Reina Sof\u00eda, de 2013 a 2016 fue Responsable de Proyectos de LABoral Centro de Arte, Gij\u00f3n. Ha participado en la d\u00e9cima edici\u00f3n del Programa de Artistas y Curadores de la Uiversidad Torcuato DiTella, Buenos Aires, en 2017. Hoy es migrante en Argentina.<\/p>\n\t\t\t\t\t\t\t<\/div>\n\t\t<\/div>\n\t<\/div>\n\t\t\t<\/div>\n\t\t\t\t<\/div>\n\t\t\t\t<div class=\"elementor-element elementor-element-211c1eeb eael-team-align-left historico-honor  elementor-widget elementor-widget-eael-team-member\" data-id=\"211c1eeb\" data-element_type=\"widget\" data-widget_type=\"eael-team-member.default\">\n\t\t\t\t<div class=\"elementor-widget-container\">\n\t\t\t\n\n\t<div id=\"eael-team-member-211c1eeb\" class=\"eael-team-item eael-team-members-simple \">\n\t\t<div class=\"eael-team-item-inner\">\n\t\t\t<div class=\"eael-team-image\">\n\t\t\t\t<figure>\n\t\t\t\t\t<img decoding=\"async\" src=\"https:\/\/cinemigrante.org\/ediciones-anteriores\/wp-content\/uploads\/2022\/02\/emanuel.jpg\" alt=\"\">\n\t\t\t\t<\/figure>\n\t\t\t\t\n\t\t\t\t\n\t\t\t<\/div>\n\n\t\t\t<div class=\"eael-team-content\">\n\t\t\t\t<h2 class=\"eael-team-member-name\">EMANUEL ESP\u00d3SITO<\/h2>\n\t\t\t\t<h3 class=\"eael-team-member-position\">Dise\u00f1o art\u00edstico de piezas gr\u00e1ficas<\/h3>\n\n\t\t\t\t\t\t\t\t\t\t\t\t\t\t<p class=\"eael-team-text\">Ilustrador y bibli\u00f3filo; fabrica, edita, imprime, comparte, roba, piratea, falsifica, distribuye publicaciones de \u00edndole diversa. Noct\u00e1mbulo. Experimenta e investiga pr\u00e1cticas que permitan reescribir una nueva\/otra episteme de las artes visuales contempor\u00e1neas por fuera de las l\u00f3gicas del capitalismo y el r\u00e9gimen esc\u00f3pico hegem\u00f3nico, pensando a su vez lo po\u00e9tico en torno a la ausencia del objeto\/obra de arte: el vac\u00edo como material, la nada como contenido, el olvido como herramienta, lo abyecto como prop\u00f3sito.<\/p>\n\t\t\t\t\t\t\t<\/div>\n\t\t<\/div>\n\t<\/div>\n\t\t\t<\/div>\n\t\t\t\t<\/div>\n\t\t\t\t<div class=\"elementor-element elementor-element-77bc40b eael-team-align-left historico-honor  elementor-widget elementor-widget-eael-team-member\" data-id=\"77bc40b\" data-element_type=\"widget\" data-widget_type=\"eael-team-member.default\">\n\t\t\t\t<div class=\"elementor-widget-container\">\n\t\t\t\n\n\t<div id=\"eael-team-member-77bc40b\" class=\"eael-team-item eael-team-members-simple \">\n\t\t<div class=\"eael-team-item-inner\">\n\t\t\t<div class=\"eael-team-image\">\n\t\t\t\t<figure>\n\t\t\t\t\t<img decoding=\"async\" src=\"https:\/\/cinemigrante.org\/ediciones-anteriores\/wp-content\/uploads\/2022\/02\/constanzavilar.jpg\" alt=\"\">\n\t\t\t\t<\/figure>\n\t\t\t\t\n\t\t\t\t\n\t\t\t<\/div>\n\n\t\t\t<div class=\"eael-team-content\">\n\t\t\t\t<h2 class=\"eael-team-member-name\">CONSTANZA VILAR<\/h2>\n\t\t\t\t<h3 class=\"eael-team-member-position\">Maquetado de piezas gr\u00e1ficas<\/h3>\n\n\t\t\t\t\t\t\t\t\t\t\t\t\t\t<p class=\"eael-team-text\">Estudi\u00f3 Dise\u00f1o Gr\u00e1fico menci\u00f3n Publicidad en Caracas \u2013 Venezuela, donde vivi\u00f3 22 a\u00f1os, despu\u00e9s de transitar por agencias de publicidad como Directora Creativa, trabaja de manera independiente. Hace poco m\u00e1s de 12 a\u00f1os volvi\u00f3 a su pa\u00eds natal, Argentina.<\/p>\n\t\t\t\t\t\t\t<\/div>\n\t\t<\/div>\n\t<\/div>\n\t\t\t<\/div>\n\t\t\t\t<\/div>\n\t\t\t\t<div class=\"elementor-element elementor-element-7dc54a8 eael-team-align-left historico-honor  elementor-widget elementor-widget-eael-team-member\" data-id=\"7dc54a8\" data-element_type=\"widget\" data-widget_type=\"eael-team-member.default\">\n\t\t\t\t<div class=\"elementor-widget-container\">\n\t\t\t\n\n\t<div id=\"eael-team-member-7dc54a8\" class=\"eael-team-item eael-team-members-simple \">\n\t\t<div class=\"eael-team-item-inner\">\n\t\t\t<div class=\"eael-team-image\">\n\t\t\t\t<figure>\n\t\t\t\t\t<img decoding=\"async\" src=\"https:\/\/cinemigrante.org\/ediciones-anteriores\/wp-content\/uploads\/2022\/02\/Mariela-Bond-e1537542307302.jpg\" alt=\"\">\n\t\t\t\t<\/figure>\n\t\t\t\t\n\t\t\t\t\n\t\t\t<\/div>\n\n\t\t\t<div class=\"eael-team-content\">\n\t\t\t\t<h2 class=\"eael-team-member-name\">MARIELA BOND<\/h2>\n\t\t\t\t<h3 class=\"eael-team-member-position\">Editora y Producci\u00f3n de VR<\/h3>\n\n\t\t\t\t\t\t\t\t\t\t\t\t\t\t<p class=\"eael-team-text\">Vive y trabaja en Buenos Aires. Estudi\u00f3 Dise\u00f1o de Imagen y Sonido en la Universidad de Buenos Aires. Trabaj\u00f3 en cine, publicidad y televisi\u00f3n. Dirigi\u00f3 y realiz\u00f3 m\u00e1s de 20 videoclips de Argentina y Latinoam\u00e9rica. Se desarrollo como Vj desde el 2001, participando en m\u00faltiples festivales de m\u00fasica y shows en vivo. Se integr\u00f3 a CineMigrante casi sin saberlo y se convirti\u00f3 en un v\u00e9rtice de ideas y emociones.<\/p>\n\t\t\t\t\t\t\t<\/div>\n\t\t<\/div>\n\t<\/div>\n\t\t\t<\/div>\n\t\t\t\t<\/div>\n\t\t\t\t<div class=\"elementor-element elementor-element-9523f3f eael-team-align-left historico-honor  elementor-widget elementor-widget-eael-team-member\" data-id=\"9523f3f\" data-element_type=\"widget\" data-widget_type=\"eael-team-member.default\">\n\t\t\t\t<div class=\"elementor-widget-container\">\n\t\t\t\n\n\t<div id=\"eael-team-member-9523f3f\" class=\"eael-team-item eael-team-members-simple \">\n\t\t<div class=\"eael-team-item-inner\">\n\t\t\t<div class=\"eael-team-image\">\n\t\t\t\t<figure>\n\t\t\t\t\t<img decoding=\"async\" src=\"https:\/\/cinemigrante.org\/ediciones-anteriores\/wp-content\/uploads\/2022\/02\/Guadalupe-Alvarez.jpg\" alt=\"\">\n\t\t\t\t<\/figure>\n\t\t\t\t\n\t\t\t\t\n\t\t\t<\/div>\n\n\t\t\t<div class=\"eael-team-content\">\n\t\t\t\t<h2 class=\"eael-team-member-name\">GUADALUPE ALVAREZ<\/h2>\n\t\t\t\t<h3 class=\"eael-team-member-position\">Mediateca<\/h3>\n\n\t\t\t\t\t\t\t\t\t\t\t\t\t\t<p class=\"eael-team-text\">Lic. en Artes Electr\u00f3nicas (UNTREF) en donde actualmente es JTP de las c\u00e1tedras Imagen Electr\u00f3nica II \u2013 III y Animaci\u00f3n digital. Integra el equipo de producci\u00f3n de la Bienal de la Imagen en Movimiento (BIM) coordinando el \u00e1rea Contenidos editoriales y el proyecto editorial HORMIGUERO. Trabaja de manera independiente en las \u00e1reas de comunicaci\u00f3n, dise\u00f1o multimedia y animaci\u00f3n digital.<\/p>\n\t\t\t\t\t\t\t<\/div>\n\t\t<\/div>\n\t<\/div>\n\t\t\t<\/div>\n\t\t\t\t<\/div>\n\t\t\t\t<div class=\"elementor-element elementor-element-7c191f6b eael-team-align-left historico-honor  elementor-widget elementor-widget-eael-team-member\" data-id=\"7c191f6b\" data-element_type=\"widget\" data-widget_type=\"eael-team-member.default\">\n\t\t\t\t<div class=\"elementor-widget-container\">\n\t\t\t\n\n\t<div id=\"eael-team-member-7c191f6b\" class=\"eael-team-item eael-team-members-simple \">\n\t\t<div class=\"eael-team-item-inner\">\n\t\t\t<div class=\"eael-team-image\">\n\t\t\t\t<figure>\n\t\t\t\t\t<img decoding=\"async\" src=\"https:\/\/cinemigrante.org\/ediciones-anteriores\/wp-content\/uploads\/2022\/02\/staff6.jpg\" alt=\"\">\n\t\t\t\t<\/figure>\n\t\t\t\t\n\t\t\t\t\n\t\t\t<\/div>\n\n\t\t\t<div class=\"eael-team-content\">\n\t\t\t\t<h2 class=\"eael-team-member-name\">ERICA DENMON<\/h2>\n\t\t\t\t<h3 class=\"eael-team-member-position\">Prensa y comunicaci\u00f3n<\/h3>\n\n\t\t\t\t\t\t\t\t\t\t\t\t\t\t<p class=\"eael-team-text\">Siempre en el camino. Probar, buscar, equivocarse, volver a intentar. Estudi\u00f3 dibujo, fotograf\u00eda, Dise\u00f1o de Imagen y Sonido y Gesti\u00f3n cultural en la UBA Cada paso fue un nuevo descubrimiento, no tomarse tan en serio, aprender, reinventarse. Trabaj\u00f3 en producci\u00f3n, programaci\u00f3n y difusi\u00f3n de festivales cinematogr\u00e1ficos; cine y televisi\u00f3n. Difundir cosmovisiones, hablar de cine, el norte actual.<\/p>\n\t\t\t\t\t\t\t<\/div>\n\t\t<\/div>\n\t<\/div>\n\t\t\t<\/div>\n\t\t\t\t<\/div>\n\t\t\t\t<div class=\"elementor-element elementor-element-106790ce eael-team-align-left historico-honor  elementor-widget elementor-widget-eael-team-member\" data-id=\"106790ce\" data-element_type=\"widget\" data-widget_type=\"eael-team-member.default\">\n\t\t\t\t<div class=\"elementor-widget-container\">\n\t\t\t\n\n\t<div id=\"eael-team-member-106790ce\" class=\"eael-team-item eael-team-members-simple \">\n\t\t<div class=\"eael-team-item-inner\">\n\t\t\t<div class=\"eael-team-image\">\n\t\t\t\t<figure>\n\t\t\t\t\t<img decoding=\"async\" src=\"https:\/\/cinemigrante.org\/ediciones-anteriores\/wp-content\/uploads\/2022\/02\/staff8-e1534552681354.jpg\" alt=\"\">\n\t\t\t\t<\/figure>\n\t\t\t\t\n\t\t\t\t\n\t\t\t<\/div>\n\n\t\t\t<div class=\"eael-team-content\">\n\t\t\t\t<h2 class=\"eael-team-member-name\">MAT\u00cdAS M\u00c1XIMO<\/h2>\n\t\t\t\t<h3 class=\"eael-team-member-position\">Redes sociales y comunicaci\u00f3n<\/h3>\n\n\t\t\t\t\t\t\t\t\t\t\t\t\t\t<p class=\"eael-team-text\">Mat\u00edas M\u00e1ximo es especialista en periodismo cultural por la UNLP, universidad en la que particip\u00f3 como docente. Tambi\u00e9n estudi\u00f3 en TEA, donde obtuvo un primer premio de cr\u00f3nicas. Colabora con varios medios culturales de Argentina y Am\u00e9rica Latina cubriendo noticias sobre disidencia sexual, literatura y judiciales. Participa en eventos de poes\u00eda y filosof\u00eda. El cine, piensa, adem\u00e1s de generar placer est\u00e9tico, puede ser una herramienta de transformaci\u00f3n social.<\/p>\n\t\t\t\t\t\t\t<\/div>\n\t\t<\/div>\n\t<\/div>\n\t\t\t<\/div>\n\t\t\t\t<\/div>\n\t\t\t\t<div class=\"elementor-element elementor-element-2fc17c0 eael-team-align-left historico-honor  elementor-widget elementor-widget-eael-team-member\" data-id=\"2fc17c0\" data-element_type=\"widget\" data-widget_type=\"eael-team-member.default\">\n\t\t\t\t<div class=\"elementor-widget-container\">\n\t\t\t\n\n\t<div id=\"eael-team-member-2fc17c0\" class=\"eael-team-item eael-team-members-simple \">\n\t\t<div class=\"eael-team-item-inner\">\n\t\t\t<div class=\"eael-team-image\">\n\t\t\t\t<figure>\n\t\t\t\t\t<img decoding=\"async\" src=\"https:\/\/cinemigrante.org\/ediciones-anteriores\/wp-content\/uploads\/2022\/02\/martin.jpg\" alt=\"\">\n\t\t\t\t<\/figure>\n\t\t\t\t\n\t\t\t\t\n\t\t\t<\/div>\n\n\t\t\t<div class=\"eael-team-content\">\n\t\t\t\t<h2 class=\"eael-team-member-name\">MART\u00cdN CAIRO<\/h2>\n\t\t\t\t<h3 class=\"eael-team-member-position\">Redes sociales<\/h3>\n\n\t\t\t\t\t\t\t\t\t\t\t\t\t\t<p class=\"eael-team-text\">Agente de marketing y comunicaci\u00f3n digital. Trabajo en distintas campa\u00f1as tanto de forma independiente como a trav\u00e9s de agencia.\nRealizador audiovisual. Participo en la producci\u00f3n de 5 largometrajes independientes. Como Director realizo una variedad de contenido audiovisual para Internet, adem\u00e1s de cortometrajes que participaron en distintos festivales o exposiciones. Fundador de la red cooperativista \u201cAcci\u00f3n Audiovisual\u201d.<\/p>\n\t\t\t\t\t\t\t<\/div>\n\t\t<\/div>\n\t<\/div>\n\t\t\t<\/div>\n\t\t\t\t<\/div>\n\t\t\t\t<div class=\"elementor-element elementor-element-22da7e8 eael-team-align-left historico-honor  elementor-widget elementor-widget-eael-team-member\" data-id=\"22da7e8\" data-element_type=\"widget\" data-widget_type=\"eael-team-member.default\">\n\t\t\t\t<div class=\"elementor-widget-container\">\n\t\t\t\n\n\t<div id=\"eael-team-member-22da7e8\" class=\"eael-team-item eael-team-members-simple \">\n\t\t<div class=\"eael-team-item-inner\">\n\t\t\t<div class=\"eael-team-image\">\n\t\t\t\t<figure>\n\t\t\t\t\t<img decoding=\"async\" src=\"https:\/\/cinemigrante.org\/ediciones-anteriores\/wp-content\/uploads\/2022\/02\/Clara-Vasco-Cropped-e1537542177560.jpg\" alt=\"\">\n\t\t\t\t<\/figure>\n\t\t\t\t\n\t\t\t\t\n\t\t\t<\/div>\n\n\t\t\t<div class=\"eael-team-content\">\n\t\t\t\t<h2 class=\"eael-team-member-name\">CLARA VASCO<\/h2>\n\t\t\t\t<h3 class=\"eael-team-member-position\">Redes Sociales<\/h3>\n\n\t\t\t\t\t\t\t\t\t\t\t\t\t\t<p class=\"eael-team-text\">Migrar, transcurrir, mutar, formas de estar en el mundo. Desde peque\u00f1a estuvo en contacto cercano con la literatura y la poes\u00eda. Public\u00f3 el poemario \u201cLavandera de la Noche\u201d y tiene material in\u00e9dito en curso. Es licenciada en Comunicaci\u00f3n Social y actualmente cursa el Posgrado Internacional de Gesti\u00f3n Cultural y Comunicaci\u00f3n en FLACSO. Ha colaborado en la organizaci\u00f3n de diversos ciclos de poes\u00eda y otros eventos culturales. Actualmente trabaja en Comunicaci\u00f3n en Redes Sociales, y Gesti\u00f3n de eventos.<\/p>\n\t\t\t\t\t\t\t<\/div>\n\t\t<\/div>\n\t<\/div>\n\t\t\t<\/div>\n\t\t\t\t<\/div>\n\t\t\t\t<div class=\"elementor-element elementor-element-c2d1d41 eael-team-align-left historico-honor  elementor-widget elementor-widget-eael-team-member\" data-id=\"c2d1d41\" data-element_type=\"widget\" data-widget_type=\"eael-team-member.default\">\n\t\t\t\t<div class=\"elementor-widget-container\">\n\t\t\t\n\n\t<div id=\"eael-team-member-c2d1d41\" class=\"eael-team-item eael-team-members-simple \">\n\t\t<div class=\"eael-team-item-inner\">\n\t\t\t<div class=\"eael-team-image\">\n\t\t\t\t<figure>\n\t\t\t\t\t<img decoding=\"async\" src=\"https:\/\/cinemigrante.org\/ediciones-anteriores\/wp-content\/uploads\/2022\/02\/Federico-Vinocur-e1537542203429.jpg\" alt=\"\">\n\t\t\t\t<\/figure>\n\t\t\t\t\n\t\t\t\t\n\t\t\t<\/div>\n\n\t\t\t<div class=\"eael-team-content\">\n\t\t\t\t<h2 class=\"eael-team-member-name\">FEDERICO VINOCUR<\/h2>\n\t\t\t\t<h3 class=\"eael-team-member-position\">Redes Sociales<\/h3>\n\n\t\t\t\t\t\t\t\t\t\t\t\t\t\t<p class=\"eael-team-text\">Realizador audiovisual independiente. Formado en el Instituto de Arte Cinematogr\u00e1fico de Avellaneda, continu\u00f3 especializ\u00e1ndose en el Centro de Formaci\u00f3n del Sindicato de la Industria Cinematogr\u00e1fica y en la Escuela Cinematogr\u00e1fica Argentina. Trabaj\u00f3 en numerosos proyectos largometrajes y cortometrajes y fund\u00f3 su propia productora, con la cual produjo y dirigi\u00f3 su primer cortometraje independiente, entre otros trabajos. En b\u00fasqueda, movimiento y aprendizaje constante.<\/p>\n\t\t\t\t\t\t\t<\/div>\n\t\t<\/div>\n\t<\/div>\n\t\t\t<\/div>\n\t\t\t\t<\/div>\n\t\t\t\t<div class=\"elementor-element elementor-element-8df5e9b eael-team-align-left historico-honor  elementor-widget elementor-widget-eael-team-member\" data-id=\"8df5e9b\" data-element_type=\"widget\" data-widget_type=\"eael-team-member.default\">\n\t\t\t\t<div class=\"elementor-widget-container\">\n\t\t\t\n\n\t<div id=\"eael-team-member-8df5e9b\" class=\"eael-team-item eael-team-members-simple \">\n\t\t<div class=\"eael-team-item-inner\">\n\t\t\t<div class=\"eael-team-image\">\n\t\t\t\t<figure>\n\t\t\t\t\t<img decoding=\"async\" src=\"https:\/\/cinemigrante.org\/ediciones-anteriores\/wp-content\/uploads\/2022\/02\/Gisela-Pelaez-e1537542220705.jpg\" alt=\"\">\n\t\t\t\t<\/figure>\n\t\t\t\t\n\t\t\t\t\n\t\t\t<\/div>\n\n\t\t\t<div class=\"eael-team-content\">\n\t\t\t\t<h2 class=\"eael-team-member-name\">GISELA PEL\u00c1EZ<\/h2>\n\t\t\t\t<h3 class=\"eael-team-member-position\">Coordinadora Sedes Internacionales<\/h3>\n\n\t\t\t\t\t\t\t\t\t\t\t\t\t\t<p class=\"eael-team-text\">Tratando de resumir una totalidad que desconozco, imagino mi vida como un tejido irregular con dos fuertes nodos: el cine y la m\u00fasica. Soy realizadora audiovisual y docente. Trabajo en distintos proyectos de difusi\u00f3n y experimentaci\u00f3n audiovisual. Con el apoyo del FNA y UNTREF Media estoy haciendo mi primer largometraje documental sobre m\u00fasica e identidad.<\/p>\n\t\t\t\t\t\t\t<\/div>\n\t\t<\/div>\n\t<\/div>\n\t\t\t<\/div>\n\t\t\t\t<\/div>\n\t\t\t\t<div class=\"elementor-element elementor-element-3cb21e2 eael-team-align-left historico-honor  elementor-widget elementor-widget-eael-team-member\" data-id=\"3cb21e2\" data-element_type=\"widget\" data-widget_type=\"eael-team-member.default\">\n\t\t\t\t<div class=\"elementor-widget-container\">\n\t\t\t\n\n\t<div id=\"eael-team-member-3cb21e2\" class=\"eael-team-item eael-team-members-simple \">\n\t\t<div class=\"eael-team-item-inner\">\n\t\t\t<div class=\"eael-team-image\">\n\t\t\t\t<figure>\n\t\t\t\t\t<img decoding=\"async\" src=\"https:\/\/cinemigrante.org\/ediciones-anteriores\/wp-content\/uploads\/2022\/02\/Martina-bernabai.jpg\" alt=\"\">\n\t\t\t\t<\/figure>\n\t\t\t\t\n\t\t\t\t\n\t\t\t<\/div>\n\n\t\t\t<div class=\"eael-team-content\">\n\t\t\t\t<h2 class=\"eael-team-member-name\">MARTINA BERNABAI<\/h2>\n\t\t\t\t<h3 class=\"eael-team-member-position\">Coordinadora Sede Internacional Barcelona<\/h3>\n\n\t\t\t\t\t\t\t\t\t\t\t\t\t\t<p class=\"eael-team-text\">Nacida en Italia. Despu\u00e9s de la carrera en Historia del Arte y Planificaci\u00f3n Cultural se dedica a investigar sobre temas de ciudadan\u00eda, derechos y filosof\u00eda pol\u00edtica. Contin\u00faa su viaje de aprendizaje cada d\u00eda junto y con muchas compa\u00f1eras con las cuales comparte vida, luchas y procesos de autoaprendizaje mutuo. Forma parte del colectivo ContraFronteras, apoyando los proyectos migratorios de muchos aventureros.<\/p>\n\t\t\t\t\t\t\t<\/div>\n\t\t<\/div>\n\t<\/div>\n\t\t\t<\/div>\n\t\t\t\t<\/div>\n\t\t\t\t<div class=\"elementor-element elementor-element-b8b4376 eael-team-align-left historico-honor  elementor-widget elementor-widget-eael-team-member\" data-id=\"b8b4376\" data-element_type=\"widget\" data-widget_type=\"eael-team-member.default\">\n\t\t\t\t<div class=\"elementor-widget-container\">\n\t\t\t\n\n\t<div id=\"eael-team-member-b8b4376\" class=\"eael-team-item eael-team-members-simple \">\n\t\t<div class=\"eael-team-item-inner\">\n\t\t\t<div class=\"eael-team-image\">\n\t\t\t\t<figure>\n\t\t\t\t\t<img decoding=\"async\" src=\"https:\/\/cinemigrante.org\/ediciones-anteriores\/wp-content\/uploads\/2022\/02\/Foto-Vanessa-e1537542244730.jpg\" alt=\"\">\n\t\t\t\t<\/figure>\n\t\t\t\t\n\t\t\t\t\n\t\t\t<\/div>\n\n\t\t\t<div class=\"eael-team-content\">\n\t\t\t\t<h2 class=\"eael-team-member-name\">VANESSA VIVAS CAMARGO<\/h2>\n\t\t\t\t<h3 class=\"eael-team-member-position\">Coordinadora Sede Internacional Colombia<\/h3>\n\n\t\t\t\t\t\t\t\t\t\t\t\t\t\t<p class=\"eael-team-text\">Ciudadana colombiana residente en Argentina, migrante por vocaci\u00f3n. Publicista, realiza maestr\u00eda en Diversidad Cultural en la Universidad Tres de febrero en Bs. As. Trabaja como asesora en Direcci\u00f3n de arte y Gesti\u00f3n cultural para proyectos en Colombia y Argentina.<\/p>\n\t\t\t\t\t\t\t<\/div>\n\t\t<\/div>\n\t<\/div>\n\t\t\t<\/div>\n\t\t\t\t<\/div>\n\t\t\t\t<div class=\"elementor-element elementor-element-6e829006 eael-team-align-left historico-honor  elementor-widget elementor-widget-eael-team-member\" data-id=\"6e829006\" data-element_type=\"widget\" data-widget_type=\"eael-team-member.default\">\n\t\t\t\t<div class=\"elementor-widget-container\">\n\t\t\t\n\n\t<div id=\"eael-team-member-6e829006\" class=\"eael-team-item eael-team-members-simple \">\n\t\t<div class=\"eael-team-item-inner\">\n\t\t\t<div class=\"eael-team-image\">\n\t\t\t\t<figure>\n\t\t\t\t\t<img decoding=\"async\" src=\"https:\/\/cinemigrante.org\/ediciones-anteriores\/wp-content\/uploads\/2022\/02\/mario-lodono.jpg\" alt=\"\">\n\t\t\t\t<\/figure>\n\t\t\t\t\n\t\t\t\t\n\t\t\t<\/div>\n\n\t\t\t<div class=\"eael-team-content\">\n\t\t\t\t<h2 class=\"eael-team-member-name\">MARIO LONDO\u00d1O<\/h2>\n\t\t\t\t<h3 class=\"eael-team-member-position\">Tr\u00e1nsito de copias<\/h3>\n\n\t\t\t\t\t\t\t\t\t\t\t\t\t\t<p class=\"eael-team-text\">Licenciado en direcci\u00f3n cinematogr\u00e1fica de la Universidad del Cine, artista y curador, migrante desde el 2010. Su trabajo se ha visto en exposiciones colectivas y actualmente su obra es parte del acervo del MALBA Museo de Arte Latino Americano de Buenos Aires. Fue invitado como video artista al encuentro mundial de j\u00f3venes artistas WEYA en Nottingham, Reino Unido. Tambi\u00e9n fue invitado a la octava versi\u00f3n de la Bienal Siart La Paz, Bolivia. Londo\u00f1o Coordin\u00f3 la convocatoria La Casa Adentro, un collage de videos latinoamericanos para el proyecto Iberoamericano, RedeseArte Paz. Hace parte tambi\u00e9n del colectivo interdisciplinario de arte La Maricona desde el 2012, con intervenciones en diferentes espacio privados y p\u00fablicos, en Buenos Aires, Bogot\u00e1, Medell\u00edn y Sanbago de Chile.<\/p>\n\t\t\t\t\t\t\t<\/div>\n\t\t<\/div>\n\t<\/div>\n\t\t\t<\/div>\n\t\t\t\t<\/div>\n\t\t\t\t<div class=\"elementor-element elementor-element-7f32ea0 eael-team-align-left historico-honor  elementor-widget elementor-widget-eael-team-member\" data-id=\"7f32ea0\" data-element_type=\"widget\" data-widget_type=\"eael-team-member.default\">\n\t\t\t\t<div class=\"elementor-widget-container\">\n\t\t\t\n\n\t<div id=\"eael-team-member-7f32ea0\" class=\"eael-team-item eael-team-members-simple \">\n\t\t<div class=\"eael-team-item-inner\">\n\t\t\t<div class=\"eael-team-image\">\n\t\t\t\t<figure>\n\t\t\t\t\t<img decoding=\"async\" src=\"https:\/\/cinemigrante.org\/ediciones-anteriores\/wp-content\/uploads\/2022\/02\/Mariela-Felatycki.jpg\" alt=\"\">\n\t\t\t\t<\/figure>\n\t\t\t\t\n\t\t\t\t\n\t\t\t<\/div>\n\n\t\t\t<div class=\"eael-team-content\">\n\t\t\t\t<h2 class=\"eael-team-member-name\">MARIE FELATYCKI<\/h2>\n\t\t\t\t<h3 class=\"eael-team-member-position\">Tr\u00e1nsito de Copias<\/h3>\n\n\t\t\t\t\t\t\t\t\t\t\t\t\t\t<p class=\"eael-team-text\">Naci\u00f3 en 1987 en Bs As. Entr\u00f3 a la Universidad del Cine en el 2006, d\u00f3nde estudi\u00f3 direcci\u00f3n y en el 2009 curs\u00f3 montaje y producci\u00f3n en el SICA. Desde el 2010 hasta fines de 2012 trabaj\u00f3 para Nah! Contenidos, editando comerciales y series web. En el 2013 se mudo para S\u00e3o Paulo d\u00f3nde vivi\u00f3 por cuatro a\u00f1os, all\u00ed continu\u00f3 trabajando free lance para distintos directores y productoras. Realiz\u00f3 el montaje de tres largometrajes: Ma\u00f1ana-Tarde-Noche (Perez Veiga, Falasca y Spiner-2013) El Mate (Bruno Kott-2015) y Esse Viver Ningu\u00e9m Me Tira (Caco Ciocler-2015). En el a\u00f1o 2016 y 2017 trabaj\u00f3 en el Festival de Mar del Plata en proyecci\u00f3n y durante esos a\u00f1os vivi\u00f3 entre Bs As y Tel Aviv trabajando en producci\u00f3n y finalizaci\u00f3n<\/p>\n\t\t\t\t\t\t\t<\/div>\n\t\t<\/div>\n\t<\/div>\n\t\t\t<\/div>\n\t\t\t\t<\/div>\n\t\t\t\t<div class=\"elementor-element elementor-element-4206c98 eael-team-align-left historico-honor  elementor-widget elementor-widget-eael-team-member\" data-id=\"4206c98\" data-element_type=\"widget\" data-widget_type=\"eael-team-member.default\">\n\t\t\t\t<div class=\"elementor-widget-container\">\n\t\t\t\n\n\t<div id=\"eael-team-member-4206c98\" class=\"eael-team-item eael-team-members-simple \">\n\t\t<div class=\"eael-team-item-inner\">\n\t\t\t<div class=\"eael-team-image\">\n\t\t\t\t<figure>\n\t\t\t\t\t<img decoding=\"async\" src=\"https:\/\/cinemigrante.org\/ediciones-anteriores\/wp-content\/uploads\/2022\/02\/pablo-kemerer-1.jpg\" alt=\"\">\n\t\t\t\t<\/figure>\n\t\t\t\t\n\t\t\t\t\n\t\t\t<\/div>\n\n\t\t\t<div class=\"eael-team-content\">\n\t\t\t\t<h2 class=\"eael-team-member-name\">PABLO KEMERER<\/h2>\n\t\t\t\t<h3 class=\"eael-team-member-position\">Traducciones y subtitulado<\/h3>\n\n\t\t\t\t\t\t\t\t\t\t\t\t\t\t<p class=\"eael-team-text\">Con formaci\u00f3n en idiomas y Ciencias en la Computaci\u00f3n, subtitula desde la \u00e9poca en que las traducciones se entregaban escritas a l\u00e1piz y los VHS eran populares. Tambi\u00e9n hizo software de subtitulado en vivo que fue usado en los principales festivales de cine y teatro de la Argentina. Subtitul\u00f3 en la mayor\u00eda de las ediciones del Festival de Mar del Plata, del Bafici, del Festival de Pinamar y del Festival de Teatro. Paralelamente hace software multiplataforma y para m\u00f3viles.<\/p>\n\t\t\t\t\t\t\t<\/div>\n\t\t<\/div>\n\t<\/div>\n\t\t\t<\/div>\n\t\t\t\t<\/div>\n\t\t\t\t<div class=\"elementor-element elementor-element-9bb002b eael-team-align-left historico-honor  elementor-widget elementor-widget-eael-team-member\" data-id=\"9bb002b\" data-element_type=\"widget\" data-widget_type=\"eael-team-member.default\">\n\t\t\t\t<div class=\"elementor-widget-container\">\n\t\t\t\n\n\t<div id=\"eael-team-member-9bb002b\" class=\"eael-team-item eael-team-members-simple \">\n\t\t<div class=\"eael-team-item-inner\">\n\t\t\t<div class=\"eael-team-image\">\n\t\t\t\t<figure>\n\t\t\t\t\t<img decoding=\"async\" src=\"https:\/\/cinemigrante.org\/ediciones-anteriores\/wp-content\/uploads\/2022\/02\/staff11.jpg\" alt=\"\">\n\t\t\t\t<\/figure>\n\t\t\t\t\n\t\t\t\t\n\t\t\t<\/div>\n\n\t\t\t<div class=\"eael-team-content\">\n\t\t\t\t<h2 class=\"eael-team-member-name\">DANIELA CERVIERO<\/h2>\n\t\t\t\t<h3 class=\"eael-team-member-position\">Traductora<\/h3>\n\n\t\t\t\t\t\t\t\t\t\t\t\t\t\t<p class=\"eael-team-text\">Formada como traductora en lengua inglesa en la UNLP y con experiencia en el \u00e1rea t\u00e9cnica, eligi\u00f3 acercarse a la traducci\u00f3n audiovisual a trav\u00e9s de la propuesta de CineMigrante y ha colaborado con el festival durante los \u00faltimos a\u00f1os. Cree en la importancia de la visualizaci\u00f3n de los conflictos como primer paso hacia un correcto abordaje de los mismos y espera que su aporte contribuya a tal fin.<\/p>\n\t\t\t\t\t\t\t<\/div>\n\t\t<\/div>\n\t<\/div>\n\t\t\t<\/div>\n\t\t\t\t<\/div>\n\t\t\t\t<div class=\"elementor-element elementor-element-937d027 eael-team-align-left historico-honor  elementor-widget elementor-widget-eael-team-member\" data-id=\"937d027\" data-element_type=\"widget\" data-widget_type=\"eael-team-member.default\">\n\t\t\t\t<div class=\"elementor-widget-container\">\n\t\t\t\n\n\t<div id=\"eael-team-member-937d027\" class=\"eael-team-item eael-team-members-simple \">\n\t\t<div class=\"eael-team-item-inner\">\n\t\t\t<div class=\"eael-team-image\">\n\t\t\t\t<figure>\n\t\t\t\t\t<img decoding=\"async\" src=\"https:\/\/cinemigrante.org\/ediciones-anteriores\/wp-content\/uploads\/2022\/02\/enzo-galante.jpg\" alt=\"\">\n\t\t\t\t<\/figure>\n\t\t\t\t\n\t\t\t\t\n\t\t\t<\/div>\n\n\t\t\t<div class=\"eael-team-content\">\n\t\t\t\t<h2 class=\"eael-team-member-name\">ENZO GALANTE<\/h2>\n\t\t\t\t<h3 class=\"eael-team-member-position\">Traductor<\/h3>\n\n\t\t\t\t\t\t\t\t\t\t\t\t\t\t<p class=\"eael-team-text\">Artista visual nacido en 1990 en la ciudad de San Juan en Argentina. Comienza su formaci\u00f3n en dicha ciudad en colegio secundario y asiste a talleres particulares. Desde el a\u00f1o 2009 vive en Buenos Aires donde estudia la Licenciatura en Artes Visuales en la Universidad Nacional de las Artes y concurre a cursos y talleres de perfeccionamiento. Se interesa por trabajos transdisciplinares encarados desde la producci\u00f3n art\u00edstica con diversos medios y tambi\u00e9n trabaja como realizador de objetos y efectos para obras de teatro y trabajos audiovisuales.<\/p>\n\t\t\t\t\t\t\t<\/div>\n\t\t<\/div>\n\t<\/div>\n\t\t\t<\/div>\n\t\t\t\t<\/div>\n\t\t\t\t<div class=\"elementor-element elementor-element-90f4d52 eael-team-align-left historico-honor  elementor-widget elementor-widget-eael-team-member\" data-id=\"90f4d52\" data-element_type=\"widget\" data-widget_type=\"eael-team-member.default\">\n\t\t\t\t<div class=\"elementor-widget-container\">\n\t\t\t\n\n\t<div id=\"eael-team-member-90f4d52\" class=\"eael-team-item eael-team-members-simple \">\n\t\t<div class=\"eael-team-item-inner\">\n\t\t\t<div class=\"eael-team-image\">\n\t\t\t\t<figure>\n\t\t\t\t\t<img decoding=\"async\" src=\"https:\/\/cinemigrante.org\/ediciones-anteriores\/wp-content\/uploads\/2022\/02\/ezequielmartines.jpg\" alt=\"\">\n\t\t\t\t<\/figure>\n\t\t\t\t\n\t\t\t\t\n\t\t\t<\/div>\n\n\t\t\t<div class=\"eael-team-content\">\n\t\t\t\t<h2 class=\"eael-team-member-name\">EZEQUIEL MARTINEZ KOLODENS<\/h2>\n\t\t\t\t<h3 class=\"eael-team-member-position\">Traductor<\/h3>\n\n\t\t\t\t\t\t\t\t\t\t\t\t\t\t<p class=\"eael-team-text\">Traductor cient\u00edfico-literario y de contenido audiovisual, Ezequiel traduce del y al Franc\u00e9s, Ingl\u00e9s y Espa\u00f1ol. Tradujo pel\u00edculas para distintos festivales de cine nacionales e internacionales. Encuentra en el acto de traducir una tarea natural y fundamental para el di\u00e1logo entre culturas.<\/p>\n\t\t\t\t\t\t\t<\/div>\n\t\t<\/div>\n\t<\/div>\n\t\t\t<\/div>\n\t\t\t\t<\/div>\n\t\t\t\t<div class=\"elementor-element elementor-element-21a0679 eael-team-align-left historico-honor  elementor-widget elementor-widget-eael-team-member\" data-id=\"21a0679\" data-element_type=\"widget\" data-widget_type=\"eael-team-member.default\">\n\t\t\t\t<div class=\"elementor-widget-container\">\n\t\t\t\n\n\t<div id=\"eael-team-member-21a0679\" class=\"eael-team-item eael-team-members-simple \">\n\t\t<div class=\"eael-team-item-inner\">\n\t\t\t<div class=\"eael-team-image\">\n\t\t\t\t<figure>\n\t\t\t\t\t<img decoding=\"async\" src=\"https:\/\/cinemigrante.org\/ediciones-anteriores\/wp-content\/uploads\/2022\/02\/Catalina-Traousdell.jpg\" alt=\"\">\n\t\t\t\t<\/figure>\n\t\t\t\t\n\t\t\t\t\n\t\t\t<\/div>\n\n\t\t\t<div class=\"eael-team-content\">\n\t\t\t\t<h2 class=\"eael-team-member-name\">CATALINA TROUSDELL<\/h2>\n\t\t\t\t<h3 class=\"eael-team-member-position\">Traducciones<\/h3>\n\n\t\t\t\t\t\t\t\t\t\t\t\t\t\t<p class=\"eael-team-text\">Profesora y traductora p\u00fablica egresada de la UNLP. Naci\u00f3 Carmen de Patagones y se cr\u00edo en una isla a 100 km de all\u00ed. Migr\u00f3 a La Plata para estudiar y hoy trabaja de su profesi\u00f3n en una empresa de ingenier\u00eda, adem\u00e1s de traducir en m\u00faltiples actividades culturales que le generan nuevos desaf\u00edos en su carrera.<\/p>\n\t\t\t\t\t\t\t<\/div>\n\t\t<\/div>\n\t<\/div>\n\t\t\t<\/div>\n\t\t\t\t<\/div>\n\t\t\t\t<div class=\"elementor-element elementor-element-8a661da eael-team-align-left historico-honor  elementor-widget elementor-widget-eael-team-member\" data-id=\"8a661da\" data-element_type=\"widget\" data-widget_type=\"eael-team-member.default\">\n\t\t\t\t<div class=\"elementor-widget-container\">\n\t\t\t\n\n\t<div id=\"eael-team-member-8a661da\" class=\"eael-team-item eael-team-members-simple \">\n\t\t<div class=\"eael-team-item-inner\">\n\t\t\t<div class=\"eael-team-image\">\n\t\t\t\t<figure>\n\t\t\t\t\t<img decoding=\"async\" src=\"https:\/\/cinemigrante.org\/ediciones-anteriores\/wp-content\/uploads\/2022\/02\/Yamila-Transtenvot.jpg\" alt=\"\">\n\t\t\t\t<\/figure>\n\t\t\t\t\n\t\t\t\t\n\t\t\t<\/div>\n\n\t\t\t<div class=\"eael-team-content\">\n\t\t\t\t<h2 class=\"eael-team-member-name\">YAMILA TRANSTENVOT<\/h2>\n\t\t\t\t<h3 class=\"eael-team-member-position\">Traducciones<\/h3>\n\n\t\t\t\t\t\t\t\t\t\t\t\t\t\t<p class=\"eael-team-text\">Escribe, dirige, vive y ama en dos idiomas. Naci\u00f3 en Buenos Aires, Argentina. Se gradu\u00f3 de la carrera de Letras en la U.B.A y estudi\u00f3 teatro paralelamente. Dirige su primera obra de teatro en el marco de la Residencia Casa 2017. Junto a Robert Zant fundaron Y&amp;R Translations, un servicio de traducciones para art\u00edstas a dos lenguas.<\/p>\n\t\t\t\t\t\t\t<\/div>\n\t\t<\/div>\n\t<\/div>\n\t\t\t<\/div>\n\t\t\t\t<\/div>\n\t\t\t\t\t<\/div>\n\t\t<\/div>\n\t\t\t\t\t<\/div>\n\t\t<\/section>\n\t\t\t\t<\/div>\n\t\t","protected":false},"excerpt":{"rendered":"<p>Staff FLORENCIA MAZZADI Directora y Directora art\u00edstica Desde el a\u00f1o 2010 dirige el Festival Internacional CineMigrante. Realizando la carrera de Lic. y Profesora en Ense\u00f1anza Media en Historia en la &hellip; <\/p>\n<p class=\"link-more\"><a href=\"https:\/\/cinemigrante.org\/ediciones-anteriores\/9-edicion\/staff\" class=\"more-link\">Continue reading<span class=\"screen-reader-text\"> \u00abStaff\u00bb<\/span><\/a><\/p>\n","protected":false},"author":9,"featured_media":0,"parent":14628,"menu_order":0,"comment_status":"closed","ping_status":"closed","template":"elementor_header_footer","meta":{"_acf_changed":false,"footnotes":""},"class_list":["post-14658","page","type-page","status-publish","hentry"],"acf":[],"_links":{"self":[{"href":"https:\/\/cinemigrante.org\/ediciones-anteriores\/wp-json\/wp\/v2\/pages\/14658"}],"collection":[{"href":"https:\/\/cinemigrante.org\/ediciones-anteriores\/wp-json\/wp\/v2\/pages"}],"about":[{"href":"https:\/\/cinemigrante.org\/ediciones-anteriores\/wp-json\/wp\/v2\/types\/page"}],"author":[{"embeddable":true,"href":"https:\/\/cinemigrante.org\/ediciones-anteriores\/wp-json\/wp\/v2\/users\/9"}],"replies":[{"embeddable":true,"href":"https:\/\/cinemigrante.org\/ediciones-anteriores\/wp-json\/wp\/v2\/comments?post=14658"}],"version-history":[{"count":4,"href":"https:\/\/cinemigrante.org\/ediciones-anteriores\/wp-json\/wp\/v2\/pages\/14658\/revisions"}],"predecessor-version":[{"id":14677,"href":"https:\/\/cinemigrante.org\/ediciones-anteriores\/wp-json\/wp\/v2\/pages\/14658\/revisions\/14677"}],"up":[{"embeddable":true,"href":"https:\/\/cinemigrante.org\/ediciones-anteriores\/wp-json\/wp\/v2\/pages\/14628"}],"wp:attachment":[{"href":"https:\/\/cinemigrante.org\/ediciones-anteriores\/wp-json\/wp\/v2\/media?parent=14658"}],"curies":[{"name":"wp","href":"https:\/\/api.w.org\/{rel}","templated":true}]}}